{"id":27268,"date":"2026-03-31T23:59:07","date_gmt":"2026-04-01T03:59:07","guid":{"rendered":"https:\/\/www.laval.ca\/collecte-matieres-organiques\/"},"modified":"2025-09-11T09:40:48","modified_gmt":"2025-09-11T13:40:48","slug":"collecte-matieres-organiques","status":"publish","type":"page","link":"https:\/\/www.laval.ca\/en\/environment\/collectes\/collecte-matieres-organiques\/","title":{"rendered":"Organic Waste Collection"},"content":{"rendered":"<section class=\"sticky-section-group aligndefault sidebar-mobile-first\"\n>\n   \n<div class=\"sticky-section-main\"\n>\n   \n\n<p class=\"is-style-intro-text\">Tous les restes de table vont-ils dans le bac brun? Et la bo\u00eete \u00e0 pizza? Obtenez toutes les r\u00e9ponses \u00e0 vos questions pour bien composter.\u00a0<\/p>\n\n\n\n<h2 class=\"wp-block-heading\">Le bac brun en bref<\/h2>\n\n\n\n<h3 class=\"wp-block-heading\">Quels sacs utiliser?<\/h3>\n\n\n\n<p>Sacs en papier ou papier journal ou directement dans le bac, sans sac.\u00a0<\/p>\n\n\n\n<h3 class=\"wp-block-heading\">Fr\u00e9quence de la collecte<\/h3>\n\n\n\n<p>1 fois par semaine (ou 1 fois aux 2 semaines durant la p\u00e9riode hivernale selon le type de logement).<\/p>\n\n\n\n<div class=\"wp-block-buttons is-layout-flex wp-block-buttons-is-layout-flex\">\n<div class=\"wp-block-button\"><a class=\"wp-block-button__link wp-element-button\" href=\"https:\/\/www.laval.ca\/en\/search-by-address\/\"><strong>Voir les jours de collecte<\/strong><\/a><\/div>\n<\/div>\n\n\n\n<h3 class=\"wp-block-heading\">Quand sortir le bac brun?<\/h3>\n\n\n\n<ul class=\"wp-block-list\">\n<li>Apr\u00e8s 19 h la veille de la collecte ou avant 7 h le jour m\u00eame.\u00a0<\/li>\n\n\n\n<li>Couvercle ferm\u00e9. En hiver, assurez-vous que votre couvercle et le contenu de votre bac ne sont pas gel\u00e9s.\u00a0<\/li>\n\n\n\n<li>\u00c7a d\u00e9borde? Mettez vos mati\u00e8res organiques dans des sacs en papier ou des bo\u00eetes en carton \u00e0 c\u00f4t\u00e9 de votre bac brun.\u00a0<\/li>\n\n\n\n<li>C\u2019est lourd? Remplissez votre bac \u00e0 moiti\u00e9.<\/li>\n<\/ul>\n\n\n\n<h3 class=\"wp-block-heading\">O\u00f9 le placer?<\/h3>\n\n\n\n<ul class=\"wp-block-list\">\n<li>Sur votre terrain, au bout de votre entr\u00e9e, pour faciliter la circulation et le d\u00e9neigement.\u00a0<\/li>\n\n\n\n<li>1 m\u00e8tre d\u2019espace autour en toutes saisons.\u00a0<\/li>\n\n\n\n<li>Roues du c\u00f4t\u00e9 de votre maison ou immeuble.\u00a0<\/li>\n<\/ul>\n\n\n\n<h3 class=\"wp-block-heading\">Quand le ranger?<\/h3>\n\n\n\n<p>Au plus tard \u00e0 midi, le lendemain de la collecte.<\/p>\n\n\n\n<h2 class=\"wp-block-heading\" id=\"liste\"><strong>Quoi mettre au compost?<\/strong><\/h2>\n\n\n\n<p>Pr\u00e8s de 50 % de vos d\u00e9chets peuvent \u00eatre compost\u00e9s<sup data-fn=\"dd364a77-b166-4063-a408-74ee574f5567\" class=\"fn\"><a href=\"#dd364a77-b166-4063-a408-74ee574f5567\" id=\"dd364a77-b166-4063-a408-74ee574f5567-link\">1<\/a><\/sup>. Consultez la liste pour faire le bon choix au moment de trier.\u00a0<\/p>\n\n\n\n<div class=\"wp-block-vortex-blocks-accordions-group block-accordions-group accordion-container is-style-no-margin-top\">\n<section class=\"wp-block-vortex-blocks-accordion-item accordion ac\" id=\"strongmatieres-acceptees-strongnbsp\"><div class=\"accordion__accordion\"><button class=\"accordion__header-row accordion-toggle ac-header ac-trigger\"><p class=\"accordion__header__title\"><strong>Mati\u00e8res accept\u00e9es<\/strong>&nbsp;<\/p><span class=\"accordion__header__icon\" role=\"presentation\"><span class=\"plus\"><\/span><\/span><\/button><div class=\"accordion__sub-rows wysiwyg ac-panel\" role=\"region\">\n<p><strong>R\u00e9sidus alimentaires<\/strong>\u00a0<\/p>\n\n\n\n<ul class=\"wp-block-list\">\n<li>Fruits et l\u00e9gumes cuisin\u00e9s ou non, y compris les pelures, noyaux et graines\u00a0<\/li>\n\n\n\n<li>Noix, y compris les coquilles et les \u00e9cales\u00a0<\/li>\n\n\n\n<li>\u0152ufs\u00a0<\/li>\n\n\n\n<li>Pain, c\u00e9r\u00e9ales, grains et p\u00e2tes\u00a0<\/li>\n\n\n\n<li>Produits alimentaires en poudre (farine, sucre et autres)\u00a0<\/li>\n\n\n\n<li>Produits laitiers solides\u00a0<\/li>\n\n\n\n<li>Restants de table\u00a0<\/li>\n\n\n\n<li>Viandes, poissons, fruits de mer, y compris coquilles, os, carapaces et gras (id\u00e9alement emball\u00e9s dans du papier journal)\u00a0<\/li>\n\n\n\n<li>Filtres et marc de caf\u00e9, r\u00e9sidus de th\u00e9\u00a0<\/li>\n<\/ul>\n\n\n\n<p><strong>R\u00e9sidus de jardin<\/strong>\u00a0<\/p>\n\n\n\n<ul class=\"wp-block-list\">\n<li>\u00c9corces, copeaux, sciure et racines\u00a0<\/li>\n\n\n\n<li>Feuilles mortes, aiguilles et c\u00f4nes de conif\u00e8re, samares\u00a0<\/li>\n\n\n\n<li>Foin et paille\u00a0<\/li>\n\n\n\n<li>Gazon, sable et terre \u00e0 jardin\u00a0<\/li>\n\n\n\n<li>Petites branches (longueur maximale de 1,2 m\u00e8tre et diam\u00e8tre plus petit qu\u2019un manche \u00e0 balai) et brindilles\u00a0<\/li>\n\n\n\n<li>R\u00e9sidus de jardinage et chaume\u00a0<\/li>\n\n\n\n<li>Rognures de gazon et autres plantes herbac\u00e9es\u00a0<\/li>\n<\/ul>\n\n\n\n<p><strong>Autres mati\u00e8res compostables<\/strong>\u00a0<\/p>\n\n\n\n<ul class=\"wp-block-list\">\n<li>Cure-dents et b\u00e2tonnets de bois\u00a0<\/li>\n\n\n\n<li>Liti\u00e8re souill\u00e9e\u00a0<\/li>\n\n\n\n<li>Papier et carton souill\u00e9s par des mati\u00e8res alimentaires (ex. : bo\u00eete de pizza)\u00a0<\/li>\n\n\n\n<li>Plumes, cheveux et poils naturels\u00a0<\/li>\n\n\n\n<li>Serviettes de table, essuie-tout, mouchoirs, sacs en papier et papier parchemin<\/li>\n<\/ul>\n<\/div><\/div><\/section>\n\n\n\n<section class=\"wp-block-vortex-blocks-accordion-item accordion ac\" id=\"strongmatieres-refusees-strongnbsp\"><div class=\"accordion__accordion\"><button class=\"accordion__header-row accordion-toggle ac-header ac-trigger\"><p class=\"accordion__header__title\"><strong>Mati\u00e8res refus\u00e9es<\/strong>&nbsp;<\/p><span class=\"accordion__header__icon\" role=\"presentation\"><span class=\"plus\"><\/span><\/span><\/button><div class=\"accordion__sub-rows wysiwyg ac-panel\" role=\"region\">\n<p><strong>\u00c0 mettre \u00e0 la r\u00e9cup\u00e9ration<\/strong>\u00a0<\/p>\n\n\n\n<ul class=\"wp-block-list\">\n<li>Contenant<\/li>\n\n\n\n<li>Emballage<\/li>\n\n\n\n<li>Imprim\u00e9<\/li>\n<\/ul>\n\n\n\n<p><strong><strong>\u00c0 mettre aux d\u00e9chets<\/strong>\u00a0<\/strong><\/p>\n\n\n\n<ul class=\"wp-block-list\">\n<li>D\u00e9chets ultimes\u00a0<\/li>\n<\/ul>\n\n\n\n<p><a href=\"https:\/\/www.laval.ca\/en\/environment\/collectes\/ecocentre\/\" data-type=\"page\" data-id=\"2630\">En savoir plus sur les mati\u00e8res \u00e0 apporter \u00e0 l\u2019\u00e9cocentre<\/a>.<\/p>\n<\/div><\/div><\/section>\n<\/div>\n\n\n  <div class=\"custom-file-block aligndefault\" \n  >\n    <a href=\"https:\/\/www.laval.ca\/wp-content\/uploads\/2025\/02\/collecte-trie-3-voies.pdf\" target=\"_blank\" class=\"custom-file\">\n      <span class=\"custom-file__icon\" aria-hidden=\"true\">\n        <svg width=\"30\" height=\"31\" viewBox=\"0 0 30 31\" fill=\"none\" xmlns=\"http:\/\/www.w3.org\/2000\/svg\"><path d=\"M6.2451 12.627V1.1448h13.9746m8.0494 8.0502v20.1317H6.2451v-3.2364M28.2691 9.195l-8.0494-8.0502V9.195h8.0494Z\" stroke=\"#6C6C6C\" stroke-width=\"1.5\" stroke-miterlimit=\"10\" stroke-linecap=\"round\" stroke-linejoin=\"round\" \/><path d=\"M22.2851 12.6975H1.1818v13.0058h21.1033V12.6975Z\" fill=\"#E12324\" stroke=\"#E12324\" stroke-width=\"1.5\" stroke-miterlimit=\"10\" stroke-linecap=\"round\" stroke-linejoin=\"round\" \/><path d=\"M13.8204 15.6531v5.9949m-.016-1.9942v-.0647c0-1.2568-.7593-2.0051-1.7208-2.0051-.9694 0-1.8087.7331-1.8087 2.0051v.0647c0 1.2567.7505 1.9978 1.744 1.9978.9455 0 1.7855-.7571 1.7855-1.9978Zm-9.3258 3.4343v-5.5163m.016 1.9941v.0648c0 1.2567.7592 2.0051 1.7207 2.0051.9695 0 1.8087-.7331 1.8087-2.0051v-.0648c0-1.2567-.7505-1.9978-1.744-1.9978-.9454 0-1.7854.7571-1.7854 1.9978Zm13.6843-3.9447c-.576-.1432-1.3956.0597-1.3956 1.0524v4.9746m-.6968-4.043h2.0502\" stroke=\"#fff\" stroke-miterlimit=\"10\" stroke-linecap=\"round\" stroke-linejoin=\"round\" \/><\/svg>      <\/span>\n      <p class=\"custom-file__label\" aria-hidden=\"true\">\n        <span class=\"custom-file__title\">Consultez la liste La collecte \u00e0 3 voies<\/span>\n        <span class=\"custom-file__size\"> &#8211; 264.10 KB<\/span>\n      <\/p>\n      <span class=\"sr-only\">\n        Download file Consultez la liste La collecte \u00e0 3 voies (format PDF, size 264.10 KB)      <\/span>\n    <\/a>\n  <\/div>\n  \n\n\n<p>Pour les informations concernant les entreprises, consultez la page <a href=\"https:\/\/www.laval.ca\/en\/businesses\/environmentally-responsible-and-commercial-collections\/commercial-organic-materials-collection\/\" data-type=\"page\" data-id=\"5284\">Collecte des mati\u00e8res organiques pour les industries, commerces et institutions<\/a>.\u00a0<\/p>\n\n\n<section class=\"info-tip-box aligndefault\"\n>\n   <div class=\"info-tip-box__decoration\" aria-hidden=\"true\"><\/div>\n   <div class=\"info-tip-box__content\">\n    \n\n<h3 class=\"wp-block-heading\"><strong>L\u2019astuce verte<\/strong>\u00a0<\/h3>\n\n\n\n<p>Moins d\u2019effort et un gazon plus vert, \u00e7a vous tente? Plut\u00f4t que de ramasser les feuilles mortes sur votre terrain, \u00ab tondez-les \u00bb pour obtenir un engrais naturel bon pour le sol. <a href=\"https:\/\/www.laval.ca\/en\/environment\/collectes\/feuilles-mortes-vegetaux\/\" data-type=\"page\" data-id=\"2459\" target=\"_blank\" rel=\"noreferrer noopener\">En savoir plus sur le feuillicyclage.\u00a0<\/a><\/p>\n\n   <\/div>\n<\/section>\n\n\n\n<h2 class=\"wp-block-heading\"><strong>Questions fr\u00e9quentes<\/strong><\/h2>\n\n\n\n<div class=\"wp-block-vortex-blocks-accordions-group block-accordions-group accordion-container\">\n<section class=\"wp-block-vortex-blocks-accordion-item accordion ac\" id=\"strongmon-bac-brun-na-pas-ete-ramasse-quoi-faire-strong\"><div class=\"accordion__accordion\"><button class=\"accordion__header-row accordion-toggle ac-header ac-trigger\"><p class=\"accordion__header__title\"><strong>Mon bac brun n\u2019a pas \u00e9t\u00e9 ramass\u00e9. Quoi faire?<\/strong><\/p><span class=\"accordion__header__icon\" role=\"presentation\"><span class=\"plus\"><\/span><\/span><\/button><div class=\"accordion__sub-rows wysiwyg ac-panel\" role=\"region\">\n<p>Laissez votre bac en bordure de rue, un retard de collecte est possible. Si votre bac n\u2019est toujours pas ramass\u00e9 le surlendemain de la journ\u00e9e de collecte, faites une demande dans <a href=\"https:\/\/mondossier.laval.ca\/auth\/requests\/create?group=reports\" target=\"_blank\" rel=\"noreferrer noopener\">Mon dossier<\/a>.\u00a0<\/p>\n\n\n\n<p>Lorsque la demande et les informations fournies seront analys\u00e9es, votre requ\u00eate sera prise en charge dans un d\u00e9lai de <strong>3 jours<\/strong>. De fin novembre \u00e0 fin mars, votre requ\u00eate sera trait\u00e9e dans un d\u00e9lai de <strong>14 jours<\/strong>.<\/p>\n<\/div><\/div><\/section>\n\n\n\n<section class=\"wp-block-vortex-blocks-accordion-item accordion ac\" id=\"strongest-ce-que-je-peux-utiliser-autre-chose-que-des-sacs-en-papier-avec-mon-bac-brun-strongnbsp\"><div class=\"accordion__accordion\"><button class=\"accordion__header-row accordion-toggle ac-header ac-trigger\"><p class=\"accordion__header__title\"><strong>Est-ce que je peux utiliser autre chose que des sacs en papier avec mon bac brun?<\/strong>&nbsp;<\/p><span class=\"accordion__header__icon\" role=\"presentation\"><span class=\"plus\"><\/span><\/span><\/button><div class=\"accordion__sub-rows wysiwyg ac-panel\" role=\"region\">\n<p>Vous pouvez utiliser du papier journal, des sacs en papier ou d\u00e9poser vos mati\u00e8res p\u00eale-m\u00eale, sans sac, dans votre bac brun.\u00a0\u00a0<\/p>\n\n\n\n<p>Les sacs en papier sont en vente dans la plupart des \u00e9piceries et magasins \u00e0 grande surface.\u00a0<\/p>\n\n\n\n<p>Les sacs en plastique, y compris les sacs compostables et oxobiod\u00e9gradables, sont interdits.\u00a0\u00a0<\/p>\n<\/div><\/div><\/section>\n\n\n\n<section class=\"wp-block-vortex-blocks-accordion-item accordion ac\" id=\"strongquoi-faire-en-cas-de-bris-vol-ou-perte-de-mon-bac-brun-ou-conteneur-strongnbsp\"><div class=\"accordion__accordion\"><button class=\"accordion__header-row accordion-toggle ac-header ac-trigger\"><p class=\"accordion__header__title\"><strong>Quoi faire en cas de bris, vol ou perte de mon bac brun ou conteneur?<\/strong>&nbsp;<\/p><span class=\"accordion__header__icon\" role=\"presentation\"><span class=\"plus\"><\/span><\/span><\/button><div class=\"accordion__sub-rows wysiwyg ac-panel\" role=\"region\">\n<p><strong>Bac<\/strong>\u00a0<br\/>Votre bac est la propri\u00e9t\u00e9 de la Ville de Laval. Vous pouvez obtenir gratuitement\u202f:\u00a0<\/p>\n\n\n\n<ul class=\"wp-block-list\">\n<li>sa r\u00e9paration (roues, couvercles, essieux)\u00a0<\/li>\n\n\n\n<li>son remplacement en cas de perte ou de vol\u00a0<\/li>\n<\/ul>\n\n\n\n<p>Faites une demande dans <a href=\"https:\/\/mondossier.laval.ca\/auth\/requests\/create?group=reports\" target=\"_blank\" rel=\"noreferrer noopener\">Mon dossier<\/a>.\u00a0<\/p>\n\n\n\n<p><strong>Conteneur<\/strong>\u00a0<br\/>Si votre conteneur est bris\u00e9, \u00e9crivez-nous dans <a href=\"https:\/\/mondossier.laval.ca\/auth\/requests\/create\/other-subject\" target=\"_blank\" rel=\"noreferrer noopener\">Mon dossier<\/a>.\u00a0<\/p>\n\n\n\n<p>Lorsque la demande et les informations fournies seront analys\u00e9es, votre requ\u00eate sera trait\u00e9e dans un d\u00e9lai de <strong>30 jours<\/strong>.<\/p>\n<\/div><\/div><\/section>\n\n\n\n<section class=\"wp-block-vortex-blocks-accordion-item accordion ac\" id=\"strongque-deviennent-les-matieres-organiques-collectees-strong\"><div class=\"accordion__accordion\"><button class=\"accordion__header-row accordion-toggle ac-header ac-trigger\"><p class=\"accordion__header__title\"><strong>Que deviennent les mati\u00e8res organiques collect\u00e9es?<\/strong><\/p><span class=\"accordion__header__icon\" role=\"presentation\"><span class=\"plus\"><\/span><\/span><\/button><div class=\"accordion__sub-rows wysiwyg ac-panel\" role=\"region\">\n<p>Une fois collect\u00e9es, les mati\u00e8res organiques sont envoy\u00e9es au centre de compostage de Mironor, dans les Laurentides. Leur transformation en compost, une mati\u00e8re riche en nutriments pour la terre, prend plusieurs mois.\u00a0\u00a0<\/p>\n\n\n\n<p>La Ville de Laval distribue ensuite le compost obtenu aux services municipaux et aux organismes lavallois pour nourrir les sols et les jardins.\u00a0<\/p>\n<\/div><\/div><\/section>\n\n\n\n<section class=\"wp-block-vortex-blocks-accordion-item accordion ac\" id=\"strongou-ranger-mon-bac-brun-strongnbsp\"><div class=\"accordion__accordion\"><button class=\"accordion__header-row accordion-toggle ac-header ac-trigger\"><p class=\"accordion__header__title\"><strong>O\u00f9 ranger mon bac brun?<\/strong>&nbsp;<\/p><span class=\"accordion__header__icon\" role=\"presentation\"><span class=\"plus\"><\/span><\/span><\/button><div class=\"accordion__sub-rows wysiwyg ac-panel\" role=\"region\">\n<p><strong>Maison ou immeuble de 7 logements et moins<\/strong>\u00a0<br\/>Vous pouvez ranger votre bac\u202f:\u00a0<\/p>\n\n\n\n<ul class=\"wp-block-list\">\n<li>dans la cour arri\u00e8re ou sur le c\u00f4t\u00e9 de votre habitation\u00a0<\/li>\n\n\n\n<li>dans le garage.\u00a0<\/li>\n<\/ul>\n\n\n\n<p>Vous ne pouvez pas ranger votre bac :\u00a0<\/p>\n\n\n\n<ul class=\"wp-block-list\">\n<li>devant votre maison ou immeuble\u00a0<\/li>\n\n\n\n<li>devant une porte\u00a0<\/li>\n\n\n\n<li>sous une fen\u00eatre\u00a0<\/li>\n\n\n\n<li>sous un balcon\u00a0<\/li>\n\n\n\n<li>sous un escalier\u00a0<\/li>\n\n\n\n<li>contre un mur, sauf s&#8217;il est en brique.\u00a0<\/li>\n<\/ul>\n\n\n\n<p><strong>Immeuble de 8 \u00e0 22 logements<\/strong>\u00a0<br\/>Vous pouvez ranger votre bac\u202f:\u00a0<\/p>\n\n\n\n<ul class=\"wp-block-list\">\n<li>dans l&#8217;immeuble, dans une pi\u00e8ce r\u00e9serv\u00e9e \u00e0 cet usage\u00a0<\/li>\n\n\n\n<li>dans la cour de l\u2019immeuble.\u00a0<\/li>\n<\/ul>\n\n\n\n<p><strong>Immeuble de 23 logements et plus<\/strong>\u00a0<\/p>\n\n\n\n<ul class=\"wp-block-list\">\n<li>Immeubles construits apr\u00e8s 1997\u202f: rangez votre bac dans l\u2019immeuble.\u00a0<\/li>\n\n\n\n<li>Immeubles construits avant 1997\u202f: pour convenir d\u2019un mode de fonctionnement, \u00e9crivez-nous dans <a href=\"https:\/\/mondossier.laval.ca\/auth\/requests\/create\/other-subject\" target=\"_blank\" rel=\"noreferrer noopener\">Mon dossier<\/a>.\u00a0<\/li>\n<\/ul>\n<\/div><\/div><\/section>\n\n\n\n<section class=\"wp-block-vortex-blocks-accordion-item accordion ac\" id=\"strongcomment-bien-placer-mon-bac-pour-la-collecte-strongnbsp\"><div class=\"accordion__accordion\"><button class=\"accordion__header-row accordion-toggle ac-header ac-trigger\"><p class=\"accordion__header__title\"><strong>Comment bien placer mon bac pour la collecte?<\/strong>&nbsp;<\/p><span class=\"accordion__header__icon\" role=\"presentation\"><span class=\"plus\"><\/span><\/span><\/button><div class=\"accordion__sub-rows wysiwyg ac-panel\" role=\"region\">\n<figure class=\"wp-block-image size-full\"><img decoding=\"async\" width=\"1920\" height=\"1192\" src=\"https:\/\/www.laval.ca\/wp-content\/uploads\/2024\/08\/positionnement-bacs.jpg\" alt=\"Sch&#xE9;ma pour comprendre comme positionner mon bac de collecte dans la rue\" class=\"wp-image-2419\" srcset=\"https:\/\/www.laval.ca\/wp-content\/uploads\/2024\/08\/positionnement-bacs.jpg 1920w, https:\/\/www.laval.ca\/wp-content\/uploads\/2024\/08\/positionnement-bacs-300x186.jpg 300w, https:\/\/www.laval.ca\/wp-content\/uploads\/2024\/08\/positionnement-bacs-1024x636.jpg 1024w, https:\/\/www.laval.ca\/wp-content\/uploads\/2024\/08\/positionnement-bacs-768x477.jpg 768w, https:\/\/www.laval.ca\/wp-content\/uploads\/2024\/08\/positionnement-bacs-1536x954.jpg 1536w\" sizes=\"(max-width: 1920px) 100vw, 1920px\" \/><\/figure>\n\n\n\n<ul class=\"wp-block-list\">\n<li>Mettez votre bac sur votre terrain, au bout de votre all\u00e9e, pour faciliter la circulation et le d\u00e9neigement\u00a0<\/li>\n\n\n\n<li>Roues tourn\u00e9es vers votre maison ou immeuble\u00a0<\/li>\n\n\n\n<li>Lib\u00e9rez 1 m d&#8217;espace autour du bac pour faciliter sa lev\u00e9e m\u00e9canique<\/li>\n<\/ul>\n<\/div><\/div><\/section>\n\n\n\n<section class=\"wp-block-vortex-blocks-accordion-item accordion ac\" id=\"strongil-ny-a-pas-de-place-devant-mon-immeuble-ou-mettre-mon-bac-strong\"><div class=\"accordion__accordion\"><button class=\"accordion__header-row accordion-toggle ac-header ac-trigger\"><p class=\"accordion__header__title\"><strong>Il n\u2019y a pas de place devant mon immeuble. O\u00f9 mettre mon bac?<\/strong><\/p><span class=\"accordion__header__icon\" role=\"presentation\"><span class=\"plus\"><\/span><\/span><\/button><div class=\"accordion__sub-rows wysiwyg ac-panel\" role=\"region\">\n<p>Placez votre bac au point de collecte autoris\u00e9.\u00a0\u00a0<\/p>\n\n\n\n<p>Si plusieurs collectes ont lieu le m\u00eame jour, regroupez les bacs par type de collecte (bacs noirs ensemble, bacs bleus ensemble, etc.) et assurez-vous qu\u2019ils soient accessibles au camion de collecte. Cette petite attention fera toute la diff\u00e9rence.\u00a0<\/p>\n<\/div><\/div><\/section>\n\n\n\n<section class=\"wp-block-vortex-blocks-accordion-item accordion ac\" id=\"strongest-ce-quil-y-a-des-collectes-les-jours-feries-strongnbsp\"><div class=\"accordion__accordion\"><button class=\"accordion__header-row accordion-toggle ac-header ac-trigger\"><p class=\"accordion__header__title\"><strong>Est-ce qu\u2019il y a des collectes les jours f\u00e9ri\u00e9s?<\/strong>&nbsp;<\/p><span class=\"accordion__header__icon\" role=\"presentation\"><span class=\"plus\"><\/span><\/span><\/button><div class=\"accordion__sub-rows wysiwyg ac-panel\" role=\"region\">\n<p>Oui, les collectes sont maintenues selon l\u2019horaire habituel les jours f\u00e9ri\u00e9s.\u00a0<\/p>\n\n\n\n<p>Exceptions\u202f:\u202fle 25 d\u00e9cembre et le 1<sup>er<\/sup> janvier.\u00a0<\/p>\n\n\n\n<p>En savoir plus sur les <a href=\"https:\/\/www.laval.ca\/en\/municipal-organization\/municipal-administration\/municipal-services\/holiday-municipal-services-schedule\/\" data-type=\"page\" data-id=\"5202\">horaires des services municipaux lors des jours f\u00e9ri\u00e9s<\/a>.<\/p>\n<\/div><\/div><\/section>\n\n\n\n<section class=\"wp-block-vortex-blocks-accordion-item accordion ac\" id=\"strongje-demenage-bientot-est-ce-que-je-dois-laisser-mes-bacs-strongnbsp\"><div class=\"accordion__accordion\"><button class=\"accordion__header-row accordion-toggle ac-header ac-trigger\"><p class=\"accordion__header__title\"><strong>Je d\u00e9m\u00e9nage bient\u00f4t. Est-ce que je dois laisser mes bacs?<\/strong>&nbsp;<\/p><span class=\"accordion__header__icon\" role=\"presentation\"><span class=\"plus\"><\/span><\/span><\/button><div class=\"accordion__sub-rows wysiwyg ac-panel\" role=\"region\">\n<p>Oui, vous devez laisser vos bacs \u00e0 votre adresse actuelle. Les bacs sont la propri\u00e9t\u00e9 de la Ville, leurs num\u00e9ros de s\u00e9rie sont associ\u00e9s \u00e0 l\u2019adresse o\u00f9 ils ont \u00e9t\u00e9 livr\u00e9s.\u00a0<\/p>\n\n\n\n<p>Si vous d\u00e9m\u00e9nagez \u00e0 Laval, vous trouverez des bacs \u00e0 votre arriv\u00e9e \u00e0 votre nouveau logement.\u00a0\u00a0<\/p>\n\n\n\n<p>Si ce n\u2019est pas le cas, faites une demande dans <a href=\"https:\/\/mondossier.laval.ca\/auth\/requests\/create?group=reports\" target=\"_blank\" rel=\"noreferrer noopener\">Mon dossier<\/a>.\u00a0Lorsque la demande et les informations fournies seront analys\u00e9es, votre requ\u00eate sera trait\u00e9e dans un d\u00e9lai de <strong>30 jours<\/strong>.<\/p>\n<\/div><\/div><\/section>\n\n\n\n<section class=\"wp-block-vortex-blocks-accordion-item accordion ac\" id=\"strongles-ecoles-et-les-obnl-peuvent-ils-obtenir-des-bacs-pour-la-recuperation-des-matieres-organiques-strongnbsp\"><div class=\"accordion__accordion\"><button class=\"accordion__header-row accordion-toggle ac-header ac-trigger\"><p class=\"accordion__header__title\"><strong>Les \u00e9coles et les OBNL peuvent-ils obtenir des bacs pour la r\u00e9cup\u00e9ration des mati\u00e8res organiques?<\/strong>&nbsp;<\/p><span class=\"accordion__header__icon\" role=\"presentation\"><span class=\"plus\"><\/span><\/span><\/button><div class=\"accordion__sub-rows wysiwyg ac-panel\" role=\"region\">\n<p>La plupart des \u00e9coles ont d\u00e9j\u00e0 un bac brun pour la collecte des r\u00e9sidus d\u2019automne.\u00a0\u00a0<\/p>\n\n\n\n<p>Si votre \u00e9cole ou votre organisme \u00e0 but non lucratif (OBNL) d\u00e9sire aller plus loin en collectant les r\u00e9sidus alimentaires, faites une demande dans <a href=\"https:\/\/mondossier.laval.ca\/auth\/requests\/create?group=reports\" target=\"_blank\" rel=\"noreferrer noopener\">Mon dossier<\/a>.\u00a0\u00a0<\/p>\n\n\n\n<p><strong>Et apr\u00e8s?<\/strong>\u00a0<br\/>Si votre demande est accept\u00e9e, votre \u00e9cole ou OBNL devra d\u00e9signer une personne responsable de sortir le ou les bacs le jour de la collecte, de les nettoyer et de les ranger. Elle devra aussi veiller au respect des bonnes pratiques de tri pour faire de cette belle initiative un succ\u00e8s.\u00a0<\/p>\n<\/div><\/div><\/section>\n\n\n\n<section class=\"wp-block-vortex-blocks-accordion-item accordion ac\" id=\"strongpourquoi-les-collectes-sont-elles-moins-frequentes-lhiver-pour-les-residences-de-23-logements-et-moins-strongnbsp\"><div class=\"accordion__accordion\"><button class=\"accordion__header-row accordion-toggle ac-header ac-trigger\"><p class=\"accordion__header__title\"><strong>Pourquoi les collectes sont-elles moins fr\u00e9quentes l\u2019hiver pour les r\u00e9sidences de 23 logements et moins?<\/strong>&nbsp;<\/p><span class=\"accordion__header__icon\" role=\"presentation\"><span class=\"plus\"><\/span><\/span><\/button><div class=\"accordion__sub-rows wysiwyg ac-panel\" role=\"region\">\n<p>Pendant l\u2019hiver, la mati\u00e8re gel\u00e9e ne d\u00e9gage pas d\u2019odeur et aucun r\u00e9sidu de jardin (rognures de gazon, feuilles mortes, etc.) n\u2019est produit. Une collecte toutes les 2 semaines est donc suffisante.\u00a0<\/p>\n\n\n\n<p>La fr\u00e9quence des collectes reste toujours la m\u00eame pour les immeubles de 24 logements et plus, les industries, commerces et institutions, car la quantit\u00e9 de r\u00e9sidus g\u00e9n\u00e9r\u00e9s varie tr\u00e8s peu d\u2019une saison \u00e0 l\u2019autre, \u200bet les bacs sont souvent entrepos\u00e9s \u00e0 l\u2019int\u00e9rieur.<\/p>\n<\/div><\/div><\/section>\n\n\n\n<section class=\"wp-block-vortex-blocks-accordion-item accordion ac\" id=\"strongles-jours-de-collecte-sont-ils-les-memes-pour-les-conteneurs-et-les-bacs-strongnbsp\"><div class=\"accordion__accordion\"><button class=\"accordion__header-row accordion-toggle ac-header ac-trigger\"><p class=\"accordion__header__title\"><strong>Les jours de collecte sont-ils les m\u00eames pour les conteneurs et les bacs?<\/strong>&nbsp;<\/p><span class=\"accordion__header__icon\" role=\"presentation\"><span class=\"plus\"><\/span><\/span><\/button><div class=\"accordion__sub-rows wysiwyg ac-panel\" role=\"region\">\n<p>Non, les jours de collecte des conteneurs sont diff\u00e9rents.\u00a0<\/p>\n\n\n\n<p><a href=\"https:\/\/www.laval.ca\/en\/search-by-address\/\" data-type=\"page\" data-id=\"2452\">En savoir plus sur les jours de collecte des conteneurs<\/a><a href=\"https:\/\/www.laval.ca\/en\/search-by-address\/\" data-type=\"page\" data-id=\"5453\">.<\/a><\/p>\n<\/div><\/div><\/section>\n<\/div>\n\n\n\n  <div class=\"notification-message notification-message__bg-alert-circle\" \n  >\n   <div class=\"notification-message__inner-container\">\n    <div class=\"notification-message__heading\">\n              <span class=\"notification-message__icon icon icon-alert-circle\"><\/span>\n                    <p class=\"notification-message__title\">Conseil<\/p>\n          <\/div>\n          <div class=\"notification-message__text\">\n        <p>Pour \u00e9viter les odeurs, utilisez la m\u00e9thode du mille feuilles\u202fen alternant les couches d\u2019aliments et de papier journal ou de feuilles mortes dans votre bac brun. <a href=\"https:\/\/www.laval.ca\/conseils\/compostez-sans-tracas-eloignez-odeurs-visiteurs\/\">Voir plus de trucs.<\/a><\/p>\n      <\/div>\n      <\/div>\n  <\/div>\n\n<\/div>\n\n\n<div class=\"sticky-section-sidebar\"\n>\n   <div class=\"sticky-section-sidebar__inner\">\n     \n<div class=\"sidebar-cta-wrapper aligndefault\">\n   <div class=\"sidebar-cta\">\n     \n  <div class=\"theme-icon aligndefault theme-icon--colored\">\n    <span class=\"theme-icon__icon icon icon-collecte\"><\/span>\n  <\/div>\n  \n\n\n<p class=\"has-xlarge-font-size\"><strong><strong><strong>\u00c9quipement bris\u00e9 ou retard de collecte<\/strong><\/strong><\/strong><\/p>\n\n\n\n<p>Faites une demande en ligne.<\/p>\n\n\n\n<div class=\"wp-block-buttons is-layout-flex wp-block-buttons-is-layout-flex\">\n<div class=\"wp-block-button\"><a class=\"wp-block-button__link wp-element-button\" href=\"https:\/\/mondossier.laval.ca\/auth\/requests\/create?group=reports\" target=\"_blank\" rel=\"noopener\">Mon dossier<\/a><\/div>\n<\/div>\n\n   <\/div>\n<\/div>\n\n\n<div class=\"sidebar-cta-wrapper aligndefault\">\n   <div class=\"sidebar-cta\">\n     \n\n<p class=\"has-xlarge-font-size\"><strong><strong>\u00c7a va o\u00f9?<\/strong><\/strong><\/p>\n\n\n\n<p>Pour vous assurer de bien trier, consultez <a href=\"https:\/\/www.recyc-quebec.gouv.qc.ca\/appmobile-cavaou\/\" target=\"_blank\" rel=\"noreferrer noopener\">\u00c7a va o\u00f9?<\/a><\/p>\n\n   <\/div>\n<\/div>\n\n   <\/div>\n<\/div>\n\n<\/section>\n<section class=\"mixed-carousel mixed-carousel--custom alignfull\"\n>\n    \n<div class=\"heading-with-button container\">\n      <h2 class=\"heading-with-button__title\">Pour aller plus loin<\/h2>\n    <\/div>\n    <div class=\"mixed-carousel__carousel-wrapper\">\n      <div class=\"mixed-carousel__carousel swiper\">\n        <div class=\"swiper-wrapper\">\n                      \n<div class=\"mixed-item swiper-slide aligndefault mixed-item--landscape-thumbnail\">\n  <a class=\"mixed-item__inner\" href=\"https:\/\/www.laval.ca\/conseils\/recyclage-8-astuces-pour-faciliter-tri\/\">    <div class=\"mixed-item__thumbnail-wrapper\">\n      <img decoding=\"async\" width=\"768\" height=\"326\" src=\"https:\/\/www.laval.ca\/wp-content\/uploads\/2025\/01\/apprendre-trier_SimonLaroche-768x326.png\" class=\"attachment-medium_large size-medium_large\" alt=\"Bacs pour les collectes\" sizes=\"(min-width:1216px) 430px, (min-width:1080px) 36vw, (min-width:768px) 41vw, (min-width:560px) 60vw, 85vw\" srcset=\"https:\/\/www.laval.ca\/wp-content\/uploads\/2025\/01\/apprendre-trier_SimonLaroche-768x326.png 768w, https:\/\/www.laval.ca\/wp-content\/uploads\/2025\/01\/apprendre-trier_SimonLaroche-300x127.png 300w, https:\/\/www.laval.ca\/wp-content\/uploads\/2025\/01\/apprendre-trier_SimonLaroche-1024x435.png 1024w, https:\/\/www.laval.ca\/wp-content\/uploads\/2025\/01\/apprendre-trier_SimonLaroche.png 1216w\" \/>    <\/div>\n    <h3 class=\"mixed-item__title\"><span>8 astuces sur le tri et la r\u00e9cup\u00e9ration<\/span><\/h3>\n          <p class=\"mixed-item__excerpt\">Facilitez la gestion de votre bac bleu avec ces quelques astuces.<\/p>\n      <\/a><\/div>\n\n\n<div class=\"mixed-item swiper-slide aligndefault mixed-item--landscape-thumbnail\">\n  <a class=\"mixed-item__inner\" href=\"https:\/\/www.laval.ca\/reglements-permis\/index-reglements\/collecte-matieres-residuelles\/\">    <div class=\"mixed-item__thumbnail-wrapper\">\n      <img decoding=\"async\" width=\"609\" height=\"350\" src=\"https:\/\/www.laval.ca\/wp-content\/uploads\/2025\/02\/collecte-matiere-residuelle-609x350-1.jpg\" class=\"attachment-medium_large size-medium_large\" alt=\"Les 3 bacs de d\u00e9chets, r\u00e9cup\u00e9ration et compost sont sur le bord de la rue\" sizes=\"(min-width:1216px) 430px, (min-width:1080px) 36vw, (min-width:768px) 41vw, (min-width:560px) 60vw, 85vw\" srcset=\"https:\/\/www.laval.ca\/wp-content\/uploads\/2025\/02\/collecte-matiere-residuelle-609x350-1.jpg 609w, https:\/\/www.laval.ca\/wp-content\/uploads\/2025\/02\/collecte-matiere-residuelle-609x350-1-300x172.jpg 300w\" \/>    <\/div>\n    <h3 class=\"mixed-item__title\"><span>R\u00e8glement municipal  <\/span><\/h3>\n          <p class=\"mixed-item__excerpt\">Apprenez-en plus sur les r\u00e8gles encadrant la collecte des mati\u00e8res r\u00e9siduelles.<\/p>\n      <\/a><\/div>\n\n\n<div class=\"mixed-item swiper-slide aligndefault mixed-item--landscape-thumbnail\">\n  <a class=\"mixed-item__inner\" href=\"https:\/\/www.laval.ca\/conseils\/guide-pelouse-ecologique\/\">    <div class=\"mixed-item__thumbnail-wrapper\">\n      <img decoding=\"async\" width=\"768\" height=\"326\" src=\"https:\/\/www.laval.ca\/wp-content\/uploads\/2025\/01\/Guide-pelouse-ecologique-768x326.jpg\" class=\"attachment-medium_large size-medium_large\" alt=\"pelouse\" sizes=\"(min-width:1216px) 430px, (min-width:1080px) 36vw, (min-width:768px) 41vw, (min-width:560px) 60vw, 85vw\" srcset=\"https:\/\/www.laval.ca\/wp-content\/uploads\/2025\/01\/Guide-pelouse-ecologique-768x326.jpg 768w, https:\/\/www.laval.ca\/wp-content\/uploads\/2025\/01\/Guide-pelouse-ecologique-300x127.jpg 300w, https:\/\/www.laval.ca\/wp-content\/uploads\/2025\/01\/Guide-pelouse-ecologique-1024x435.jpg 1024w, https:\/\/www.laval.ca\/wp-content\/uploads\/2025\/01\/Guide-pelouse-ecologique.jpg 1216w\" \/>    <\/div>\n    <h3 class=\"mixed-item__title\"><span>Entretenez votre gazon de mani\u00e8re \u00e9cologique\u202f<\/span><\/h3>\n          <p class=\"mixed-item__excerpt\">C\u2019est simple et bon pour l\u2019environnement. D\u00e9couvrez comment faire.\u202f <\/p>\n      <\/a><\/div>\n\n\n                  <\/div>\n      <\/div>\n    <\/div>\n    <div class=\"mixed-carousel__carousel-navigation container\">\n      <div class=\"swiper-button-prev\"><\/div>\n      <div class=\"swiper-button-next\"><\/div>\n    <\/div>\n      \n<\/section>\n<ol class=\"wp-block-footnotes\"><li id=\"dd364a77-b166-4063-a408-74ee574f5567\">Source\u202f: Recyc-Qu\u00e9bec. <a href=\"#dd364a77-b166-4063-a408-74ee574f5567-link\" aria-label=\"Jump to footnote reference 1\">\u21a9\ufe0e<\/a><\/li><\/ol>","protected":false},"excerpt":{"rendered":"","protected":false},"author":34,"featured_media":0,"parent":27273,"menu_order":34,"comment_status":"closed","ping_status":"closed","template":"","meta":{"_acf_changed":false,"advgb_blocks_editor_width":"","advgb_blocks_columns_visual_guide":"","footnotes":"[{\"id\":\"dd364a77-b166-4063-a408-74ee574f5567\",\"content\":\"Source\\u202f: Recyc-Qu\\u00e9bec.\"}]"},"class_list":["post-27268","page","type-page","status-publish","hentry"],"pp_statuses_selecting_workflow":false,"pp_workflow_action":"current","pp_status_selection":"publish","acf":[],"coauthors":[],"author_meta":{"author_link":"https:\/\/www.laval.ca\/en\/author\/i-boucherlaval-ca\/","display_name":"i.boucher@laval.ca"},"relative_dates":{"created":"Posted 1 month ago","modified":"Updated 8 months ago"},"absolute_dates":{"created":"Posted on March 31, 2026","modified":"Updated on September 11, 2025"},"absolute_dates_time":{"created":"Posted on March 31, 2026 11:59 pm","modified":"Updated on September 11, 2025 9:40 am"},"featured_img_caption":"","featured_img":false,"series_order":"","publishpress_future_action":{"enabled":false,"date":"2026-05-08 15:27:11","action":"change-status","newStatus":"draft","terms":[],"taxonomy":"translation_priority","extraData":[]},"publishpress_future_workflow_manual_trigger":{"enabledWorkflows":[]},"_links":{"self":[{"href":"https:\/\/www.laval.ca\/en\/wp-json\/wp\/v2\/pages\/27268","targetHints":{"allow":["GET"]}}],"collection":[{"href":"https:\/\/www.laval.ca\/en\/wp-json\/wp\/v2\/pages"}],"about":[{"href":"https:\/\/www.laval.ca\/en\/wp-json\/wp\/v2\/types\/page"}],"author":[{"embeddable":true,"href":"https:\/\/www.laval.ca\/en\/wp-json\/wp\/v2\/users\/34"}],"replies":[{"embeddable":true,"href":"https:\/\/www.laval.ca\/en\/wp-json\/wp\/v2\/comments?post=27268"}],"version-history":[{"count":8,"href":"https:\/\/www.laval.ca\/en\/wp-json\/wp\/v2\/pages\/27268\/revisions"}],"predecessor-version":[{"id":91181,"href":"https:\/\/www.laval.ca\/en\/wp-json\/wp\/v2\/pages\/27268\/revisions\/91181"}],"up":[{"embeddable":true,"href":"https:\/\/www.laval.ca\/en\/wp-json\/wp\/v2\/pages\/27273"}],"wp:attachment":[{"href":"https:\/\/www.laval.ca\/en\/wp-json\/wp\/v2\/media?parent=27268"}],"curies":[{"name":"wp","href":"https:\/\/api.w.org\/{rel}","templated":true}]}}