{"id":27263,"date":"2024-09-04T09:25:53","date_gmt":"2024-09-04T13:25:53","guid":{"rendered":"https:\/\/www.laval.ca\/environnement\/transition-ecologique\/plan-climatique\/"},"modified":"2025-04-17T09:27:05","modified_gmt":"2025-04-17T13:27:05","slug":"plan-climatique","status":"publish","type":"page","link":"https:\/\/www.laval.ca\/en\/environment\/ecological-transition\/plan-climatique\/","title":{"rendered":"Laval climate plan"},"content":{"rendered":"<section class=\"sticky-section-group aligndefault\"\n>\n   \n<div class=\"sticky-section-main\"\n>\n   \n\n<p class=\"is-style-intro-text\">Face \u00e0 l\u2019urgence climatique, une mobilisation massive est n\u00e9cessaire. Pour favoriser une transition socio-\u00e9cologique collective, la Ville a adopt\u00e9 le Plan climatique de Laval \u2013 Horizon 2035.\u00a0<\/p>\n\n\n\n<h2 class=\"wp-block-heading\">Le r\u00e9chauffement du climat et ses cons\u00e9quences<\/h2>\n\n\n\n<div class=\"wp-block-group has-env-green-background-color has-background is-layout-constrained wp-container-core-group-is-layout-92b9201d wp-block-group-is-layout-constrained\">\n<h2 class=\"wp-block-heading has-text-align-center has-env-herb-color has-text-color has-link-color wp-elements-a782db9da80557d5fb4d72f82c7d8198\">Le saviez vous ?<\/h2>\n\n\n\n<hr class=\"wp-block-separator has-text-color has-env-herb-color has-alpha-channel-opacity has-env-herb-background-color has-background is-style-default\"\/>\n\n\n\n<div class=\"wp-block-columns is-layout-flex wp-container-core-columns-is-layout-b2ab8c90 wp-block-columns-is-layout-flex\">\n<div class=\"wp-block-column has-medium-font-size is-layout-flow wp-container-core-column-is-layout-215ed0c7 wp-block-column-is-layout-flow\" style=\"flex-basis:50%\">\n<h1 class=\"wp-block-heading has-text-align-center has-env-herb-color has-text-color has-link-color wp-elements-55aa6350eb894bd34ade9a0d3ca4db83\">1,5 <strong>\u00b0<\/strong>C<\/h1>\n\n\n\n<p class=\"has-text-align-center has-env-herb-color has-text-color has-link-color wp-elements-a11e8828e6939217c33f2ae2a685e2d5\">Les scientifiques pr\u00e9voient un r\u00e9chauffement global de la temp\u00e9rature d\u2019au moins 1,5 \u00b0C d\u00e8s 2030<sup data-fn=\"d06d9995-847e-4d81-8b3d-544fee57caac\" class=\"fn\"><a id=\"d06d9995-847e-4d81-8b3d-544fee57caac-link\" href=\"#d06d9995-847e-4d81-8b3d-544fee57caac\">1<\/a><\/sup>. Les effets des changements climatiques sont d\u00e9j\u00e0 visibles \u00e0 travers le monde.\u00a0<\/p>\n<\/div>\n\n\n\n<div class=\"wp-block-column is-layout-flow wp-container-core-column-is-layout-215ed0c7 wp-block-column-is-layout-flow\" style=\"flex-basis:50%\">\n<h1 class=\"wp-block-heading has-text-align-center has-env-herb-color has-text-color has-link-color wp-elements-705a57342ab77e79a05bd6c30ce3fa34\">x2<\/h1>\n\n\n\n<p class=\"has-text-align-center has-env-herb-color has-text-color has-link-color wp-elements-55aaf517a12694651d761c70c2a8501a\">Au Canada, le climat se r\u00e9chauffe \u00e0 un rythme 2 fois plus rapide que la moyenne mondiale. La population lavalloise en subit d\u00e9j\u00e0 des effets bien concrets.<\/p>\n<\/div>\n<\/div>\n<\/div>\n\n\n\n<h3 class=\"wp-block-heading\">Le climat de Laval en 2041-2070<\/h3>\n\n\n\n<p>Les vagues de chaleur seront plus longues et plus fr\u00e9quentes, les pluies plus intenses, et les risques d\u2019inondations plus \u00e9lev\u00e9s. D\u00e9couvrez les projections<sup data-fn=\"f91c696a-4d4a-425a-8004-422c04a969e1\" class=\"fn\"><a id=\"f91c696a-4d4a-425a-8004-422c04a969e1-link\" href=\"#f91c696a-4d4a-425a-8004-422c04a969e1\">2<\/a><\/sup>.<\/p>\n\n\n\n<div class=\"wp-block-vortex-blocks-accordions-group block-accordions-group accordion-container is-style-no-margin-top\">\n<section class=\"wp-block-vortex-blocks-accordion-item accordion ac\" id=\"strongtemperatures-en-ete-strong\"><div class=\"accordion__accordion\"><button class=\"accordion__header-row accordion-toggle ac-header ac-trigger\"><p class=\"accordion__header__title\"><strong>Temp\u00e9ratures en \u00e9t\u00e9<\/strong><\/p><span class=\"accordion__header__icon\" role=\"presentation\"><span class=\"plus\"><\/span><\/span><\/button><div class=\"accordion__sub-rows wysiwyg ac-panel\" role=\"region\">\n<p>Augmentation de la temp\u00e9rature moyenne\u202f:\u00a0<\/p>\n\n\n\n<ul class=\"wp-block-list\">\n<li>1991 \u00e0 2000\u202f: 20,4 \u00b0C\u00a0<\/li>\n\n\n\n<li>2041 \u00e0 2070\u202f: 22,3 \u00e0 22,7 \u00b0C\u00a0<\/li>\n\n\n\n<li>Augmentation du nombre de jours de plus de 30 \u00b0C\u202f:\u00a0<\/li>\n\n\n\n<li>1991 \u00e0 2020\u202f: 10 jours\u00a0<\/li>\n\n\n\n<li>2041 \u00e0 2070\u202f: 25 \u00e0 28 jours\u00a0<\/li>\n<\/ul>\n\n\n\n<p>Les temp\u00e9ratures seront plus \u00e9lev\u00e9es dans les zones urbaines en raison des \u00eelots de chaleur.\u00a0<\/p>\n\n\n\n<ul class=\"wp-block-list\">\n<li>Vagues de chaleur plus longues et plus fr\u00e9quentes\u00a0<\/li>\n\n\n\n<li>Augmentation du nombre de jours de climatisation.\u00a0<\/li>\n<\/ul>\n<\/div><\/div><\/section>\n\n\n\n<section class=\"wp-block-vortex-blocks-accordion-item accordion ac\" id=\"strongtemperatures-en-hiver-strongnbsp\"><div class=\"accordion__accordion\"><button class=\"accordion__header-row accordion-toggle ac-header ac-trigger\"><p class=\"accordion__header__title\"><strong>Temp\u00e9ratures en hiver<\/strong>&nbsp;<\/p><span class=\"accordion__header__icon\" role=\"presentation\"><span class=\"plus\"><\/span><\/span><\/button><div class=\"accordion__sub-rows wysiwyg ac-panel\" role=\"region\">\n<ul class=\"wp-block-list\">\n<li>Augmentation de la temp\u00e9rature moyenne\u202f:\u00a0<\/li>\n\n\n\n<li>1991 \u00e0 2020\u202f: -7,3 \u00b0C\u00a0<\/li>\n\n\n\n<li>2041 \u00e0 2070\u202f: -4,5 \u00e0 -3,8 \u00b0C\u00a0<\/li>\n\n\n\n<li>Augmentation des \u00e9pisodes de gel\u00a0et de d\u00e9gel<\/li>\n\n\n\n<li>Diminution du nombre de jours de chauffage.\u00a0<\/li>\n<\/ul>\n<\/div><\/div><\/section>\n\n\n\n<section class=\"wp-block-vortex-blocks-accordion-item accordion ac\" id=\"strongprecipitations-strongnbsp\"><div class=\"accordion__accordion\"><button class=\"accordion__header-row accordion-toggle ac-header ac-trigger\"><p class=\"accordion__header__title\"><strong>Pr\u00e9cipitations<\/strong>&nbsp;<\/p><span class=\"accordion__header__icon\" role=\"presentation\"><span class=\"plus\"><\/span><\/span><\/button><div class=\"accordion__sub-rows wysiwyg ac-panel\" role=\"region\">\n<ul class=\"wp-block-list\">\n<li>Augmentation des pr\u00e9cipitations totales par ann\u00e9e\u00a0<\/li>\n\n\n\n<li>Augmentation de la pluie \u00e0 chaque saison\u00a0<\/li>\n\n\n\n<li>Diminution de la neige\u00a0\u00a0<\/li>\n<\/ul>\n<\/div><\/div><\/section>\n\n\n\n<section class=\"wp-block-vortex-blocks-accordion-item accordion ac\" id=\"strongphenomenes-meteorologiques-extremes-strongnbsp\"><div class=\"accordion__accordion\"><button class=\"accordion__header-row accordion-toggle ac-header ac-trigger\"><p class=\"accordion__header__title\"><strong>Ph\u00e9nom\u00e8nes m\u00e9t\u00e9orologiques extr\u00eames<\/strong>&nbsp;<\/p><span class=\"accordion__header__icon\" role=\"presentation\"><span class=\"plus\"><\/span><\/span><\/button><div class=\"accordion__sub-rows wysiwyg ac-panel\" role=\"region\">\n<ul class=\"wp-block-list\">\n<li>Augmentation possible des inondations caus\u00e9es par des crues ou des pluies intenses\u00a0<\/li>\n\n\n\n<li>Augmentation possible du nombre de temp\u00eates (vents violents, foudre et orage)\u00a0<\/li>\n\n\n\n<li>Augmentation possible des \u00e9pisodes\u00a0de s\u00e9ch\u00e9resse<\/li>\n\n\n\n<li>Augmentation de l\u2019\u00e9vaporation l\u2019\u00e9t\u00e9, qui ne sera pas compens\u00e9e par l\u2019augmentation des pr\u00e9cipitations\u00a0<\/li>\n<\/ul>\n<\/div><\/div><\/section>\n<\/div>\n\n\n\n<h2 class=\"wp-block-heading\">R\u00e9duire les GES et s\u2019adapter aux changements climatiques<\/h2>\n\n\n\n<p>La Ville de Laval s\u2019est dot\u00e9e du Plan climatique \u2013 Horizon 2035 afin de <strong>r\u00e9duire de 33 % les \u00e9missions de gaz \u00e0 effet de serre<\/strong> g\u00e9n\u00e9r\u00e9es sur le territoire lavallois sous le niveau 1990 et d\u2019augmenter sa r\u00e9silience face aux changements climatiques.\u00a0<\/p>\n\n\n\n<p>Il comprend 9 orientations, 60 mesures ainsi qu\u2019un premier plan de 374 actions qui seront r\u00e9alis\u00e9es d\u2019ici \u200b2025 gr\u00e2ce \u00e0 des investissements de 276M$<sup data-fn=\"ec576b68-670c-4d35-b9a6-b5b22a922ccd\" class=\"fn\"><a id=\"ec576b68-670c-4d35-b9a6-b5b22a922ccd-link\" href=\"#ec576b68-670c-4d35-b9a6-b5b22a922ccd\">3<\/a><\/sup>.\u202f\u00a0<\/p>\n\n\n\n<div class=\"wp-block-vortex-blocks-accordions-group block-accordions-group accordion-container is-style-no-margin-top\">\n<section class=\"wp-block-vortex-blocks-accordion-item accordion ac\" id=\"strong9-orientations-strongnbsp\"><div class=\"accordion__accordion\"><button class=\"accordion__header-row accordion-toggle ac-header ac-trigger\"><p class=\"accordion__header__title\"><strong>9 orientations<\/strong>&nbsp;<\/p><span class=\"accordion__header__icon\" role=\"presentation\"><span class=\"plus\"><\/span><\/span><\/button><div class=\"accordion__sub-rows wysiwyg ac-panel\" role=\"region\">\n<div class=\"wp-block-group has-grey-100-background-color has-background is-layout-constrained wp-container-core-group-is-layout-e0082cf6 wp-block-group-is-layout-constrained\">\n<p><strong>1. Biodiversit\u00e9 et r\u00e9silience des milieux naturels<\/strong>\u00a0<\/p>\n\n\n\n<p>Prot\u00e9ger la biodiversit\u00e9 ainsi que les fonctions \u00e9cologiques des \u00e9cosyst\u00e8mes lavallois et augmenter la r\u00e9silience des milieux naturels.\u00a0<\/p>\n\n\n\n<p><strong>Mesures principales<\/strong>\u00a0<\/p>\n\n\n\n<ul class=\"wp-block-list\">\n<li>Prot\u00e9ger et mettre en r\u00e9seau les <a href=\"https:\/\/www.laval.ca\/environnement\/milieux-naturels\/\" target=\"_blank\" data-type=\"page\" data-id=\"2570\" rel=\"noreferrer noopener\">milieux naturels<\/a> et am\u00e9nager le territoire en les valorisant.\u00a0<\/li>\n\n\n\n<li>Prot\u00e9ger et restaurer les <a href=\"https:\/\/www.laval.ca\/reglements-permis\/index-reglements\/protection-milieux-humides\/\" target=\"_blank\" data-type=\"regulation\" data-id=\"22308\" rel=\"noreferrer noopener\">milieux humides et hydriques<\/a>.\u200b\u00a0\u00a0<\/li>\n<\/ul>\n<\/div>\n\n\n\n<div class=\"wp-block-group has-grey-100-background-color has-background is-layout-constrained wp-container-core-group-is-layout-e0082cf6 wp-block-group-is-layout-constrained\">\n<p><strong>2. Sant\u00e9 et qualit\u00e9 des milieux de vie<\/strong>\u00a0<\/p>\n\n\n\n<p>Pr\u00e9server la sant\u00e9 de la population et am\u00e9liorer la qualit\u00e9 des milieux de vie.\u00a0<\/p>\n\n\n\n<p><strong>Mesures principales<\/strong>\u00a0<\/p>\n\n\n\n<ul class=\"wp-block-list\">\n<li>Lutter contre les \u00eelots de chaleur<s>.<\/s>\u00a0<\/li>\n\n\n\n<li>Atteindre 27 % de canop\u00e9e sur le territoire lavallois d\u2019ici 2035.\u00a0<\/li>\n<\/ul>\n<\/div>\n\n\n\n<div class=\"wp-block-group has-grey-100-background-color has-background is-layout-constrained wp-container-core-group-is-layout-e0082cf6 wp-block-group-is-layout-constrained\">\n<p><strong>3. Mobilit\u00e9 durable<\/strong>\u00a0<\/p>\n\n\n\n<p>Encourager la mobilit\u00e9 durable.\u00a0<\/p>\n\n\n\n<p><strong>Mesures principales<\/strong>\u00a0<\/p>\n\n\n\n<ul class=\"wp-block-list\">\n<li>Favoriser la <a href=\"https:\/\/www.laval.ca\/amenagement-territoire\/planification-territoire\/plan-mobilite-active\/\" target=\"_blank\" data-type=\"page\" data-id=\"2866\" rel=\"noreferrer noopener\">mobilit\u00e9 active<\/a> (marche et v\u00e9lo)\u00a0<\/li>\n\n\n\n<li>Soutenir le d\u00e9veloppement du <a href=\"https:\/\/www.laval.ca\/travaux-deplacements\/mobilite-durable\/transports-en-commun\/\" target=\"_blank\" data-type=\"page\" data-id=\"4551\" rel=\"noreferrer noopener\">transport collectif<\/a>.\u00a0<\/li>\n<\/ul>\n<\/div>\n\n\n\n<div class=\"wp-block-group has-grey-100-background-color has-background is-layout-constrained wp-container-core-group-is-layout-e0082cf6 wp-block-group-is-layout-constrained\">\n<p><strong>4. Transition \u00e9nerg\u00e9tique des b\u00e2timents<\/strong>\u00a0<\/p>\n\n\n\n<p>Encourager la transition \u00e9nerg\u00e9tique des b\u00e2timents.\u00a0<\/p>\n\n\n\n<p><strong>Mesures principales<\/strong>\u00a0<\/p>\n\n\n\n<ul class=\"wp-block-list\">\n<li><a href=\"https:\/\/www.laval.ca\/organisation-municipale\/portrait-ville-laval\/prix-distinctions-certifications\/certifications\/\" data-type=\"page\" data-id=\"5907\">Construire et r\u00e9nover\u202fles b\u00e2timents municipaux de mani\u00e8re \u00e9coresponsable.\u00a0<\/a><\/li>\n\n\n\n<li>Appuyer la transition \u00e9nerg\u00e9tique des r\u00e9sidences lavalloises.\u00a0<\/li>\n<\/ul>\n<\/div>\n\n\n\n<div class=\"wp-block-group has-grey-100-background-color has-background is-layout-constrained wp-container-core-group-is-layout-e0082cf6 wp-block-group-is-layout-constrained\">\n<p><strong>5. Soutien \u00e0 la communaut\u00e9<\/strong>\u00a0<\/p>\n\n\n\n<p>Soutenir la communaut\u00e9 lavalloise dans la transition \u00e9cologique.\u00a0<\/p>\n\n\n\n<p><strong>Mesure principale<\/strong>\u00a0<\/p>\n\n\n\n<p>D\u00e9ployer la <a href=\"https:\/\/www.laval.ca\/environnement\/collectes\/strategie-lavalloise-gestion-matieres-residuelles\/\" target=\"_blank\" data-type=\"page\" data-id=\"2443\" rel=\"noreferrer noopener\">strat\u00e9gie lavalloise de gestion des mati\u00e8res r\u00e9siduelles<\/a>.\u00a0<\/p>\n<\/div>\n\n\n\n<div class=\"wp-block-group has-grey-100-background-color has-background is-layout-constrained wp-container-core-group-is-layout-e0082cf6 wp-block-group-is-layout-constrained\">\n<p><strong>6. Adaptation des b\u00e2timents et infrastructures<\/strong>\u00a0<\/p>\n\n\n\n<p>Adapter les propri\u00e9t\u00e9s, les b\u00e2timents et les infrastructures construites.\u00a0<\/p>\n\n\n\n<p><strong>Mesures principales<\/strong>\u00a0<\/p>\n\n\n\n<ul class=\"wp-block-list\">\n<li>Assurer la stabilit\u00e9 des rives par rapport \u00e0 l\u2019\u00e9rosion.\u00a0<\/li>\n\n\n\n<li>Am\u00e9liorer les connaissances en mati\u00e8re d\u2019inondation du territoire et r\u00e9duire la vuln\u00e9rabilit\u00e9 des b\u00e2timents situ\u00e9s en plaine inondable.\u00a0\u00a0<\/li>\n<\/ul>\n<\/div>\n\n\n\n<div class=\"wp-block-group has-grey-100-background-color has-background is-layout-constrained wp-container-core-group-is-layout-e0082cf6 wp-block-group-is-layout-constrained\">\n<p><strong>7. R\u00e9silience climatique<\/strong>\u00a0<\/p>\n\n\n\n<p>Sensibiliser, mobiliser et accompagner la collectivit\u00e9, les organismes, les institutions et les entreprises afin de favoriser leur r\u00e9silience climatique.\u00a0<\/p>\n\n\n\n<p><strong>Mesures principales<\/strong>\u00a0<\/p>\n\n\n\n<ul class=\"wp-block-list\">\n<li>R\u00e9duire la consommation d\u2019eau potable dans le secteur r\u00e9sidentiel.\u00a0<\/li>\n\n\n\n<li>Soutenir l\u2019innovation dans la production agricole et promouvoir les bonnes pratiques.\u00a0<\/li>\n<\/ul>\n<\/div>\n\n\n\n<div class=\"wp-block-group has-grey-100-background-color has-background is-layout-constrained wp-container-core-group-is-layout-e0082cf6 wp-block-group-is-layout-constrained\">\n<p><strong>8. Protection de la population<\/strong>\u00a0<\/p>\n\n\n\n<p>Assurer une r\u00e9ponse coordonn\u00e9e, le maintien des services essentiels et la protection de la population lors d\u2019\u00e9v\u00e9nements climatiques.\u00a0<\/p>\n\n\n\n<p><strong>Mesures principales<\/strong>\u00a0<\/p>\n\n\n\n<ul class=\"wp-block-list\">\n<li><strong>\u200b<\/strong>Mettre en place une structure organisationnelle de gestion int\u00e9gr\u00e9e des risques li\u00e9s aux \u00e9v\u00e9nements climatiques.\u00a0<\/li>\n\n\n\n<li>Int\u00e9grer les besoins propres aux populations vuln\u00e9rables ainsi que les particularit\u00e9s des secteurs d\u00e9vitalis\u00e9s et d\u00e9favoris\u00e9s dans les r\u00e9ponses aux \u00e9v\u00e9nements climatiques.\u00a0<\/li>\n\n\n\n<li>Am\u00e9liorer la r\u00e9ponse lors d\u2019\u00e9v\u00e9nements m\u00e9t\u00e9orologiques extr\u00eames.\u00a0\u00a0<\/li>\n<\/ul>\n<\/div>\n\n\n\n<div class=\"wp-block-group has-grey-100-background-color has-background is-layout-constrained wp-container-core-group-is-layout-e0082cf6 wp-block-group-is-layout-constrained\">\n<p><strong>9. Carboresponsabilit\u00e9<\/strong>\u00a0<\/p>\n\n\n\n<p>Devenir exemplaire en mati\u00e8re de carboresponsabilit\u00e9.\u00a0<\/p>\n\n\n\n<p><strong>Mesures principales<\/strong>\u00a0<\/p>\n\n\n\n<ul class=\"wp-block-list\">\n<li>G\u00e9rer la flotte des v\u00e9hicules municipaux\u200b de mani\u00e8re \u00e9coresponsable.\u00a0<\/li>\n\n\n\n<li>Encadrer le traitement des eaux us\u00e9es.\u00a0<\/li>\n\n\n\n<li>Favoriser la mobilit\u00e9 durable des personnes employ\u00e9es par la Ville de Laval.\u00a0<\/li>\n<\/ul>\n<\/div>\n<\/div><\/div><\/section>\n<\/div>\n\n\n\n<h4 class=\"wp-block-heading\">\u00c0 consulter\u202f:\u00a0<\/h4>\n\n\n  <div class=\"custom-file-block aligndefault\" \n  >\n    <a href=\"https:\/\/www.laval.ca\/wp-content\/uploads\/2025\/02\/plan-climatique-laval.pdf\" target=\"_blank\" class=\"custom-file\">\n      <span class=\"custom-file__icon\" aria-hidden=\"true\">\n        <svg width=\"30\" height=\"31\" viewBox=\"0 0 30 31\" fill=\"none\" xmlns=\"http:\/\/www.w3.org\/2000\/svg\"><path d=\"M6.2451 12.627V1.1448h13.9746m8.0494 8.0502v20.1317H6.2451v-3.2364M28.2691 9.195l-8.0494-8.0502V9.195h8.0494Z\" stroke=\"#6C6C6C\" stroke-width=\"1.5\" stroke-miterlimit=\"10\" stroke-linecap=\"round\" stroke-linejoin=\"round\" \/><path d=\"M22.2851 12.6975H1.1818v13.0058h21.1033V12.6975Z\" fill=\"#E12324\" stroke=\"#E12324\" stroke-width=\"1.5\" stroke-miterlimit=\"10\" stroke-linecap=\"round\" stroke-linejoin=\"round\" \/><path d=\"M13.8204 15.6531v5.9949m-.016-1.9942v-.0647c0-1.2568-.7593-2.0051-1.7208-2.0051-.9694 0-1.8087.7331-1.8087 2.0051v.0647c0 1.2567.7505 1.9978 1.744 1.9978.9455 0 1.7855-.7571 1.7855-1.9978Zm-9.3258 3.4343v-5.5163m.016 1.9941v.0648c0 1.2567.7592 2.0051 1.7207 2.0051.9695 0 1.8087-.7331 1.8087-2.0051v-.0648c0-1.2567-.7505-1.9978-1.744-1.9978-.9454 0-1.7854.7571-1.7854 1.9978Zm13.6843-3.9447c-.576-.1432-1.3956.0597-1.3956 1.0524v4.9746m-.6968-4.043h2.0502\" stroke=\"#fff\" stroke-miterlimit=\"10\" stroke-linecap=\"round\" stroke-linejoin=\"round\" \/><\/svg>      <\/span>\n      <p class=\"custom-file__label\" aria-hidden=\"true\">\n        <span class=\"custom-file__title\">Plan climatique de Laval \u2013 Horizon 2035<\/span>\n        <span class=\"custom-file__size\"> &#8211; 6.89 MB<\/span>\n      <\/p>\n      <span class=\"sr-only\">\n        Download file Plan climatique de Laval \u2013 Horizon 2035 (format PDF, size 6.89 MB)      <\/span>\n    <\/a>\n  <\/div>\n  \n\n  <div class=\"custom-file-block aligndefault\" \n  >\n    <a href=\"https:\/\/www.laval.ca\/wp-content\/uploads\/2024\/09\/plan-reduction-emissions-ges.pdf\" target=\"_blank\" class=\"custom-file\">\n      <span class=\"custom-file__icon\" aria-hidden=\"true\">\n        <svg width=\"30\" height=\"31\" viewBox=\"0 0 30 31\" fill=\"none\" xmlns=\"http:\/\/www.w3.org\/2000\/svg\"><path d=\"M6.2451 12.627V1.1448h13.9746m8.0494 8.0502v20.1317H6.2451v-3.2364M28.2691 9.195l-8.0494-8.0502V9.195h8.0494Z\" stroke=\"#6C6C6C\" stroke-width=\"1.5\" stroke-miterlimit=\"10\" stroke-linecap=\"round\" stroke-linejoin=\"round\" \/><path d=\"M22.2851 12.6975H1.1818v13.0058h21.1033V12.6975Z\" fill=\"#E12324\" stroke=\"#E12324\" stroke-width=\"1.5\" stroke-miterlimit=\"10\" stroke-linecap=\"round\" stroke-linejoin=\"round\" \/><path d=\"M13.8204 15.6531v5.9949m-.016-1.9942v-.0647c0-1.2568-.7593-2.0051-1.7208-2.0051-.9694 0-1.8087.7331-1.8087 2.0051v.0647c0 1.2567.7505 1.9978 1.744 1.9978.9455 0 1.7855-.7571 1.7855-1.9978Zm-9.3258 3.4343v-5.5163m.016 1.9941v.0648c0 1.2567.7592 2.0051 1.7207 2.0051.9695 0 1.8087-.7331 1.8087-2.0051v-.0648c0-1.2567-.7505-1.9978-1.744-1.9978-.9454 0-1.7854.7571-1.7854 1.9978Zm13.6843-3.9447c-.576-.1432-1.3956.0597-1.3956 1.0524v4.9746m-.6968-4.043h2.0502\" stroke=\"#fff\" stroke-miterlimit=\"10\" stroke-linecap=\"round\" stroke-linejoin=\"round\" \/><\/svg>      <\/span>\n      <p class=\"custom-file__label\" aria-hidden=\"true\">\n        <span class=\"custom-file__title\">Plan de r\u00e9duction des \u00e9missions de gaz \u00e0 effet de serre<\/span>\n        <span class=\"custom-file__size\"> &#8211; 3.66 MB<\/span>\n      <\/p>\n      <span class=\"sr-only\">\n        Download file Plan de r\u00e9duction des \u00e9missions de gaz \u00e0 effet de serre (format PDF, size 3.66 MB)      <\/span>\n    <\/a>\n  <\/div>\n  \n\n  <div class=\"custom-file-block aligndefault\" \n  >\n    <a href=\"https:\/\/www.laval.ca\/wp-content\/uploads\/2024\/09\/plan-adaptation-changements-climatiques.pdf\" target=\"_blank\" class=\"custom-file\">\n      <span class=\"custom-file__icon\" aria-hidden=\"true\">\n        <svg width=\"30\" height=\"31\" viewBox=\"0 0 30 31\" fill=\"none\" xmlns=\"http:\/\/www.w3.org\/2000\/svg\"><path d=\"M6.2451 12.627V1.1448h13.9746m8.0494 8.0502v20.1317H6.2451v-3.2364M28.2691 9.195l-8.0494-8.0502V9.195h8.0494Z\" stroke=\"#6C6C6C\" stroke-width=\"1.5\" stroke-miterlimit=\"10\" stroke-linecap=\"round\" stroke-linejoin=\"round\" \/><path d=\"M22.2851 12.6975H1.1818v13.0058h21.1033V12.6975Z\" fill=\"#E12324\" stroke=\"#E12324\" stroke-width=\"1.5\" stroke-miterlimit=\"10\" stroke-linecap=\"round\" stroke-linejoin=\"round\" \/><path d=\"M13.8204 15.6531v5.9949m-.016-1.9942v-.0647c0-1.2568-.7593-2.0051-1.7208-2.0051-.9694 0-1.8087.7331-1.8087 2.0051v.0647c0 1.2567.7505 1.9978 1.744 1.9978.9455 0 1.7855-.7571 1.7855-1.9978Zm-9.3258 3.4343v-5.5163m.016 1.9941v.0648c0 1.2567.7592 2.0051 1.7207 2.0051.9695 0 1.8087-.7331 1.8087-2.0051v-.0648c0-1.2567-.7505-1.9978-1.744-1.9978-.9454 0-1.7854.7571-1.7854 1.9978Zm13.6843-3.9447c-.576-.1432-1.3956.0597-1.3956 1.0524v4.9746m-.6968-4.043h2.0502\" stroke=\"#fff\" stroke-miterlimit=\"10\" stroke-linecap=\"round\" stroke-linejoin=\"round\" \/><\/svg>      <\/span>\n      <p class=\"custom-file__label\" aria-hidden=\"true\">\n        <span class=\"custom-file__title\">Plan d\u2019adaptation aux changements climatiques<\/span>\n        <span class=\"custom-file__size\"> &#8211; 6.50 MB<\/span>\n      <\/p>\n      <span class=\"sr-only\">\n        Download file Plan d\u2019adaptation aux changements climatiques (format PDF, size 6.50 MB)      <\/span>\n    <\/a>\n  <\/div>\n  \n\n\n<h2 class=\"wp-block-heading\">Programme de compensation des GES<\/h2>\n\n\n\n<p>La Ville a mis en place un programme pour compenser les gaz \u00e0 effet de serre \u00e9mis lors de la construction de projets r\u00e9sidentiels, commerciaux ou institutionnels.\u00a0\u00a0<\/p>\n\n\n\n<p>Ce programme fonctionne par compensation financi\u00e8re\u202f: les promoteurs immobiliers doivent payer 2,83 $ par m<sup>2<\/sup> de terrain d\u00e9velopp\u00e9 pour obtenir un permis de branchement. Par exemple, pour un terrain de 465 m<sup>2<\/sup> (5000 pi2), la compensation est de 1315,95 $.\u00a0\u00a0<\/p>\n\n\n\n<p>Ces fonds servent \u00e0 financer des projets de r\u00e9duction des \u00e9missions de GES tels que\u202f:\u00a0<\/p>\n\n\n\n<ul class=\"wp-block-list\">\n<li>la subvention pour remplacer un syst\u00e8me de <a href=\"https:\/\/www.laval.ca\/aides-subventions\/programmes-subventions\/remplacement-systeme-chauffage-mazout\/\" target=\"_blank\" data-type=\"page\" data-id=\"6919\" rel=\"noreferrer noopener\">chauffage au mazout<\/a>\u00a0<\/li>\n\n\n\n<li>les subventions pour utiliser un service de <a href=\"https:\/\/www.laval.ca\/aides-subventions\/programmes-subventions\/velopartage\/\" target=\"_blank\" data-type=\"page\" data-id=\"6928\" rel=\"noreferrer noopener\">v\u00e9lopartage<\/a> ou d\u2019<a href=\"https:\/\/www.laval.ca\/travaux-deplacements\/mobilite-durable\/autopartage\/\" target=\"_blank\" data-type=\"page\" data-id=\"4549\" rel=\"noreferrer noopener\">autopartage<\/a>.\u00a0<\/li>\n<\/ul>\n\n\n\n<h2 class=\"wp-block-heading\">Des municipalit\u00e9s unies pour le climat\u00a0<\/h2>\n\n\n\n<p><strong>Au Qu\u00e9bec<\/strong>\u00a0<\/p>\n\n\n\n<p>L\u2019Union des municipalit\u00e9s du Qu\u00e9bec (UMQ) a identifi\u00e9 10 chantiers pour lesquels les municipalit\u00e9s peuvent agir afin de limiter les effets des changements climatiques sur leur territoire. La Ville a inclus ces chantiers, qui auront des impacts positifs \u00e0 la fois sur les plans \u00e9conomique, social et environnemental, dans son Plan climatique.\u00a0<\/p>\n\n\n\n<p>En savoir plus sur la <a href=\"https:\/\/pourleclimat.ca\/projets\/chantiers-climatiques\" target=\"_blank\" rel=\"noreferrer noopener\">Plateforme municipale pour le climat<\/a>\u00a0<\/p>\n\n\n\n<p><strong>\u00c0 l\u2019international<\/strong>\u00a0<\/p>\n\n\n\n<p>Laval a rejoint la Convention mondiale des maires pour le climat et l&#8217;\u00e9nergie (<a href=\"https:\/\/www.globalcovenantofmayors.org\/cities\/canada\/canada\/laval\/\" target=\"_blank\" rel=\"noreferrer noopener\">Global Covenant of Mayors for Climate and Energy<\/a>), qui rassemble plus de 13 200 villes dans le monde, dont 63 au Canada.\u00a0\u00a0<\/p>\n\n\n\n<p>Cette initiative vise \u00e0 mobiliser les municipalit\u00e9s dans le but de d\u00e9passer les objectifs de l&#8217;Accord de Paris sur le climat. C\u2019est dans ce cadre que Laval a \u00e9tabli ses objectifs de r\u00e9duction des \u00e9missions de GES et \u00e9labor\u00e9 son Plan climatique. La Ville s\u2019est \u00e9galement engag\u00e9e \u00e0 produire son bilan carbone chaque ann\u00e9e.\u00a0\u00a0<\/p>\n\n\n\n<p>Consulter l\u2019<a href=\"https:\/\/www-b16.laval.ca\/Pages\/Fr\/publications.aspx?_gl=1*ppfxsf*_gcl_aw*R0NMLjE3MTg3MzYyMzEuQ2owS0NRancwX1d5QmhETUFSSXNBTDFWejh1ZFJnbHUxNHpRS1doQ1I5aDZlRHBQM05TQ1VvUFpvNzZYVVZLM3JSYmNuNmZoV28xOV9MTWFBc21TRUFMd193Y0I.*_gcl_au*MTA5MDI0NzM1MS4xNzE3NDIwNzE5*_ga*MjE0NTI4MTA0MS4xNzAxNzE2Mjkw*_ga_G6H5B2R1FL*MTcxOTQxNjA5Ni41MTMuMS4xNzE5NDE2MjI2LjUzLjAuMA..#inventaireges\" target=\"_blank\" rel=\"noreferrer noopener\">inventaire des \u00e9missions de GES de la Ville<\/a>\u00a0<\/p>\n\n<\/div>\n\n\n<div class=\"sticky-section-sidebar\"\n>\n   <div class=\"sticky-section-sidebar__inner\">\n     \n\n<p><\/p>\n\n   <\/div>\n<\/div>\n\n<\/section>\n<section class=\"mixed-carousel mixed-carousel--custom alignfull\"\n>\n    \n<div class=\"heading-with-button container\">\n      <h2 class=\"heading-with-button__title\">Pour aller plus loin<\/h2>\n    <\/div>\n    <div class=\"mixed-carousel__carousel-wrapper\">\n      <div class=\"mixed-carousel__carousel swiper\">\n        <div class=\"swiper-wrapper\">\n                      \n<div class=\"mixed-item swiper-slide aligndefault mixed-item--landscape-thumbnail\">\n  <a class=\"mixed-item__inner\" href=\"https:\/\/www.laval.ca\/conseils\/5-mots-comprendre-virage-vert\/\">    <div class=\"mixed-item__thumbnail-wrapper\">\n      <img decoding=\"async\" width=\"768\" height=\"326\" src=\"https:\/\/www.laval.ca\/wp-content\/uploads\/2025\/01\/transition-ecologique_Istock-768x326.png\" class=\"attachment-medium_large size-medium_large\" alt=\"Plantation d&#039;un arbre\" sizes=\"(min-width:1216px) 430px, (min-width:1080px) 36vw, (min-width:768px) 41vw, (min-width:560px) 60vw, 85vw\" srcset=\"https:\/\/www.laval.ca\/wp-content\/uploads\/2025\/01\/transition-ecologique_Istock-768x326.png 768w, https:\/\/www.laval.ca\/wp-content\/uploads\/2025\/01\/transition-ecologique_Istock-300x127.png 300w, https:\/\/www.laval.ca\/wp-content\/uploads\/2025\/01\/transition-ecologique_Istock-1024x435.png 1024w, https:\/\/www.laval.ca\/wp-content\/uploads\/2025\/01\/transition-ecologique_Istock.png 1216w\" \/>    <\/div>\n    <h3 class=\"mixed-item__title\"><span>Les 5 mots de la transition \u00e9cologique<\/span><\/h3>\n          <p class=\"mixed-item__excerpt\">5 mots pour mieux comprendre les enjeux environnementaux qui nous concernent tous et toutes.<\/p>\n      <\/a><\/div>\n\n\n<div class=\"mixed-item swiper-slide aligndefault mixed-item--landscape-thumbnail\">\n  <a class=\"mixed-item__inner\" href=\"https:\/\/astucesecolo.laval.ca\/?utm_source=web&#038;utm_medium=organique&#038;utm_campaign=transition_ecologique\" target=\"_blank\" rel=\"noopener\">    <div class=\"mixed-item__thumbnail-wrapper\">\n      <img decoding=\"async\" width=\"395\" height=\"222\" src=\"https:\/\/www.laval.ca\/wp-content\/uploads\/2025\/04\/guide-ecolo-395x222-1.jpg\" class=\"attachment-medium_large size-medium_large\" alt=\"\" sizes=\"(min-width:1216px) 430px, (min-width:1080px) 36vw, (min-width:768px) 41vw, (min-width:560px) 60vw, 85vw\" srcset=\"https:\/\/www.laval.ca\/wp-content\/uploads\/2025\/04\/guide-ecolo-395x222-1.jpg 395w, https:\/\/www.laval.ca\/wp-content\/uploads\/2025\/04\/guide-ecolo-395x222-1-300x169.jpg 300w\" \/>    <\/div>\n    <h3 class=\"mixed-item__title\"><span>Guide \u00e9colo<\/span><\/h3>\n          <p class=\"mixed-item__excerpt\">D\u00e9couvrez des gestes faciles \u00e0 adopter au quotidien sans bouleverser vos habitudes.<\/p>\n      <\/a><\/div>\n\n\n                  <\/div>\n      <\/div>\n    <\/div>\n    <div class=\"mixed-carousel__carousel-navigation container\">\n      <div class=\"swiper-button-prev\"><\/div>\n      <div class=\"swiper-button-next\"><\/div>\n    <\/div>\n      \n<\/section>\n<ol class=\"wp-block-footnotes\"><li id=\"d06d9995-847e-4d81-8b3d-544fee57caac\">Source\u202f: <a href=\"https:\/\/www.ipcc.ch\/languages-2\/francais\/publications\/\" target=\"_blank\" rel=\"noreferrer noopener\">Rapports du Groupe d\u2019experts intergouvernemental sur l\u2019\u00e9volution du climat (GIEC)<\/a>\u00a0 <a href=\"#d06d9995-847e-4d81-8b3d-544fee57caac-link\" aria-label=\"Jump to footnote reference 1\">\u21a9\ufe0e<\/a><\/li><li id=\"f91c696a-4d4a-425a-8004-422c04a969e1\">Source\u202f: <a href=\"https:\/\/cdn-contenu.quebec.ca\/cdn-contenu\/adm\/min\/environnement\/publications-adm\/plan-economie-verte\/outils\/guide-elaborer-plan-adaptation-organismes-municipaux.pdf\" target=\"_blank\" rel=\"noreferrer noopener\">\u00c9laborer un plan d\u2019adaptation aux changements climatiques \u2013 Guide pour les organismes municipaux 2024 (Ouranos et Gouvernement du Qu\u00e9bec)<\/a> <a href=\"#f91c696a-4d4a-425a-8004-422c04a969e1-link\" aria-label=\"Jump to footnote reference 2\">\u21a9\ufe0e<\/a><\/li><li id=\"ec576b68-670c-4d35-b9a6-b5b22a922ccd\">Incluant un soutien financier de 64,8\u202fM$ du gouvernement du Qu\u00e9bec dans le cadre du <a href=\"https:\/\/www.quebec.ca\/gouvernement\/politiques-orientations\/plan-economie-verte\" target=\"_blank\" rel=\"noreferrer noopener\">Plan pour une \u00e9conomie verte\u202f\u200b2030<\/a>. <a href=\"#ec576b68-670c-4d35-b9a6-b5b22a922ccd-link\" aria-label=\"Jump to footnote reference 3\">\u21a9\ufe0e<\/a><\/li><\/ol>","protected":false},"excerpt":{"rendered":"","protected":false},"author":34,"featured_media":0,"parent":27257,"menu_order":0,"comment_status":"closed","ping_status":"closed","template":"","meta":{"_acf_changed":false,"advgb_blocks_editor_width":"","advgb_blocks_columns_visual_guide":"","footnotes":"[{\"id\":\"d06d9995-847e-4d81-8b3d-544fee57caac\",\"content\":\"Source\\u202f: <a href=\\\"https:\\\/\\\/www.ipcc.ch\\\/languages-2\\\/francais\\\/publications\\\/\\\" target=\\\"_blank\\\" rel=\\\"noreferrer noopener\\\">Rapports du Groupe d\\u2019experts intergouvernemental sur l\\u2019\\u00e9volution du climat (GIEC)<\\\/a>\\u00a0\"},{\"id\":\"f91c696a-4d4a-425a-8004-422c04a969e1\",\"content\":\"Source\\u202f: <a href=\\\"https:\\\/\\\/cdn-contenu.quebec.ca\\\/cdn-contenu\\\/adm\\\/min\\\/environnement\\\/publications-adm\\\/plan-economie-verte\\\/outils\\\/guide-elaborer-plan-adaptation-organismes-municipaux.pdf\\\" target=\\\"_blank\\\" rel=\\\"noreferrer noopener\\\">\\u00c9laborer un plan d\\u2019adaptation aux changements climatiques \\u2013 Guide pour les organismes municipaux 2024 (Ouranos et Gouvernement du Qu\\u00e9bec)<\\\/a>\"},{\"id\":\"ec576b68-670c-4d35-b9a6-b5b22a922ccd\",\"content\":\"Incluant un soutien financier de 64,8\\u202fM$ du gouvernement du Qu\\u00e9bec dans le cadre du <a href=\\\"https:\\\/\\\/www.quebec.ca\\\/gouvernement\\\/politiques-orientations\\\/plan-economie-verte\\\" target=\\\"_blank\\\" rel=\\\"noreferrer noopener\\\">Plan pour une \\u00e9conomie verte\\u202f\\u200b2030<\\\/a>.\"}]"},"class_list":["post-27263","page","type-page","status-publish","hentry"],"pp_statuses_selecting_workflow":false,"pp_workflow_action":"current","pp_status_selection":"publish","acf":[],"coauthors":[],"author_meta":{"author_link":"https:\/\/www.laval.ca\/en\/author\/i-boucherlaval-ca\/","display_name":"i.boucher@laval.ca"},"relative_dates":{"created":"Posted 2 years ago","modified":"Updated 1 year ago"},"absolute_dates":{"created":"Posted on September 4, 2024","modified":"Updated on April 17, 2025"},"absolute_dates_time":{"created":"Posted on September 4, 2024 9:25 am","modified":"Updated on April 17, 2025 9:27 am"},"featured_img_caption":"","featured_img":false,"series_order":"","publishpress_future_action":{"enabled":false,"date":"2026-05-07 01:06:47","action":"change-status","newStatus":"draft","terms":[],"taxonomy":"translation_priority","extraData":[]},"publishpress_future_workflow_manual_trigger":{"enabledWorkflows":[]},"_links":{"self":[{"href":"https:\/\/www.laval.ca\/en\/wp-json\/wp\/v2\/pages\/27263","targetHints":{"allow":["GET"]}}],"collection":[{"href":"https:\/\/www.laval.ca\/en\/wp-json\/wp\/v2\/pages"}],"about":[{"href":"https:\/\/www.laval.ca\/en\/wp-json\/wp\/v2\/types\/page"}],"author":[{"embeddable":true,"href":"https:\/\/www.laval.ca\/en\/wp-json\/wp\/v2\/users\/34"}],"replies":[{"embeddable":true,"href":"https:\/\/www.laval.ca\/en\/wp-json\/wp\/v2\/comments?post=27263"}],"version-history":[{"count":8,"href":"https:\/\/www.laval.ca\/en\/wp-json\/wp\/v2\/pages\/27263\/revisions"}],"predecessor-version":[{"id":64347,"href":"https:\/\/www.laval.ca\/en\/wp-json\/wp\/v2\/pages\/27263\/revisions\/64347"}],"up":[{"embeddable":true,"href":"https:\/\/www.laval.ca\/en\/wp-json\/wp\/v2\/pages\/27257"}],"wp:attachment":[{"href":"https:\/\/www.laval.ca\/en\/wp-json\/wp\/v2\/media?parent=27263"}],"curies":[{"name":"wp","href":"https:\/\/api.w.org\/{rel}","templated":true}]}}