{"id":27215,"date":"2024-09-26T11:00:26","date_gmt":"2024-09-26T15:00:26","guid":{"rendered":"https:\/\/www.laval.ca\/arts-scene\/"},"modified":"2025-05-07T10:54:41","modified_gmt":"2025-05-07T14:54:41","slug":"performing-arts","status":"publish","type":"page","link":"https:\/\/www.laval.ca\/en\/culture\/cultural-activities\/performing-arts\/","title":{"rendered":"Performing Arts"},"content":{"rendered":"<section class=\"sticky-section-group aligndefault\"\n>\n   \n<div class=\"sticky-section-main\"\n>\n   \n\n<p class=\"is-style-intro-text\" style=\"font-style:normal;font-weight:600\">D\u00e9couvrez la richesse des arts de la sc\u00e8ne \u00e0 Laval avec une programmation municipale compos\u00e9e de spectacles vari\u00e9s.<\/p>\n\n\n  <section class=\"child-pages aligndefault child-pages--style-text\"\n  >\n\n          <ul class=\"child-pages__listing reset-list\">\n            <li class=\"child-pages__item\">\n        <a class=\"child-pages__item__inner\" href=\"https:\/\/www.laval.ca\/en\/culture\/cultural-activities\/performing-arts\/mda-ecc-shows\/\"\n          >\n                    <div class=\"child-pages__item__content\">\n            <p class=\"child-pages__item__title\"><span>MDA and ECC Shows<\/span><\/p>\n                          <div class=\"child-pages__item__excerpt\"><p>D\u00e9couvrez la programmation offerte dans les salles de spectacle, soit le Th\u00e9\u00e2tre des Muses et l&#8217;Espace citoyen des Confluents.<\/p>\n<\/div>\n                      <\/div>\n        <\/a>\n      <\/li>\n            <li class=\"child-pages__item\">\n        <a class=\"child-pages__item__inner\" href=\"https:\/\/www.laval.ca\/en\/culture\/cultural-activities\/performing-arts\/park-activities\/\"\n          >\n                    <div class=\"child-pages__item__content\">\n            <p class=\"child-pages__item__title\"><span>Park activities<\/span><\/p>\n                          <div class=\"child-pages__item__excerpt\"><p>Assister \u00e0 des pi\u00e8ces de th\u00e9\u00e2tre, des spectacles de cirque ou de danse dans les parcs.<\/p>\n<\/div>\n                      <\/div>\n        <\/a>\n      <\/li>\n            <\/ul>\n      <\/section>\n  \n<\/div>\n\n\n<div class=\"sticky-section-sidebar\"\n>\n   <div class=\"sticky-section-sidebar__inner\">\n     \n\n<p><\/p>\n\n   <\/div>\n<\/div>\n\n<\/section>\n<section class=\"mixed-carousel mixed-carousel--custom alignfull\"\n>\n    \n<div class=\"heading-with-button container\">\n      <h2 class=\"heading-with-button__title\">Pour aller plus loin<\/h2>\n    <\/div>\n    <div class=\"mixed-carousel__carousel-wrapper\">\n      <div class=\"mixed-carousel__carousel swiper\">\n        <div class=\"swiper-wrapper\">\n                      \n<div class=\"mixed-item swiper-slide aligndefault mixed-item--landscape-thumbnail\">\n  <a class=\"mixed-item__inner\" href=\"https:\/\/www.laval.ca\/culture\/activites-culturelles\/activites-organismes\/activites-organismes-professionnels\/\">    <div class=\"mixed-item__thumbnail-wrapper\">\n      <img decoding=\"async\" width=\"609\" height=\"350\" src=\"https:\/\/www.laval.ca\/wp-content\/uploads\/2025\/02\/osl-exterieur-609x350-1.jpg\" class=\"attachment-medium_large size-medium_large\" alt=\"Musicien jouant dans un parc de la Ville de Laval\" sizes=\"(min-width:1216px) 430px, (min-width:1080px) 36vw, (min-width:768px) 41vw, (min-width:560px) 60vw, 85vw\" srcset=\"https:\/\/www.laval.ca\/wp-content\/uploads\/2025\/02\/osl-exterieur-609x350-1.jpg 609w, https:\/\/www.laval.ca\/wp-content\/uploads\/2025\/02\/osl-exterieur-609x350-1-300x172.jpg 300w\" \/>    <\/div>\n    <h3 class=\"mixed-item__title\"><span>Activit\u00e9s des organismes professionnels<\/span><\/h3>\n          <p class=\"mixed-item__excerpt\">D\u00e9couvrez les activit\u00e9s propos\u00e9es par les organismes professionnels.<\/p>\n      <\/a><\/div>\n\n\n<div class=\"mixed-item swiper-slide aligndefault mixed-item--landscape-thumbnail\">\n  <a class=\"mixed-item__inner\" href=\"https:\/\/www.laval.ca\/culture\/maison-des-arts\/\">    <div class=\"mixed-item__thumbnail-wrapper\">\n      <img decoding=\"async\" width=\"609\" height=\"350\" src=\"https:\/\/www.laval.ca\/wp-content\/uploads\/2025\/02\/maison-arts-facade-609x350-1.jpg\" class=\"attachment-medium_large size-medium_large\" alt=\"b\u00e2timent de la Maison des arts en fa\u00e7ade\" sizes=\"(min-width:1216px) 430px, (min-width:1080px) 36vw, (min-width:768px) 41vw, (min-width:560px) 60vw, 85vw\" srcset=\"https:\/\/www.laval.ca\/wp-content\/uploads\/2025\/02\/maison-arts-facade-609x350-1.jpg 609w, https:\/\/www.laval.ca\/wp-content\/uploads\/2025\/02\/maison-arts-facade-609x350-1-300x172.jpg 300w\" \/>    <\/div>\n    <h3 class=\"mixed-item__title\"><span>Maison des arts<\/span><\/h3>\n          <p class=\"mixed-item__excerpt\">Consultez le site de la Maison des arts pour d\u00e9couvrir tous les d\u00e9tails de la programmation : ateliers, m\u00e9diation et spectacles.<\/p>\n      <\/a><\/div>\n\n\n<div class=\"mixed-item swiper-slide aligndefault mixed-item--landscape-thumbnail\">\n  <a class=\"mixed-item__inner\" href=\"https:\/\/www.laval.ca\/sports-loisirs\/inscrire-activite-sportive-culturelle-loisirs\/\">    <div class=\"mixed-item__thumbnail-wrapper\">\n      <img decoding=\"async\" width=\"609\" height=\"350\" src=\"https:\/\/www.laval.ca\/wp-content\/uploads\/2025\/02\/inscriptions-activites-sport-culture-609x350-1.jpg\" class=\"attachment-medium_large size-medium_large\" alt=\"Illustration d&#039;une ballerine et d&#039;un joueur de hockey\" sizes=\"(min-width:1216px) 430px, (min-width:1080px) 36vw, (min-width:768px) 41vw, (min-width:560px) 60vw, 85vw\" srcset=\"https:\/\/www.laval.ca\/wp-content\/uploads\/2025\/02\/inscriptions-activites-sport-culture-609x350-1.jpg 609w, https:\/\/www.laval.ca\/wp-content\/uploads\/2025\/02\/inscriptions-activites-sport-culture-609x350-1-300x172.jpg 300w\" \/>    <\/div>\n    <h3 class=\"mixed-item__title\"><span>Inscription aux activit\u00e9s de loisirs\u00a0<\/span><\/h3>\n          <p class=\"mixed-item__excerpt\">Participez \u00e0 la vie sportive et culturelle lavalloise : inscrivez-vous aux activit\u00e9s et d\u00e9couvrez nos organismes!<\/p>\n      <\/a><\/div>\n\n\n                  <\/div>\n      <\/div>\n    <\/div>\n    <div class=\"mixed-carousel__carousel-navigation container\">\n      <div class=\"swiper-button-prev\"><\/div>\n      <div class=\"swiper-button-next\"><\/div>\n    <\/div>\n      \n<\/section>\n\n<p>Cr\u00e9dit photo : Jany Tremblay<\/p>\n","protected":false},"excerpt":{"rendered":"<p>Cr\u00e9dit photo : Jany Tremblay<\/p>\n","protected":false},"author":34,"featured_media":0,"parent":27217,"menu_order":247,"comment_status":"closed","ping_status":"closed","template":"","meta":{"_acf_changed":false,"advgb_blocks_editor_width":"","advgb_blocks_columns_visual_guide":"","footnotes":""},"class_list":["post-27215","page","type-page","status-publish","hentry"],"pp_statuses_selecting_workflow":false,"pp_workflow_action":"current","pp_status_selection":"publish","acf":[],"coauthors":[],"author_meta":{"author_link":"https:\/\/www.laval.ca\/en\/author\/i-boucherlaval-ca\/","display_name":"i.boucher@laval.ca"},"relative_dates":{"created":"Posted 2 years ago","modified":"Updated 12 months ago"},"absolute_dates":{"created":"Posted on September 26, 2024","modified":"Updated on May 7, 2025"},"absolute_dates_time":{"created":"Posted on September 26, 2024 11:00 am","modified":"Updated on May 7, 2025 10:54 am"},"featured_img_caption":"","featured_img":false,"series_order":"","publishpress_future_action":{"enabled":false,"date":"2026-05-04 15:23:12","action":"change-status","newStatus":"draft","terms":[],"taxonomy":"translation_priority","extraData":[]},"publishpress_future_workflow_manual_trigger":{"enabledWorkflows":[]},"_links":{"self":[{"href":"https:\/\/www.laval.ca\/en\/wp-json\/wp\/v2\/pages\/27215","targetHints":{"allow":["GET"]}}],"collection":[{"href":"https:\/\/www.laval.ca\/en\/wp-json\/wp\/v2\/pages"}],"about":[{"href":"https:\/\/www.laval.ca\/en\/wp-json\/wp\/v2\/types\/page"}],"author":[{"embeddable":true,"href":"https:\/\/www.laval.ca\/en\/wp-json\/wp\/v2\/users\/34"}],"replies":[{"embeddable":true,"href":"https:\/\/www.laval.ca\/en\/wp-json\/wp\/v2\/comments?post=27215"}],"version-history":[{"count":4,"href":"https:\/\/www.laval.ca\/en\/wp-json\/wp\/v2\/pages\/27215\/revisions"}],"predecessor-version":[{"id":67715,"href":"https:\/\/www.laval.ca\/en\/wp-json\/wp\/v2\/pages\/27215\/revisions\/67715"}],"up":[{"embeddable":true,"href":"https:\/\/www.laval.ca\/en\/wp-json\/wp\/v2\/pages\/27217"}],"wp:attachment":[{"href":"https:\/\/www.laval.ca\/en\/wp-json\/wp\/v2\/media?parent=27215"}],"curies":[{"name":"wp","href":"https:\/\/api.w.org\/{rel}","templated":true}]}}