{"id":27192,"date":"2024-10-10T14:27:24","date_gmt":"2024-10-10T18:27:24","guid":{"rendered":"https:\/\/www.laval.ca\/activites-organismes-professionnels\/"},"modified":"2025-09-11T09:17:50","modified_gmt":"2025-09-11T13:17:50","slug":"activites-organismes-professionnels","status":"publish","type":"page","link":"https:\/\/www.laval.ca\/en\/culture\/cultural-activities\/organizations-activities\/activites-organismes-professionnels\/","title":{"rendered":"Activities of professional organizations"},"content":{"rendered":"<section class=\"sticky-section-group aligndefault\"\n>\n   \n<div class=\"sticky-section-main\"\n>\n   \n\n<p class=\"is-style-intro-text\">Assistez aux activit\u00e9s offertes par nos nos mus\u00e9es, nos organismes culturels en arts de la sc\u00e8ne et en arts visuels.<\/p>\n\n\n\n<h2 class=\"wp-block-heading\"><strong>Arts de la sc\u00e8ne<\/strong><\/h2>\n\n\n\n<h3 class=\"wp-block-heading\"><strong>Arts et spectacles<\/strong><\/h3>\n\n\n\n<p>L\u2019organisme diffuse les matin\u00e9es musicales du dimanche matin, Les D\u00e9jeuners croissant-musique et autres spectacles pour diff\u00e9rents publics.<\/p>\n\n\n\n<h4 class=\"wp-block-heading\"><strong>Programmation des D\u00e9jeuners-Croissant musique<\/strong> <\/h4>\n\n\n\n<p>Programmation \u00e0 venir<\/p>\n\n\n\n\n\n\n\n\n\n<h3 class=\"wp-block-heading\"><strong>Co-motion<\/strong><\/h3>\n\n\n\n<p>Co-motion offre une programmation diversifi\u00e9e comprenant des spectacles de chanson, de musique et d&#8217;humour, pr\u00e9sent\u00e9s dans diff\u00e9rentes salles \u00e0 travers le territoire. L&#8217;organisme agit \u00e9galement comme producteur d&#8217;\u00e9v\u00e9nements municipaux, organisant des activit\u00e9s dans les parcs et autres espaces ext\u00e9rieurs.\u00a0<\/p>\n\n\n\n<p>Pour conna\u00eetre les diff\u00e9rents spectacles, consultez le site Web de <a href=\"https:\/\/www.co-motion.ca\/\" data-type=\"link\" data-id=\"https:\/\/www.co-motion.ca\/\" target=\"_blank\" rel=\"noreferrer noopener\">[co]motion<\/a>.<\/p>\n\n\n\n\n\n\n\n\n\n<h3 class=\"wp-block-heading\"><strong>Orchestre symphonique de Laval<\/strong><\/h3>\n\n\n\n<p>Chaque ann\u00e9e, l\u2019Orchestre offre une vari\u00e9t\u00e9 de concerts symphoniques et de musique de chambre. Durant la p\u00e9riode hivernale, l\u2019OSL propose son Festival classique hivernal, un \u00e9v\u00e8nement festif alliant concerts et activit\u00e9s vari\u00e9s et ralliant toutes les g\u00e9n\u00e9rations. Au cours de la saison estivale, c\u2019est l\u2019occasion pour l\u2019Orchestre d\u2019aller \u00e0 la rencontre du public et d\u2019offrir des concerts en plein air.\u00a0<\/p>\n\n\n\n<p>Pour conna\u00eetre leur programmation compl\u00e8te, consultez le site Web de l\u2019<a href=\"https:\/\/www.osl.ca\/\" target=\"_blank\" data-type=\"link\" data-id=\"https:\/\/www.osl.ca\/\" rel=\"noreferrer noopener\">Orchestre symphonique de Laval (OSL)<\/a>.<\/p>\n\n\n\n\n\n\n\n\n\n\n\n\n\n\n\n\n\n<h2 class=\"wp-block-heading\"><strong>Arts visuels<\/strong><\/h2>\n\n\n\n<h3 class=\"wp-block-heading\"><strong>Verticale &#8211; centre d\u2019artistes<\/strong><\/h3>\n\n\n\n<p>Les 3 axes d\u2019activit\u00e9s sont :\u00a0<\/p>\n\n\n\n<ul class=\"wp-block-list\">\n<li>L\u2019appui \u00e0 la cr\u00e9ation en art actuel\u00a0<\/li>\n\n\n\n<li>La diffusion au moyen d\u2019exposition, de publication et de conf\u00e9rences en art actuel\u00a0<\/li>\n\n\n\n<li>La vie associative avec des artistes professionnels en art actuel\u00a0<\/li>\n<\/ul>\n\n\n\n<p>Verticale se distingue comme le seul centre d&#8217;artistes autog\u00e9r\u00e9 \u00e0 Laval, affirmant sa place comme espace d\u00e9di\u00e9 exclusivement aux arts visuels contemporains sur le territoire lavallois. Ce centre soutient activement la cr\u00e9ation en art actuel en offrant des espaces de diffusion \u00e0 travers des expositions, des publications et des conf\u00e9rences. De plus, il propose une vie associative dynamique avec des artistes professionnels de la sc\u00e8ne artistique contemporaine.\u00a0<\/p>\n\n\n\n<p>D\u00e9couvrez-en plus sur\u202f<a href=\"https:\/\/verticale.ca\/le-centre\/\" target=\"_blank\" rel=\"noreferrer noopener\">Verticale, centre d&#8217;artistes<\/a>\u200b\u200b\u00a0<\/p>\n\n<\/div>\n\n\n<div class=\"sticky-section-sidebar\"\n>\n   <div class=\"sticky-section-sidebar__inner\">\n     \n\n<p><\/p>\n\n   <\/div>\n<\/div>\n\n<\/section>\n<section class=\"mixed-carousel mixed-carousel--custom alignfull\"\n>\n    \n<div class=\"heading-with-button container\">\n      <h2 class=\"heading-with-button__title\">Pour aller plus loin<\/h2>\n    <\/div>\n    <div class=\"mixed-carousel__carousel-wrapper\">\n      <div class=\"mixed-carousel__carousel swiper\">\n        <div class=\"swiper-wrapper\">\n                      \n<div class=\"mixed-item swiper-slide aligndefault mixed-item--landscape-thumbnail\">\n  <a class=\"mixed-item__inner\" href=\"https:\/\/www.laval.ca\/culture\/activites-culturelles\/arts-scene\/programmation-salle\/\">    <div class=\"mixed-item__thumbnail-wrapper\">\n      <img decoding=\"async\" width=\"609\" height=\"350\" src=\"https:\/\/www.laval.ca\/wp-content\/uploads\/2025\/02\/salle-spectacle-theatre-muses-609x350-1.jpg\" class=\"attachment-medium_large size-medium_large\" alt=\"Salle de spectacle de la Maison des arts avec des spectateurs\" sizes=\"(min-width:1216px) 430px, (min-width:1080px) 36vw, (min-width:768px) 41vw, (min-width:560px) 60vw, 85vw\" srcset=\"https:\/\/www.laval.ca\/wp-content\/uploads\/2025\/02\/salle-spectacle-theatre-muses-609x350-1.jpg 609w, https:\/\/www.laval.ca\/wp-content\/uploads\/2025\/02\/salle-spectacle-theatre-muses-609x350-1-300x172.jpg 300w\" \/>    <\/div>\n    <h3 class=\"mixed-item__title\"><span>Programmation en salle<\/span><\/h3>\n          <p class=\"mixed-item__excerpt\">D\u00e9couvrez la programmation de la Maison des arts et de l\u2019Espace citoyen des Confluents.<\/p>\n      <\/a><\/div>\n\n\n<div class=\"mixed-item swiper-slide aligndefault mixed-item--landscape-thumbnail\">\n  <a class=\"mixed-item__inner\" href=\"https:\/\/www.laval.ca\/sports-loisirs\/inscrire-activite-sportive-culturelle-loisirs\/\">    <div class=\"mixed-item__thumbnail-wrapper\">\n      <img decoding=\"async\" width=\"609\" height=\"350\" src=\"https:\/\/www.laval.ca\/wp-content\/uploads\/2025\/02\/inscriptions-activites-sport-culture-609x350-1.jpg\" class=\"attachment-medium_large size-medium_large\" alt=\"Illustration d&#039;une ballerine et d&#039;un joueur de hockey\" sizes=\"(min-width:1216px) 430px, (min-width:1080px) 36vw, (min-width:768px) 41vw, (min-width:560px) 60vw, 85vw\" srcset=\"https:\/\/www.laval.ca\/wp-content\/uploads\/2025\/02\/inscriptions-activites-sport-culture-609x350-1.jpg 609w, https:\/\/www.laval.ca\/wp-content\/uploads\/2025\/02\/inscriptions-activites-sport-culture-609x350-1-300x172.jpg 300w\" \/>    <\/div>\n    <h3 class=\"mixed-item__title\"><span>Inscription aux activit\u00e9s de loisirs\u00a0<\/span><\/h3>\n          <p class=\"mixed-item__excerpt\">Participez \u00e0 la vie sportive et culturelle lavalloise : inscrivez-vous aux activit\u00e9s et d\u00e9couvrez nos organismes!<\/p>\n      <\/a><\/div>\n\n\n                  <\/div>\n      <\/div>\n    <\/div>\n    <div class=\"mixed-carousel__carousel-navigation container\">\n      <div class=\"swiper-button-prev\"><\/div>\n      <div class=\"swiper-button-next\"><\/div>\n    <\/div>\n      \n<\/section>\n\n<p>Cr\u00e9dit photo : Charles Briand<\/p>\n","protected":false},"excerpt":{"rendered":"<p>Cr\u00e9dit photo : Charles Briand<\/p>\n","protected":false},"author":34,"featured_media":0,"parent":27211,"menu_order":234,"comment_status":"closed","ping_status":"closed","template":"","meta":{"_acf_changed":false,"advgb_blocks_editor_width":"","advgb_blocks_columns_visual_guide":"","footnotes":""},"class_list":["post-27192","page","type-page","status-publish","hentry"],"pp_statuses_selecting_workflow":false,"pp_workflow_action":"current","pp_status_selection":"publish","acf":[],"coauthors":[],"author_meta":{"author_link":"https:\/\/www.laval.ca\/en\/author\/i-boucherlaval-ca\/","display_name":"i.boucher@laval.ca"},"relative_dates":{"created":"Posted 2 years ago","modified":"Updated 8 months ago"},"absolute_dates":{"created":"Posted on October 10, 2024","modified":"Updated on September 11, 2025"},"absolute_dates_time":{"created":"Posted on October 10, 2024 2:27 pm","modified":"Updated on September 11, 2025 9:17 am"},"featured_img_caption":"","featured_img":false,"series_order":"","publishpress_future_action":{"enabled":false,"date":"2026-05-04 12:31:40","action":"change-status","newStatus":"draft","terms":[],"taxonomy":"translation_priority","extraData":[]},"publishpress_future_workflow_manual_trigger":{"enabledWorkflows":[]},"_links":{"self":[{"href":"https:\/\/www.laval.ca\/en\/wp-json\/wp\/v2\/pages\/27192","targetHints":{"allow":["GET"]}}],"collection":[{"href":"https:\/\/www.laval.ca\/en\/wp-json\/wp\/v2\/pages"}],"about":[{"href":"https:\/\/www.laval.ca\/en\/wp-json\/wp\/v2\/types\/page"}],"author":[{"embeddable":true,"href":"https:\/\/www.laval.ca\/en\/wp-json\/wp\/v2\/users\/34"}],"replies":[{"embeddable":true,"href":"https:\/\/www.laval.ca\/en\/wp-json\/wp\/v2\/comments?post=27192"}],"version-history":[{"count":8,"href":"https:\/\/www.laval.ca\/en\/wp-json\/wp\/v2\/pages\/27192\/revisions"}],"predecessor-version":[{"id":91138,"href":"https:\/\/www.laval.ca\/en\/wp-json\/wp\/v2\/pages\/27192\/revisions\/91138"}],"up":[{"embeddable":true,"href":"https:\/\/www.laval.ca\/en\/wp-json\/wp\/v2\/pages\/27211"}],"wp:attachment":[{"href":"https:\/\/www.laval.ca\/en\/wp-json\/wp\/v2\/media?parent=27192"}],"curies":[{"name":"wp","href":"https:\/\/api.w.org\/{rel}","templated":true}]}}