{"id":27133,"date":"2024-11-05T17:18:08","date_gmt":"2024-11-05T22:18:08","guid":{"rendered":"https:\/\/www.laval.ca\/zoom-art-2023\/"},"modified":"2025-09-03T13:08:13","modified_gmt":"2025-09-03T17:08:13","slug":"zoom-art-2023","status":"publish","type":"page","link":"https:\/\/www.laval.ca\/en\/culture\/cultural-activities\/visual-arts\/past-exhibitions\/zoom-art-2023\/","title":{"rendered":"Zoom Art 2023"},"content":{"rendered":"<section class=\"sticky-section-group aligndefault\"\n>\n   \n<div class=\"sticky-section-main\"\n>\n   \n\n<p class=\"is-style-intro-text\">Du 23 septembre au 15 octobre 2023, la 4<sup>e<\/sup>\u00a0\u00e9dition de Zoom Art, r\u00e9alis\u00e9e par la Ville de Laval, r\u00e9unissait\u00a030\u00a0images d&#8217;\u0153uvres de 15\u00a0artistes des arts visuels actuels sous la th\u00e9matique \u00ab\u00a0Nature Secr\u00e8te\u00a0\u00bb. <\/p>\n\n\n\n<p>Cette s\u00e9lection d&#8217;\u0153uvres \u00e9voquait la puissance et la fragilit\u00e9 de l&#8217;environnement, ainsi que\u00a0notre cohabitation avec lui. Elle a pu nous faire voir la nature sous un autre angle et nous inviter \u00e0 l&#8217;introspection.\u00a0<\/p>\n\n\n\n<h2 class=\"wp-block-heading\">\u00c0 propos de la th\u00e9matique \u00ab\u00a0Nature Secr\u00e8te\u00a0\u00bb<\/h2>\n\n\n\n<p>Le th\u00e8me de cette \u00e9dition\u00a0fait r\u00e9f\u00e9rence \u00e0 l&#8217;importance du contact des humains avec leur environnement naturel. Cette ann\u00e9e, les images des \u0153uvres d&#8217;art actuel qui ont \u00e9t\u00e9 s\u00e9lectionn\u00e9es appellent \u00e0 la contemplation et \u00e0 l&#8217;introspection. On peut y voir des paysages sous divers angles qui forcent l&#8217;humilit\u00e9 face \u00e0 ceux-ci. D&#8217;autres \u0153uvres \u00e9tonnent ou font sourire puisqu&#8217;elles sont le r\u00e9sultat de jeux de d\u00e9tournements d&#8217;\u00e9l\u00e9ments de la nature par les artistes.<\/p>\n\n\n\n<p>Enfin, certains artistes par leurs cr\u00e9ations nous rappellent combien les outils technologiques cr\u00e9ent un effet de d\u00e9connexion avec la nature et avec nous-m\u00eames. C&#8217;est en regardant les icebergs, for\u00eats, lacs, fleurs et germinations qui se retrouvent dans les \u0153uvres s\u00e9lectionn\u00e9es que le regard curieux des usagers du transport collectif pourra faire le plein d&#8217;une pause de verdure. Qui, on le souhaite, saura les ressourcer.<\/p>\n\n\n  <div class=\"custom-file-block aligndefault\" \n  >\n    <a href=\"https:\/\/www.laval.ca\/wp-content\/uploads\/2024\/11\/carte-parcours-2023.pdf\" target=\"_blank\" class=\"custom-file\">\n      <span class=\"custom-file__icon\" aria-hidden=\"true\">\n        <svg width=\"30\" height=\"31\" viewBox=\"0 0 30 31\" fill=\"none\" xmlns=\"http:\/\/www.w3.org\/2000\/svg\"><path d=\"M6.2451 12.627V1.1448h13.9746m8.0494 8.0502v20.1317H6.2451v-3.2364M28.2691 9.195l-8.0494-8.0502V9.195h8.0494Z\" stroke=\"#6C6C6C\" stroke-width=\"1.5\" stroke-miterlimit=\"10\" stroke-linecap=\"round\" stroke-linejoin=\"round\" \/><path d=\"M22.2851 12.6975H1.1818v13.0058h21.1033V12.6975Z\" fill=\"#E12324\" stroke=\"#E12324\" stroke-width=\"1.5\" stroke-miterlimit=\"10\" stroke-linecap=\"round\" stroke-linejoin=\"round\" \/><path d=\"M13.8204 15.6531v5.9949m-.016-1.9942v-.0647c0-1.2568-.7593-2.0051-1.7208-2.0051-.9694 0-1.8087.7331-1.8087 2.0051v.0647c0 1.2567.7505 1.9978 1.744 1.9978.9455 0 1.7855-.7571 1.7855-1.9978Zm-9.3258 3.4343v-5.5163m.016 1.9941v.0648c0 1.2567.7592 2.0051 1.7207 2.0051.9695 0 1.8087-.7331 1.8087-2.0051v-.0648c0-1.2567-.7505-1.9978-1.744-1.9978-.9454 0-1.7854.7571-1.7854 1.9978Zm13.6843-3.9447c-.576-.1432-1.3956.0597-1.3956 1.0524v4.9746m-.6968-4.043h2.0502\" stroke=\"#fff\" stroke-miterlimit=\"10\" stroke-linecap=\"round\" stroke-linejoin=\"round\" \/><\/svg>      <\/span>\n      <p class=\"custom-file__label\" aria-hidden=\"true\">\n        <span class=\"custom-file__title\">Carte du parcours<\/span>\n        <span class=\"custom-file__size\"> &#8211; 9.65 KB<\/span>\n      <\/p>\n      <span class=\"sr-only\">\n        Download file Carte du parcours (format PDF, size 9.65 KB)      <\/span>\n    <\/a>\n  <\/div>\n  \n\n\n<h2 class=\"wp-block-heading\">Concours<\/h2>\n\n\n\n<p>Dans le cadre du projet, le public a \u00e9t\u00e9 invit\u00e9 \u00e0 voter pour son artiste coup de c\u0153ur de l&#8217;\u00e9dition 2023 de Zoom Art.\u00a0La personne gagnante lors du tirage s&#8217;est m\u00e9rit\u00e9 l&#8217;\u0153uvre\u00a0<em>Chaque c\u0153ur est d&#8217;abord apprenti<\/em>, 2022 de l&#8217;artiste de la rel\u00e8ve\u00a0<strong>Charlotte Ghomeshi<\/strong>.\u00a0<\/p>\n\n\n  <div class=\"custom-file-block aligndefault\" \n  >\n    <a href=\"https:\/\/www.laval.ca\/wp-content\/uploads\/2024\/11\/reglements-concours-zoom-art-2023.pdf\" target=\"_blank\" class=\"custom-file\">\n      <span class=\"custom-file__icon\" aria-hidden=\"true\">\n        <svg width=\"30\" height=\"31\" viewBox=\"0 0 30 31\" fill=\"none\" xmlns=\"http:\/\/www.w3.org\/2000\/svg\"><path d=\"M6.2451 12.627V1.1448h13.9746m8.0494 8.0502v20.1317H6.2451v-3.2364M28.2691 9.195l-8.0494-8.0502V9.195h8.0494Z\" stroke=\"#6C6C6C\" stroke-width=\"1.5\" stroke-miterlimit=\"10\" stroke-linecap=\"round\" stroke-linejoin=\"round\" \/><path d=\"M22.2851 12.6975H1.1818v13.0058h21.1033V12.6975Z\" fill=\"#E12324\" stroke=\"#E12324\" stroke-width=\"1.5\" stroke-miterlimit=\"10\" stroke-linecap=\"round\" stroke-linejoin=\"round\" \/><path d=\"M13.8204 15.6531v5.9949m-.016-1.9942v-.0647c0-1.2568-.7593-2.0051-1.7208-2.0051-.9694 0-1.8087.7331-1.8087 2.0051v.0647c0 1.2567.7505 1.9978 1.744 1.9978.9455 0 1.7855-.7571 1.7855-1.9978Zm-9.3258 3.4343v-5.5163m.016 1.9941v.0648c0 1.2567.7592 2.0051 1.7207 2.0051.9695 0 1.8087-.7331 1.8087-2.0051v-.0648c0-1.2567-.7505-1.9978-1.744-1.9978-.9454 0-1.7854.7571-1.7854 1.9978Zm13.6843-3.9447c-.576-.1432-1.3956.0597-1.3956 1.0524v4.9746m-.6968-4.043h2.0502\" stroke=\"#fff\" stroke-miterlimit=\"10\" stroke-linecap=\"round\" stroke-linejoin=\"round\" \/><\/svg>      <\/span>\n      <p class=\"custom-file__label\" aria-hidden=\"true\">\n        <span class=\"custom-file__title\">R\u00e8glements du concours<\/span>\n        <span class=\"custom-file__size\"> &#8211; 79.13 KB<\/span>\n      <\/p>\n      <span class=\"sr-only\">\n        Download file R\u00e8glements du concours (format PDF, size 79.13 KB)      <\/span>\n    <\/a>\n  <\/div>\n  \n\n\n<div class=\"wp-block-group has-grey-100-background-color has-background is-layout-constrained wp-block-group-is-layout-constrained\">\n<h4 class=\"wp-block-heading\">Artistes<\/h4>\n\n\n\n<ul class=\"wp-block-list\">\n<li><a href=\"#beaulac\">Chlo\u00e9\u00a0<strong>Beaulac<\/strong><\/a><\/li>\n\n\n\n<li><a href=\"#belanger\">Gwena\u00ebl\u00a0<strong>B\u00e9langer<\/strong><\/a><\/li>\n\n\n\n<li><a href=\"#binet\">Ivan\u00a0<strong>Binet<\/strong><\/a><\/li>\n\n\n\n<li><a href=\"#boney\">Ludovic\u00a0<strong>Boney<\/strong><\/a><\/li>\n\n\n\n<li><a href=\"#riva\">Rose\u00a0<strong>de la Riva<\/strong><\/a><\/li>\n\n\n\n<li><a href=\"#edmonds\">Dana\u00a0<strong>Edmonds<\/strong><\/a><\/li>\n\n\n\n<li><a href=\"#fraser\">Sylvie\u00a0<strong>Fraser<\/strong><\/a><\/li>\n\n\n\n<li><a href=\"#ghomeshi\">Charlotte\u00a0<strong>Ghomeshi<\/strong><\/a><\/li>\n\n\n\n<li><a href=\"#jin\">Hua\u00a0<strong>Jin<\/strong><\/a><\/li>\n\n\n\n<li><a href=\"#johnson\">Sarah Anne\u00a0<strong>Johnson<\/strong><\/a><\/li>\n\n\n\n<li><a href=\"#lefort\">Alain\u00a0<strong>Lefort<\/strong><\/a><\/li>\n\n\n\n<li><a href=\"#melancon\">Katherine\u00a0<strong>Melan\u00e7on<\/strong><\/a><\/li>\n\n\n\n<li><a href=\"#pouliot\">Jean-Benoit\u00a0<strong>Pouliot<\/strong><\/a><\/li>\n\n\n\n<li><a href=\"#szabo\">Christopher\u00a0<strong>Varady-Szabo<\/strong><\/a><\/li>\n\n\n\n<li><a href=\"#wang\">Chih-Chien\u00a0<strong>Wang<\/strong><\/a><\/li>\n<\/ul>\n<\/div>\n\n<\/div>\n\n\n<div class=\"sticky-section-sidebar\"\n>\n   <div class=\"sticky-section-sidebar__inner\">\n     \n<div class=\"sidebar-cta-wrapper aligndefault\">\n   <div class=\"sidebar-cta\">\n     \n  <div class=\"theme-icon aligndefault theme-icon--colored\">\n    <span class=\"theme-icon__icon icon icon-artistes\"><\/span>\n  <\/div>\n  \n\n\n<p class=\"has-xlarge-font-size\"><strong><strong>Nous joindre<\/strong><\/strong><\/p>\n\n\n\n<p><strong>Division art et patrimoine<\/strong><br \/><a href=\"https:\/\/www.google.com\/maps\/place\/Le+1200+Boulevard+Chomedey%2c+1200+Bd+Chomedey%2c+Laval%2c+QC+H7V+3Z3\/%4045.5491762%2c-73.7444683%2c17z\/data=%214m6%213m5%211s0x4cc923adc9bcbac1:0xdd2ada66a377801a%218m2%213d45.5491762%214d-73.7444683%2116s\/g\/1ts3kv21?entry=ttu\" target=\"_blank\" rel=\"noreferrer noopener\">1200, boulevard Chomedey<\/a><br \/>Laval (Qu\u00e9bec)\u00a0 H7V\u00a03Z4<\/p>\n\n\n\n<p>450 978-6888, poste 4429\u00a0<br \/><a href=\"mailto:artetculture@laval.ca\" target=\"_blank\" rel=\"noreferrer noopener\">artetculture@laval.ca<\/a><\/p>\n\n   <\/div>\n<\/div>\n\n   <\/div>\n<\/div>\n\n<\/section>\n\n<div class=\"wp-block-media-text has-media-on-the-right is-stacked-on-mobile is-image-fill-element\" style=\"grid-template-columns:auto 33%\"><div class=\"wp-block-media-text__content\">\n<h2 class=\"wp-block-heading\" id=\"beaulac\"><strong>Chlo\u00e9 Beaulac<\/strong><\/h2>\n\n\n\n<p>Dipl\u00f4m\u00e9e de l\u2019Universit\u00e9 Concordia en arts visuels, Chlo\u00e9 r\u00e9alise des paysages invent\u00e9s \u00e0 l\u2019aspect fantastique. Ses \u0153uvres sont construites \u00e0 partir d\u2019une multitude de photographies qu\u2019elle retravaille et assemble. Elle souhaite nous transporter dans le temps, vers nos souvenirs d\u2019enfant, quand les \u00e9l\u00e9ments du quotidien pouvaient devenir grandioses et fabuleux. Dans Monolithe, elle combine les vestiges d\u2019un moulin rappelant les ruines d\u2019une ancienne civilisation et l\u2019immense plan d\u2019eau du r\u00e9servoir Baskatong. Dans Radeau, la fragilit\u00e9 des \u00e9l\u00e9ments de bois est en contraste avec le ciel de temp\u00eate. Ces \u0153uvres exposent la puissance de la nature et l\u2019impermanence des constructions humaines.<\/p>\n\n\n\n<p><strong>\u00a0Cliquez\u00a0sur les images pour les voir dans leur int\u00e9gralit\u00e9<\/strong><\/p>\n\n\n\n<p><a href=\"http:\/\/www.chloebeaulac.com\/\" target=\"_blank\" rel=\"noreferrer noopener\">Site Internet de Chlo\u00e9 Beaulac<\/a><br\/><a href=\"https:\/\/www.instagram.com\/chloebeaulac\/\" target=\"_blank\" rel=\"noreferrer noopener\">@chloebeaulac<\/a><\/p>\n<\/div><figure class=\"wp-block-media-text__media\"><img decoding=\"async\" width=\"1024\" height=\"1024\" src=\"https:\/\/www.laval.ca\/wp-content\/uploads\/2024\/11\/BeaulacChloe_credit-Jean-Michael-Seminaro-e1737043723705-1024x1024.jpg\" alt=\"Chlo\u00e9 Beaulac\" class=\"wp-image-4293 size-full\" style=\"object-position:50% 50%\" srcset=\"https:\/\/www.laval.ca\/wp-content\/uploads\/2024\/11\/BeaulacChloe_credit-Jean-Michael-Seminaro-e1737043723705-1024x1024.jpg 1024w, https:\/\/www.laval.ca\/wp-content\/uploads\/2024\/11\/BeaulacChloe_credit-Jean-Michael-Seminaro-e1737043723705-300x300.jpg 300w, https:\/\/www.laval.ca\/wp-content\/uploads\/2024\/11\/BeaulacChloe_credit-Jean-Michael-Seminaro-e1737043723705-150x150.jpg 150w, https:\/\/www.laval.ca\/wp-content\/uploads\/2024\/11\/BeaulacChloe_credit-Jean-Michael-Seminaro-e1737043723705-768x769.jpg 768w, https:\/\/www.laval.ca\/wp-content\/uploads\/2024\/11\/BeaulacChloe_credit-Jean-Michael-Seminaro-e1737043723705-600x600.jpg 600w, https:\/\/www.laval.ca\/wp-content\/uploads\/2024\/11\/BeaulacChloe_credit-Jean-Michael-Seminaro-e1737043723705.jpg 1359w\" sizes=\"(max-width: 1024px) 100vw, 1024px\" \/><\/figure><\/div>\n\n<figure data-wp-context=\"{&quot;imageId&quot;:&quot;69ee28c3d5eb4&quot;}\" data-wp-interactive=\"core\/image\" data-wp-key=\"69ee28c3d5eb4\" class=\"wp-block-image size-large wp-lightbox-container\"><img decoding=\"async\" width=\"1024\" height=\"643\" data-wp-class--hide=\"state.isContentHidden\" data-wp-class--show=\"state.isContentVisible\" data-wp-init=\"callbacks.setButtonStyles\" data-wp-on--click=\"actions.showLightbox\" data-wp-on--load=\"callbacks.setButtonStyles\" data-wp-on-window--resize=\"callbacks.setButtonStyles\" src=\"https:\/\/www.laval.ca\/wp-content\/uploads\/2024\/11\/Beaulac_Chloe_1_Monolithe_LR-1024x643.jpg\" alt=\"Monolithe\" class=\"wp-image-4211\" srcset=\"https:\/\/www.laval.ca\/wp-content\/uploads\/2024\/11\/Beaulac_Chloe_1_Monolithe_LR-1024x643.jpg 1024w, https:\/\/www.laval.ca\/wp-content\/uploads\/2024\/11\/Beaulac_Chloe_1_Monolithe_LR-300x188.jpg 300w, https:\/\/www.laval.ca\/wp-content\/uploads\/2024\/11\/Beaulac_Chloe_1_Monolithe_LR-768x482.jpg 768w, https:\/\/www.laval.ca\/wp-content\/uploads\/2024\/11\/Beaulac_Chloe_1_Monolithe_LR.jpg 1080w\" sizes=\"(max-width: 1024px) 100vw, 1024px\" \/><button\n\t\t\tclass=\"lightbox-trigger\"\n\t\t\ttype=\"button\"\n\t\t\taria-haspopup=\"dialog\"\n\t\t\taria-label=\"Enlarge\"\n\t\t\tdata-wp-init=\"callbacks.initTriggerButton\"\n\t\t\tdata-wp-on--click=\"actions.showLightbox\"\n\t\t\tdata-wp-style--right=\"state.imageButtonRight\"\n\t\t\tdata-wp-style--top=\"state.imageButtonTop\"\n\t\t>\n\t\t\t<svg xmlns=\"http:\/\/www.w3.org\/2000\/svg\" width=\"12\" height=\"12\" fill=\"none\" viewBox=\"0 0 12 12\">\n\t\t\t\t<path fill=\"#fff\" d=\"M2 0a2 2 0 0 0-2 2v2h1.5V2a.5.5 0 0 1 .5-.5h2V0H2Zm2 10.5H2a.5.5 0 0 1-.5-.5V8H0v2a2 2 0 0 0 2 2h2v-1.5ZM8 12v-1.5h2a.5.5 0 0 0 .5-.5V8H12v2a2 2 0 0 1-2 2H8Zm2-12a2 2 0 0 1 2 2v2h-1.5V2a.5.5 0 0 0-.5-.5H8V0h2Z\" \/>\n\t\t\t<\/svg>\n\t\t<\/button><\/figure>\n\n<p><strong>Monolithe, 2020<\/strong><\/p>\n\n<p>Photomontage, impression au jet d\u2019encre sur papier Hahnem\u00fchle<\/p>\n\n<figure data-wp-context=\"{&quot;imageId&quot;:&quot;69ee28c3d6d21&quot;}\" data-wp-interactive=\"core\/image\" data-wp-key=\"69ee28c3d6d21\" class=\"wp-block-image size-large wp-lightbox-container\"><img decoding=\"async\" width=\"1024\" height=\"643\" data-wp-class--hide=\"state.isContentHidden\" data-wp-class--show=\"state.isContentVisible\" data-wp-init=\"callbacks.setButtonStyles\" data-wp-on--click=\"actions.showLightbox\" data-wp-on--load=\"callbacks.setButtonStyles\" data-wp-on-window--resize=\"callbacks.setButtonStyles\" src=\"https:\/\/www.laval.ca\/wp-content\/uploads\/2024\/11\/Beaulac_Chloe_2_Radeau_LR-1024x643.jpg\" alt=\"Radeau\" class=\"wp-image-4213\" srcset=\"https:\/\/www.laval.ca\/wp-content\/uploads\/2024\/11\/Beaulac_Chloe_2_Radeau_LR-1024x643.jpg 1024w, https:\/\/www.laval.ca\/wp-content\/uploads\/2024\/11\/Beaulac_Chloe_2_Radeau_LR-300x188.jpg 300w, https:\/\/www.laval.ca\/wp-content\/uploads\/2024\/11\/Beaulac_Chloe_2_Radeau_LR-768x482.jpg 768w, https:\/\/www.laval.ca\/wp-content\/uploads\/2024\/11\/Beaulac_Chloe_2_Radeau_LR.jpg 1080w\" sizes=\"(max-width: 1024px) 100vw, 1024px\" \/><button\n\t\t\tclass=\"lightbox-trigger\"\n\t\t\ttype=\"button\"\n\t\t\taria-haspopup=\"dialog\"\n\t\t\taria-label=\"Enlarge\"\n\t\t\tdata-wp-init=\"callbacks.initTriggerButton\"\n\t\t\tdata-wp-on--click=\"actions.showLightbox\"\n\t\t\tdata-wp-style--right=\"state.imageButtonRight\"\n\t\t\tdata-wp-style--top=\"state.imageButtonTop\"\n\t\t>\n\t\t\t<svg xmlns=\"http:\/\/www.w3.org\/2000\/svg\" width=\"12\" height=\"12\" fill=\"none\" viewBox=\"0 0 12 12\">\n\t\t\t\t<path fill=\"#fff\" d=\"M2 0a2 2 0 0 0-2 2v2h1.5V2a.5.5 0 0 1 .5-.5h2V0H2Zm2 10.5H2a.5.5 0 0 1-.5-.5V8H0v2a2 2 0 0 0 2 2h2v-1.5ZM8 12v-1.5h2a.5.5 0 0 0 .5-.5V8H12v2a2 2 0 0 1-2 2H8Zm2-12a2 2 0 0 1 2 2v2h-1.5V2a.5.5 0 0 0-.5-.5H8V0h2Z\" \/>\n\t\t\t<\/svg>\n\t\t<\/button><\/figure>\n\n<p><strong>Radeau, 2020<\/strong><\/p>\n\n<p>Photomontage, impression au jet d\u2019encre sur papier Hahnem\u00fchle<\/p>\n\n<hr class=\"wp-block-separator has-alpha-channel-opacity\"\/>\n\n<div class=\"wp-block-media-text has-media-on-the-right is-stacked-on-mobile is-image-fill-element\" style=\"grid-template-columns:auto 33%\"><div class=\"wp-block-media-text__content\">\n<h2 class=\"wp-block-heading\" id=\"belanger\">Gwena\u00ebl\u00a0B\u00e9langer<\/h2>\n\n\n\n<p>Gwena\u00ebl a \u00e9tudi\u00e9 les arts visuels \u00e0 l\u2019UQAM, o\u00f9 il est aujourd\u2019hui professeur. Bricoleur d\u2019images, il fait cohabiter dans ses \u0153uvres diff\u00e9rentes perceptions du r\u00e9el, de l\u2019imaginaire et des souvenirs. Il orchestre ici une tornade fictive dans le stationnement arri\u00e8re d\u2019un b\u00e2timent industriel. Le sol mouill\u00e9 et le ciel gris contribuent \u00e0 nous faire croire en ces vents violents. Afin de produire cet effet, il a fait tomber chaque objet afin de le photographier en pleine chute. Ensuite, il a compos\u00e9 cette image panoramique qui \u00e9voque notamment les effets des changements climatiques.<\/p>\n\n\n\n<p><strong>\u00a0Cliquez\u00a0sur les images pour les voir dans leur int\u00e9gralit\u00e9<\/strong><\/p>\n\n\n\n<p><a href=\"https:\/\/www.instagram.com\/gwenaelbelanger\/\" target=\"_blank\" rel=\"noreferrer noopener\">@gwenaelbelanger<\/a><\/p>\n<\/div><figure class=\"wp-block-media-text__media\"><img decoding=\"async\" width=\"1024\" height=\"1024\" src=\"https:\/\/www.laval.ca\/wp-content\/uploads\/2024\/11\/GwenaelBelanger-e1737043675988-1024x1024.jpg\" alt=\"Gwena\u00ebl\u00a0B\u00e9langer\" class=\"wp-image-4249 size-full\" style=\"object-position:57% 13%\" srcset=\"https:\/\/www.laval.ca\/wp-content\/uploads\/2024\/11\/GwenaelBelanger-e1737043675988-1024x1024.jpg 1024w, https:\/\/www.laval.ca\/wp-content\/uploads\/2024\/11\/GwenaelBelanger-e1737043675988-300x300.jpg 300w, https:\/\/www.laval.ca\/wp-content\/uploads\/2024\/11\/GwenaelBelanger-e1737043675988-150x150.jpg 150w, https:\/\/www.laval.ca\/wp-content\/uploads\/2024\/11\/GwenaelBelanger-e1737043675988-768x768.jpg 768w, https:\/\/www.laval.ca\/wp-content\/uploads\/2024\/11\/GwenaelBelanger-e1737043675988-600x600.jpg 600w, https:\/\/www.laval.ca\/wp-content\/uploads\/2024\/11\/GwenaelBelanger-e1737043675988.jpg 1070w\" sizes=\"(max-width: 1024px) 100vw, 1024px\" \/><\/figure><\/div>\n\n<figure data-wp-context=\"{&quot;imageId&quot;:&quot;69ee28c3d80c0&quot;}\" data-wp-interactive=\"core\/image\" data-wp-key=\"69ee28c3d80c0\" class=\"wp-block-image size-large wp-lightbox-container\"><img decoding=\"async\" width=\"1024\" height=\"319\" data-wp-class--hide=\"state.isContentHidden\" data-wp-class--show=\"state.isContentVisible\" data-wp-init=\"callbacks.setButtonStyles\" data-wp-on--click=\"actions.showLightbox\" data-wp-on--load=\"callbacks.setButtonStyles\" data-wp-on-window--resize=\"callbacks.setButtonStyles\" src=\"https:\/\/www.laval.ca\/wp-content\/uploads\/2024\/11\/GwenaelBelanger_Legrandfratras_LR-1024x319.jpg\" alt=\"Le grand fatras\" class=\"wp-image-4251\" srcset=\"https:\/\/www.laval.ca\/wp-content\/uploads\/2024\/11\/GwenaelBelanger_Legrandfratras_LR-1024x319.jpg 1024w, https:\/\/www.laval.ca\/wp-content\/uploads\/2024\/11\/GwenaelBelanger_Legrandfratras_LR-300x93.jpg 300w, https:\/\/www.laval.ca\/wp-content\/uploads\/2024\/11\/GwenaelBelanger_Legrandfratras_LR-768x239.jpg 768w, https:\/\/www.laval.ca\/wp-content\/uploads\/2024\/11\/GwenaelBelanger_Legrandfratras_LR-1536x478.jpg 1536w, https:\/\/www.laval.ca\/wp-content\/uploads\/2024\/11\/GwenaelBelanger_Legrandfratras_LR.jpg 1920w\" sizes=\"(max-width: 1024px) 100vw, 1024px\" \/><button\n\t\t\tclass=\"lightbox-trigger\"\n\t\t\ttype=\"button\"\n\t\t\taria-haspopup=\"dialog\"\n\t\t\taria-label=\"Enlarge\"\n\t\t\tdata-wp-init=\"callbacks.initTriggerButton\"\n\t\t\tdata-wp-on--click=\"actions.showLightbox\"\n\t\t\tdata-wp-style--right=\"state.imageButtonRight\"\n\t\t\tdata-wp-style--top=\"state.imageButtonTop\"\n\t\t>\n\t\t\t<svg xmlns=\"http:\/\/www.w3.org\/2000\/svg\" width=\"12\" height=\"12\" fill=\"none\" viewBox=\"0 0 12 12\">\n\t\t\t\t<path fill=\"#fff\" d=\"M2 0a2 2 0 0 0-2 2v2h1.5V2a.5.5 0 0 1 .5-.5h2V0H2Zm2 10.5H2a.5.5 0 0 1-.5-.5V8H0v2a2 2 0 0 0 2 2h2v-1.5ZM8 12v-1.5h2a.5.5 0 0 0 .5-.5V8H12v2a2 2 0 0 1-2 2H8Zm2-12a2 2 0 0 1 2 2v2h-1.5V2a.5.5 0 0 0-.5-.5H8V0h2Z\" \/>\n\t\t\t<\/svg>\n\t\t<\/button><\/figure>\n\n<p><strong>Le grand fatras, 2005<\/strong><\/p>\n\n<p>Photographie, impression jet d\u2019encre<\/p>\n\n<hr class=\"wp-block-separator has-alpha-channel-opacity\"\/>\n\n<div class=\"wp-block-media-text has-media-on-the-right is-stacked-on-mobile is-image-fill-element\" style=\"grid-template-columns:auto 33%\"><div class=\"wp-block-media-text__content\">\n<h2 class=\"wp-block-heading\" id=\"binet\">Ivan Binet<\/h2>\n\n\n\n<p>Photographe de Qu\u00e9bec, Ivan a \u00e9tudi\u00e9 les arts visuels \u00e0 l\u2019Universit\u00e9 Laval. Ses \u0153uvres explorent le paysage et mettent en relief ses transformations et sa beaut\u00e9. Dans son projet Chute, il a immortalis\u00e9, en hiver, un torrent aux pourtours glac\u00e9s. Le point de vue adopt\u00e9 par l\u2019artiste donne le vertige et rend parfois difficile la compr\u00e9hension visuelle de l\u2019image, qui semble abstraite. \u00c0 l\u2019oppos\u00e9, dans L\u2019orage \u00e0 Saint-Ferr\u00e9ol, l\u2019artiste r\u00e9interpr\u00e8te, en photographie, le point de vue d\u2019une des peintures de paysage de Cornelius Krieghoff (1815-1872). \u00c0 la mani\u00e8re du peintre, il id\u00e9alise le paysage et donne l\u2019allure d\u2019un tableau ancien \u00e0 sa photographie.<\/p>\n\n\n\n<p><strong>\u00a0Cliquez\u00a0sur les images pour les voir dans leur int\u00e9gralit\u00e9<\/strong><\/p>\n\n\n\n<p><a href=\"https:\/\/www.ivanbinetartiste.com\/\" target=\"_blank\" rel=\"noreferrer noopener\">Site Internet de Ivan Binet<\/a><br\/><a href=\"https:\/\/www.instagram.com\/ivanbinet\/?hl=fr\" target=\"_blank\" rel=\"noreferrer noopener\">@ivanbinet<\/a><\/p>\n<\/div><figure class=\"wp-block-media-text__media\"><img decoding=\"async\" width=\"1024\" height=\"683\" src=\"https:\/\/www.laval.ca\/wp-content\/uploads\/2024\/11\/BinetIvan_credit-FlorenceLeBlanc-1024x683.jpg\" alt=\"Ivan Binet\" class=\"wp-image-4219 size-full\" style=\"object-position:50% 50%\" srcset=\"https:\/\/www.laval.ca\/wp-content\/uploads\/2024\/11\/BinetIvan_credit-FlorenceLeBlanc-1024x683.jpg 1024w, https:\/\/www.laval.ca\/wp-content\/uploads\/2024\/11\/BinetIvan_credit-FlorenceLeBlanc-300x200.jpg 300w, https:\/\/www.laval.ca\/wp-content\/uploads\/2024\/11\/BinetIvan_credit-FlorenceLeBlanc-768x512.jpg 768w, https:\/\/www.laval.ca\/wp-content\/uploads\/2024\/11\/BinetIvan_credit-FlorenceLeBlanc.jpg 1080w\" sizes=\"(max-width: 1024px) 100vw, 1024px\" \/><\/figure><\/div>\n\n<div class=\"wp-block-columns is-layout-flex wp-container-core-columns-is-layout-28f84493 wp-block-columns-is-layout-flex\">\n<div class=\"wp-block-column is-layout-flow wp-block-column-is-layout-flow\">\n<figure data-wp-context=\"{&quot;imageId&quot;:&quot;69ee28c3d9287&quot;}\" data-wp-interactive=\"core\/image\" data-wp-key=\"69ee28c3d9287\" class=\"wp-block-image size-full wp-lightbox-container\"><img decoding=\"async\" width=\"618\" height=\"615\" data-wp-class--hide=\"state.isContentHidden\" data-wp-class--show=\"state.isContentVisible\" data-wp-init=\"callbacks.setButtonStyles\" data-wp-on--click=\"actions.showLightbox\" data-wp-on--load=\"callbacks.setButtonStyles\" data-wp-on-window--resize=\"callbacks.setButtonStyles\" src=\"https:\/\/www.laval.ca\/wp-content\/uploads\/2024\/11\/Binet_Ivan_Chute-no-3.jpg\" alt=\"Chute n&#xB0;3\" class=\"wp-image-4215\" srcset=\"https:\/\/www.laval.ca\/wp-content\/uploads\/2024\/11\/Binet_Ivan_Chute-no-3.jpg 618w, https:\/\/www.laval.ca\/wp-content\/uploads\/2024\/11\/Binet_Ivan_Chute-no-3-300x300.jpg 300w, https:\/\/www.laval.ca\/wp-content\/uploads\/2024\/11\/Binet_Ivan_Chute-no-3-150x150.jpg 150w\" sizes=\"(max-width: 618px) 100vw, 618px\" \/><button\n\t\t\tclass=\"lightbox-trigger\"\n\t\t\ttype=\"button\"\n\t\t\taria-haspopup=\"dialog\"\n\t\t\taria-label=\"Enlarge\"\n\t\t\tdata-wp-init=\"callbacks.initTriggerButton\"\n\t\t\tdata-wp-on--click=\"actions.showLightbox\"\n\t\t\tdata-wp-style--right=\"state.imageButtonRight\"\n\t\t\tdata-wp-style--top=\"state.imageButtonTop\"\n\t\t>\n\t\t\t<svg xmlns=\"http:\/\/www.w3.org\/2000\/svg\" width=\"12\" height=\"12\" fill=\"none\" viewBox=\"0 0 12 12\">\n\t\t\t\t<path fill=\"#fff\" d=\"M2 0a2 2 0 0 0-2 2v2h1.5V2a.5.5 0 0 1 .5-.5h2V0H2Zm2 10.5H2a.5.5 0 0 1-.5-.5V8H0v2a2 2 0 0 0 2 2h2v-1.5ZM8 12v-1.5h2a.5.5 0 0 0 .5-.5V8H12v2a2 2 0 0 1-2 2H8Zm2-12a2 2 0 0 1 2 2v2h-1.5V2a.5.5 0 0 0-.5-.5H8V0h2Z\" \/>\n\t\t\t<\/svg>\n\t\t<\/button><\/figure>\n\n\n\n<p><strong>Chute n\u00b03, 2007<\/strong><\/p>\n\n\n\n<p>Photographie, impression au jet d\u2019encre sur papier<br\/>Photo : \u00a9 Florence LeBlanc<\/p>\n<\/div>\n\n\n\n<div class=\"wp-block-column is-layout-flow wp-block-column-is-layout-flow\">\n<figure data-wp-context=\"{&quot;imageId&quot;:&quot;69ee28c3da04c&quot;}\" data-wp-interactive=\"core\/image\" data-wp-key=\"69ee28c3da04c\" class=\"wp-block-image size-full is-resized wp-lightbox-container\"><img decoding=\"async\" width=\"536\" height=\"430\" data-wp-class--hide=\"state.isContentHidden\" data-wp-class--show=\"state.isContentVisible\" data-wp-init=\"callbacks.setButtonStyles\" data-wp-on--click=\"actions.showLightbox\" data-wp-on--load=\"callbacks.setButtonStyles\" data-wp-on-window--resize=\"callbacks.setButtonStyles\" src=\"https:\/\/www.laval.ca\/wp-content\/uploads\/2024\/11\/Binet_Ivan_LOrage-Saint-Ferreol-serie-Krieghoff.jpg\" alt=\"L&#x2019;orage &#xE0; Saint-Ferr&#xE9;ol\" class=\"wp-image-4217\" style=\"width:620px;height:auto\" srcset=\"https:\/\/www.laval.ca\/wp-content\/uploads\/2024\/11\/Binet_Ivan_LOrage-Saint-Ferreol-serie-Krieghoff.jpg 536w, https:\/\/www.laval.ca\/wp-content\/uploads\/2024\/11\/Binet_Ivan_LOrage-Saint-Ferreol-serie-Krieghoff-300x241.jpg 300w\" sizes=\"(max-width: 536px) 100vw, 536px\" \/><button\n\t\t\tclass=\"lightbox-trigger\"\n\t\t\ttype=\"button\"\n\t\t\taria-haspopup=\"dialog\"\n\t\t\taria-label=\"Enlarge\"\n\t\t\tdata-wp-init=\"callbacks.initTriggerButton\"\n\t\t\tdata-wp-on--click=\"actions.showLightbox\"\n\t\t\tdata-wp-style--right=\"state.imageButtonRight\"\n\t\t\tdata-wp-style--top=\"state.imageButtonTop\"\n\t\t>\n\t\t\t<svg xmlns=\"http:\/\/www.w3.org\/2000\/svg\" width=\"12\" height=\"12\" fill=\"none\" viewBox=\"0 0 12 12\">\n\t\t\t\t<path fill=\"#fff\" d=\"M2 0a2 2 0 0 0-2 2v2h1.5V2a.5.5 0 0 1 .5-.5h2V0H2Zm2 10.5H2a.5.5 0 0 1-.5-.5V8H0v2a2 2 0 0 0 2 2h2v-1.5ZM8 12v-1.5h2a.5.5 0 0 0 .5-.5V8H12v2a2 2 0 0 1-2 2H8Zm2-12a2 2 0 0 1 2 2v2h-1.5V2a.5.5 0 0 0-.5-.5H8V0h2Z\" \/>\n\t\t\t<\/svg>\n\t\t<\/button><\/figure>\n\n\n\n<p><strong>L\u2019orage \u00e0 Saint-Ferr\u00e9ol, 2008<\/strong><\/p>\n\n\n\n<p>Photographie, impression au jet d\u2019encre sur papier<br\/>Photo : \u00a9 Florence LeBlanc<\/p>\n<\/div>\n<\/div>\n\n<hr class=\"wp-block-separator has-alpha-channel-opacity\"\/>\n\n<h2 class=\"wp-block-heading\" id=\"boney\"><\/h2>\n\n<div class=\"wp-block-media-text has-media-on-the-right is-stacked-on-mobile is-image-fill-element\" style=\"grid-template-columns:auto 40%\"><div class=\"wp-block-media-text__content\">\n<h2 class=\"wp-block-heading\" id=\"boney\">Ludovic Boney<\/h2>\n\n\n\n<p>Originaire de Wendake, Ludovic a enseign\u00e9 \u00e0 l\u2019\u00c9cole de sculpture de Qu\u00e9bec. Pour r\u00e9aliser ses \u0153uvres, il s\u2019est rendu \u00e0 l\u2019astrobl\u00e8me de Manicouagan, le plus grand crat\u00e8re m\u00e9t\u00e9orique visible de l\u2019espace. Situ\u00e9 sur le territoire du peuple pessamiulnuat, ce crat\u00e8re aujourd\u2019hui inond\u00e9 alimente un barrage hydro\u00e9lectrique. Naviguant en bateau zodiac sur le bassin, l\u2019artiste a capt\u00e9 par \u00e9chosondeur la for\u00eat engloutie au fond du crat\u00e8re. Ses images r\u00e9v\u00e8lent les poissons (lignes bleues) qui se faufilent entre les arbres morts (lignes jaunes), dans une v\u00e9ritable for\u00eat fant\u00f4me. L\u2019\u0153uvre fait r\u00e9fl\u00e9chir \u00e0 l\u2019impact parfois d\u00e9vastateur de l\u2019humain sur le territoire.<\/p>\n\n\n\n<p><strong>Cliquez\u00a0sur les images pour les voir dans leur int\u00e9gralit\u00e9<\/strong><\/p>\n\n\n\n<p><a href=\"https:\/\/www.ludovicboney.com\/\" target=\"_blank\" rel=\"noreferrer noopener\">Site Internet de Ludovic Boney<\/a><br\/><a href=\"https:\/\/www.instagram.com\/ludovicboney\/?hl=fr\" target=\"_blank\" rel=\"noreferrer noopener\">@ludovicboney<\/a><\/p>\n\n\n\n<p>Remerciement \u00e0 la\u00a0galerie Pierre-Fran\u00e7ois Ouellette Art Contemporain<\/p>\n<\/div><figure class=\"wp-block-media-text__media\"><img decoding=\"async\" width=\"682\" height=\"1024\" src=\"https:\/\/www.laval.ca\/wp-content\/uploads\/2024\/11\/BoneyLudovic_creditOlivier_Tetreault-682x1024.jpg\" alt=\"Ludovic Boney\" class=\"wp-image-4225 size-full\" style=\"object-position:50% 50%\" srcset=\"https:\/\/www.laval.ca\/wp-content\/uploads\/2024\/11\/BoneyLudovic_creditOlivier_Tetreault-682x1024.jpg 682w, https:\/\/www.laval.ca\/wp-content\/uploads\/2024\/11\/BoneyLudovic_creditOlivier_Tetreault-200x300.jpg 200w, https:\/\/www.laval.ca\/wp-content\/uploads\/2024\/11\/BoneyLudovic_creditOlivier_Tetreault-768x1153.jpg 768w, https:\/\/www.laval.ca\/wp-content\/uploads\/2024\/11\/BoneyLudovic_creditOlivier_Tetreault.jpg 906w\" sizes=\"(max-width: 682px) 100vw, 682px\" \/><\/figure><\/div>\n\n<figure data-wp-context=\"{&quot;imageId&quot;:&quot;69ee28c3db23d&quot;}\" data-wp-interactive=\"core\/image\" data-wp-key=\"69ee28c3db23d\" class=\"wp-block-image size-large wp-lightbox-container\"><img decoding=\"async\" width=\"1024\" height=\"576\" data-wp-class--hide=\"state.isContentHidden\" data-wp-class--show=\"state.isContentVisible\" data-wp-init=\"callbacks.setButtonStyles\" data-wp-on--click=\"actions.showLightbox\" data-wp-on--load=\"callbacks.setButtonStyles\" data-wp-on-window--resize=\"callbacks.setButtonStyles\" src=\"https:\/\/www.laval.ca\/wp-content\/uploads\/2024\/11\/Boney_Ludovic_Memoires-ennoyees-1024x576.jpg\" alt=\"M&#xE9;moires ennoy&#xE9;es 1\" class=\"wp-image-4221\" srcset=\"https:\/\/www.laval.ca\/wp-content\/uploads\/2024\/11\/Boney_Ludovic_Memoires-ennoyees-1024x576.jpg 1024w, https:\/\/www.laval.ca\/wp-content\/uploads\/2024\/11\/Boney_Ludovic_Memoires-ennoyees-300x169.jpg 300w, https:\/\/www.laval.ca\/wp-content\/uploads\/2024\/11\/Boney_Ludovic_Memoires-ennoyees-768x432.jpg 768w, https:\/\/www.laval.ca\/wp-content\/uploads\/2024\/11\/Boney_Ludovic_Memoires-ennoyees-420x235.jpg 420w, https:\/\/www.laval.ca\/wp-content\/uploads\/2024\/11\/Boney_Ludovic_Memoires-ennoyees-960x540.jpg 960w, https:\/\/www.laval.ca\/wp-content\/uploads\/2024\/11\/Boney_Ludovic_Memoires-ennoyees.jpg 1152w\" sizes=\"(max-width: 1024px) 100vw, 1024px\" \/><button\n\t\t\tclass=\"lightbox-trigger\"\n\t\t\ttype=\"button\"\n\t\t\taria-haspopup=\"dialog\"\n\t\t\taria-label=\"Enlarge\"\n\t\t\tdata-wp-init=\"callbacks.initTriggerButton\"\n\t\t\tdata-wp-on--click=\"actions.showLightbox\"\n\t\t\tdata-wp-style--right=\"state.imageButtonRight\"\n\t\t\tdata-wp-style--top=\"state.imageButtonTop\"\n\t\t>\n\t\t\t<svg xmlns=\"http:\/\/www.w3.org\/2000\/svg\" width=\"12\" height=\"12\" fill=\"none\" viewBox=\"0 0 12 12\">\n\t\t\t\t<path fill=\"#fff\" d=\"M2 0a2 2 0 0 0-2 2v2h1.5V2a.5.5 0 0 1 .5-.5h2V0H2Zm2 10.5H2a.5.5 0 0 1-.5-.5V8H0v2a2 2 0 0 0 2 2h2v-1.5ZM8 12v-1.5h2a.5.5 0 0 0 .5-.5V8H12v2a2 2 0 0 1-2 2H8Zm2-12a2 2 0 0 1 2 2v2h-1.5V2a.5.5 0 0 0-.5-.5H8V0h2Z\" \/>\n\t\t\t<\/svg>\n\t\t<\/button><\/figure>\n\n<p><strong>M\u00e9moires ennoy\u00e9es 1, 2021<\/strong><\/p>\n\n<p>Impression au jet d\u2019encre<\/p>\n\n<figure data-wp-context=\"{&quot;imageId&quot;:&quot;69ee28c3dbc22&quot;}\" data-wp-interactive=\"core\/image\" data-wp-key=\"69ee28c3dbc22\" class=\"wp-block-image size-large wp-lightbox-container\"><img decoding=\"async\" width=\"1024\" height=\"576\" data-wp-class--hide=\"state.isContentHidden\" data-wp-class--show=\"state.isContentVisible\" data-wp-init=\"callbacks.setButtonStyles\" data-wp-on--click=\"actions.showLightbox\" data-wp-on--load=\"callbacks.setButtonStyles\" data-wp-on-window--resize=\"callbacks.setButtonStyles\" src=\"https:\/\/www.laval.ca\/wp-content\/uploads\/2024\/11\/Boney_Ludovic_Memoires-ennoyees3-1024x576.jpg\" alt=\"M&#xE9;moires ennoy&#xE9;es\" class=\"wp-image-4223\" srcset=\"https:\/\/www.laval.ca\/wp-content\/uploads\/2024\/11\/Boney_Ludovic_Memoires-ennoyees3-1024x576.jpg 1024w, https:\/\/www.laval.ca\/wp-content\/uploads\/2024\/11\/Boney_Ludovic_Memoires-ennoyees3-300x169.jpg 300w, https:\/\/www.laval.ca\/wp-content\/uploads\/2024\/11\/Boney_Ludovic_Memoires-ennoyees3-768x432.jpg 768w, https:\/\/www.laval.ca\/wp-content\/uploads\/2024\/11\/Boney_Ludovic_Memoires-ennoyees3-420x235.jpg 420w, https:\/\/www.laval.ca\/wp-content\/uploads\/2024\/11\/Boney_Ludovic_Memoires-ennoyees3-960x540.jpg 960w, https:\/\/www.laval.ca\/wp-content\/uploads\/2024\/11\/Boney_Ludovic_Memoires-ennoyees3.jpg 1152w\" sizes=\"(max-width: 1024px) 100vw, 1024px\" \/><button\n\t\t\tclass=\"lightbox-trigger\"\n\t\t\ttype=\"button\"\n\t\t\taria-haspopup=\"dialog\"\n\t\t\taria-label=\"Enlarge\"\n\t\t\tdata-wp-init=\"callbacks.initTriggerButton\"\n\t\t\tdata-wp-on--click=\"actions.showLightbox\"\n\t\t\tdata-wp-style--right=\"state.imageButtonRight\"\n\t\t\tdata-wp-style--top=\"state.imageButtonTop\"\n\t\t>\n\t\t\t<svg xmlns=\"http:\/\/www.w3.org\/2000\/svg\" width=\"12\" height=\"12\" fill=\"none\" viewBox=\"0 0 12 12\">\n\t\t\t\t<path fill=\"#fff\" d=\"M2 0a2 2 0 0 0-2 2v2h1.5V2a.5.5 0 0 1 .5-.5h2V0H2Zm2 10.5H2a.5.5 0 0 1-.5-.5V8H0v2a2 2 0 0 0 2 2h2v-1.5ZM8 12v-1.5h2a.5.5 0 0 0 .5-.5V8H12v2a2 2 0 0 1-2 2H8Zm2-12a2 2 0 0 1 2 2v2h-1.5V2a.5.5 0 0 0-.5-.5H8V0h2Z\" \/>\n\t\t\t<\/svg>\n\t\t<\/button><\/figure>\n\n<p><strong>M\u00e9moires ennoy\u00e9es 3, 2021<\/strong><\/p>\n\n<p>Impression au jet d\u2019encre<\/p>\n\n<hr class=\"wp-block-separator has-alpha-channel-opacity\"\/>\n\n<div class=\"wp-block-media-text has-media-on-the-right is-stacked-on-mobile is-image-fill-element\" style=\"grid-template-columns:auto 33%\"><div class=\"wp-block-media-text__content\">\n<h2 class=\"wp-block-heading\" id=\"riva\">Rose de la Riva<\/h2>\n\n\n\n<p>Rose a \u00e9tudi\u00e9 les arts visuels \u00e0 l\u2019UQAM. Elle a d\u00e9velopp\u00e9 son projet Dormance au Centre de la nature, en partenariat avec le centre d\u2019artistes Verticale de Laval. Ici, elle reproduit par un dessin sensible l\u2019effet visuel de la neige sur des plantes ensevelies. Ces \u0153uvres fascinent par la difficult\u00e9 de les d\u00e9crypter visuellement, la portion blanche \u00e9tant la neige et la portion dessin\u00e9e, les feuilles. Devant la fragilit\u00e9 et la r\u00e9silience des plantes, l\u2019artiste nous invite \u00e0 ne pas ignorer cet ensevelissement et \u00e0 le consid\u00e9rer comme un repos et une r\u00e9g\u00e9n\u00e9ration, et \u00e0 nous en inspirer pour nous-m\u00eames.<\/p>\n\n\n\n<p><strong>Cliquez\u00a0sur les images pour les voir dans leur int\u00e9gralit\u00e9<\/strong><\/p>\n\n\n\n<p><a href=\"https:\/\/www.rosedelariva.com\/\" target=\"_blank\" rel=\"noreferrer noopener\">Site Internet de Rosa de la Riva<\/a><br\/><a href=\"https:\/\/www.instagram.com\/rosedelariva\/?hl=fr\" target=\"_blank\" rel=\"noreferrer noopener\">@rosedelariva<\/a><\/p>\n<\/div><figure class=\"wp-block-media-text__media\"><img decoding=\"async\" width=\"1024\" height=\"683\" src=\"https:\/\/www.laval.ca\/wp-content\/uploads\/2024\/11\/RosedelaRiva_credit_Kinga_Mickalska-1024x683.jpg\" alt=\"Rose de la Riva\" class=\"wp-image-4269 size-full\" style=\"object-position:61% 62%\" srcset=\"https:\/\/www.laval.ca\/wp-content\/uploads\/2024\/11\/RosedelaRiva_credit_Kinga_Mickalska-1024x683.jpg 1024w, https:\/\/www.laval.ca\/wp-content\/uploads\/2024\/11\/RosedelaRiva_credit_Kinga_Mickalska-300x200.jpg 300w, https:\/\/www.laval.ca\/wp-content\/uploads\/2024\/11\/RosedelaRiva_credit_Kinga_Mickalska-768x512.jpg 768w, https:\/\/www.laval.ca\/wp-content\/uploads\/2024\/11\/RosedelaRiva_credit_Kinga_Mickalska.jpg 1200w\" sizes=\"(max-width: 1024px) 100vw, 1024px\" \/><\/figure><\/div>\n\n<div class=\"wp-block-columns is-layout-flex wp-container-core-columns-is-layout-28f84493 wp-block-columns-is-layout-flex\">\n<div class=\"wp-block-column is-layout-flow wp-block-column-is-layout-flow\">\n<figure data-wp-context=\"{&quot;imageId&quot;:&quot;69ee28c3dcca1&quot;}\" data-wp-interactive=\"core\/image\" data-wp-key=\"69ee28c3dcca1\" class=\"wp-block-image size-large wp-lightbox-container\"><img decoding=\"async\" width=\"1024\" height=\"744\" data-wp-class--hide=\"state.isContentHidden\" data-wp-class--show=\"state.isContentVisible\" data-wp-init=\"callbacks.setButtonStyles\" data-wp-on--click=\"actions.showLightbox\" data-wp-on--load=\"callbacks.setButtonStyles\" data-wp-on-window--resize=\"callbacks.setButtonStyles\" src=\"https:\/\/www.laval.ca\/wp-content\/uploads\/2024\/11\/Rosedelarivarhododendron-1024x744.jpg\" alt=\"Rhododendrons\" class=\"wp-image-4273\" style=\"aspect-ratio:1;object-fit:cover\" srcset=\"https:\/\/www.laval.ca\/wp-content\/uploads\/2024\/11\/Rosedelarivarhododendron-1024x744.jpg 1024w, https:\/\/www.laval.ca\/wp-content\/uploads\/2024\/11\/Rosedelarivarhododendron-300x218.jpg 300w, https:\/\/www.laval.ca\/wp-content\/uploads\/2024\/11\/Rosedelarivarhododendron-768x558.jpg 768w, https:\/\/www.laval.ca\/wp-content\/uploads\/2024\/11\/Rosedelarivarhododendron-1536x1116.jpg 1536w, https:\/\/www.laval.ca\/wp-content\/uploads\/2024\/11\/Rosedelarivarhododendron.jpg 1920w\" sizes=\"(max-width: 1024px) 100vw, 1024px\" \/><button\n\t\t\tclass=\"lightbox-trigger\"\n\t\t\ttype=\"button\"\n\t\t\taria-haspopup=\"dialog\"\n\t\t\taria-label=\"Enlarge\"\n\t\t\tdata-wp-init=\"callbacks.initTriggerButton\"\n\t\t\tdata-wp-on--click=\"actions.showLightbox\"\n\t\t\tdata-wp-style--right=\"state.imageButtonRight\"\n\t\t\tdata-wp-style--top=\"state.imageButtonTop\"\n\t\t>\n\t\t\t<svg xmlns=\"http:\/\/www.w3.org\/2000\/svg\" width=\"12\" height=\"12\" fill=\"none\" viewBox=\"0 0 12 12\">\n\t\t\t\t<path fill=\"#fff\" d=\"M2 0a2 2 0 0 0-2 2v2h1.5V2a.5.5 0 0 1 .5-.5h2V0H2Zm2 10.5H2a.5.5 0 0 1-.5-.5V8H0v2a2 2 0 0 0 2 2h2v-1.5ZM8 12v-1.5h2a.5.5 0 0 0 .5-.5V8H12v2a2 2 0 0 1-2 2H8Zm2-12a2 2 0 0 1 2 2v2h-1.5V2a.5.5 0 0 0-.5-.5H8V0h2Z\" \/>\n\t\t\t<\/svg>\n\t\t<\/button><\/figure>\n\n\n\n<p><strong>Rhododendrons, 2022<\/strong><\/p>\n\n\n\n<p>Technique mixte sur papier Yupo<\/p>\n<\/div>\n\n\n\n<div class=\"wp-block-column is-layout-flow wp-block-column-is-layout-flow\">\n<figure data-wp-context=\"{&quot;imageId&quot;:&quot;69ee28c3dd84a&quot;}\" data-wp-interactive=\"core\/image\" data-wp-key=\"69ee28c3dd84a\" class=\"wp-block-image size-large wp-lightbox-container\"><img decoding=\"async\" width=\"745\" height=\"1024\" data-wp-class--hide=\"state.isContentHidden\" data-wp-class--show=\"state.isContentVisible\" data-wp-init=\"callbacks.setButtonStyles\" data-wp-on--click=\"actions.showLightbox\" data-wp-on--load=\"callbacks.setButtonStyles\" data-wp-on-window--resize=\"callbacks.setButtonStyles\" src=\"https:\/\/www.laval.ca\/wp-content\/uploads\/2024\/11\/RosedelaRiva_echinacees-745x1024.jpg\" alt=\"&#xC9;chinac&#xE9;es\" class=\"wp-image-4271\" style=\"aspect-ratio:1;object-fit:cover\" srcset=\"https:\/\/www.laval.ca\/wp-content\/uploads\/2024\/11\/RosedelaRiva_echinacees-745x1024.jpg 745w, https:\/\/www.laval.ca\/wp-content\/uploads\/2024\/11\/RosedelaRiva_echinacees-218x300.jpg 218w, https:\/\/www.laval.ca\/wp-content\/uploads\/2024\/11\/RosedelaRiva_echinacees-768x1056.jpg 768w, https:\/\/www.laval.ca\/wp-content\/uploads\/2024\/11\/RosedelaRiva_echinacees-1118x1536.jpg 1118w, https:\/\/www.laval.ca\/wp-content\/uploads\/2024\/11\/RosedelaRiva_echinacees.jpg 1397w\" sizes=\"(max-width: 745px) 100vw, 745px\" \/><button\n\t\t\tclass=\"lightbox-trigger\"\n\t\t\ttype=\"button\"\n\t\t\taria-haspopup=\"dialog\"\n\t\t\taria-label=\"Enlarge\"\n\t\t\tdata-wp-init=\"callbacks.initTriggerButton\"\n\t\t\tdata-wp-on--click=\"actions.showLightbox\"\n\t\t\tdata-wp-style--right=\"state.imageButtonRight\"\n\t\t\tdata-wp-style--top=\"state.imageButtonTop\"\n\t\t>\n\t\t\t<svg xmlns=\"http:\/\/www.w3.org\/2000\/svg\" width=\"12\" height=\"12\" fill=\"none\" viewBox=\"0 0 12 12\">\n\t\t\t\t<path fill=\"#fff\" d=\"M2 0a2 2 0 0 0-2 2v2h1.5V2a.5.5 0 0 1 .5-.5h2V0H2Zm2 10.5H2a.5.5 0 0 1-.5-.5V8H0v2a2 2 0 0 0 2 2h2v-1.5ZM8 12v-1.5h2a.5.5 0 0 0 .5-.5V8H12v2a2 2 0 0 1-2 2H8Zm2-12a2 2 0 0 1 2 2v2h-1.5V2a.5.5 0 0 0-.5-.5H8V0h2Z\" \/>\n\t\t\t<\/svg>\n\t\t<\/button><\/figure>\n\n\n\n<p><strong>\u00c9chinac\u00e9es, 2022<\/strong><\/p>\n\n\n\n<p>Technique mixte sur papier Yupo<\/p>\n<\/div>\n<\/div>\n\n<hr class=\"wp-block-separator has-alpha-channel-opacity\"\/>\n\n<div class=\"wp-block-media-text has-media-on-the-right is-stacked-on-mobile is-image-fill-element\" style=\"grid-template-columns:auto 33%\"><div class=\"wp-block-media-text__content\">\n<h2 class=\"wp-block-heading\" id=\"edmonds\">Dana Edmonds<\/h2>\n\n\n\n<p>Dana a \u00e9tudi\u00e9 les arts visuels au Nova Scotia College of Art and Design d\u2019Halifax. Elle s\u2019int\u00e9resse aux effets de la surconsommation et de la mode \u00e9ph\u00e9m\u00e8re sur la sant\u00e9 mentale et les changements climatiques. Dans cet autoportrait, elle se met en sc\u00e8ne dans un paysage aux hautes herbes typique des provinces maritimes. Munie de lunettes de r\u00e9alit\u00e9 virtuelle, elle semble transport\u00e9e dans un autre lieu, fictif et dangereux, comme semblent l\u2019indiquer les rubans jaunes \u00e0 sa ceinture. M\u00e9taphore de l\u2019effet n\u00e9gatif de la d\u00e9connexion du r\u00e9el li\u00e9e aux usages des technologies, cette \u0153uvre invite avec humour \u00e0 l\u2019autor\u00e9flexion.<\/p>\n\n\n\n<p><strong>Cliquez\u00a0sur les images pour les voir dans leur int\u00e9gralit\u00e9<\/strong><\/p>\n\n\n\n<p><a href=\"https:\/\/danaedmondsart.com\/\" target=\"_blank\" rel=\"noreferrer noopener\">Site Internet de Dana Edmonds<\/a><br\/><a href=\"https:\/\/www.instagram.com\/hotcomb_dana\/\" target=\"_blank\" rel=\"noreferrer noopener\">@danaedmonds<\/a><\/p>\n<\/div><figure class=\"wp-block-media-text__media\"><img decoding=\"async\" width=\"1000\" height=\"1000\" src=\"https:\/\/www.laval.ca\/wp-content\/uploads\/2024\/11\/Dana-Edmonds_credits_Camille-Dubuc_-Joelle-Villeneuve_Alexia-Toman_Tomy-Jo_Em-P-Labbee-e1737043567829.jpg\" alt=\"Dana Edmonds\" class=\"wp-image-4245 size-full\" style=\"object-position:50% 50%\" srcset=\"https:\/\/www.laval.ca\/wp-content\/uploads\/2024\/11\/Dana-Edmonds_credits_Camille-Dubuc_-Joelle-Villeneuve_Alexia-Toman_Tomy-Jo_Em-P-Labbee-e1737043567829.jpg 1000w, https:\/\/www.laval.ca\/wp-content\/uploads\/2024\/11\/Dana-Edmonds_credits_Camille-Dubuc_-Joelle-Villeneuve_Alexia-Toman_Tomy-Jo_Em-P-Labbee-e1737043567829-300x300.jpg 300w, https:\/\/www.laval.ca\/wp-content\/uploads\/2024\/11\/Dana-Edmonds_credits_Camille-Dubuc_-Joelle-Villeneuve_Alexia-Toman_Tomy-Jo_Em-P-Labbee-e1737043567829-150x150.jpg 150w, https:\/\/www.laval.ca\/wp-content\/uploads\/2024\/11\/Dana-Edmonds_credits_Camille-Dubuc_-Joelle-Villeneuve_Alexia-Toman_Tomy-Jo_Em-P-Labbee-e1737043567829-768x768.jpg 768w, https:\/\/www.laval.ca\/wp-content\/uploads\/2024\/11\/Dana-Edmonds_credits_Camille-Dubuc_-Joelle-Villeneuve_Alexia-Toman_Tomy-Jo_Em-P-Labbee-e1737043567829-600x600.jpg 600w\" sizes=\"(max-width: 1000px) 100vw, 1000px\" \/><\/figure><\/div>\n\n<figure data-wp-context=\"{&quot;imageId&quot;:&quot;69ee28c3de9d2&quot;}\" data-wp-interactive=\"core\/image\" data-wp-key=\"69ee28c3de9d2\" class=\"wp-block-image size-large wp-lightbox-container\"><img decoding=\"async\" width=\"1024\" height=\"771\" data-wp-class--hide=\"state.isContentHidden\" data-wp-class--show=\"state.isContentVisible\" data-wp-init=\"callbacks.setButtonStyles\" data-wp-on--click=\"actions.showLightbox\" data-wp-on--load=\"callbacks.setButtonStyles\" data-wp-on-window--resize=\"callbacks.setButtonStyles\" src=\"https:\/\/www.laval.ca\/wp-content\/uploads\/2024\/11\/DanaEdmunds_CautionLove_LR-1024x771.jpg\" alt=\"Prudence avec l&#x2019;amour [Caution Love], 2023\" class=\"wp-image-4247\" srcset=\"https:\/\/www.laval.ca\/wp-content\/uploads\/2024\/11\/DanaEdmunds_CautionLove_LR-1024x771.jpg 1024w, https:\/\/www.laval.ca\/wp-content\/uploads\/2024\/11\/DanaEdmunds_CautionLove_LR-300x226.jpg 300w, https:\/\/www.laval.ca\/wp-content\/uploads\/2024\/11\/DanaEdmunds_CautionLove_LR-768x578.jpg 768w, https:\/\/www.laval.ca\/wp-content\/uploads\/2024\/11\/DanaEdmunds_CautionLove_LR.jpg 1080w\" sizes=\"(max-width: 1024px) 100vw, 1024px\" \/><button\n\t\t\tclass=\"lightbox-trigger\"\n\t\t\ttype=\"button\"\n\t\t\taria-haspopup=\"dialog\"\n\t\t\taria-label=\"Enlarge\"\n\t\t\tdata-wp-init=\"callbacks.initTriggerButton\"\n\t\t\tdata-wp-on--click=\"actions.showLightbox\"\n\t\t\tdata-wp-style--right=\"state.imageButtonRight\"\n\t\t\tdata-wp-style--top=\"state.imageButtonTop\"\n\t\t>\n\t\t\t<svg xmlns=\"http:\/\/www.w3.org\/2000\/svg\" width=\"12\" height=\"12\" fill=\"none\" viewBox=\"0 0 12 12\">\n\t\t\t\t<path fill=\"#fff\" d=\"M2 0a2 2 0 0 0-2 2v2h1.5V2a.5.5 0 0 1 .5-.5h2V0H2Zm2 10.5H2a.5.5 0 0 1-.5-.5V8H0v2a2 2 0 0 0 2 2h2v-1.5ZM8 12v-1.5h2a.5.5 0 0 0 .5-.5V8H12v2a2 2 0 0 1-2 2H8Zm2-12a2 2 0 0 1 2 2v2h-1.5V2a.5.5 0 0 0-.5-.5H8V0h2Z\" \/>\n\t\t\t<\/svg>\n\t\t<\/button><\/figure>\n\n<p><strong>Prudence avec l\u2019amour [Caution Love], 2023<\/strong><\/p>\n\n<p>Huile sur toile<\/p>\n\n<hr class=\"wp-block-separator has-alpha-channel-opacity\"\/>\n\n<div class=\"wp-block-media-text has-media-on-the-right is-stacked-on-mobile is-image-fill-element\" style=\"grid-template-columns:auto 33%\"><div class=\"wp-block-media-text__content\">\n<h2 class=\"wp-block-heading\" id=\"fraser\">Sylvie Fraser<\/h2>\n\n\n\n<p>Enseignante en arts visuels au Coll\u00e8ge Montmorency, dipl\u00f4m\u00e9e de l\u2019Universit\u00e9 Concordia et de l\u2019UQAM, Sylvie est une artiste de Laval. Elle s\u2019int\u00e9resse aux mati\u00e8res organiques et vivantes et r\u00e9alise des \u0153uvres \u00e0 l\u2019aide de semences, de c\u00e9r\u00e9ales et de l\u00e9gumineuses. Ici, le temps, la lumi\u00e8re et l\u2019eau font germer les graines qui transforment les visages jusqu\u2019\u00e0 leur effacement complet. S\u2019inspirant des portraits du XV<sup>e<\/sup>\u00a0si\u00e8cle \u2013 qui repr\u00e9sentaient les gens de profil sur un fond de paysage \u2013, ses \u0153uvres les renversent : l\u2019humain devient un micropaysage vivant. Elles \u00e9voquent \u00e9galement la r\u00e9silience, cette capacit\u00e9 \u00e0 rena\u00eetre apr\u00e8s des chocs affectifs<\/p>\n\n\n\n<p><strong>Cliquez\u00a0sur les images pour les voir dans leur int\u00e9gralit\u00e9<\/strong><\/p>\n\n\n\n<p><a href=\"https:\/\/sylviefraser.com\/\" target=\"_blank\" rel=\"noreferrer noopener\">Site Internet de Sylvie Fraser<\/a><\/p>\n<\/div><figure class=\"wp-block-media-text__media\"><img decoding=\"async\" width=\"1024\" height=\"1024\" src=\"https:\/\/www.laval.ca\/wp-content\/uploads\/2024\/11\/SylvieFraser-e1737043512466-1024x1024.jpg\" alt=\"Sylvie Fraser\" class=\"wp-image-4283 size-full\" style=\"object-position:48% 1%\" srcset=\"https:\/\/www.laval.ca\/wp-content\/uploads\/2024\/11\/SylvieFraser-e1737043512466-1024x1024.jpg 1024w, https:\/\/www.laval.ca\/wp-content\/uploads\/2024\/11\/SylvieFraser-e1737043512466-300x300.jpg 300w, https:\/\/www.laval.ca\/wp-content\/uploads\/2024\/11\/SylvieFraser-e1737043512466-150x150.jpg 150w, https:\/\/www.laval.ca\/wp-content\/uploads\/2024\/11\/SylvieFraser-e1737043512466-768x768.jpg 768w, https:\/\/www.laval.ca\/wp-content\/uploads\/2024\/11\/SylvieFraser-e1737043512466-1536x1536.jpg 1536w, https:\/\/www.laval.ca\/wp-content\/uploads\/2024\/11\/SylvieFraser-e1737043512466-600x600.jpg 600w, https:\/\/www.laval.ca\/wp-content\/uploads\/2024\/11\/SylvieFraser-e1737043512466.jpg 1545w\" sizes=\"(max-width: 1024px) 100vw, 1024px\" \/><\/figure><\/div>\n\n<div class=\"wp-block-columns is-layout-flex wp-container-core-columns-is-layout-28f84493 wp-block-columns-is-layout-flex\">\n<div class=\"wp-block-column is-layout-flow wp-block-column-is-layout-flow\">\n<figure data-wp-context=\"{&quot;imageId&quot;:&quot;69ee28c3df87d&quot;}\" data-wp-interactive=\"core\/image\" data-wp-key=\"69ee28c3df87d\" class=\"wp-block-image size-large is-resized wp-lightbox-container\"><img decoding=\"async\" width=\"1024\" height=\"980\" data-wp-class--hide=\"state.isContentHidden\" data-wp-class--show=\"state.isContentVisible\" data-wp-init=\"callbacks.setButtonStyles\" data-wp-on--click=\"actions.showLightbox\" data-wp-on--load=\"callbacks.setButtonStyles\" data-wp-on-window--resize=\"callbacks.setButtonStyles\" src=\"https:\/\/www.laval.ca\/wp-content\/uploads\/2024\/11\/SylvieFraser_Anne_8momentsdecroissance-1024x980.jpg\" alt=\"Anne : 8 moments de croissance\" class=\"wp-image-4285\" style=\"aspect-ratio:1;object-fit:cover;width:498px;height:auto\" srcset=\"https:\/\/www.laval.ca\/wp-content\/uploads\/2024\/11\/SylvieFraser_Anne_8momentsdecroissance-1024x980.jpg 1024w, https:\/\/www.laval.ca\/wp-content\/uploads\/2024\/11\/SylvieFraser_Anne_8momentsdecroissance-300x287.jpg 300w, https:\/\/www.laval.ca\/wp-content\/uploads\/2024\/11\/SylvieFraser_Anne_8momentsdecroissance-768x735.jpg 768w, https:\/\/www.laval.ca\/wp-content\/uploads\/2024\/11\/SylvieFraser_Anne_8momentsdecroissance.jpg 1080w\" sizes=\"(max-width: 1024px) 100vw, 1024px\" \/><button\n\t\t\tclass=\"lightbox-trigger\"\n\t\t\ttype=\"button\"\n\t\t\taria-haspopup=\"dialog\"\n\t\t\taria-label=\"Enlarge\"\n\t\t\tdata-wp-init=\"callbacks.initTriggerButton\"\n\t\t\tdata-wp-on--click=\"actions.showLightbox\"\n\t\t\tdata-wp-style--right=\"state.imageButtonRight\"\n\t\t\tdata-wp-style--top=\"state.imageButtonTop\"\n\t\t>\n\t\t\t<svg xmlns=\"http:\/\/www.w3.org\/2000\/svg\" width=\"12\" height=\"12\" fill=\"none\" viewBox=\"0 0 12 12\">\n\t\t\t\t<path fill=\"#fff\" d=\"M2 0a2 2 0 0 0-2 2v2h1.5V2a.5.5 0 0 1 .5-.5h2V0H2Zm2 10.5H2a.5.5 0 0 1-.5-.5V8H0v2a2 2 0 0 0 2 2h2v-1.5ZM8 12v-1.5h2a.5.5 0 0 0 .5-.5V8H12v2a2 2 0 0 1-2 2H8Zm2-12a2 2 0 0 1 2 2v2h-1.5V2a.5.5 0 0 0-.5-.5H8V0h2Z\" \/>\n\t\t\t<\/svg>\n\t\t<\/button><\/figure>\n\n\n\n<p><strong>Anne : 8 moments de croissance, <br\/><\/strong>2011-2012<\/p>\n\n\n\n<p>Impression sur toile<\/p>\n<\/div>\n\n\n\n<div class=\"wp-block-column is-layout-flow wp-block-column-is-layout-flow\">\n<figure data-wp-context=\"{&quot;imageId&quot;:&quot;69ee28c3e0304&quot;}\" data-wp-interactive=\"core\/image\" data-wp-key=\"69ee28c3e0304\" class=\"wp-block-image size-full wp-lightbox-container\"><img decoding=\"async\" width=\"720\" height=\"1018\" data-wp-class--hide=\"state.isContentHidden\" data-wp-class--show=\"state.isContentVisible\" data-wp-init=\"callbacks.setButtonStyles\" data-wp-on--click=\"actions.showLightbox\" data-wp-on--load=\"callbacks.setButtonStyles\" data-wp-on-window--resize=\"callbacks.setButtonStyles\" src=\"https:\/\/www.laval.ca\/wp-content\/uploads\/2024\/11\/SylvieFraser_Anne8momentsdecroissance.jpg\" alt=\"Anne : 8 moments de croissance\" class=\"wp-image-4287\" style=\"aspect-ratio:1;object-fit:cover\" srcset=\"https:\/\/www.laval.ca\/wp-content\/uploads\/2024\/11\/SylvieFraser_Anne8momentsdecroissance.jpg 720w, https:\/\/www.laval.ca\/wp-content\/uploads\/2024\/11\/SylvieFraser_Anne8momentsdecroissance-212x300.jpg 212w\" sizes=\"(max-width: 720px) 100vw, 720px\" \/><button\n\t\t\tclass=\"lightbox-trigger\"\n\t\t\ttype=\"button\"\n\t\t\taria-haspopup=\"dialog\"\n\t\t\taria-label=\"Enlarge\"\n\t\t\tdata-wp-init=\"callbacks.initTriggerButton\"\n\t\t\tdata-wp-on--click=\"actions.showLightbox\"\n\t\t\tdata-wp-style--right=\"state.imageButtonRight\"\n\t\t\tdata-wp-style--top=\"state.imageButtonTop\"\n\t\t>\n\t\t\t<svg xmlns=\"http:\/\/www.w3.org\/2000\/svg\" width=\"12\" height=\"12\" fill=\"none\" viewBox=\"0 0 12 12\">\n\t\t\t\t<path fill=\"#fff\" d=\"M2 0a2 2 0 0 0-2 2v2h1.5V2a.5.5 0 0 1 .5-.5h2V0H2Zm2 10.5H2a.5.5 0 0 1-.5-.5V8H0v2a2 2 0 0 0 2 2h2v-1.5ZM8 12v-1.5h2a.5.5 0 0 0 .5-.5V8H12v2a2 2 0 0 1-2 2H8Zm2-12a2 2 0 0 1 2 2v2h-1.5V2a.5.5 0 0 0-.5-.5H8V0h2Z\" \/>\n\t\t\t<\/svg>\n\t\t<\/button><\/figure>\n<\/div>\n<\/div>\n\n<hr class=\"wp-block-separator has-alpha-channel-opacity\"\/>\n\n<div class=\"wp-block-media-text has-media-on-the-right is-stacked-on-mobile is-image-fill-element\" style=\"grid-template-columns:auto 33%\"><div class=\"wp-block-media-text__content\">\n<h2 class=\"wp-block-heading\" id=\"ghomeshi\">Charlotte Ghomeshi<\/h2>\n\n\n\n<p>Originaire des Laurentides, Charlotte a \u00e9tudi\u00e9 la photographie \u00e0 l\u2019Universit\u00e9 Concordia. Elle s\u2019int\u00e9resse \u00e0 la relation entre l\u2019humain et son environnement et s\u2019inspire d\u2019exp\u00e9riences personnelles pour ses mises en sc\u00e8ne photographiques. Ici, l\u2019artiste est en train de se faire coiffer. Autour d\u2019elle, le positionnement des personnes est finement calcul\u00e9 et rappelle les tableaux champ\u00eatres. Dans ce portrait de groupe qui invite \u00e0 l\u2019introspection, les protagonistes semblent immerg\u00e9s dans leurs pens\u00e9es, dans une forme de repli int\u00e9rieur. Seul le guitariste para\u00eet attentif \u00e0 l\u2019instant pr\u00e9sent et, bien qu\u2019on ne puisse entendre sa musique, on l\u2019imagine sans peine comme un air doux et enveloppant.<\/p>\n\n\n\n<p><strong>Cliquez\u00a0sur les images pour les voir dans leur int\u00e9gralit\u00e9<\/strong><\/p>\n\n\n\n<h4 class=\"wp-block-heading\"><\/h4>\n\n\n\n<p><a href=\"https:\/\/www.charlotteghomeshi.com\/\" target=\"_blank\" rel=\"noreferrer noopener\">Site Internet de Charlotte Ghomeshi<\/a><br\/><a href=\"https:\/\/www.instagram.com\/charlotte.ghomeshi\/\" target=\"_blank\" rel=\"noreferrer noopener\">@charlotteghomeshi<\/a><\/p>\n<\/div><figure class=\"wp-block-media-text__media\"><img decoding=\"async\" width=\"1024\" height=\"677\" src=\"https:\/\/www.laval.ca\/wp-content\/uploads\/2024\/11\/Charlotte-Ghomeshi_credit-Monse-Muro-1024x677.png\" alt=\"Charlotte Ghomeshi\" class=\"wp-image-4227 size-full\" style=\"object-position:53% 64%\" srcset=\"https:\/\/www.laval.ca\/wp-content\/uploads\/2024\/11\/Charlotte-Ghomeshi_credit-Monse-Muro-1024x677.png 1024w, https:\/\/www.laval.ca\/wp-content\/uploads\/2024\/11\/Charlotte-Ghomeshi_credit-Monse-Muro-300x198.png 300w, https:\/\/www.laval.ca\/wp-content\/uploads\/2024\/11\/Charlotte-Ghomeshi_credit-Monse-Muro-768x508.png 768w, https:\/\/www.laval.ca\/wp-content\/uploads\/2024\/11\/Charlotte-Ghomeshi_credit-Monse-Muro.png 1519w\" sizes=\"(max-width: 1024px) 100vw, 1024px\" \/><\/figure><\/div>\n\n<figure data-wp-context=\"{&quot;imageId&quot;:&quot;69ee28c3e14c3&quot;}\" data-wp-interactive=\"core\/image\" data-wp-key=\"69ee28c3e14c3\" class=\"wp-block-image size-large wp-lightbox-container\"><img decoding=\"async\" width=\"1024\" height=\"819\" data-wp-class--hide=\"state.isContentHidden\" data-wp-class--show=\"state.isContentVisible\" data-wp-init=\"callbacks.setButtonStyles\" data-wp-on--click=\"actions.showLightbox\" data-wp-on--load=\"callbacks.setButtonStyles\" data-wp-on-window--resize=\"callbacks.setButtonStyles\" src=\"https:\/\/www.laval.ca\/wp-content\/uploads\/2024\/11\/Charlotte_01_low-quality-1024x819.jpeg\" alt=\"Chaque c&#x153;ur est d&#x2019;abord apprenti, 2022\" class=\"wp-image-4229\" srcset=\"https:\/\/www.laval.ca\/wp-content\/uploads\/2024\/11\/Charlotte_01_low-quality-1024x819.jpeg 1024w, https:\/\/www.laval.ca\/wp-content\/uploads\/2024\/11\/Charlotte_01_low-quality-300x240.jpeg 300w, https:\/\/www.laval.ca\/wp-content\/uploads\/2024\/11\/Charlotte_01_low-quality-768x614.jpeg 768w, https:\/\/www.laval.ca\/wp-content\/uploads\/2024\/11\/Charlotte_01_low-quality.jpeg 1080w\" sizes=\"(max-width: 1024px) 100vw, 1024px\" \/><button\n\t\t\tclass=\"lightbox-trigger\"\n\t\t\ttype=\"button\"\n\t\t\taria-haspopup=\"dialog\"\n\t\t\taria-label=\"Enlarge\"\n\t\t\tdata-wp-init=\"callbacks.initTriggerButton\"\n\t\t\tdata-wp-on--click=\"actions.showLightbox\"\n\t\t\tdata-wp-style--right=\"state.imageButtonRight\"\n\t\t\tdata-wp-style--top=\"state.imageButtonTop\"\n\t\t>\n\t\t\t<svg xmlns=\"http:\/\/www.w3.org\/2000\/svg\" width=\"12\" height=\"12\" fill=\"none\" viewBox=\"0 0 12 12\">\n\t\t\t\t<path fill=\"#fff\" d=\"M2 0a2 2 0 0 0-2 2v2h1.5V2a.5.5 0 0 1 .5-.5h2V0H2Zm2 10.5H2a.5.5 0 0 1-.5-.5V8H0v2a2 2 0 0 0 2 2h2v-1.5ZM8 12v-1.5h2a.5.5 0 0 0 .5-.5V8H12v2a2 2 0 0 1-2 2H8Zm2-12a2 2 0 0 1 2 2v2h-1.5V2a.5.5 0 0 0-.5-.5H8V0h2Z\" \/>\n\t\t\t<\/svg>\n\t\t<\/button><\/figure>\n\n<p><strong>Chaque c\u0153ur est d\u2019abord apprenti, 2022<\/strong><\/p>\n\n<p>Photographie, impression jet d\u2019encre sur papier Awagami<\/p>\n\n<hr class=\"wp-block-separator has-alpha-channel-opacity\"\/>\n\n<div class=\"wp-block-media-text has-media-on-the-right is-stacked-on-mobile is-image-fill-element\" style=\"grid-template-columns:auto 33%\"><div class=\"wp-block-media-text__content\">\n<h2 class=\"wp-block-heading\" id=\"jin\">Hua Jin<\/h2>\n\n\n\n<p>Hua a \u00e9tudi\u00e9 les arts visuels aux universit\u00e9s Emily-Carr et Concordia. Ses photographies s\u2019int\u00e9ressent aux cycles de la nature, aux changements imperceptibles et \u00e0 la lumi\u00e8re. Son approche m\u00e9ditative l\u2019a men\u00e9e \u00e0 cr\u00e9er un journal visuel, d\u2019o\u00f9 est tir\u00e9e \u00c9closion d\u2019Hibiscus. L\u2019objectif du journal \u00e9tait de capter la beaut\u00e9 de la nature pour ceux et celles qui n\u2019y avaient pas acc\u00e8s durant les confinements pand\u00e9miques. Cette photo immortalise le moment pr\u00e9c\u00e9dant l\u2019\u00e9closion compl\u00e8te de l\u2019hibiscus, quand les p\u00e9tales semi-ouverts se touchent encore. La beaut\u00e9 et la fragilit\u00e9 de la fleur sur le fond brumeux invitent \u00e0 la contemplation introspective.<\/p>\n\n\n\n<p><strong>Cliquez\u00a0sur les images pour les voir dans leur int\u00e9gralit\u00e9<br\/><\/strong><br\/><a href=\"http:\/\/huajinart.com\/\" target=\"_blank\" rel=\"noreferrer noopener\">Site Internet d&#8217;Hua Jin<\/a><\/p>\n<\/div><figure class=\"wp-block-media-text__media\"><img decoding=\"async\" width=\"1024\" height=\"1024\" src=\"https:\/\/www.laval.ca\/wp-content\/uploads\/2024\/11\/Hua-Jin_Credit_Jinyoung-Kim--e1737043435107-1024x1024.jpg\" alt=\"Hua Jin\" class=\"wp-image-4253 size-full\" style=\"object-position:50% 50%\" srcset=\"https:\/\/www.laval.ca\/wp-content\/uploads\/2024\/11\/Hua-Jin_Credit_Jinyoung-Kim--e1737043435107-1024x1024.jpg 1024w, https:\/\/www.laval.ca\/wp-content\/uploads\/2024\/11\/Hua-Jin_Credit_Jinyoung-Kim--e1737043435107-300x300.jpg 300w, https:\/\/www.laval.ca\/wp-content\/uploads\/2024\/11\/Hua-Jin_Credit_Jinyoung-Kim--e1737043435107-150x150.jpg 150w, https:\/\/www.laval.ca\/wp-content\/uploads\/2024\/11\/Hua-Jin_Credit_Jinyoung-Kim--e1737043435107-768x768.jpg 768w, https:\/\/www.laval.ca\/wp-content\/uploads\/2024\/11\/Hua-Jin_Credit_Jinyoung-Kim--e1737043435107-600x600.jpg 600w, https:\/\/www.laval.ca\/wp-content\/uploads\/2024\/11\/Hua-Jin_Credit_Jinyoung-Kim--e1737043435107.jpg 1500w\" sizes=\"(max-width: 1024px) 100vw, 1024px\" \/><\/figure><\/div>\n\n<figure data-wp-context=\"{&quot;imageId&quot;:&quot;69ee28c3e2217&quot;}\" data-wp-interactive=\"core\/image\" data-wp-key=\"69ee28c3e2217\" class=\"wp-block-image size-large wp-lightbox-container\"><img decoding=\"async\" width=\"683\" height=\"1024\" data-wp-class--hide=\"state.isContentHidden\" data-wp-class--show=\"state.isContentVisible\" data-wp-init=\"callbacks.setButtonStyles\" data-wp-on--click=\"actions.showLightbox\" data-wp-on--load=\"callbacks.setButtonStyles\" data-wp-on-window--resize=\"callbacks.setButtonStyles\" src=\"https:\/\/www.laval.ca\/wp-content\/uploads\/2024\/11\/HuaJin_BloomingHibiscus-683x1024.jpg\" alt=\"&#xC9;closion d&#x2019;Hibiscus [Blooming Hibiscus], 2020\" class=\"wp-image-4255\" style=\"aspect-ratio:3\/2;object-fit:cover\" srcset=\"https:\/\/www.laval.ca\/wp-content\/uploads\/2024\/11\/HuaJin_BloomingHibiscus-683x1024.jpg 683w, https:\/\/www.laval.ca\/wp-content\/uploads\/2024\/11\/HuaJin_BloomingHibiscus-200x300.jpg 200w, https:\/\/www.laval.ca\/wp-content\/uploads\/2024\/11\/HuaJin_BloomingHibiscus.jpg 720w\" sizes=\"(max-width: 683px) 100vw, 683px\" \/><button\n\t\t\tclass=\"lightbox-trigger\"\n\t\t\ttype=\"button\"\n\t\t\taria-haspopup=\"dialog\"\n\t\t\taria-label=\"Enlarge\"\n\t\t\tdata-wp-init=\"callbacks.initTriggerButton\"\n\t\t\tdata-wp-on--click=\"actions.showLightbox\"\n\t\t\tdata-wp-style--right=\"state.imageButtonRight\"\n\t\t\tdata-wp-style--top=\"state.imageButtonTop\"\n\t\t>\n\t\t\t<svg xmlns=\"http:\/\/www.w3.org\/2000\/svg\" width=\"12\" height=\"12\" fill=\"none\" viewBox=\"0 0 12 12\">\n\t\t\t\t<path fill=\"#fff\" d=\"M2 0a2 2 0 0 0-2 2v2h1.5V2a.5.5 0 0 1 .5-.5h2V0H2Zm2 10.5H2a.5.5 0 0 1-.5-.5V8H0v2a2 2 0 0 0 2 2h2v-1.5ZM8 12v-1.5h2a.5.5 0 0 0 .5-.5V8H12v2a2 2 0 0 1-2 2H8Zm2-12a2 2 0 0 1 2 2v2h-1.5V2a.5.5 0 0 0-.5-.5H8V0h2Z\" \/>\n\t\t\t<\/svg>\n\t\t<\/button><\/figure>\n\n<p><strong>\u00c9closion d\u2019Hibiscus [Blooming Hibiscus], 2020<\/strong><\/p>\n\n<p>Impression jet d&#8217;encre<\/p>\n\n<hr class=\"wp-block-separator has-alpha-channel-opacity\"\/>\n\n<div class=\"wp-block-media-text has-media-on-the-right is-stacked-on-mobile is-image-fill-element\" style=\"grid-template-columns:auto 33%\"><div class=\"wp-block-media-text__content\">\n<h2 class=\"wp-block-heading\" id=\"johnson\">Sarah Anne Johnson<\/h2>\n\n\n\n<p>Originaire de Winnipeg, Sarah est dipl\u00f4m\u00e9e en arts visuels des universit\u00e9s du Manitoba et de Yale. Dans sa s\u00e9rie Woodland, elle photographie les for\u00eats environnant sa maison au Manitoba, puis elle transforme ses images afin de rendre justice \u00e0 sa perception de la nature. Elle cr\u00e9e des univers oniriques en retravaillant ses photos, num\u00e9riquement et avec des ajouts d\u2019encre, de peinture, de pellicule m\u00e9tallique et d\u2019autres mat\u00e9riaux. Ses \u0153uvres font \u00e9cho aux nouvelles d\u00e9couvertes scientifiques sur les modes de communication des arbres entre eux, tout comme aux spiritualit\u00e9s autochtones li\u00e9es \u00e0 la nature<\/p>\n\n\n\n<p><strong>Cliquez\u00a0sur les images pour les voir dans leur int\u00e9gralit\u00e9<br\/><\/strong><br\/><a href=\"https:\/\/sarahannejohnson.ca\/\" target=\"_blank\" rel=\"noreferrer noopener\">Site Internet de Sarah Anne Johnson<\/a><br\/><a href=\"https:\/\/www.instagram.com\/misssarahannejohnson\/?hl=fr\" target=\"_blank\" rel=\"noreferrer noopener\">@sarahannejohnson<\/a><br\/><br\/>Remerciements aux\u00a0galeries Yossi Milo Gallery, Stephen Bulger Gallery, Blouin Division Gallery<\/p>\n<\/div><figure class=\"wp-block-media-text__media\"><img decoding=\"async\" width=\"1000\" height=\"667\" src=\"https:\/\/www.laval.ca\/wp-content\/uploads\/2024\/11\/Sarah-anne-johnson-in-studio1.jpg\" alt=\"Sarah Anne Johnson\" class=\"wp-image-4281 size-full\" style=\"object-position:21% 46%\" srcset=\"https:\/\/www.laval.ca\/wp-content\/uploads\/2024\/11\/Sarah-anne-johnson-in-studio1.jpg 1000w, https:\/\/www.laval.ca\/wp-content\/uploads\/2024\/11\/Sarah-anne-johnson-in-studio1-300x200.jpg 300w, https:\/\/www.laval.ca\/wp-content\/uploads\/2024\/11\/Sarah-anne-johnson-in-studio1-768x512.jpg 768w\" sizes=\"(max-width: 1000px) 100vw, 1000px\" \/><\/figure><\/div>\n\n<div class=\"wp-block-columns is-layout-flex wp-container-core-columns-is-layout-28f84493 wp-block-columns-is-layout-flex\">\n<div class=\"wp-block-column is-layout-flow wp-block-column-is-layout-flow\">\n<figure data-wp-context=\"{&quot;imageId&quot;:&quot;69ee28c3e2fb6&quot;}\" data-wp-interactive=\"core\/image\" data-wp-key=\"69ee28c3e2fb6\" class=\"wp-block-image size-full wp-lightbox-container\"><img decoding=\"async\" width=\"582\" height=\"864\" data-wp-class--hide=\"state.isContentHidden\" data-wp-class--show=\"state.isContentVisible\" data-wp-init=\"callbacks.setButtonStyles\" data-wp-on--click=\"actions.showLightbox\" data-wp-on--load=\"callbacks.setButtonStyles\" data-wp-on-window--resize=\"callbacks.setButtonStyles\" src=\"https:\/\/www.laval.ca\/wp-content\/uploads\/2024\/11\/SarahAnneJohnson_CTHMHY2.jpg\" alt=\"CTHMHY2, 2020\" class=\"wp-image-4277\" style=\"aspect-ratio:1;object-fit:cover\" srcset=\"https:\/\/www.laval.ca\/wp-content\/uploads\/2024\/11\/SarahAnneJohnson_CTHMHY2.jpg 582w, https:\/\/www.laval.ca\/wp-content\/uploads\/2024\/11\/SarahAnneJohnson_CTHMHY2-202x300.jpg 202w\" sizes=\"(max-width: 582px) 100vw, 582px\" \/><button\n\t\t\tclass=\"lightbox-trigger\"\n\t\t\ttype=\"button\"\n\t\t\taria-haspopup=\"dialog\"\n\t\t\taria-label=\"Enlarge\"\n\t\t\tdata-wp-init=\"callbacks.initTriggerButton\"\n\t\t\tdata-wp-on--click=\"actions.showLightbox\"\n\t\t\tdata-wp-style--right=\"state.imageButtonRight\"\n\t\t\tdata-wp-style--top=\"state.imageButtonTop\"\n\t\t>\n\t\t\t<svg xmlns=\"http:\/\/www.w3.org\/2000\/svg\" width=\"12\" height=\"12\" fill=\"none\" viewBox=\"0 0 12 12\">\n\t\t\t\t<path fill=\"#fff\" d=\"M2 0a2 2 0 0 0-2 2v2h1.5V2a.5.5 0 0 1 .5-.5h2V0H2Zm2 10.5H2a.5.5 0 0 1-.5-.5V8H0v2a2 2 0 0 0 2 2h2v-1.5ZM8 12v-1.5h2a.5.5 0 0 0 .5-.5V8H12v2a2 2 0 0 1-2 2H8Zm2-12a2 2 0 0 1 2 2v2h-1.5V2a.5.5 0 0 0-.5-.5H8V0h2Z\" \/>\n\t\t\t<\/svg>\n\t\t<\/button><\/figure>\n\n\n\n<p><strong>CTHMHY2, 2020<\/strong><\/p>\n\n\n\n<p>Impression jet d\u2019encre et peinture \u00e0 l\u2019huile<\/p>\n<\/div>\n\n\n\n<div class=\"wp-block-column is-layout-flow wp-block-column-is-layout-flow\">\n<figure data-wp-context=\"{&quot;imageId&quot;:&quot;69ee28c3e3b1f&quot;}\" data-wp-interactive=\"core\/image\" data-wp-key=\"69ee28c3e3b1f\" class=\"wp-block-image size-full wp-lightbox-container\"><img decoding=\"async\" width=\"720\" height=\"601\" data-wp-class--hide=\"state.isContentHidden\" data-wp-class--show=\"state.isContentVisible\" data-wp-init=\"callbacks.setButtonStyles\" data-wp-on--click=\"actions.showLightbox\" data-wp-on--load=\"callbacks.setButtonStyles\" data-wp-on-window--resize=\"callbacks.setButtonStyles\" src=\"https:\/\/www.laval.ca\/wp-content\/uploads\/2024\/11\/SarahAnneJohnson_MITCF.jpg\" alt=\"MITCF, 2020\" class=\"wp-image-4279\" style=\"aspect-ratio:1;object-fit:cover\" srcset=\"https:\/\/www.laval.ca\/wp-content\/uploads\/2024\/11\/SarahAnneJohnson_MITCF.jpg 720w, https:\/\/www.laval.ca\/wp-content\/uploads\/2024\/11\/SarahAnneJohnson_MITCF-300x250.jpg 300w\" sizes=\"(max-width: 720px) 100vw, 720px\" \/><button\n\t\t\tclass=\"lightbox-trigger\"\n\t\t\ttype=\"button\"\n\t\t\taria-haspopup=\"dialog\"\n\t\t\taria-label=\"Enlarge\"\n\t\t\tdata-wp-init=\"callbacks.initTriggerButton\"\n\t\t\tdata-wp-on--click=\"actions.showLightbox\"\n\t\t\tdata-wp-style--right=\"state.imageButtonRight\"\n\t\t\tdata-wp-style--top=\"state.imageButtonTop\"\n\t\t>\n\t\t\t<svg xmlns=\"http:\/\/www.w3.org\/2000\/svg\" width=\"12\" height=\"12\" fill=\"none\" viewBox=\"0 0 12 12\">\n\t\t\t\t<path fill=\"#fff\" d=\"M2 0a2 2 0 0 0-2 2v2h1.5V2a.5.5 0 0 1 .5-.5h2V0H2Zm2 10.5H2a.5.5 0 0 1-.5-.5V8H0v2a2 2 0 0 0 2 2h2v-1.5ZM8 12v-1.5h2a.5.5 0 0 0 .5-.5V8H12v2a2 2 0 0 1-2 2H8Zm2-12a2 2 0 0 1 2 2v2h-1.5V2a.5.5 0 0 0-.5-.5H8V0h2Z\" \/>\n\t\t\t<\/svg>\n\t\t<\/button><\/figure>\n\n\n\n<p><strong>MITCF, 2020<\/strong><\/p>\n\n\n\n<p>Impression jet d\u2019encre et acrylique<\/p>\n<\/div>\n<\/div>\n\n<figure data-wp-context=\"{&quot;imageId&quot;:&quot;69ee28c3e4cd5&quot;}\" data-wp-interactive=\"core\/image\" data-wp-key=\"69ee28c3e4cd5\" class=\"wp-block-image size-large wp-lightbox-container\"><img decoding=\"async\" width=\"1024\" height=\"680\" data-wp-class--hide=\"state.isContentHidden\" data-wp-class--show=\"state.isContentVisible\" data-wp-init=\"callbacks.setButtonStyles\" data-wp-on--click=\"actions.showLightbox\" data-wp-on--load=\"callbacks.setButtonStyles\" data-wp-on-window--resize=\"callbacks.setButtonStyles\" src=\"https:\/\/www.laval.ca\/wp-content\/uploads\/2024\/11\/SarahAnneJohnson_CPIP-1024x680.jpg\" alt=\"CPIP, 2020\" class=\"wp-image-4275\" srcset=\"https:\/\/www.laval.ca\/wp-content\/uploads\/2024\/11\/SarahAnneJohnson_CPIP-1024x680.jpg 1024w, https:\/\/www.laval.ca\/wp-content\/uploads\/2024\/11\/SarahAnneJohnson_CPIP-300x199.jpg 300w, https:\/\/www.laval.ca\/wp-content\/uploads\/2024\/11\/SarahAnneJohnson_CPIP-768x510.jpg 768w, https:\/\/www.laval.ca\/wp-content\/uploads\/2024\/11\/SarahAnneJohnson_CPIP.jpg 1084w\" sizes=\"(max-width: 1024px) 100vw, 1024px\" \/><button\n\t\t\tclass=\"lightbox-trigger\"\n\t\t\ttype=\"button\"\n\t\t\taria-haspopup=\"dialog\"\n\t\t\taria-label=\"Enlarge\"\n\t\t\tdata-wp-init=\"callbacks.initTriggerButton\"\n\t\t\tdata-wp-on--click=\"actions.showLightbox\"\n\t\t\tdata-wp-style--right=\"state.imageButtonRight\"\n\t\t\tdata-wp-style--top=\"state.imageButtonTop\"\n\t\t>\n\t\t\t<svg xmlns=\"http:\/\/www.w3.org\/2000\/svg\" width=\"12\" height=\"12\" fill=\"none\" viewBox=\"0 0 12 12\">\n\t\t\t\t<path fill=\"#fff\" d=\"M2 0a2 2 0 0 0-2 2v2h1.5V2a.5.5 0 0 1 .5-.5h2V0H2Zm2 10.5H2a.5.5 0 0 1-.5-.5V8H0v2a2 2 0 0 0 2 2h2v-1.5ZM8 12v-1.5h2a.5.5 0 0 0 .5-.5V8H12v2a2 2 0 0 1-2 2H8Zm2-12a2 2 0 0 1 2 2v2h-1.5V2a.5.5 0 0 0-.5-.5H8V0h2Z\" \/>\n\t\t\t<\/svg>\n\t\t<\/button><\/figure>\n\n<p><strong>CPIP, 2020<\/strong><\/p>\n\n<p>Impression jet d&#8217;encre et peinture acrylique<\/p>\n\n<hr class=\"wp-block-separator has-alpha-channel-opacity\"\/>\n\n<div class=\"wp-block-media-text has-media-on-the-right is-stacked-on-mobile is-image-fill-element\" style=\"grid-template-columns:auto 33%\"><div class=\"wp-block-media-text__content\">\n<h2 class=\"wp-block-heading\" id=\"lefort\">Alain Lefort<\/h2>\n\n\n\n<p>Photographe et aventurier, Alain a \u00e9tudi\u00e9 en arts visuels \u00e0 l\u2019Universit\u00e9 Concordia et \u00e0 l\u2019UQAM. Pour r\u00e9aliser ses photographies, il part \u00e0 la rencontre de la nature la plus \u00e9loign\u00e9e. C\u2019est au cours d\u2019un voyage d\u2019exploration de 3\u00a0semaines sur la c\u00f4te est de Terre-Neuve \u2013 entre Saint John\u2019s et l\u2019\u00eele Fogo \u2013 qu\u2019il a capt\u00e9 ce glacier depuis un bateau. Flottant face \u00e0 nous, seule dans l\u2019oc\u00e9an, cette \u00eele de glace immense et fragile invite \u00e0 la contemplation et \u00e0 la r\u00e9flexion sur les transformations actuelles de notre environnement.<\/p>\n\n\n\n<p><strong>Cliquez\u00a0sur les images pour les voir dans leur int\u00e9gralit\u00e9<br\/><\/strong><br\/><a href=\"https:\/\/alainlefortphoto.format.com\/\" target=\"_blank\" rel=\"noreferrer noopener\">Site Internet d&#8217;Alain Lefort<\/a><br\/><a href=\"https:\/\/www.instagram.com\/alainlefortphoto\/?hl=fr\" target=\"_blank\" rel=\"noreferrer noopener\">@alainlefort<\/a><\/p>\n<\/div><figure class=\"wp-block-media-text__media\"><img decoding=\"async\" width=\"1024\" height=\"1024\" src=\"https:\/\/www.laval.ca\/wp-content\/uploads\/2024\/11\/AlainLefort_CreditJeanSebastienVeilleux-e1737042746850-1024x1024.jpg\" alt=\"Alain Lefort\" class=\"wp-image-4291 size-full\" style=\"object-position:48% 6%\" srcset=\"https:\/\/www.laval.ca\/wp-content\/uploads\/2024\/11\/AlainLefort_CreditJeanSebastienVeilleux-e1737042746850-1024x1024.jpg 1024w, https:\/\/www.laval.ca\/wp-content\/uploads\/2024\/11\/AlainLefort_CreditJeanSebastienVeilleux-e1737042746850-300x300.jpg 300w, https:\/\/www.laval.ca\/wp-content\/uploads\/2024\/11\/AlainLefort_CreditJeanSebastienVeilleux-e1737042746850-150x150.jpg 150w, https:\/\/www.laval.ca\/wp-content\/uploads\/2024\/11\/AlainLefort_CreditJeanSebastienVeilleux-e1737042746850-768x768.jpg 768w, https:\/\/www.laval.ca\/wp-content\/uploads\/2024\/11\/AlainLefort_CreditJeanSebastienVeilleux-e1737042746850-1536x1536.jpg 1536w, https:\/\/www.laval.ca\/wp-content\/uploads\/2024\/11\/AlainLefort_CreditJeanSebastienVeilleux-e1737042746850-600x600.jpg 600w, https:\/\/www.laval.ca\/wp-content\/uploads\/2024\/11\/AlainLefort_CreditJeanSebastienVeilleux-e1737042746850.jpg 1600w\" sizes=\"(max-width: 1024px) 100vw, 1024px\" \/><\/figure><\/div>\n\n<figure data-wp-context=\"{&quot;imageId&quot;:&quot;69ee28c3e5ee6&quot;}\" data-wp-interactive=\"core\/image\" data-wp-key=\"69ee28c3e5ee6\" class=\"wp-block-image size-full wp-lightbox-container\"><img decoding=\"async\" width=\"648\" height=\"584\" data-wp-class--hide=\"state.isContentHidden\" data-wp-class--show=\"state.isContentVisible\" data-wp-init=\"callbacks.setButtonStyles\" data-wp-on--click=\"actions.showLightbox\" data-wp-on--load=\"callbacks.setButtonStyles\" data-wp-on-window--resize=\"callbacks.setButtonStyles\" src=\"https:\/\/www.laval.ca\/wp-content\/uploads\/2024\/11\/AlainLefort_Eidolon3.jpg\" alt=\"Eidolon n&#xB0;3, 2006\" class=\"wp-image-4209\" srcset=\"https:\/\/www.laval.ca\/wp-content\/uploads\/2024\/11\/AlainLefort_Eidolon3.jpg 648w, https:\/\/www.laval.ca\/wp-content\/uploads\/2024\/11\/AlainLefort_Eidolon3-300x270.jpg 300w\" sizes=\"(max-width: 648px) 100vw, 648px\" \/><button\n\t\t\tclass=\"lightbox-trigger\"\n\t\t\ttype=\"button\"\n\t\t\taria-haspopup=\"dialog\"\n\t\t\taria-label=\"Enlarge\"\n\t\t\tdata-wp-init=\"callbacks.initTriggerButton\"\n\t\t\tdata-wp-on--click=\"actions.showLightbox\"\n\t\t\tdata-wp-style--right=\"state.imageButtonRight\"\n\t\t\tdata-wp-style--top=\"state.imageButtonTop\"\n\t\t>\n\t\t\t<svg xmlns=\"http:\/\/www.w3.org\/2000\/svg\" width=\"12\" height=\"12\" fill=\"none\" viewBox=\"0 0 12 12\">\n\t\t\t\t<path fill=\"#fff\" d=\"M2 0a2 2 0 0 0-2 2v2h1.5V2a.5.5 0 0 1 .5-.5h2V0H2Zm2 10.5H2a.5.5 0 0 1-.5-.5V8H0v2a2 2 0 0 0 2 2h2v-1.5ZM8 12v-1.5h2a.5.5 0 0 0 .5-.5V8H12v2a2 2 0 0 1-2 2H8Zm2-12a2 2 0 0 1 2 2v2h-1.5V2a.5.5 0 0 0-.5-.5H8V0h2Z\" \/>\n\t\t\t<\/svg>\n\t\t<\/button><\/figure>\n\n<p><strong>Eidolon n\u00b03, 2006<\/strong><\/p>\n\n<p>\u00c9preuve au jet d&#8217;encre<\/p>\n\n<hr class=\"wp-block-separator has-alpha-channel-opacity\"\/>\n\n<div class=\"wp-block-media-text has-media-on-the-right is-stacked-on-mobile is-image-fill-element\" style=\"grid-template-columns:auto 33%\"><div class=\"wp-block-media-text__content\">\n<h2 class=\"wp-block-heading\" id=\"melancon\">Katherine Melan\u00e7on<\/h2>\n\n\n\n<p>Katherine a \u00e9tudi\u00e9 les m\u00e9dias interactifs \u00e0 l\u2019UQAM et les arts visuels au Central Saint Martins de Londres. Adoptant le regard d\u2019une exploratrice, elle s\u2019int\u00e9resse aux cycles de vie des v\u00e9g\u00e9taux. Elle collecte des plantes et des fleurs en bordure de rivi\u00e8res et d\u2019\u00e9tangs puis capte leur image dans le noir \u00e0 l\u2019aide d\u2019un num\u00e9riseur, appareil habituellement utilis\u00e9 pour cr\u00e9er une copie num\u00e9rique d\u2019un document papier. Ces images sont ensuite assembl\u00e9es \u00e0 l\u2019aide d\u2019un logiciel\u00a0comme s\u2019il s\u2019agissait d\u2019un collage,\u00a0sans \u00eatre retravaill\u00e9es num\u00e9riquement. Elles s\u2019inspirent des tableaux de nature morte qui \u00e9voquent la beaut\u00e9 et l\u2019\u00e9ph\u00e9m\u00e9rit\u00e9 de la vie.<\/p>\n\n\n\n<p><strong>\u00a0Cliquez\u00a0sur les images pour les voir dans leur int\u00e9gralit\u00e9<\/strong><\/p>\n\n\n\n<p><a href=\"https:\/\/katherinemelancon.com\/\" target=\"_blank\" rel=\"noreferrer noopener\">Site Internet de\u00a0Katherine Melan\u00e7on<\/a><br\/><a href=\"https:\/\/www.instagram.com\/katherinemelancon.art\/\" target=\"_blank\" rel=\"noreferrer noopener\">@katherinemelancon<\/a><\/p>\n\n\n\n<p>Remerciement \u00e0 la\u00a0galerie Patel Brown<\/p>\n<\/div><figure class=\"wp-block-media-text__media\"><img decoding=\"async\" width=\"1024\" height=\"1024\" src=\"https:\/\/www.laval.ca\/wp-content\/uploads\/2024\/11\/MelanconKatherine_CreditPhotoDocumentOriginal-e1737042691705-1024x1024.jpg\" alt=\"Katherine Melan\u00e7on\" class=\"wp-image-4267 size-full\" style=\"object-position:50% 50%\" srcset=\"https:\/\/www.laval.ca\/wp-content\/uploads\/2024\/11\/MelanconKatherine_CreditPhotoDocumentOriginal-e1737042691705-1024x1024.jpg 1024w, https:\/\/www.laval.ca\/wp-content\/uploads\/2024\/11\/MelanconKatherine_CreditPhotoDocumentOriginal-e1737042691705-300x300.jpg 300w, https:\/\/www.laval.ca\/wp-content\/uploads\/2024\/11\/MelanconKatherine_CreditPhotoDocumentOriginal-e1737042691705-150x150.jpg 150w, https:\/\/www.laval.ca\/wp-content\/uploads\/2024\/11\/MelanconKatherine_CreditPhotoDocumentOriginal-e1737042691705-768x768.jpg 768w, https:\/\/www.laval.ca\/wp-content\/uploads\/2024\/11\/MelanconKatherine_CreditPhotoDocumentOriginal-e1737042691705-600x600.jpg 600w, https:\/\/www.laval.ca\/wp-content\/uploads\/2024\/11\/MelanconKatherine_CreditPhotoDocumentOriginal-e1737042691705.jpg 1067w\" sizes=\"(max-width: 1024px) 100vw, 1024px\" \/><\/figure><\/div>\n\n<div class=\"wp-block-columns is-layout-flex wp-container-core-columns-is-layout-28f84493 wp-block-columns-is-layout-flex\">\n<div class=\"wp-block-column is-layout-flow wp-block-column-is-layout-flow\">\n<figure data-wp-context=\"{&quot;imageId&quot;:&quot;69ee28c3e7360&quot;}\" data-wp-interactive=\"core\/image\" data-wp-key=\"69ee28c3e7360\" class=\"wp-block-image size-full wp-lightbox-container\"><img decoding=\"async\" width=\"829\" height=\"564\" data-wp-class--hide=\"state.isContentHidden\" data-wp-class--show=\"state.isContentVisible\" data-wp-init=\"callbacks.setButtonStyles\" data-wp-on--click=\"actions.showLightbox\" data-wp-on--load=\"callbacks.setButtonStyles\" data-wp-on-window--resize=\"callbacks.setButtonStyles\" src=\"https:\/\/www.laval.ca\/wp-content\/uploads\/2024\/11\/Melancon_Katherine_1_Nature-morte-Riviere-des-Prairies1_GPatel.png\" alt=\"Nature morte &#x2013; Rivi&#xE8;re-des-Prairies 1, 2019\" class=\"wp-image-4263\" style=\"aspect-ratio:1;object-fit:cover\" srcset=\"https:\/\/www.laval.ca\/wp-content\/uploads\/2024\/11\/Melancon_Katherine_1_Nature-morte-Riviere-des-Prairies1_GPatel.png 829w, https:\/\/www.laval.ca\/wp-content\/uploads\/2024\/11\/Melancon_Katherine_1_Nature-morte-Riviere-des-Prairies1_GPatel-300x204.png 300w, https:\/\/www.laval.ca\/wp-content\/uploads\/2024\/11\/Melancon_Katherine_1_Nature-morte-Riviere-des-Prairies1_GPatel-768x522.png 768w\" sizes=\"(max-width: 829px) 100vw, 829px\" \/><button\n\t\t\tclass=\"lightbox-trigger\"\n\t\t\ttype=\"button\"\n\t\t\taria-haspopup=\"dialog\"\n\t\t\taria-label=\"Enlarge\"\n\t\t\tdata-wp-init=\"callbacks.initTriggerButton\"\n\t\t\tdata-wp-on--click=\"actions.showLightbox\"\n\t\t\tdata-wp-style--right=\"state.imageButtonRight\"\n\t\t\tdata-wp-style--top=\"state.imageButtonTop\"\n\t\t>\n\t\t\t<svg xmlns=\"http:\/\/www.w3.org\/2000\/svg\" width=\"12\" height=\"12\" fill=\"none\" viewBox=\"0 0 12 12\">\n\t\t\t\t<path fill=\"#fff\" d=\"M2 0a2 2 0 0 0-2 2v2h1.5V2a.5.5 0 0 1 .5-.5h2V0H2Zm2 10.5H2a.5.5 0 0 1-.5-.5V8H0v2a2 2 0 0 0 2 2h2v-1.5ZM8 12v-1.5h2a.5.5 0 0 0 .5-.5V8H12v2a2 2 0 0 1-2 2H8Zm2-12a2 2 0 0 1 2 2v2h-1.5V2a.5.5 0 0 0-.5-.5H8V0h2Z\" \/>\n\t\t\t<\/svg>\n\t\t<\/button><\/figure>\n\n\n\n<p><strong>Nature morte \u2013 Rivi\u00e8re-des-Prairies 1, 2019<\/strong><\/p>\n\n\n\n<p>Scanographie performative \u2013 impression jet d\u2019encre<\/p>\n<\/div>\n\n\n\n<div class=\"wp-block-column is-layout-flow wp-block-column-is-layout-flow\">\n<figure data-wp-context=\"{&quot;imageId&quot;:&quot;69ee28c3e86d8&quot;}\" data-wp-interactive=\"core\/image\" data-wp-key=\"69ee28c3e86d8\" class=\"wp-block-image size-large wp-lightbox-container\"><img decoding=\"async\" width=\"1024\" height=\"696\" data-wp-class--hide=\"state.isContentHidden\" data-wp-class--show=\"state.isContentVisible\" data-wp-init=\"callbacks.setButtonStyles\" data-wp-on--click=\"actions.showLightbox\" data-wp-on--load=\"callbacks.setButtonStyles\" data-wp-on-window--resize=\"callbacks.setButtonStyles\" src=\"https:\/\/www.laval.ca\/wp-content\/uploads\/2024\/11\/Melancon_Katherine_2_Nature-morte-St-Bruno-2_GPatel-1024x696.png\" alt=\"Nature morte &#x2013; St-Bruno 2, 2020 \" class=\"wp-image-4265\" style=\"aspect-ratio:1;object-fit:cover\" srcset=\"https:\/\/www.laval.ca\/wp-content\/uploads\/2024\/11\/Melancon_Katherine_2_Nature-morte-St-Bruno-2_GPatel-1024x696.png 1024w, https:\/\/www.laval.ca\/wp-content\/uploads\/2024\/11\/Melancon_Katherine_2_Nature-morte-St-Bruno-2_GPatel-300x204.png 300w, https:\/\/www.laval.ca\/wp-content\/uploads\/2024\/11\/Melancon_Katherine_2_Nature-morte-St-Bruno-2_GPatel-768x522.png 768w, https:\/\/www.laval.ca\/wp-content\/uploads\/2024\/11\/Melancon_Katherine_2_Nature-morte-St-Bruno-2_GPatel.png 1063w\" sizes=\"(max-width: 1024px) 100vw, 1024px\" \/><button\n\t\t\tclass=\"lightbox-trigger\"\n\t\t\ttype=\"button\"\n\t\t\taria-haspopup=\"dialog\"\n\t\t\taria-label=\"Enlarge\"\n\t\t\tdata-wp-init=\"callbacks.initTriggerButton\"\n\t\t\tdata-wp-on--click=\"actions.showLightbox\"\n\t\t\tdata-wp-style--right=\"state.imageButtonRight\"\n\t\t\tdata-wp-style--top=\"state.imageButtonTop\"\n\t\t>\n\t\t\t<svg xmlns=\"http:\/\/www.w3.org\/2000\/svg\" width=\"12\" height=\"12\" fill=\"none\" viewBox=\"0 0 12 12\">\n\t\t\t\t<path fill=\"#fff\" d=\"M2 0a2 2 0 0 0-2 2v2h1.5V2a.5.5 0 0 1 .5-.5h2V0H2Zm2 10.5H2a.5.5 0 0 1-.5-.5V8H0v2a2 2 0 0 0 2 2h2v-1.5ZM8 12v-1.5h2a.5.5 0 0 0 .5-.5V8H12v2a2 2 0 0 1-2 2H8Zm2-12a2 2 0 0 1 2 2v2h-1.5V2a.5.5 0 0 0-.5-.5H8V0h2Z\" \/>\n\t\t\t<\/svg>\n\t\t<\/button><\/figure>\n\n\n\n<p><strong>Nature morte \u2013 St-Bruno 2, 2020<\/strong>\u00a0<\/p>\n\n\n\n<p>Scanographie performative \u2013 impression jet d\u2019encre<\/p>\n<\/div>\n<\/div>\n\n<hr class=\"wp-block-separator has-alpha-channel-opacity\"\/>\n\n<div class=\"wp-block-media-text has-media-on-the-right is-stacked-on-mobile is-image-fill-element\" style=\"grid-template-columns:auto 33%\"><div class=\"wp-block-media-text__content\">\n<h2 class=\"wp-block-heading\" id=\"pouliot\">Jean-Benoit Pouliot<\/h2>\n\n\n\n<p>Jean-Benoit d\u00e9veloppe son travail artistique depuis le d\u00e9but des ann\u00e9es 2000. Il r\u00e9alise de petits tableaux abstraits qu\u2019il met en sc\u00e8ne hors de son atelier. Sa s\u00e9rie Un monde qui se retourne est constitu\u00e9e de photographies de ces associations qu\u2019il retravaille ensuite de fa\u00e7on num\u00e9rique. Dans Brousaille, on voit un tableau \u00e0 demi reconnaissable dans un environnement naturel : les traits du tableau se confondent avec les branches tout autour. Dans Plan int\u00e9rieur, l\u2019artiste tord l\u2019image de son tableau et la place en cohabitation avec une plante d\u2019int\u00e9rieur. Avec ses photographies, l\u2019artiste cr\u00e9e des paysages \u00e9nigmatiques et abstraits qui invitent \u00e0 la contemplation.<\/p>\n\n\n\n<p><strong>\u00a0Cliquez\u00a0sur les images pour les voir dans leur int\u00e9gralit\u00e9<\/strong><\/p>\n\n\n\n<p><a href=\"https:\/\/www.instagram.com\/jbpouliot\/\" target=\"_blank\" rel=\"noreferrer noopener\">@jbpouliot<\/a><\/p>\n\n\n\n<p>Remerciement galerie Hugues Charbonneau<\/p>\n<\/div><figure class=\"wp-block-media-text__media\"><img decoding=\"async\" width=\"1024\" height=\"1024\" src=\"https:\/\/www.laval.ca\/wp-content\/uploads\/2024\/11\/Jean-Benoit-Pouliot-e1737042577168-1024x1024.jpg\" alt=\"Jean-Benoit Pouliot\" class=\"wp-image-4261 size-full\" style=\"object-position:57% 0%\" srcset=\"https:\/\/www.laval.ca\/wp-content\/uploads\/2024\/11\/Jean-Benoit-Pouliot-e1737042577168-1024x1024.jpg 1024w, https:\/\/www.laval.ca\/wp-content\/uploads\/2024\/11\/Jean-Benoit-Pouliot-e1737042577168-300x300.jpg 300w, https:\/\/www.laval.ca\/wp-content\/uploads\/2024\/11\/Jean-Benoit-Pouliot-e1737042577168-150x150.jpg 150w, https:\/\/www.laval.ca\/wp-content\/uploads\/2024\/11\/Jean-Benoit-Pouliot-e1737042577168-768x769.jpg 768w, https:\/\/www.laval.ca\/wp-content\/uploads\/2024\/11\/Jean-Benoit-Pouliot-e1737042577168-600x600.jpg 600w, https:\/\/www.laval.ca\/wp-content\/uploads\/2024\/11\/Jean-Benoit-Pouliot-e1737042577168.jpg 1449w\" sizes=\"(max-width: 1024px) 100vw, 1024px\" \/><\/figure><\/div>\n\n<div class=\"wp-block-columns is-layout-flex wp-container-core-columns-is-layout-28f84493 wp-block-columns-is-layout-flex\">\n<div class=\"wp-block-column is-layout-flow wp-block-column-is-layout-flow\">\n<figure data-wp-context=\"{&quot;imageId&quot;:&quot;69ee28c3ea2e4&quot;}\" data-wp-interactive=\"core\/image\" data-wp-key=\"69ee28c3ea2e4\" class=\"wp-block-image size-large wp-lightbox-container\"><img decoding=\"async\" width=\"683\" height=\"1024\" data-wp-class--hide=\"state.isContentHidden\" data-wp-class--show=\"state.isContentVisible\" data-wp-init=\"callbacks.setButtonStyles\" data-wp-on--click=\"actions.showLightbox\" data-wp-on--load=\"callbacks.setButtonStyles\" data-wp-on-window--resize=\"callbacks.setButtonStyles\" src=\"https:\/\/www.laval.ca\/wp-content\/uploads\/2024\/11\/Jean-Benoit-Pouliot-Plan-interieur-683x1024.jpg\" alt=\"Plan d'int&#xE9;rieur, 2021\" class=\"wp-image-4259\" style=\"aspect-ratio:1;object-fit:cover\" srcset=\"https:\/\/www.laval.ca\/wp-content\/uploads\/2024\/11\/Jean-Benoit-Pouliot-Plan-interieur-683x1024.jpg 683w, https:\/\/www.laval.ca\/wp-content\/uploads\/2024\/11\/Jean-Benoit-Pouliot-Plan-interieur-200x300.jpg 200w, https:\/\/www.laval.ca\/wp-content\/uploads\/2024\/11\/Jean-Benoit-Pouliot-Plan-interieur-768x1151.jpg 768w, https:\/\/www.laval.ca\/wp-content\/uploads\/2024\/11\/Jean-Benoit-Pouliot-Plan-interieur.jpg 934w\" sizes=\"(max-width: 683px) 100vw, 683px\" \/><button\n\t\t\tclass=\"lightbox-trigger\"\n\t\t\ttype=\"button\"\n\t\t\taria-haspopup=\"dialog\"\n\t\t\taria-label=\"Enlarge\"\n\t\t\tdata-wp-init=\"callbacks.initTriggerButton\"\n\t\t\tdata-wp-on--click=\"actions.showLightbox\"\n\t\t\tdata-wp-style--right=\"state.imageButtonRight\"\n\t\t\tdata-wp-style--top=\"state.imageButtonTop\"\n\t\t>\n\t\t\t<svg xmlns=\"http:\/\/www.w3.org\/2000\/svg\" width=\"12\" height=\"12\" fill=\"none\" viewBox=\"0 0 12 12\">\n\t\t\t\t<path fill=\"#fff\" d=\"M2 0a2 2 0 0 0-2 2v2h1.5V2a.5.5 0 0 1 .5-.5h2V0H2Zm2 10.5H2a.5.5 0 0 1-.5-.5V8H0v2a2 2 0 0 0 2 2h2v-1.5ZM8 12v-1.5h2a.5.5 0 0 0 .5-.5V8H12v2a2 2 0 0 1-2 2H8Zm2-12a2 2 0 0 1 2 2v2h-1.5V2a.5.5 0 0 0-.5-.5H8V0h2Z\" \/>\n\t\t\t<\/svg>\n\t\t<\/button><\/figure>\n\n\n\n<p><strong>Plan d&#8217;int\u00e9rieur, 2021<\/strong><\/p>\n\n\n\n<p>Impression num\u00e9rique sur panneau composite aluminium (dibond)<\/p>\n<\/div>\n\n\n\n<div class=\"wp-block-column is-layout-flow wp-block-column-is-layout-flow\">\n<figure data-wp-context=\"{&quot;imageId&quot;:&quot;69ee28c3ebe04&quot;}\" data-wp-interactive=\"core\/image\" data-wp-key=\"69ee28c3ebe04\" class=\"wp-block-image size-large wp-lightbox-container\"><img decoding=\"async\" width=\"768\" height=\"1024\" data-wp-class--hide=\"state.isContentHidden\" data-wp-class--show=\"state.isContentVisible\" data-wp-init=\"callbacks.setButtonStyles\" data-wp-on--click=\"actions.showLightbox\" data-wp-on--load=\"callbacks.setButtonStyles\" data-wp-on-window--resize=\"callbacks.setButtonStyles\" src=\"https:\/\/www.laval.ca\/wp-content\/uploads\/2024\/11\/Jean-Benoit-Pouliot-Broussaille-768x1024.jpg\" alt=\"Broussaille, 2020\" class=\"wp-image-4257\" style=\"aspect-ratio:1;object-fit:cover\" srcset=\"https:\/\/www.laval.ca\/wp-content\/uploads\/2024\/11\/Jean-Benoit-Pouliot-Broussaille-768x1024.jpg 768w, https:\/\/www.laval.ca\/wp-content\/uploads\/2024\/11\/Jean-Benoit-Pouliot-Broussaille-225x300.jpg 225w, https:\/\/www.laval.ca\/wp-content\/uploads\/2024\/11\/Jean-Benoit-Pouliot-Broussaille.jpg 1050w\" sizes=\"(max-width: 768px) 100vw, 768px\" \/><button\n\t\t\tclass=\"lightbox-trigger\"\n\t\t\ttype=\"button\"\n\t\t\taria-haspopup=\"dialog\"\n\t\t\taria-label=\"Enlarge\"\n\t\t\tdata-wp-init=\"callbacks.initTriggerButton\"\n\t\t\tdata-wp-on--click=\"actions.showLightbox\"\n\t\t\tdata-wp-style--right=\"state.imageButtonRight\"\n\t\t\tdata-wp-style--top=\"state.imageButtonTop\"\n\t\t>\n\t\t\t<svg xmlns=\"http:\/\/www.w3.org\/2000\/svg\" width=\"12\" height=\"12\" fill=\"none\" viewBox=\"0 0 12 12\">\n\t\t\t\t<path fill=\"#fff\" d=\"M2 0a2 2 0 0 0-2 2v2h1.5V2a.5.5 0 0 1 .5-.5h2V0H2Zm2 10.5H2a.5.5 0 0 1-.5-.5V8H0v2a2 2 0 0 0 2 2h2v-1.5ZM8 12v-1.5h2a.5.5 0 0 0 .5-.5V8H12v2a2 2 0 0 1-2 2H8Zm2-12a2 2 0 0 1 2 2v2h-1.5V2a.5.5 0 0 0-.5-.5H8V0h2Z\" \/>\n\t\t\t<\/svg>\n\t\t<\/button><\/figure>\n\n\n\n<p><strong>Broussaille,\u00a02020<\/strong><\/p>\n\n\n\n<p>Impression num\u00e9rique sur panneau composite aluminium (dibond)<\/p>\n<\/div>\n<\/div>\n\n<hr class=\"wp-block-separator has-alpha-channel-opacity\"\/>\n\n<div class=\"wp-block-media-text has-media-on-the-right is-stacked-on-mobile is-image-fill-element\" style=\"grid-template-columns:auto 33%\"><div class=\"wp-block-media-text__content\">\n<h2 class=\"wp-block-heading\" id=\"szabo\">Christopher Varady-Szabo<\/h2>\n\n\n\n<p>Originaire de Sydney en Australie, Christopher habite Gasp\u00e9. Il a bri\u00e8vement \u00e9tudi\u00e9 l\u2019architecture, pour ensuite se r\u00e9orienter en arts visuels \u00e0 l\u2019UQAM et \u00e0 l\u2019Universit\u00e9 d\u2019Ottawa. L\u2019artiste construit ses \u0153uvres d\u2019art \u00e0 partir de mat\u00e9riaux naturels tels que de la terre, des branches et de la paille. Il les assemble ensuite manuellement \u00e0 l\u2019aide de techniques de construction traditionnelles et \u00e9cologiques, afin de cr\u00e9er des structures appartenant tout autant \u00e0 l\u2019architecture qu\u2019\u00e0 la sculpture. Ici, il nous convie \u00e0 imaginer de fa\u00e7on po\u00e9tique et ludique l\u2019usage de ces \u00ab v\u00e9hicules-paysages \u00bb tout droit sortis d\u2019une civilisation imaginaire.<\/p>\n\n\n\n<p><strong>\u00a0Cliquez\u00a0sur les images pour les voir dans leur int\u00e9gralit\u00e9<\/strong><\/p>\n\n\n\n<p><a href=\"http:\/\/christophervarady-szabo.com\/\" target=\"_blank\" rel=\"noreferrer noopener\">Site Internet de Christopher Varady-Szabo<\/a><\/p>\n<\/div><figure class=\"wp-block-media-text__media\"><img decoding=\"async\" width=\"894\" height=\"1024\" src=\"https:\/\/www.laval.ca\/wp-content\/uploads\/2024\/11\/ChristopherVarady-Szabo-894x1024.jpg\" alt=\"Christopher Varady-Szabo\" class=\"wp-image-4237 size-full\" style=\"object-position:53% 62%\" srcset=\"https:\/\/www.laval.ca\/wp-content\/uploads\/2024\/11\/ChristopherVarady-Szabo-894x1024.jpg 894w, https:\/\/www.laval.ca\/wp-content\/uploads\/2024\/11\/ChristopherVarady-Szabo-262x300.jpg 262w, https:\/\/www.laval.ca\/wp-content\/uploads\/2024\/11\/ChristopherVarady-Szabo-768x879.jpg 768w, https:\/\/www.laval.ca\/wp-content\/uploads\/2024\/11\/ChristopherVarady-Szabo-1342x1536.jpg 1342w, https:\/\/www.laval.ca\/wp-content\/uploads\/2024\/11\/ChristopherVarady-Szabo.jpg 1677w\" sizes=\"(max-width: 894px) 100vw, 894px\" \/><\/figure><\/div>\n\n<div class=\"wp-block-columns is-layout-flex wp-container-core-columns-is-layout-28f84493 wp-block-columns-is-layout-flex\">\n<div class=\"wp-block-column is-layout-flow wp-block-column-is-layout-flow\">\n<figure data-wp-context=\"{&quot;imageId&quot;:&quot;69ee28c3ed4db&quot;}\" data-wp-interactive=\"core\/image\" data-wp-key=\"69ee28c3ed4db\" class=\"wp-block-image size-large wp-lightbox-container\"><img decoding=\"async\" width=\"1024\" height=\"683\" data-wp-class--hide=\"state.isContentHidden\" data-wp-class--show=\"state.isContentVisible\" data-wp-init=\"callbacks.setButtonStyles\" data-wp-on--click=\"actions.showLightbox\" data-wp-on--load=\"callbacks.setButtonStyles\" data-wp-on-window--resize=\"callbacks.setButtonStyles\" src=\"https:\/\/www.laval.ca\/wp-content\/uploads\/2024\/11\/ChristopherVaradySzabo_Lappat-1024x683.jpg\" alt=\"L&#x2019;app&#xE2;t\" class=\"wp-image-4239\" style=\"aspect-ratio:1;object-fit:cover\" srcset=\"https:\/\/www.laval.ca\/wp-content\/uploads\/2024\/11\/ChristopherVaradySzabo_Lappat-1024x683.jpg 1024w, https:\/\/www.laval.ca\/wp-content\/uploads\/2024\/11\/ChristopherVaradySzabo_Lappat-300x200.jpg 300w, https:\/\/www.laval.ca\/wp-content\/uploads\/2024\/11\/ChristopherVaradySzabo_Lappat-768x512.jpg 768w, https:\/\/www.laval.ca\/wp-content\/uploads\/2024\/11\/ChristopherVaradySzabo_Lappat.jpg 1080w\" sizes=\"(max-width: 1024px) 100vw, 1024px\" \/><button\n\t\t\tclass=\"lightbox-trigger\"\n\t\t\ttype=\"button\"\n\t\t\taria-haspopup=\"dialog\"\n\t\t\taria-label=\"Enlarge\"\n\t\t\tdata-wp-init=\"callbacks.initTriggerButton\"\n\t\t\tdata-wp-on--click=\"actions.showLightbox\"\n\t\t\tdata-wp-style--right=\"state.imageButtonRight\"\n\t\t\tdata-wp-style--top=\"state.imageButtonTop\"\n\t\t>\n\t\t\t<svg xmlns=\"http:\/\/www.w3.org\/2000\/svg\" width=\"12\" height=\"12\" fill=\"none\" viewBox=\"0 0 12 12\">\n\t\t\t\t<path fill=\"#fff\" d=\"M2 0a2 2 0 0 0-2 2v2h1.5V2a.5.5 0 0 1 .5-.5h2V0H2Zm2 10.5H2a.5.5 0 0 1-.5-.5V8H0v2a2 2 0 0 0 2 2h2v-1.5ZM8 12v-1.5h2a.5.5 0 0 0 .5-.5V8H12v2a2 2 0 0 1-2 2H8Zm2-12a2 2 0 0 1 2 2v2h-1.5V2a.5.5 0 0 0-.5-.5H8V0h2Z\" \/>\n\t\t\t<\/svg>\n\t\t<\/button><\/figure>\n<\/div>\n\n\n\n<div class=\"wp-block-column is-layout-flow wp-block-column-is-layout-flow\">\n<figure data-wp-context=\"{&quot;imageId&quot;:&quot;69ee28c3ee353&quot;}\" data-wp-interactive=\"core\/image\" data-wp-key=\"69ee28c3ee353\" class=\"wp-block-image size-large wp-lightbox-container\"><img decoding=\"async\" width=\"683\" height=\"1024\" data-wp-class--hide=\"state.isContentHidden\" data-wp-class--show=\"state.isContentVisible\" data-wp-init=\"callbacks.setButtonStyles\" data-wp-on--click=\"actions.showLightbox\" data-wp-on--load=\"callbacks.setButtonStyles\" data-wp-on-window--resize=\"callbacks.setButtonStyles\" src=\"https:\/\/www.laval.ca\/wp-content\/uploads\/2024\/11\/ChristopherVaradySzabo_Lappat_2-683x1024.jpg\" alt=\"L&#x2019;app&#xE2;t\" class=\"wp-image-4241\" style=\"aspect-ratio:1;object-fit:cover\" srcset=\"https:\/\/www.laval.ca\/wp-content\/uploads\/2024\/11\/ChristopherVaradySzabo_Lappat_2-683x1024.jpg 683w, https:\/\/www.laval.ca\/wp-content\/uploads\/2024\/11\/ChristopherVaradySzabo_Lappat_2-200x300.jpg 200w, https:\/\/www.laval.ca\/wp-content\/uploads\/2024\/11\/ChristopherVaradySzabo_Lappat_2.jpg 720w\" sizes=\"(max-width: 683px) 100vw, 683px\" \/><button\n\t\t\tclass=\"lightbox-trigger\"\n\t\t\ttype=\"button\"\n\t\t\taria-haspopup=\"dialog\"\n\t\t\taria-label=\"Enlarge\"\n\t\t\tdata-wp-init=\"callbacks.initTriggerButton\"\n\t\t\tdata-wp-on--click=\"actions.showLightbox\"\n\t\t\tdata-wp-style--right=\"state.imageButtonRight\"\n\t\t\tdata-wp-style--top=\"state.imageButtonTop\"\n\t\t>\n\t\t\t<svg xmlns=\"http:\/\/www.w3.org\/2000\/svg\" width=\"12\" height=\"12\" fill=\"none\" viewBox=\"0 0 12 12\">\n\t\t\t\t<path fill=\"#fff\" d=\"M2 0a2 2 0 0 0-2 2v2h1.5V2a.5.5 0 0 1 .5-.5h2V0H2Zm2 10.5H2a.5.5 0 0 1-.5-.5V8H0v2a2 2 0 0 0 2 2h2v-1.5ZM8 12v-1.5h2a.5.5 0 0 0 .5-.5V8H12v2a2 2 0 0 1-2 2H8Zm2-12a2 2 0 0 1 2 2v2h-1.5V2a.5.5 0 0 0-.5-.5H8V0h2Z\" \/>\n\t\t\t<\/svg>\n\t\t<\/button><\/figure>\n<\/div>\n<\/div>\n\n<p><strong>L\u2019app\u00e2t, 2021<\/strong><\/p>\n\n<p>Terre, phragmites, corde, bois, paille, quincaillerie diverse<br\/>Photo : \u00a9 Pilar Marcias<\/p>\n\n<figure data-wp-context=\"{&quot;imageId&quot;:&quot;69ee28c3ef634&quot;}\" data-wp-interactive=\"core\/image\" data-wp-key=\"69ee28c3ef634\" class=\"wp-block-image size-full wp-lightbox-container\"><img decoding=\"async\" width=\"929\" height=\"622\" data-wp-class--hide=\"state.isContentHidden\" data-wp-class--show=\"state.isContentVisible\" data-wp-init=\"callbacks.setButtonStyles\" data-wp-on--click=\"actions.showLightbox\" data-wp-on--load=\"callbacks.setButtonStyles\" data-wp-on-window--resize=\"callbacks.setButtonStyles\" src=\"https:\/\/www.laval.ca\/wp-content\/uploads\/2024\/11\/ChristopherVradySzabo_Point-de-fuite.jpg\" alt=\"Point de fuite, 2015\" class=\"wp-image-4243\" srcset=\"https:\/\/www.laval.ca\/wp-content\/uploads\/2024\/11\/ChristopherVradySzabo_Point-de-fuite.jpg 929w, https:\/\/www.laval.ca\/wp-content\/uploads\/2024\/11\/ChristopherVradySzabo_Point-de-fuite-300x201.jpg 300w, https:\/\/www.laval.ca\/wp-content\/uploads\/2024\/11\/ChristopherVradySzabo_Point-de-fuite-768x514.jpg 768w\" sizes=\"(max-width: 929px) 100vw, 929px\" \/><button\n\t\t\tclass=\"lightbox-trigger\"\n\t\t\ttype=\"button\"\n\t\t\taria-haspopup=\"dialog\"\n\t\t\taria-label=\"Enlarge\"\n\t\t\tdata-wp-init=\"callbacks.initTriggerButton\"\n\t\t\tdata-wp-on--click=\"actions.showLightbox\"\n\t\t\tdata-wp-style--right=\"state.imageButtonRight\"\n\t\t\tdata-wp-style--top=\"state.imageButtonTop\"\n\t\t>\n\t\t\t<svg xmlns=\"http:\/\/www.w3.org\/2000\/svg\" width=\"12\" height=\"12\" fill=\"none\" viewBox=\"0 0 12 12\">\n\t\t\t\t<path fill=\"#fff\" d=\"M2 0a2 2 0 0 0-2 2v2h1.5V2a.5.5 0 0 1 .5-.5h2V0H2Zm2 10.5H2a.5.5 0 0 1-.5-.5V8H0v2a2 2 0 0 0 2 2h2v-1.5ZM8 12v-1.5h2a.5.5 0 0 0 .5-.5V8H12v2a2 2 0 0 1-2 2H8Zm2-12a2 2 0 0 1 2 2v2h-1.5V2a.5.5 0 0 0-.5-.5H8V0h2Z\" \/>\n\t\t\t<\/svg>\n\t\t<\/button><\/figure>\n\n<p><strong>Point de fuite, 2015<\/strong><\/p>\n\n<p>Terre, branches, bois, arbre, pierre, matte de noix de coco<br\/>Photo : \u00a9 Pilar Marcias<\/p>\n\n<hr class=\"wp-block-separator has-alpha-channel-opacity\"\/>\n\n<div class=\"wp-block-media-text has-media-on-the-right is-stacked-on-mobile is-image-fill-element\" style=\"grid-template-columns:auto 33%\"><div class=\"wp-block-media-text__content\">\n<h2 class=\"wp-block-heading\" id=\"wang\">Chih-Chien Wang<\/h2>\n\n\n\n<p>N\u00e9 \u00e0 Taiwan et \u00e9tabli \u00e0 Montr\u00e9al, Chih-Chien a \u00e9tudi\u00e9 les arts visuels \u00e0 l\u2019Universit\u00e9 Concordia. Attentif \u00e0 son quotidien et \u00e0 la nature, il immortalise des moments ordinaires qui refl\u00e8tent sa vision po\u00e9tique du monde et de la soci\u00e9t\u00e9 dans laquelle il \u00e9volue. Il capte ici la pouss\u00e9e fulgurante d\u2019un germe sur un da\u00efkon oubli\u00e9 dans son frigo. S\u2019extirpant vers la lumi\u00e8re et montant vers les nuages, la plante acquiert un aspect magique. L\u2019artiste nous transporte tout autant avec la photographie d\u2019un arbre d\u00e9couvert tel quel, encercl\u00e9 de feuilles d\u2019automne formant des vagues sur le sol.<\/p>\n\n\n\n<p><strong>\u00a0Cliquez\u00a0sur les images pour les voir dans leur int\u00e9gralit\u00e9<\/strong><\/p>\n\n\n\n<p><a href=\"https:\/\/chihchienwang.com\/\" target=\"_blank\" rel=\"noreferrer noopener\">Site Internet de Chih-Chien Wang<\/a><\/p>\n\n\n\n<p>Remerciement \u00e0 la\u00a0galerie Pierre-Fran\u00e7ois Ouellette art contemporain<\/p>\n<\/div><figure class=\"wp-block-media-text__media\"><img decoding=\"async\" width=\"1024\" height=\"1024\" src=\"https:\/\/www.laval.ca\/wp-content\/uploads\/2024\/11\/ChihChienWang-e1737041740155-1024x1024.jpg\" alt=\"Wang\" class=\"wp-image-4235 size-full\" style=\"object-position:55% 0%\" srcset=\"https:\/\/www.laval.ca\/wp-content\/uploads\/2024\/11\/ChihChienWang-e1737041740155-1024x1024.jpg 1024w, https:\/\/www.laval.ca\/wp-content\/uploads\/2024\/11\/ChihChienWang-e1737041740155-300x300.jpg 300w, https:\/\/www.laval.ca\/wp-content\/uploads\/2024\/11\/ChihChienWang-e1737041740155-150x150.jpg 150w, https:\/\/www.laval.ca\/wp-content\/uploads\/2024\/11\/ChihChienWang-e1737041740155-768x769.jpg 768w, https:\/\/www.laval.ca\/wp-content\/uploads\/2024\/11\/ChihChienWang-e1737041740155-600x600.jpg 600w, https:\/\/www.laval.ca\/wp-content\/uploads\/2024\/11\/ChihChienWang-e1737041740155.jpg 1282w\" sizes=\"(max-width: 1024px) 100vw, 1024px\" \/><\/figure><\/div>\n\n<figure data-wp-context=\"{&quot;imageId&quot;:&quot;69ee28c3f07f0&quot;}\" data-wp-interactive=\"core\/image\" data-wp-key=\"69ee28c3f07f0\" class=\"wp-block-image size-full is-resized wp-lightbox-container\"><img decoding=\"async\" width=\"991\" height=\"668\" data-wp-class--hide=\"state.isContentHidden\" data-wp-class--show=\"state.isContentVisible\" data-wp-init=\"callbacks.setButtonStyles\" data-wp-on--click=\"actions.showLightbox\" data-wp-on--load=\"callbacks.setButtonStyles\" data-wp-on-window--resize=\"callbacks.setButtonStyles\" src=\"https:\/\/www.laval.ca\/wp-content\/uploads\/2024\/11\/Chih-Chien-Wang_Tree-ripple-2020.jpg\" alt=\"Ondulations d&#x2019;arbres [Tree ripple], 2020\" class=\"wp-image-4233\" style=\"width:1018px;height:auto\" srcset=\"https:\/\/www.laval.ca\/wp-content\/uploads\/2024\/11\/Chih-Chien-Wang_Tree-ripple-2020.jpg 991w, https:\/\/www.laval.ca\/wp-content\/uploads\/2024\/11\/Chih-Chien-Wang_Tree-ripple-2020-300x202.jpg 300w, https:\/\/www.laval.ca\/wp-content\/uploads\/2024\/11\/Chih-Chien-Wang_Tree-ripple-2020-768x518.jpg 768w\" sizes=\"(max-width: 991px) 100vw, 991px\" \/><button\n\t\t\tclass=\"lightbox-trigger\"\n\t\t\ttype=\"button\"\n\t\t\taria-haspopup=\"dialog\"\n\t\t\taria-label=\"Enlarge\"\n\t\t\tdata-wp-init=\"callbacks.initTriggerButton\"\n\t\t\tdata-wp-on--click=\"actions.showLightbox\"\n\t\t\tdata-wp-style--right=\"state.imageButtonRight\"\n\t\t\tdata-wp-style--top=\"state.imageButtonTop\"\n\t\t>\n\t\t\t<svg xmlns=\"http:\/\/www.w3.org\/2000\/svg\" width=\"12\" height=\"12\" fill=\"none\" viewBox=\"0 0 12 12\">\n\t\t\t\t<path fill=\"#fff\" d=\"M2 0a2 2 0 0 0-2 2v2h1.5V2a.5.5 0 0 1 .5-.5h2V0H2Zm2 10.5H2a.5.5 0 0 1-.5-.5V8H0v2a2 2 0 0 0 2 2h2v-1.5ZM8 12v-1.5h2a.5.5 0 0 0 .5-.5V8H12v2a2 2 0 0 1-2 2H8Zm2-12a2 2 0 0 1 2 2v2h-1.5V2a.5.5 0 0 0-.5-.5H8V0h2Z\" \/>\n\t\t\t<\/svg>\n\t\t<\/button><\/figure>\n\n<p><strong>Ondulations d\u2019arbres [Tree ripple], 2020<\/strong><\/p>\n\n<p>Photographie, impression jet d\u2019encre<\/p>\n\n<figure data-wp-context=\"{&quot;imageId&quot;:&quot;69ee28c3f13fa&quot;}\" data-wp-interactive=\"core\/image\" data-wp-key=\"69ee28c3f13fa\" class=\"wp-block-image size-full is-resized wp-lightbox-container\"><img decoding=\"async\" width=\"451\" height=\"682\" data-wp-class--hide=\"state.isContentHidden\" data-wp-class--show=\"state.isContentVisible\" data-wp-init=\"callbacks.setButtonStyles\" data-wp-on--click=\"actions.showLightbox\" data-wp-on--load=\"callbacks.setButtonStyles\" data-wp-on-window--resize=\"callbacks.setButtonStyles\" src=\"https:\/\/www.laval.ca\/wp-content\/uploads\/2024\/11\/Chi-Chen-Wang_Daikon-2021.jpg\" alt=\"Daikon, 2021\" class=\"wp-image-4231\" style=\"width:346px;height:auto\" srcset=\"https:\/\/www.laval.ca\/wp-content\/uploads\/2024\/11\/Chi-Chen-Wang_Daikon-2021.jpg 451w, https:\/\/www.laval.ca\/wp-content\/uploads\/2024\/11\/Chi-Chen-Wang_Daikon-2021-198x300.jpg 198w\" sizes=\"(max-width: 451px) 100vw, 451px\" \/><button\n\t\t\tclass=\"lightbox-trigger\"\n\t\t\ttype=\"button\"\n\t\t\taria-haspopup=\"dialog\"\n\t\t\taria-label=\"Enlarge\"\n\t\t\tdata-wp-init=\"callbacks.initTriggerButton\"\n\t\t\tdata-wp-on--click=\"actions.showLightbox\"\n\t\t\tdata-wp-style--right=\"state.imageButtonRight\"\n\t\t\tdata-wp-style--top=\"state.imageButtonTop\"\n\t\t>\n\t\t\t<svg xmlns=\"http:\/\/www.w3.org\/2000\/svg\" width=\"12\" height=\"12\" fill=\"none\" viewBox=\"0 0 12 12\">\n\t\t\t\t<path fill=\"#fff\" d=\"M2 0a2 2 0 0 0-2 2v2h1.5V2a.5.5 0 0 1 .5-.5h2V0H2Zm2 10.5H2a.5.5 0 0 1-.5-.5V8H0v2a2 2 0 0 0 2 2h2v-1.5ZM8 12v-1.5h2a.5.5 0 0 0 .5-.5V8H12v2a2 2 0 0 1-2 2H8Zm2-12a2 2 0 0 1 2 2v2h-1.5V2a.5.5 0 0 0-.5-.5H8V0h2Z\" \/>\n\t\t\t<\/svg>\n\t\t<\/button><\/figure>\n\n<p><strong>Daikon, 2021<\/strong><\/p>\n\n<p>Photographie, impression jet d\u2019encre<\/p>\n\n<h3 class=\"wp-block-heading\">\u00c9quipe de production 2023<\/h3>\n\n<p>Commissariat, \u00e9criture\u00a0et coordination g\u00e9n\u00e9rale : Genevi\u00e8ve Goyer-Ouimette<br\/>Coordination logistique\u00a0: Cassandre Boucher<br\/>Design\u00a0: Dominique Mousseau<br\/>Capsule vid\u00e9o : Sandrick Mathurin<br\/>Animation M\u00e9trovision\u00a0:\u00a0Kolia Cambron<br\/>Calibrage\u00a0des images\u00a0: Photosynth\u00e8se<br\/>R\u00e9vision linguistique des textes de m\u00e9diation\u00a0: Sophie Chisogne<br\/>Traduction\u00a0: Bernard Schutze<br\/>Photographies des affiches du Projet Zoom Art\u00a0: Paul Litherland, Studio Lux<br\/>Relation de presse\u00a0: Rosemonde Gingras<\/p>\n<section class=\"mixed-carousel mixed-carousel--custom alignfull\"\n>\n    \n<div class=\"heading-with-button container\">\n      <h2 class=\"heading-with-button__title\">Pour aller plus loin<\/h2>\n    <\/div>\n    <div class=\"mixed-carousel__carousel-wrapper\">\n      <div class=\"mixed-carousel__carousel swiper\">\n        <div class=\"swiper-wrapper\">\n                      \n<div class=\"mixed-item swiper-slide aligndefault mixed-item--landscape-thumbnail\">\n  <a class=\"mixed-item__inner\" href=\"https:\/\/www.laval.ca\/culture\/activites-culturelles\/arts-visuels\/evenements-passes\/zoom-art-2021\/\">    <div class=\"mixed-item__thumbnail-wrapper\">\n      <img decoding=\"async\" width=\"609\" height=\"350\" src=\"https:\/\/www.laval.ca\/wp-content\/uploads\/2025\/02\/zoom-art-609x350-1.jpg\" class=\"attachment-medium_large size-medium_large\" alt=\"Abri d&#039;auto avec une photo de l&#039;\u00e9v\u00e9nement Zoom art\" sizes=\"(min-width:1216px) 430px, (min-width:1080px) 36vw, (min-width:768px) 41vw, (min-width:560px) 60vw, 85vw\" srcset=\"https:\/\/www.laval.ca\/wp-content\/uploads\/2025\/02\/zoom-art-609x350-1.jpg 609w, https:\/\/www.laval.ca\/wp-content\/uploads\/2025\/02\/zoom-art-609x350-1-300x172.jpg 300w\" \/>    <\/div>\n    <h3 class=\"mixed-item__title\"><span>Zoom Art 2021<\/span><\/h3>\n          <p class=\"mixed-item__excerpt\">Voyagez au c\u0153ur du r\u00e9alisme magique \u00e0 travers le regard unique des artistes de l&#8217;\u00e9dition 2021.<\/p>\n      <\/a><\/div>\n\n\n<div class=\"mixed-item swiper-slide aligndefault mixed-item--landscape-thumbnail\">\n  <a class=\"mixed-item__inner\" href=\"https:\/\/www.laval.ca\/culture\/activites-culturelles\/arts-visuels\/evenements-passes\/zoom-art-2022\/\">    <div class=\"mixed-item__thumbnail-wrapper\">\n      <img decoding=\"async\" width=\"609\" height=\"350\" src=\"https:\/\/www.laval.ca\/wp-content\/uploads\/2025\/02\/zoom-art-edition-2022-609x350-1.jpg\" class=\"attachment-medium_large size-medium_large\" alt=\"\" sizes=\"(min-width:1216px) 430px, (min-width:1080px) 36vw, (min-width:768px) 41vw, (min-width:560px) 60vw, 85vw\" srcset=\"https:\/\/www.laval.ca\/wp-content\/uploads\/2025\/02\/zoom-art-edition-2022-609x350-1.jpg 609w, https:\/\/www.laval.ca\/wp-content\/uploads\/2025\/02\/zoom-art-edition-2022-609x350-1-300x172.jpg 300w\" \/>    <\/div>\n    <h3 class=\"mixed-item__title\"><span>Zoom Art 2022<\/span><\/h3>\n          <p class=\"mixed-item__excerpt\">Revivez l&#8217;\u00e9dition 2022 et explorez comment les artistes ont interpr\u00e9t\u00e9 la th\u00e9matique \u00catre ensemble.<\/p>\n      <\/a><\/div>\n\n\n<div class=\"mixed-item swiper-slide aligndefault mixed-item--landscape-thumbnail\">\n  <a class=\"mixed-item__inner\" href=\"https:\/\/www.laval.ca\/culture\/activites-culturelles\/arts-visuels\/evenements-passes\/zoom-art-2024\/\">    <div class=\"mixed-item__thumbnail-wrapper\">\n      <img decoding=\"async\" width=\"609\" height=\"350\" src=\"https:\/\/www.laval.ca\/wp-content\/uploads\/2025\/02\/zoom-art-edition-2024-609x350-1.jpg\" class=\"attachment-medium_large size-medium_large\" alt=\"\" sizes=\"(min-width:1216px) 430px, (min-width:1080px) 36vw, (min-width:768px) 41vw, (min-width:560px) 60vw, 85vw\" srcset=\"https:\/\/www.laval.ca\/wp-content\/uploads\/2025\/02\/zoom-art-edition-2024-609x350-1.jpg 609w, https:\/\/www.laval.ca\/wp-content\/uploads\/2025\/02\/zoom-art-edition-2024-609x350-1-300x172.jpg 300w\" \/>    <\/div>\n    <h3 class=\"mixed-item__title\"><span>Zoom Art 2024<\/span><\/h3>\n          <p class=\"mixed-item__excerpt\">D\u00e9couvrez comment les artistes ont captur\u00e9 la magie avec la th\u00e9matique Poussi\u00e8res d&#8217;\u00e9toiles de l&#8217;\u00e9dition 2024.<\/p>\n      <\/a><\/div>\n\n\n                  <\/div>\n      <\/div>\n    <\/div>\n    <div class=\"mixed-carousel__carousel-navigation container\">\n      <div class=\"swiper-button-prev\"><\/div>\n      <div class=\"swiper-button-next\"><\/div>\n    <\/div>\n      \n<\/section>\n","protected":false},"excerpt":{"rendered":"<p>Chlo\u00e9 Beaulac Dipl\u00f4m\u00e9e de l\u2019Universit\u00e9 Concordia en arts visuels, Chlo\u00e9 r\u00e9alise des paysages invent\u00e9s \u00e0 l\u2019aspect fantastique. Ses \u0153uvres sont construites \u00e0 partir d\u2019une multitude de photographies qu\u2019elle retravaille et assemble. Elle souhaite nous transporter dans le temps, vers nos souvenirs d\u2019enfant, quand les \u00e9l\u00e9ments du quotidien pouvaient devenir grandioses et fabuleux. Dans Monolithe, elle&hellip;<\/p>\n","protected":false},"author":34,"featured_media":0,"parent":27206,"menu_order":256,"comment_status":"closed","ping_status":"closed","template":"","meta":{"_acf_changed":false,"advgb_blocks_editor_width":"","advgb_blocks_columns_visual_guide":"","footnotes":""},"class_list":["post-27133","page","type-page","status-publish","hentry"],"pp_statuses_selecting_workflow":false,"pp_workflow_action":"current","pp_status_selection":"publish","acf":[],"coauthors":[],"author_meta":{"author_link":"https:\/\/www.laval.ca\/en\/author\/i-boucherlaval-ca\/","display_name":"i.boucher@laval.ca"},"relative_dates":{"created":"Posted 1 year ago","modified":"Updated 8 months ago"},"absolute_dates":{"created":"Posted on November 5, 2024","modified":"Updated on September 3, 2025"},"absolute_dates_time":{"created":"Posted on November 5, 2024 5:18 pm","modified":"Updated on September 3, 2025 1:08 pm"},"featured_img_caption":"","featured_img":false,"series_order":"","publishpress_future_action":{"enabled":false,"date":"2026-05-03 11:01:24","action":"change-status","newStatus":"draft","terms":[],"taxonomy":"translation_priority","extraData":[]},"publishpress_future_workflow_manual_trigger":{"enabledWorkflows":[]},"_links":{"self":[{"href":"https:\/\/www.laval.ca\/en\/wp-json\/wp\/v2\/pages\/27133","targetHints":{"allow":["GET"]}}],"collection":[{"href":"https:\/\/www.laval.ca\/en\/wp-json\/wp\/v2\/pages"}],"about":[{"href":"https:\/\/www.laval.ca\/en\/wp-json\/wp\/v2\/types\/page"}],"author":[{"embeddable":true,"href":"https:\/\/www.laval.ca\/en\/wp-json\/wp\/v2\/users\/34"}],"replies":[{"embeddable":true,"href":"https:\/\/www.laval.ca\/en\/wp-json\/wp\/v2\/comments?post=27133"}],"version-history":[{"count":6,"href":"https:\/\/www.laval.ca\/en\/wp-json\/wp\/v2\/pages\/27133\/revisions"}],"predecessor-version":[{"id":89832,"href":"https:\/\/www.laval.ca\/en\/wp-json\/wp\/v2\/pages\/27133\/revisions\/89832"}],"up":[{"embeddable":true,"href":"https:\/\/www.laval.ca\/en\/wp-json\/wp\/v2\/pages\/27206"}],"wp:attachment":[{"href":"https:\/\/www.laval.ca\/en\/wp-json\/wp\/v2\/media?parent=27133"}],"curies":[{"name":"wp","href":"https:\/\/api.w.org\/{rel}","templated":true}]}}