{"id":26960,"date":"2024-11-14T16:35:12","date_gmt":"2024-11-14T21:35:12","guid":{"rendered":"https:\/\/www.laval.ca\/organisation-evenements-pret-equipements\/"},"modified":"2025-09-11T09:11:34","modified_gmt":"2025-09-11T13:11:34","slug":"organizing-events-equipment-loan","status":"publish","type":"page","link":"https:\/\/www.laval.ca\/en\/support-funding\/organisms-volunteers\/services-organizations\/organizing-events-equipment-loan\/","title":{"rendered":"Organizing events and equipment loan"},"content":{"rendered":"<section class=\"sticky-section-group aligndefault\"\n>\n   \n<div class=\"sticky-section-main\"\n>\n   \n\n<p class=\"is-style-intro-text\">Voyez comment obtenir les autorisations et l\u2019aide de la Ville de Laval pour organiser un \u00e9v\u00e9nement sp\u00e9cial.<sup data-fn=\"267d3a07-9d80-4645-b99d-89e90444c832\" class=\"fn\"><a href=\"#267d3a07-9d80-4645-b99d-89e90444c832\" id=\"267d3a07-9d80-4645-b99d-89e90444c832-link\">1<\/a><\/sup>\u00a0<\/p>\n\n\n\n  <div class=\"notification-message notification-message__bg-alert-circle\" \n  >\n   <div class=\"notification-message__inner-container\">\n    <div class=\"notification-message__heading\">\n              <span class=\"notification-message__icon icon icon-alert-circle\"><\/span>\n                    <p class=\"notification-message__title\">Important<\/p>\n          <\/div>\n          <div class=\"notification-message__text\">\n        <p><span class=\"TextRun Highlight SCXW105210639 BCX8\" lang=\"FR\" xml:lang=\"FR\" data-contrast=\"auto\"><span class=\"NormalTextRun SCXW105210639 BCX8\">Vous devez \u00eatre un <\/span><\/span><span class=\"TextRun Highlight Underlined UnderlinedGateOff SCXW105210639 BCX8\" lang=\"FR\" xml:lang=\"FR\" data-contrast=\"auto\"><span class=\"NormalTextRun SCXW105210639 BCX8\">organisme admis au soutien municipal<\/span><\/span><span class=\"TextRun Highlight SCXW105210639 BCX8\" lang=\"FR\" xml:lang=\"FR\" data-contrast=\"auto\"><span class=\"NormalTextRun SCXW105210639 BCX8\">, une institution lavalloise (\u00e9cole, service de garde, CISSS de Laval, etc.) ou une table de concertation qui organise un \u00e9v\u00e9nement ou une campagne de sollicitation pour obtenir l\u2019aide de la Ville de Laval.<\/span><\/span><span class=\"EOP SCXW105210639 BCX8\" data-ccp-props=\"{&quot;335559739&quot;:200}\">\u00a0<\/span><\/p>\n      <\/div>\n      <\/div>\n  <\/div>\n\n\n\n<h2 class=\"wp-block-heading\">Obtenir l\u2019autorisation de la Ville de Laval pour organiser un \u00e9v\u00e9nement<\/h2>\n\n\n\n<h3 class=\"wp-block-heading\">Conditions d\u2019admissibilit\u00e9\u00a0<\/h3>\n\n\n\n<ul class=\"wp-block-list\">\n<li>Votre \u00e9v\u00e9nement doit respecter la r\u00e9glementation en vigueur.\u00a0<\/li>\n\n\n\n<li>Votre \u00e9v\u00e9nement doit \u00eatre en lien avec les orientations et les domaines d\u2019intervention de la Ville\u202f: culture, loisir, sport, d\u00e9veloppement social ou environnement.\u00a0<\/li>\n\n\n\n<li>Votre \u00e9v\u00e9nement doit \u00eatre de nature publique.\u00a0<\/li>\n\n\n\n<li>Votre \u00e9v\u00e9nement doit \u00eatre accessible \u00e0 toute la population lavalloise, peu importe son statut social, \u00e9conomique ou physique.\u00a0<\/li>\n\n\n\n<li>Votre \u00e9v\u00e9nement doit proposer des activit\u00e9s majoritairement gratuites, avec entr\u00e9e libre.\u00a0<\/li>\n\n\n\n<li>Votre \u00e9v\u00e9nement doit \u00eatre diff\u00e9rent des autres \u00e9v\u00e9nements soutenus par la Ville de Laval (lieu, date, quartier, etc.).\u00a0\u00a0<\/li>\n\n\n\n<li>En vertu du <a href=\"https:\/\/www.laval.ca\/reglements-et-permis\/reglements\/reglement-l-12424\/\">r\u00e8glement\u00a0L-12424<\/a> portant sur la gestion des mati\u00e8res r\u00e9siduelles, vous devez disposer sur le site d\u2019\u00e9quipements, incluant des contenants clairement identifi\u00e9s et positionn\u00e9s en duo, de mani\u00e8re \u00e0 permettre le tri des d\u00e9chets et des mati\u00e8res recyclables. Par ailleurs, si votre \u00e9v\u00e9nement implique la vente ou la distribution de nourriture, vous devez \u00e9galement disposer de bacs bruns afin de valoriser les mati\u00e8res organiques g\u00e9n\u00e9r\u00e9es.\u00a0<\/li>\n\n\n\n<li>Enfin, vous devez mentionner la collaboration de la Ville de Laval dans vos outils promotionnels.\u00a0<\/li>\n<\/ul>\n\n\n\n<p>Consultez le <a href=\"https:\/\/www.laval.ca\/wp-content\/uploads\/2025\/02\/cadre-de-gestion-evenements-speciaux.pdf\" target=\"_blank\" rel=\"noreferrer noopener\">cadre de gestion des \u00e9v\u00e9nements sp\u00e9ciaux (PDF,\u00a0811\u00a0ko)<\/a> pour en savoir plus sur les conditions d\u2019admissibilit\u00e9.\u00a0<\/p>\n\n\n<section class=\"info-tip-box aligndefault\"\n>\n   <div class=\"info-tip-box__decoration\" aria-hidden=\"true\"><\/div>\n   <div class=\"info-tip-box__content\">\n    \n\n<h3 class=\"wp-block-heading\"><strong>\u00c9v\u00e9nements au parc Bernard-Landry<\/strong><\/h3>\n\n\n\n<p>Pour organiser un \u00e9v\u00e9nement au\u200b <a href=\"https:\/\/www.laval.ca\/en\/interactive-map\/parc-bernard-landry\/\">parc Bernard-Landry<\/a>, vous devez respecter les conditions d\u2019admissibilit\u00e9 list\u00e9es ci-dessus ainsi que celles du <a href=\"https:\/\/www.laval.ca\/wp-content\/uploads\/2025\/02\/cadre-operations-evenements-parc-bernard-landry.pdf\" target=\"_blank\" rel=\"noreferrer noopener\">Cadre d\u2019op\u00e9ration du parc Bernard-Landry (PDF,\u00a0584\u00a0ko)<\/a>.\u00a0\u00a0<\/p>\n\n\n\n<p>Vous pouvez utiliser les barbecues en libre-service.\u00a0\u00a0<\/p>\n\n\n\n<p><a href=\"https:\/\/www.laval.ca\/wp-content\/uploads\/2025\/02\/horaire-bbq-parc-bernard-landry.pdf\" target=\"_blank\" rel=\"noreferrer noopener\">En savoir plus sur les consignes (PDF,\u00a057\u00a0ko)<\/a>\u00a0<\/p>\n\n   <\/div>\n<\/section>\n\n\n\n<h3 class=\"wp-block-heading\">Faire une demande d\u2019autorisation<\/h3>\n\n\n\n<p>Vous devez transmettre votre demande <strong>au moins 3\u00a0mois avant l\u2019\u00e9v\u00e9nement<\/strong>, et de pr\u00e9f\u00e9rence jusqu\u2019\u00e0 6\u00a0mois avant celui-ci.\u00a0<\/p>\n\n\n\n<ul class=\"wp-block-list\">\n<li>Compl\u00e9tez \u200b\u200ble formulaire :<\/li>\n<\/ul>\n\n\n\n\n\n<ul class=\"wp-block-list\">\n<li>S\u200bi vous \u00eates un organisme ou une table de concertation, envoyez-le par courriel \u00e0 \u200bvotre <a href=\"https:\/\/www.laval.ca\/aide-subventions\/organismes-benevoles\/services-organismes\/repondant-municipal\/\">r\u00e9pondant munici\u200bpal<\/a>, accompagn\u00e9 des documents requis.\u00a0\u00a0<\/li>\n\n\n\n<li>Si vous \u00eates un\u200be institution, envoyez-le par courriel \u00e0 <a href=\"mailto:viedequartier@laval.ca\" target=\"_blank\" rel=\"noreferrer noopener\">viedequartier@laval.ca<\/a>.\u00a0<\/li>\n<\/ul>\n\n\n\n<p>D\u00e8s que votre demande aura \u00e9t\u00e9 trait\u00e9e, nous vous contacterons pour vous indiquer les \u00e9tapes suivantes.<\/p>\n\n\n\n<h2 class=\"wp-block-heading\">Pr\u00eat d\u2019\u00e9quipements municipaux<\/h2>\n\n\n\n<p>Votre organisme peut b\u00e9n\u00e9ficier gratuitement de certains \u00e9quipements et infrastructures de la Ville de Laval dans le cadre d\u2019un \u00e9v\u00e9nement sp\u00e9cial.<\/p>\n\n\n\n<h3 class=\"wp-block-heading\">\u00c9quipements disponibles<\/h3>\n\n\n\n<ul class=\"wp-block-list\">\n<li>L&#8217;inventaire des \u00e9quipements est d\u00e9taill\u00e9 dans le <a href=\"https:\/\/www.laval.ca\/wp-content\/uploads\/2025\/02\/catalogue-pret-equipement.pdf\" target=\"_blank\" rel=\"noreferrer noopener\">catal\u200bogue de pr\u00eat d\u2019\u00e9quipement (PDF,\u00a01\u00a0Mo)<\/a>. Contactez votre r\u00e9pondant municipal pour en savoir plus sur le mat\u00e9riel disponible \u00e0 vos dates d\u2019\u00e9v\u00e9nement.\u00a0<\/li>\n\n\n\n<li>Les \u00e9quipements sont pr\u00eat\u00e9s selon leur disponibilit\u00e9. Votre r\u00e9pondant municipal vous confirmera les quantit\u00e9s d&#8217;\u00e9quipements disponibles par courriel.\u00a0<\/li>\n\n\n\n<li>Nous n\u2019avons pas de chapiteau, de tente ou de kiosque.\u00a0\u00a0<\/li>\n\n\n\n<li>Nous ne pr\u00eatons ou ne louons pas de v\u00e9hicules (automobiles, camions, nacelles, etc.).\u00a0<\/li>\n<\/ul>\n\n\n\n<h3 class=\"wp-block-heading\">Conditions \u00e0 respecter<\/h3>\n\n\n\n<p>Vous \u00eates responsable des \u00e9quipements pendant toute la dur\u00e9e du pr\u00eat. En cas de perte ou de bris, la Ville de Laval peut vous facturer le montant de la r\u00e9paration ou du remplacement.\u00a0\u00a0<\/p>\n\n\n\n<p>Vous devez \u00e9galement respecter les \u00e9l\u00e9ments suivants\u00a0:\u00a0<\/p>\n\n\n\n<ul class=\"wp-block-list\">\n<li>Aviser votre r\u00e9pondant municipal si les quantit\u00e9s d&#8217;\u00e9quipements livr\u00e9s sont diff\u00e9rentes de celles indiqu\u00e9es dans votre confirmation.\u00a0<\/li>\n\n\n\n<li>Signaler les bris ou le mauvais fonctionnement des \u00e9quipements.\u00a0<\/li>\n\n\n\n<li>Nettoyer le mat\u00e9riel utilis\u00e9.\u00a0<\/li>\n\n\n\n<li>Prot\u00e9ger le mat\u00e9riel de la pluie ou des intemp\u00e9ries.\u00a0<\/li>\n\n\n\n<li>Utiliser les \u00e9quipements sur le territoire de la Ville de Laval.\u00a0\u00a0<\/li>\n\n\n\n<li>Ne pas utiliser les \u00e9quipements \u00e0 des fins personnelles ou pour des activit\u00e9s priv\u00e9es.\u00a0<\/li>\n\n\n\n<li>Vider et retourner les poubelles et les barils apr\u00e8s leur utilisation.\u00a0<\/li>\n\n\n\n<li>Replacer le mat\u00e9riel tel qu&#8217;il a \u00e9t\u00e9 livr\u00e9 (rallonge \u00e9lectrique roul\u00e9e, chaise empil\u00e9e, table pli\u00e9e, etc.) et au m\u00eame endroit.\u00a0<\/li>\n\n\n\n<li>Si des \u00e9quipements ne sont pas ramass\u00e9s, nettoy\u00e9s, replac\u00e9s ou empil\u00e9s convenablement, la Ville peut facturer le temps allou\u00e9 aux t\u00e2ches par ses employ\u00e9s.\u00a0<\/li>\n\n\n\n<li>La livraison et la r\u00e9cup\u00e9rati\u200bon des \u00e9quipements doivent se faire au m\u00eame endroit.&nbsp;&nbsp;\n<ul class=\"wp-block-list\">\n<li>Elles doivent se faire \u00e0 l&#8217;ext\u00e9rieur des b\u00e2timents, \u00e0 l&#8217;exception de certains \u00e9quipements fragiles qui sont d\u00e9pos\u00e9s ou r\u00e9cup\u00e9r\u00e9s \u00e0 l&#8217;entr\u00e9e int\u00e9rieure du b\u00e2timent.\u200b\u200b\u00a0<\/li>\n\n\n\n<li>Vos lieux de livraison et de r\u00e9cup\u00e9ration doivent \u00eatre accessibles, s\u00e9curitaires et disposer d&#8217;un service de surveillance. Si l&#8217;acc\u00e8s est restreint, vous devez prendre une entente avec votre r\u00e9pondant municipal.\u00a0<\/li>\n<\/ul>\n<\/li>\n<\/ul>\n\n\n\n<h3 class=\"wp-block-heading\">Faire une demande de pr\u00eat d\u2019\u00e9quipements<\/h3>\n\n\n\n<p>Si vous \u00eates un organisme, votre demande doit provenir d&#8217;une personne employ\u00e9e, d\u2019un ou d\u2019une membre du conseil d&#8217;administration ou d&#8217;une personne d\u00e9sign\u00e9e par l&#8217;organisme.\u00a0\u00a0<\/p>\n\n\n\n<p>Si vous \u00eates une institution, votre demande doit \u00eatre envoy\u00e9e par une personne employ\u00e9e de la direction.\u00a0<\/p>\n\n\n\n<ul class=\"wp-block-list\">\n<li>Compl\u00e9tez le formulaire\u00a0:<\/li>\n<\/ul>\n\n\n\n\n\n<ul class=\"wp-block-list\">\n<li>Envoyez-le \u00e0 votre r\u00e9pondant municipal <strong>au minimum 10\u00a0jours ouvrables avant la date du pr\u00eat.<\/strong> Aucun ajout de mat\u00e9riel ne sera accept\u00e9 5\u00a0jours ouvrables avant la date du pr\u00eat.\u00a0<\/li>\n<\/ul>\n\n\n\n  <div class=\"notification-message notification-message__bg-alert-circle\" \n  >\n   <div class=\"notification-message__inner-container\">\n    <div class=\"notification-message__heading\">\n              <span class=\"notification-message__icon icon icon-alert-circle\"><\/span>\n                    <p class=\"notification-message__title\">D\u00e9lai maximal pour envoyer une demande <\/p>\n          <\/div>\n          <div class=\"notification-message__text\">\n        <ul>\n<li data-leveltext=\"\u25cf\" data-font=\"\" data-listid=\"4\" data-list-defn-props=\"{&quot;335552541&quot;:1,&quot;335559685&quot;:720,&quot;335559991&quot;:360,&quot;469769242&quot;:[8226],&quot;469777803&quot;:&quot;left&quot;,&quot;469777804&quot;:&quot;\u25cf&quot;,&quot;469777815&quot;:&quot;multilevel&quot;}\" data-aria-posinset=\"1\" data-aria-level=\"1\"><span data-contrast=\"auto\">OBNL\u202fou t<\/span><span data-contrast=\"none\">able de concertation\u202f<\/span><span data-contrast=\"auto\">: <\/span><span data-contrast=\"none\">jusqu&#8217;\u00e0 6 mois avant la date du pr\u00eat.<\/span><\/li>\n<li data-leveltext=\"\u25cf\" data-font=\"\" data-listid=\"4\" data-list-defn-props=\"{&quot;335552541&quot;:1,&quot;335559685&quot;:720,&quot;335559991&quot;:360,&quot;469769242&quot;:[8226],&quot;469777803&quot;:&quot;left&quot;,&quot;469777804&quot;:&quot;\u25cf&quot;,&quot;469777815&quot;:&quot;multilevel&quot;}\" data-aria-posinset=\"1\" data-aria-level=\"1\"><span data-contrast=\"none\">Institution\u202f: jusqu&#8217;\u00e0 4 semaines avant la date du pr\u00eat<\/span><\/li>\n<\/ul>\n      <\/div>\n      <\/div>\n  <\/div>\n\n\n\n<h2 class=\"wp-block-heading\">Soutien aux \u00e9v\u00e9nements \u00e9coresponsables<\/h2>\n\n\n\n<p>La Ville de Laval encourage et soutient l\u2019organisation d\u2019\u00e9v\u00e9nements \u00e9coresponsables sur son territoire.\u00a0\u00a0<\/p>\n\n\n\n<p>\u00c0 travers sa <a href=\"https:\/\/www.laval.ca\/en\/environment\/collectes\/strategie-lavalloise-gestion-matieres-residuelles\/\">Strat\u00e9gie lavalloise de gestion des mati\u00e8res r\u00e9siduelles\u00a02020-2025<\/a>, la Ville veut agir comme catalyseur afin de r\u00e9duire \u00e0 la source les mati\u00e8res r\u00e9siduelles g\u00e9n\u00e9r\u00e9es ainsi que celles envoy\u00e9es \u00e0 l\u2019enfouissement.\u00a0\u00a0<\/p>\n\n\n\n<p>Dans le cadre de cette d\u00e9marche, elle met \u00e0 la disposition des organisateurs d\u2019\u00e9v\u00e9nements (petits et grands) une boite \u00e0 outils pratique pour l\u2019organisation d\u2019\u00e9v\u00e9nements \u00e9coresponsables.\u00a0<\/p>\n\n\n\n<h3 class=\"wp-block-heading\">Bo\u00eete \u00e0 outils \u00e9coresponsable<\/h3>\n\n\n\n<p><strong>Guides d&#8217;accompagnement\u00a0<\/strong>\u00a0\u00a0<\/p>\n\n\n  <div class=\"custom-file-block aligndefault\" \n  >\n    <a href=\"https:\/\/www.laval.ca\/wp-content\/uploads\/2025\/02\/ecoresponsable-guide-vaiselle.pdf\" target=\"_blank\" class=\"custom-file\">\n      <span class=\"custom-file__icon\" aria-hidden=\"true\">\n        <svg width=\"30\" height=\"31\" viewBox=\"0 0 30 31\" fill=\"none\" xmlns=\"http:\/\/www.w3.org\/2000\/svg\"><path d=\"M6.2451 12.627V1.1448h13.9746m8.0494 8.0502v20.1317H6.2451v-3.2364M28.2691 9.195l-8.0494-8.0502V9.195h8.0494Z\" stroke=\"#6C6C6C\" stroke-width=\"1.5\" stroke-miterlimit=\"10\" stroke-linecap=\"round\" stroke-linejoin=\"round\" \/><path d=\"M22.2851 12.6975H1.1818v13.0058h21.1033V12.6975Z\" fill=\"#E12324\" stroke=\"#E12324\" stroke-width=\"1.5\" stroke-miterlimit=\"10\" stroke-linecap=\"round\" stroke-linejoin=\"round\" \/><path d=\"M13.8204 15.6531v5.9949m-.016-1.9942v-.0647c0-1.2568-.7593-2.0051-1.7208-2.0051-.9694 0-1.8087.7331-1.8087 2.0051v.0647c0 1.2567.7505 1.9978 1.744 1.9978.9455 0 1.7855-.7571 1.7855-1.9978Zm-9.3258 3.4343v-5.5163m.016 1.9941v.0648c0 1.2567.7592 2.0051 1.7207 2.0051.9695 0 1.8087-.7331 1.8087-2.0051v-.0648c0-1.2567-.7505-1.9978-1.744-1.9978-.9454 0-1.7854.7571-1.7854 1.9978Zm13.6843-3.9447c-.576-.1432-1.3956.0597-1.3956 1.0524v4.9746m-.6968-4.043h2.0502\" stroke=\"#fff\" stroke-miterlimit=\"10\" stroke-linecap=\"round\" stroke-linejoin=\"round\" \/><\/svg>      <\/span>\n      <p class=\"custom-file__label\" aria-hidden=\"true\">\n        <span class=\"custom-file__title\">Choix de vaisselle \u00e9coresponsable<\/span>\n        <span class=\"custom-file__size\"> &#8211; 396.32 KB<\/span>\n      <\/p>\n      <span class=\"sr-only\">\n        Download file Choix de vaisselle \u00e9coresponsable (format PDF, size 396.32 KB)      <\/span>\n    <\/a>\n  <\/div>\n  \n\n  <div class=\"custom-file-block aligndefault\" \n  >\n    <a href=\"https:\/\/www.laval.ca\/wp-content\/uploads\/2025\/02\/ecoresponsable-service-alimentaire.pdf\" target=\"_blank\" class=\"custom-file\">\n      <span class=\"custom-file__icon\" aria-hidden=\"true\">\n        <svg width=\"30\" height=\"31\" viewBox=\"0 0 30 31\" fill=\"none\" xmlns=\"http:\/\/www.w3.org\/2000\/svg\"><path d=\"M6.2451 12.627V1.1448h13.9746m8.0494 8.0502v20.1317H6.2451v-3.2364M28.2691 9.195l-8.0494-8.0502V9.195h8.0494Z\" stroke=\"#6C6C6C\" stroke-width=\"1.5\" stroke-miterlimit=\"10\" stroke-linecap=\"round\" stroke-linejoin=\"round\" \/><path d=\"M22.2851 12.6975H1.1818v13.0058h21.1033V12.6975Z\" fill=\"#E12324\" stroke=\"#E12324\" stroke-width=\"1.5\" stroke-miterlimit=\"10\" stroke-linecap=\"round\" stroke-linejoin=\"round\" \/><path d=\"M13.8204 15.6531v5.9949m-.016-1.9942v-.0647c0-1.2568-.7593-2.0051-1.7208-2.0051-.9694 0-1.8087.7331-1.8087 2.0051v.0647c0 1.2567.7505 1.9978 1.744 1.9978.9455 0 1.7855-.7571 1.7855-1.9978Zm-9.3258 3.4343v-5.5163m.016 1.9941v.0648c0 1.2567.7592 2.0051 1.7207 2.0051.9695 0 1.8087-.7331 1.8087-2.0051v-.0648c0-1.2567-.7505-1.9978-1.744-1.9978-.9454 0-1.7854.7571-1.7854 1.9978Zm13.6843-3.9447c-.576-.1432-1.3956.0597-1.3956 1.0524v4.9746m-.6968-4.043h2.0502\" stroke=\"#fff\" stroke-miterlimit=\"10\" stroke-linecap=\"round\" stroke-linejoin=\"round\" \/><\/svg>      <\/span>\n      <p class=\"custom-file__label\" aria-hidden=\"true\">\n        <span class=\"custom-file__title\">Choix d\u2019un service alimentaire \u00e9coresponsable<\/span>\n        <span class=\"custom-file__size\"> &#8211; 723.24 KB<\/span>\n      <\/p>\n      <span class=\"sr-only\">\n        Download file Choix d\u2019un service alimentaire \u00e9coresponsable (format PDF, size 723.24 KB)      <\/span>\n    <\/a>\n  <\/div>\n  \n\n  <div class=\"custom-file-block aligndefault\" \n  >\n    <a href=\"https:\/\/www.laval.ca\/wp-content\/uploads\/2025\/02\/ecoresponsable-commandites.pdf\" target=\"_blank\" class=\"custom-file\">\n      <span class=\"custom-file__icon\" aria-hidden=\"true\">\n        <svg width=\"30\" height=\"31\" viewBox=\"0 0 30 31\" fill=\"none\" xmlns=\"http:\/\/www.w3.org\/2000\/svg\"><path d=\"M6.2451 12.627V1.1448h13.9746m8.0494 8.0502v20.1317H6.2451v-3.2364M28.2691 9.195l-8.0494-8.0502V9.195h8.0494Z\" stroke=\"#6C6C6C\" stroke-width=\"1.5\" stroke-miterlimit=\"10\" stroke-linecap=\"round\" stroke-linejoin=\"round\" \/><path d=\"M22.2851 12.6975H1.1818v13.0058h21.1033V12.6975Z\" fill=\"#E12324\" stroke=\"#E12324\" stroke-width=\"1.5\" stroke-miterlimit=\"10\" stroke-linecap=\"round\" stroke-linejoin=\"round\" \/><path d=\"M13.8204 15.6531v5.9949m-.016-1.9942v-.0647c0-1.2568-.7593-2.0051-1.7208-2.0051-.9694 0-1.8087.7331-1.8087 2.0051v.0647c0 1.2567.7505 1.9978 1.744 1.9978.9455 0 1.7855-.7571 1.7855-1.9978Zm-9.3258 3.4343v-5.5163m.016 1.9941v.0648c0 1.2567.7592 2.0051 1.7207 2.0051.9695 0 1.8087-.7331 1.8087-2.0051v-.0648c0-1.2567-.7505-1.9978-1.744-1.9978-.9454 0-1.7854.7571-1.7854 1.9978Zm13.6843-3.9447c-.576-.1432-1.3956.0597-1.3956 1.0524v4.9746m-.6968-4.043h2.0502\" stroke=\"#fff\" stroke-miterlimit=\"10\" stroke-linecap=\"round\" stroke-linejoin=\"round\" \/><\/svg>      <\/span>\n      <p class=\"custom-file__label\" aria-hidden=\"true\">\n        <span class=\"custom-file__title\">Choix de commandites \u00e9coresponsables<\/span>\n        <span class=\"custom-file__size\"> &#8211; 102.22 KB<\/span>\n      <\/p>\n      <span class=\"sr-only\">\n        Download file Choix de commandites \u00e9coresponsables (format PDF, size 102.22 KB)      <\/span>\n    <\/a>\n  <\/div>\n  \n\n  <div class=\"custom-file-block aligndefault\" \n  >\n    <a href=\"https:\/\/www.laval.ca\/wp-content\/uploads\/2025\/02\/ecoresponsable-bouteilles-eau.pdf\" target=\"_blank\" class=\"custom-file\">\n      <span class=\"custom-file__icon\" aria-hidden=\"true\">\n        <svg width=\"30\" height=\"31\" viewBox=\"0 0 30 31\" fill=\"none\" xmlns=\"http:\/\/www.w3.org\/2000\/svg\"><path d=\"M6.2451 12.627V1.1448h13.9746m8.0494 8.0502v20.1317H6.2451v-3.2364M28.2691 9.195l-8.0494-8.0502V9.195h8.0494Z\" stroke=\"#6C6C6C\" stroke-width=\"1.5\" stroke-miterlimit=\"10\" stroke-linecap=\"round\" stroke-linejoin=\"round\" \/><path d=\"M22.2851 12.6975H1.1818v13.0058h21.1033V12.6975Z\" fill=\"#E12324\" stroke=\"#E12324\" stroke-width=\"1.5\" stroke-miterlimit=\"10\" stroke-linecap=\"round\" stroke-linejoin=\"round\" \/><path d=\"M13.8204 15.6531v5.9949m-.016-1.9942v-.0647c0-1.2568-.7593-2.0051-1.7208-2.0051-.9694 0-1.8087.7331-1.8087 2.0051v.0647c0 1.2567.7505 1.9978 1.744 1.9978.9455 0 1.7855-.7571 1.7855-1.9978Zm-9.3258 3.4343v-5.5163m.016 1.9941v.0648c0 1.2567.7592 2.0051 1.7207 2.0051.9695 0 1.8087-.7331 1.8087-2.0051v-.0648c0-1.2567-.7505-1.9978-1.744-1.9978-.9454 0-1.7854.7571-1.7854 1.9978Zm13.6843-3.9447c-.576-.1432-1.3956.0597-1.3956 1.0524v4.9746m-.6968-4.043h2.0502\" stroke=\"#fff\" stroke-miterlimit=\"10\" stroke-linecap=\"round\" stroke-linejoin=\"round\" \/><\/svg>      <\/span>\n      <p class=\"custom-file__label\" aria-hidden=\"true\">\n        <span class=\"custom-file__title\">Solutions de rechange aux bouteilles d\u2019eau \u00e0 usage unique<\/span>\n        <span class=\"custom-file__size\"> &#8211; 528.89 KB<\/span>\n      <\/p>\n      <span class=\"sr-only\">\n        Download file Solutions de rechange aux bouteilles d\u2019eau \u00e0 usage unique (format PDF, size 528.89 KB)      <\/span>\n    <\/a>\n  <\/div>\n  \n\n\n<p><strong>Aide-m\u00e9moire\u00a0<\/strong>\u00a0<\/p>\n\n\n  <div class=\"custom-file-block aligndefault\" \n  >\n    <a href=\"https:\/\/www.laval.ca\/wp-content\/uploads\/2025\/02\/ecoresponsable-aide-memoire-organisateurs.pdf\" target=\"_blank\" class=\"custom-file\">\n      <span class=\"custom-file__icon\" aria-hidden=\"true\">\n        <svg width=\"30\" height=\"31\" viewBox=\"0 0 30 31\" fill=\"none\" xmlns=\"http:\/\/www.w3.org\/2000\/svg\"><path d=\"M6.2451 12.627V1.1448h13.9746m8.0494 8.0502v20.1317H6.2451v-3.2364M28.2691 9.195l-8.0494-8.0502V9.195h8.0494Z\" stroke=\"#6C6C6C\" stroke-width=\"1.5\" stroke-miterlimit=\"10\" stroke-linecap=\"round\" stroke-linejoin=\"round\" \/><path d=\"M22.2851 12.6975H1.1818v13.0058h21.1033V12.6975Z\" fill=\"#E12324\" stroke=\"#E12324\" stroke-width=\"1.5\" stroke-miterlimit=\"10\" stroke-linecap=\"round\" stroke-linejoin=\"round\" \/><path d=\"M13.8204 15.6531v5.9949m-.016-1.9942v-.0647c0-1.2568-.7593-2.0051-1.7208-2.0051-.9694 0-1.8087.7331-1.8087 2.0051v.0647c0 1.2567.7505 1.9978 1.744 1.9978.9455 0 1.7855-.7571 1.7855-1.9978Zm-9.3258 3.4343v-5.5163m.016 1.9941v.0648c0 1.2567.7592 2.0051 1.7207 2.0051.9695 0 1.8087-.7331 1.8087-2.0051v-.0648c0-1.2567-.7505-1.9978-1.744-1.9978-.9454 0-1.7854.7571-1.7854 1.9978Zm13.6843-3.9447c-.576-.1432-1.3956.0597-1.3956 1.0524v4.9746m-.6968-4.043h2.0502\" stroke=\"#fff\" stroke-miterlimit=\"10\" stroke-linecap=\"round\" stroke-linejoin=\"round\" \/><\/svg>      <\/span>\n      <p class=\"custom-file__label\" aria-hidden=\"true\">\n        <span class=\"custom-file__title\">Aide-m\u00e9moire pour les organisateurs<\/span>\n        <span class=\"custom-file__size\"> &#8211; 48.69 KB<\/span>\n      <\/p>\n      <span class=\"sr-only\">\n        Download file Aide-m\u00e9moire pour les organisateurs (format PDF, size 48.69 KB)      <\/span>\n    <\/a>\n  <\/div>\n  \n\n  <div class=\"custom-file-block aligndefault\" \n  >\n    <a href=\"https:\/\/www.laval.ca\/wp-content\/uploads\/2025\/02\/ecoresponsable-liste-mesures.pdf\" target=\"_blank\" class=\"custom-file\">\n      <span class=\"custom-file__icon\" aria-hidden=\"true\">\n        <svg width=\"30\" height=\"31\" viewBox=\"0 0 30 31\" fill=\"none\" xmlns=\"http:\/\/www.w3.org\/2000\/svg\"><path d=\"M6.2451 12.627V1.1448h13.9746m8.0494 8.0502v20.1317H6.2451v-3.2364M28.2691 9.195l-8.0494-8.0502V9.195h8.0494Z\" stroke=\"#6C6C6C\" stroke-width=\"1.5\" stroke-miterlimit=\"10\" stroke-linecap=\"round\" stroke-linejoin=\"round\" \/><path d=\"M22.2851 12.6975H1.1818v13.0058h21.1033V12.6975Z\" fill=\"#E12324\" stroke=\"#E12324\" stroke-width=\"1.5\" stroke-miterlimit=\"10\" stroke-linecap=\"round\" stroke-linejoin=\"round\" \/><path d=\"M13.8204 15.6531v5.9949m-.016-1.9942v-.0647c0-1.2568-.7593-2.0051-1.7208-2.0051-.9694 0-1.8087.7331-1.8087 2.0051v.0647c0 1.2567.7505 1.9978 1.744 1.9978.9455 0 1.7855-.7571 1.7855-1.9978Zm-9.3258 3.4343v-5.5163m.016 1.9941v.0648c0 1.2567.7592 2.0051 1.7207 2.0051.9695 0 1.8087-.7331 1.8087-2.0051v-.0648c0-1.2567-.7505-1.9978-1.744-1.9978-.9454 0-1.7854.7571-1.7854 1.9978Zm13.6843-3.9447c-.576-.1432-1.3956.0597-1.3956 1.0524v4.9746m-.6968-4.043h2.0502\" stroke=\"#fff\" stroke-miterlimit=\"10\" stroke-linecap=\"round\" stroke-linejoin=\"round\" \/><\/svg>      <\/span>\n      <p class=\"custom-file__label\" aria-hidden=\"true\">\n        <span class=\"custom-file__title\">Engagement &#8211; mesures \u00e9coresponsables<\/span>\n        <span class=\"custom-file__size\"> &#8211; 24.79 KB<\/span>\n      <\/p>\n      <span class=\"sr-only\">\n        Download file Engagement &#8211; mesures \u00e9coresponsables (format PDF, size 24.79 KB)      <\/span>\n    <\/a>\n  <\/div>\n  \n\n\n<p>\u00a0<strong>Outil\u00a0<\/strong>\u00a0<\/p>\n\n\n  <div class=\"custom-file-block aligndefault\" \n  >\n    <a href=\"https:\/\/www.laval.ca\/wp-content\/uploads\/2025\/02\/ecoresponsable-plan-deploiement.docx\" target=\"_blank\" class=\"custom-file\">\n      <span class=\"custom-file__icon\" aria-hidden=\"true\">\n        <svg width=\"41\" height=\"43\" viewBox=\"0 0 41 43\" fill=\"none\" xmlns=\"http:\/\/www.w3.org\/2000\/svg\"><path d=\"M9.045 17.788V2H28.26m11.068 11.069V40.75H9.045V36.3m30.283-23.231L28.26 2v11.069h11.068Z\" stroke=\"#6C6C6C\" stroke-width=\"3\" stroke-miterlimit=\"10\" stroke-linecap=\"round\" stroke-linejoin=\"round\" \/><path d=\"M19.883 17.885H2v17.883h17.883V17.885Z\" fill=\"#0054A6\" stroke=\"#0054A6\" stroke-width=\"3\" stroke-miterlimit=\"10\" stroke-linecap=\"round\" stroke-linejoin=\"round\" \/><path d=\"m14.794 23.94-1.902 5.773-1.95-5.773-1.951 5.773-1.902-5.773\" stroke=\"#fff\" stroke-width=\"1.75\" stroke-miterlimit=\"10\" stroke-linecap=\"round\" stroke-linejoin=\"round\" \/><path d=\"M33.916 19.118H28.26m5.656 5.21H28.26m5.656 5.21H28.26m5.656 5.21H28.26m5.656-15.63H28.26m5.656 5.21H28.26m5.656 5.21H28.26m5.656 5.21H28.26\" stroke=\"#6C6C6C\" stroke-width=\"3\" stroke-miterlimit=\"10\" stroke-linecap=\"round\" stroke-linejoin=\"round\" \/><\/svg>      <\/span>\n      <p class=\"custom-file__label\" aria-hidden=\"true\">\n        <span class=\"custom-file__title\">Canevas de plan de d\u00e9ploiement des \u00e9quipements de collecte<\/span>\n        <span class=\"custom-file__size\"> &#8211; 2.51 MB<\/span>\n      <\/p>\n      <span class=\"sr-only\">\n        Download file Canevas de plan de d\u00e9ploiement des \u00e9quipements de collecte (format Word, size 2.51 MB)      <\/span>\n    <\/a>\n  <\/div>\n  \n<\/div>\n\n\n<div class=\"sticky-section-sidebar\"\n>\n   <div class=\"sticky-section-sidebar__inner\">\n     \n<div class=\"sidebar-cta-wrapper aligndefault\">\n   <div class=\"sidebar-cta\">\n     \n  <div class=\"theme-icon aligndefault theme-icon--colored\">\n    <span class=\"theme-icon__icon icon icon-faq\"><\/span>\n  <\/div>\n  \n\n\n<p class=\"has-xlarge-font-size\"><strong>Des questions?<\/strong><\/p>\n\n\n\n<p>Contactez votre r\u00e9pondante ou r\u00e9pondant municipal.<\/p>\n\n\n\n<div class=\"wp-block-buttons is-layout-flex wp-block-buttons-is-layout-flex\">\n<div class=\"wp-block-button\"><a class=\"wp-block-button__link wp-element-button\" href=\"https:\/\/www.laval.ca\/aide-subventions\/organismes-benevoles\/services-organismes\/repondant-municipal\/\">Voir ses coordonn\u00e9es<\/a><\/div>\n<\/div>\n\n   <\/div>\n<\/div>\n\n   <\/div>\n<\/div>\n\n<\/section>\n<ol class=\"wp-block-footnotes\"><li id=\"267d3a07-9d80-4645-b99d-89e90444c832\">Un \u00e9v\u00e9nement sp\u00e9cial est une activit\u00e9 \u00e0 caract\u00e8re social, festif, sportif, culturel, r\u00e9cr\u00e9atif, corporatif ou communautaire, ayant une dur\u00e9e limit\u00e9e dans le temps, qui se d\u00e9roule de fa\u00e7on ponctuelle ou r\u00e9currente et qui contribue \u00e0 dynamiser un milieu de vie. <a href=\"#267d3a07-9d80-4645-b99d-89e90444c832-link\" aria-label=\"Jump to footnote reference 1\">\u21a9\ufe0e<\/a><\/li><\/ol><section class=\"mixed-carousel mixed-carousel--custom alignfull\"\n>\n    \n<div class=\"heading-with-button container\">\n      <h2 class=\"heading-with-button__title\">Pour aller plus loin<\/h2>\n    <\/div>\n    <div class=\"mixed-carousel__carousel-wrapper\">\n      <div class=\"mixed-carousel__carousel swiper\">\n        <div class=\"swiper-wrapper\">\n                      \n<div class=\"mixed-item swiper-slide aligndefault mixed-item--landscape-thumbnail\">\n  <a class=\"mixed-item__inner\" href=\"https:\/\/www.laval.ca\/aides-subventions\/organismes-benevoles\/services-organismes\/promotion-evenement-activite\/\">    <div class=\"mixed-item__thumbnail-wrapper\">\n      <img decoding=\"async\" src=\"https:\/\/www.laval.ca\/wp-content\/themes\/laval.ca\/dist\/images\/defaults\/default.jpg\" alt=\"\">    <\/div>\n    <h3 class=\"mixed-item__title\"><span>Promouvoir votre \u00e9v\u00e9nement<\/span><\/h3>\n          <p class=\"mixed-item__excerpt\">Profitez de nos supports d&#8217;affichage pour donner de la visibilit\u00e9 \u00e0 votre \u00e9v\u00e9nement. <\/p>\n      <\/a><\/div>\n\n\n                  <\/div>\n      <\/div>\n    <\/div>\n    <div class=\"mixed-carousel__carousel-navigation container\">\n      <div class=\"swiper-button-prev\"><\/div>\n      <div class=\"swiper-button-next\"><\/div>\n    <\/div>\n      \n<\/section>\n","protected":false},"excerpt":{"rendered":"","protected":false},"author":34,"featured_media":0,"parent":26975,"menu_order":0,"comment_status":"closed","ping_status":"closed","template":"","meta":{"_acf_changed":false,"advgb_blocks_editor_width":"","advgb_blocks_columns_visual_guide":"","footnotes":"[{\"id\":\"267d3a07-9d80-4645-b99d-89e90444c832\",\"content\":\"Un \\u00e9v\\u00e9nement sp\\u00e9cial est une activit\\u00e9 \\u00e0 caract\\u00e8re social, festif, sportif, culturel, r\\u00e9cr\\u00e9atif, corporatif ou communautaire, ayant une dur\\u00e9e limit\\u00e9e dans le temps, qui se d\\u00e9roule de fa\\u00e7on ponctuelle ou r\\u00e9currente et qui contribue \\u00e0 dynamiser un milieu de vie.\"}]"},"class_list":["post-26960","page","type-page","status-publish","hentry"],"pp_statuses_selecting_workflow":false,"pp_workflow_action":"current","pp_status_selection":"publish","acf":[],"coauthors":[],"author_meta":{"author_link":"https:\/\/www.laval.ca\/en\/author\/i-boucherlaval-ca\/","display_name":"i.boucher@laval.ca"},"relative_dates":{"created":"Posted 1 year ago","modified":"Updated 8 months ago"},"absolute_dates":{"created":"Posted on November 14, 2024","modified":"Updated on September 11, 2025"},"absolute_dates_time":{"created":"Posted on November 14, 2024 4:35 pm","modified":"Updated on September 11, 2025 9:11 am"},"featured_img_caption":"","featured_img":false,"series_order":"","publishpress_future_action":{"enabled":false,"date":"2026-05-09 06:57:25","action":"change-status","newStatus":"draft","terms":[],"taxonomy":"translation_priority","extraData":[]},"publishpress_future_workflow_manual_trigger":{"enabledWorkflows":[]},"_links":{"self":[{"href":"https:\/\/www.laval.ca\/en\/wp-json\/wp\/v2\/pages\/26960","targetHints":{"allow":["GET"]}}],"collection":[{"href":"https:\/\/www.laval.ca\/en\/wp-json\/wp\/v2\/pages"}],"about":[{"href":"https:\/\/www.laval.ca\/en\/wp-json\/wp\/v2\/types\/page"}],"author":[{"embeddable":true,"href":"https:\/\/www.laval.ca\/en\/wp-json\/wp\/v2\/users\/34"}],"replies":[{"embeddable":true,"href":"https:\/\/www.laval.ca\/en\/wp-json\/wp\/v2\/comments?post=26960"}],"version-history":[{"count":8,"href":"https:\/\/www.laval.ca\/en\/wp-json\/wp\/v2\/pages\/26960\/revisions"}],"predecessor-version":[{"id":91129,"href":"https:\/\/www.laval.ca\/en\/wp-json\/wp\/v2\/pages\/26960\/revisions\/91129"}],"up":[{"embeddable":true,"href":"https:\/\/www.laval.ca\/en\/wp-json\/wp\/v2\/pages\/26975"}],"wp:attachment":[{"href":"https:\/\/www.laval.ca\/en\/wp-json\/wp\/v2\/media?parent=26960"}],"curies":[{"name":"wp","href":"https:\/\/api.w.org\/{rel}","templated":true}]}}