{"id":26803,"date":"2024-11-29T11:50:28","date_gmt":"2024-11-29T16:50:28","guid":{"rendered":"https:\/\/www.laval.ca\/semaine-quebecoise-rencontres-interculturelles\/"},"modified":"2025-08-28T17:03:40","modified_gmt":"2025-08-28T21:03:40","slug":"quebec-week-of-intercultural-meetings","status":"publish","type":"page","link":"https:\/\/www.laval.ca\/en\/sports-leisure\/events-parties\/quebec-week-of-intercultural-meetings\/","title":{"rendered":"Quebec week of intercultural meetings"},"content":{"rendered":"<section class=\"sticky-section-group aligndefault\"\n>\n   \n<div class=\"sticky-section-main\"\n>\n   \n\n<p class=\"is-style-intro-text\">La Semaine qu\u00e9b\u00e9coise des rencontres interculturelles met en lumi\u00e8re la contribution des Qu\u00e9b\u00e9coises et des Qu\u00e9b\u00e9cois de toutes origines \u00e0 la prosp\u00e9rit\u00e9 de la province en favorisant le dialogue entre les cultures.\u00a0<\/p>\n\n\n\n<h2 class=\"wp-block-heading\"><strong>Rendez-vous \u00e0 la prochaine \u00e9dition<\/strong><\/h2>\n\n\n\n<p>La prochaine \u00e9dition de la Semaine qu\u00e9b\u00e9coise des rencontres interculturelles aura lieu en novembre\u00a02025. La programmation lavalloise sera annonc\u00e9e fin\u00a0octobre.\u00a0<\/p>\n\n\n\n<p>Pour en savoir plus sur l\u2019\u00e9v\u00e9nement et les activit\u00e9s organis\u00e9es dans tout le Qu\u00e9bec, consultez le site Web du <a href=\"https:\/\/www.quebec.ca\/immigration\/semaine-quebecoise-rencontres-interculturelles\" target=\"_blank\" rel=\"noreferrer noopener\">minist\u00e8re de l&#8217;Immigration, de la Francisation et de l&#8217;Int\u00e9gration<\/a>.\u00a0<\/p>\n\n<\/div>\n\n\n<div class=\"sticky-section-sidebar\"\n>\n   <div class=\"sticky-section-sidebar__inner\">\n     \n\n<p><\/p>\n\n   <\/div>\n<\/div>\n\n<\/section>\n<section class=\"mixed-carousel mixed-carousel--custom alignfull\"\n>\n    \n<div class=\"heading-with-button container\">\n      <h2 class=\"heading-with-button__title\">Pour aller plus loin<\/h2>\n    <\/div>\n    <div class=\"mixed-carousel__carousel-wrapper\">\n      <div class=\"mixed-carousel__carousel swiper\">\n        <div class=\"swiper-wrapper\">\n                      \n<div class=\"mixed-item swiper-slide aligndefault mixed-item--landscape-thumbnail\">\n  <a class=\"mixed-item__inner\" href=\"https:\/\/www.laval.ca\/calendrier-activites\/\" target=\"_blank\">    <div class=\"mixed-item__thumbnail-wrapper\">\n      <img decoding=\"async\" width=\"609\" height=\"350\" src=\"https:\/\/www.laval.ca\/wp-content\/uploads\/2025\/02\/calendrier-activites-609x350-1.jpg\" class=\"attachment-medium_large size-medium_large\" alt=\"Vue a\u00e9rienne de Laval\" sizes=\"(min-width:1216px) 430px, (min-width:1080px) 36vw, (min-width:768px) 41vw, (min-width:560px) 60vw, 85vw\" srcset=\"https:\/\/www.laval.ca\/wp-content\/uploads\/2025\/02\/calendrier-activites-609x350-1.jpg 609w, https:\/\/www.laval.ca\/wp-content\/uploads\/2025\/02\/calendrier-activites-609x350-1-300x172.jpg 300w\" \/>    <\/div>\n    <h3 class=\"mixed-item__title\"><span>Quoi faire \u00e0 Laval?\u202f\u202f<\/span><\/h3>\n          <p class=\"mixed-item__excerpt\">Consultez le calendrier des activit\u00e9s pour trouver votre prochaine sortie.\u202f<\/p>\n      <\/a><\/div>\n\n\n<div class=\"mixed-item swiper-slide aligndefault mixed-item--landscape-thumbnail\">\n  <a class=\"mixed-item__inner\" href=\"https:\/\/www.laval.ca\/sports-loisirs\/inscrire-activite-sportive-culturelle-loisirs\/\">    <div class=\"mixed-item__thumbnail-wrapper\">\n      <img decoding=\"async\" width=\"609\" height=\"350\" src=\"https:\/\/www.laval.ca\/wp-content\/uploads\/2025\/02\/inscriptions-activites-sport-culture-609x350-1.jpg\" class=\"attachment-medium_large size-medium_large\" alt=\"Illustration d&#039;une ballerine et d&#039;un joueur de hockey\" sizes=\"(min-width:1216px) 430px, (min-width:1080px) 36vw, (min-width:768px) 41vw, (min-width:560px) 60vw, 85vw\" srcset=\"https:\/\/www.laval.ca\/wp-content\/uploads\/2025\/02\/inscriptions-activites-sport-culture-609x350-1.jpg 609w, https:\/\/www.laval.ca\/wp-content\/uploads\/2025\/02\/inscriptions-activites-sport-culture-609x350-1-300x172.jpg 300w\" \/>    <\/div>\n    <h3 class=\"mixed-item__title\"><span>Activit\u00e9s sportives, culturelles et de loisirs\u202f<\/span><\/h3>\n          <p class=\"mixed-item__excerpt\">Vous souhaitez vous inscrire \u00e0 une activit\u00e9 ou inscrire votre enfant? On vous dit tout.<\/p>\n      <\/a><\/div>\n\n\n                  <\/div>\n      <\/div>\n    <\/div>\n    <div class=\"mixed-carousel__carousel-navigation container\">\n      <div class=\"swiper-button-prev\"><\/div>\n      <div class=\"swiper-button-next\"><\/div>\n    <\/div>\n      \n<\/section>\n","protected":false},"excerpt":{"rendered":"","protected":false},"author":34,"featured_media":0,"parent":27025,"menu_order":80,"comment_status":"closed","ping_status":"closed","template":"","meta":{"_acf_changed":false,"advgb_blocks_editor_width":"","advgb_blocks_columns_visual_guide":"","footnotes":""},"class_list":["post-26803","page","type-page","status-publish","hentry"],"pp_statuses_selecting_workflow":false,"pp_workflow_action":"current","pp_status_selection":"publish","acf":[],"coauthors":[],"author_meta":{"author_link":"https:\/\/www.laval.ca\/en\/author\/i-boucherlaval-ca\/","display_name":"i.boucher@laval.ca"},"relative_dates":{"created":"Posted 1 year ago","modified":"Updated 8 months ago"},"absolute_dates":{"created":"Posted on November 29, 2024","modified":"Updated on August 28, 2025"},"absolute_dates_time":{"created":"Posted on November 29, 2024 11:50 am","modified":"Updated on August 28, 2025 5:03 pm"},"featured_img_caption":"","featured_img":false,"series_order":"","publishpress_future_action":{"enabled":false,"date":"2026-05-03 07:45:57","action":"change-status","newStatus":"draft","terms":[],"taxonomy":"translation_priority","extraData":[]},"publishpress_future_workflow_manual_trigger":{"enabledWorkflows":[]},"_links":{"self":[{"href":"https:\/\/www.laval.ca\/en\/wp-json\/wp\/v2\/pages\/26803","targetHints":{"allow":["GET"]}}],"collection":[{"href":"https:\/\/www.laval.ca\/en\/wp-json\/wp\/v2\/pages"}],"about":[{"href":"https:\/\/www.laval.ca\/en\/wp-json\/wp\/v2\/types\/page"}],"author":[{"embeddable":true,"href":"https:\/\/www.laval.ca\/en\/wp-json\/wp\/v2\/users\/34"}],"replies":[{"embeddable":true,"href":"https:\/\/www.laval.ca\/en\/wp-json\/wp\/v2\/comments?post=26803"}],"version-history":[{"count":7,"href":"https:\/\/www.laval.ca\/en\/wp-json\/wp\/v2\/pages\/26803\/revisions"}],"predecessor-version":[{"id":89222,"href":"https:\/\/www.laval.ca\/en\/wp-json\/wp\/v2\/pages\/26803\/revisions\/89222"}],"up":[{"embeddable":true,"href":"https:\/\/www.laval.ca\/en\/wp-json\/wp\/v2\/pages\/27025"}],"wp:attachment":[{"href":"https:\/\/www.laval.ca\/en\/wp-json\/wp\/v2\/media?parent=26803"}],"curies":[{"name":"wp","href":"https:\/\/api.w.org\/{rel}","templated":true}]}}