{"id":26751,"date":"2024-12-04T14:54:42","date_gmt":"2024-12-04T19:54:42","guid":{"rendered":"https:\/\/www.laval.ca\/vision-strategique-laval-2035\/"},"modified":"2025-04-08T10:32:11","modified_gmt":"2025-04-08T14:32:11","slug":"strategic-vision-laval-2035","status":"publish","type":"page","link":"https:\/\/www.laval.ca\/en\/municipal-organization\/laval-portrait\/strategic-vision-laval-2035\/","title":{"rendered":"Strategic vision &#8211; Laval 2035"},"content":{"rendered":"<section class=\"sticky-section-group aligndefault\"\n>\n   \n<div class=\"sticky-section-main\"\n>\n   \n\n<p class=\"is-style-intro-text\">En janvier\u00a02014, la Ville de Laval a entrepris une d\u00e9marche dans l&#8217;optique d&#8217;\u00e9laborer une vision strat\u00e9gique.<\/p>\n\n\n\n<p>Guid\u00e9e par le p\u00f4le en cr\u00e9ativit\u00e9 et innovation Mosaic-HEC\u00a0Montr\u00e9al, Convercit\u00e9 et Zins Beauchesne et associ\u00e9s, la Ville a collect\u00e9 et analys\u00e9 les opinions de diff\u00e9rents partenaires\u00a0:<\/p>\n\n\n\n<ul class=\"wp-block-list\">\n<li>citoyens et citoyennes<\/li>\n\n\n\n<li>\u00e9lus et \u00e9lues municipaux<\/li>\n\n\n\n<li>membres du personnel <\/li>\n<\/ul>\n\n\n\n<p>L&#8217;information r\u00e9colt\u00e9e sur le Laval actuel et sur l&#8217;avenir du territoire a \u00e9t\u00e9 r\u00e9alis\u00e9e par le biais de recherches marketing, de groupes de discussion et de consultations citoyennes.<\/p>\n\n\n\n<h2 class=\"wp-block-heading\">Vision strat\u00e9gique\u00a0&#8211; Laval 2035\u00a0: Urbaine de nature<\/h2>\n\n\n\n<p>Cette vision est d\u2019abord celle du territoire et de la collectivit\u00e9 qui l\u2019habite, en plus d\u2019\u00eatre celle de l\u2019administration. Elle s\u2019\u00e9tend \u00e0 l\u2019ensemble des acteurs du d\u00e9veloppement, incluant les citoyens et citoyennes de Laval, les partenaires \u00e9conomiques et les organismes dont l\u2019activit\u00e9 touche les champs de comp\u00e9tence de la Ville. Ma\u00eetre d\u2019oeuvre de l\u2019implantation de la vision\u00a02035, la Ville verra \u00e0 son d\u00e9ploiement sur le territoire lavallois en concertation et en partenariat avec les parties prenantes.<\/p>\n\n\n<section class=\"info-tip-box aligndefault\"\n>\n   <div class=\"info-tip-box__decoration\" aria-hidden=\"true\"><\/div>\n   <div class=\"info-tip-box__content\">\n    \n\n<h3 class=\"wp-block-heading\">Vision strat\u00e9gique\u00a0&#8211; Laval 2035\u00a0: Urbaine de nature<\/h3>\n\n\n\n<p>Cette vision est d\u2019abord celle du territoire et de la collectivit\u00e9 qui l\u2019habite, en plus d\u2019\u00eatre celle de l\u2019administration. Elle s\u2019\u00e9tend \u00e0 l\u2019ensemble des acteurs du d\u00e9veloppement, incluant les citoyens de Laval, les partenaires \u00e9conomiques et les organismes dont l\u2019activit\u00e9 touche les champs de comp\u00e9tence de la Ville. Ma\u00eetre d\u2019oeuvre de l\u2019implantation de la vision\u00a02035, la Ville verra \u00e0 son d\u00e9ploiement sur le territoire lavallois en concertation et en partenariat avec les parties prenantes.<\/p>\n\n   <\/div>\n<\/section>\n\n\n\n<p>La vision strat\u00e9gique est b\u00e2tie sur une id\u00e9e maitresse, Urbaine de nature, qui se prolonge avec un \u00e9nonc\u00e9 de vision structur\u00e9 en 5\u00a0piliers\u00a0:<\/p>\n\n\n\n<ul class=\"wp-block-list\">\n<li>vivante de nature<\/li>\n\n\n\n<li>s\u00e9duisante de nature<\/li>\n\n\n\n<li>humaine de nature<\/li>\n\n\n\n<li>entreprenante de nature<\/li>\n\n\n\n<li>engag\u00e9e de nature<\/li>\n<\/ul>\n\n\n\n<p>La Ville a \u00e9galement d\u00e9fini 5\u00a0grandes orientations 2015-2035 et des projets structurants qui guideront la mise en \u0153uvre de la vision.<\/p>\n\n\n  <div class=\"custom-file-block aligndefault\" \n  >\n    <a href=\"https:\/\/www.laval.ca\/wp-content\/uploads\/2025\/02\/vision-strategique-laval-2035.pdf\" target=\"_blank\" class=\"custom-file\">\n      <span class=\"custom-file__icon\" aria-hidden=\"true\">\n        <svg width=\"30\" height=\"31\" viewBox=\"0 0 30 31\" fill=\"none\" xmlns=\"http:\/\/www.w3.org\/2000\/svg\"><path d=\"M6.2451 12.627V1.1448h13.9746m8.0494 8.0502v20.1317H6.2451v-3.2364M28.2691 9.195l-8.0494-8.0502V9.195h8.0494Z\" stroke=\"#6C6C6C\" stroke-width=\"1.5\" stroke-miterlimit=\"10\" stroke-linecap=\"round\" stroke-linejoin=\"round\" \/><path d=\"M22.2851 12.6975H1.1818v13.0058h21.1033V12.6975Z\" fill=\"#E12324\" stroke=\"#E12324\" stroke-width=\"1.5\" stroke-miterlimit=\"10\" stroke-linecap=\"round\" stroke-linejoin=\"round\" \/><path d=\"M13.8204 15.6531v5.9949m-.016-1.9942v-.0647c0-1.2568-.7593-2.0051-1.7208-2.0051-.9694 0-1.8087.7331-1.8087 2.0051v.0647c0 1.2567.7505 1.9978 1.744 1.9978.9455 0 1.7855-.7571 1.7855-1.9978Zm-9.3258 3.4343v-5.5163m.016 1.9941v.0648c0 1.2567.7592 2.0051 1.7207 2.0051.9695 0 1.8087-.7331 1.8087-2.0051v-.0648c0-1.2567-.7505-1.9978-1.744-1.9978-.9454 0-1.7854.7571-1.7854 1.9978Zm13.6843-3.9447c-.576-.1432-1.3956.0597-1.3956 1.0524v4.9746m-.6968-4.043h2.0502\" stroke=\"#fff\" stroke-miterlimit=\"10\" stroke-linecap=\"round\" stroke-linejoin=\"round\" \/><\/svg>      <\/span>\n      <p class=\"custom-file__label\" aria-hidden=\"true\">\n        <span class=\"custom-file__title\">Vision strat\u00e9gique &#8211;\u00a0Laval 2035 : urbaine de nature<\/span>\n        <span class=\"custom-file__size\"> &#8211; 858.39 KB<\/span>\n      <\/p>\n      <span class=\"sr-only\">\n        Download file Vision strat\u00e9gique &#8211;\u00a0Laval 2035 : urbaine de nature (format PDF, size 858.39 KB)      <\/span>\n    <\/a>\n  <\/div>\n  \n\n  <div class=\"custom-file-block aligndefault\" \n  >\n    <a href=\"https:\/\/www.laval.ca\/wp-content\/uploads\/2025\/02\/vision-strategique-foire-questions.pdf\" target=\"_blank\" class=\"custom-file\">\n      <span class=\"custom-file__icon\" aria-hidden=\"true\">\n        <svg width=\"30\" height=\"31\" viewBox=\"0 0 30 31\" fill=\"none\" xmlns=\"http:\/\/www.w3.org\/2000\/svg\"><path d=\"M6.2451 12.627V1.1448h13.9746m8.0494 8.0502v20.1317H6.2451v-3.2364M28.2691 9.195l-8.0494-8.0502V9.195h8.0494Z\" stroke=\"#6C6C6C\" stroke-width=\"1.5\" stroke-miterlimit=\"10\" stroke-linecap=\"round\" stroke-linejoin=\"round\" \/><path d=\"M22.2851 12.6975H1.1818v13.0058h21.1033V12.6975Z\" fill=\"#E12324\" stroke=\"#E12324\" stroke-width=\"1.5\" stroke-miterlimit=\"10\" stroke-linecap=\"round\" stroke-linejoin=\"round\" \/><path d=\"M13.8204 15.6531v5.9949m-.016-1.9942v-.0647c0-1.2568-.7593-2.0051-1.7208-2.0051-.9694 0-1.8087.7331-1.8087 2.0051v.0647c0 1.2567.7505 1.9978 1.744 1.9978.9455 0 1.7855-.7571 1.7855-1.9978Zm-9.3258 3.4343v-5.5163m.016 1.9941v.0648c0 1.2567.7592 2.0051 1.7207 2.0051.9695 0 1.8087-.7331 1.8087-2.0051v-.0648c0-1.2567-.7505-1.9978-1.744-1.9978-.9454 0-1.7854.7571-1.7854 1.9978Zm13.6843-3.9447c-.576-.1432-1.3956.0597-1.3956 1.0524v4.9746m-.6968-4.043h2.0502\" stroke=\"#fff\" stroke-miterlimit=\"10\" stroke-linecap=\"round\" stroke-linejoin=\"round\" \/><\/svg>      <\/span>\n      <p class=\"custom-file__label\" aria-hidden=\"true\">\n        <span class=\"custom-file__title\">Vision strat\u00e9gique &#8211;\u00a0Laval 2035 : foire aux questions<\/span>\n        <span class=\"custom-file__size\"> &#8211; 97.63 KB<\/span>\n      <\/p>\n      <span class=\"sr-only\">\n        Download file Vision strat\u00e9gique &#8211;\u00a0Laval 2035 : foire aux questions (format PDF, size 97.63 KB)      <\/span>\n    <\/a>\n  <\/div>\n  \n\n  <div class=\"custom-file-block aligndefault\" \n  >\n    <a href=\"https:\/\/www.laval.ca\/wp-content\/uploads\/2025\/02\/repensons-laval-rapport-consultations-publiques-2015.pdf\" target=\"_blank\" class=\"custom-file\">\n      <span class=\"custom-file__icon\" aria-hidden=\"true\">\n        <svg width=\"30\" height=\"31\" viewBox=\"0 0 30 31\" fill=\"none\" xmlns=\"http:\/\/www.w3.org\/2000\/svg\"><path d=\"M6.2451 12.627V1.1448h13.9746m8.0494 8.0502v20.1317H6.2451v-3.2364M28.2691 9.195l-8.0494-8.0502V9.195h8.0494Z\" stroke=\"#6C6C6C\" stroke-width=\"1.5\" stroke-miterlimit=\"10\" stroke-linecap=\"round\" stroke-linejoin=\"round\" \/><path d=\"M22.2851 12.6975H1.1818v13.0058h21.1033V12.6975Z\" fill=\"#E12324\" stroke=\"#E12324\" stroke-width=\"1.5\" stroke-miterlimit=\"10\" stroke-linecap=\"round\" stroke-linejoin=\"round\" \/><path d=\"M13.8204 15.6531v5.9949m-.016-1.9942v-.0647c0-1.2568-.7593-2.0051-1.7208-2.0051-.9694 0-1.8087.7331-1.8087 2.0051v.0647c0 1.2567.7505 1.9978 1.744 1.9978.9455 0 1.7855-.7571 1.7855-1.9978Zm-9.3258 3.4343v-5.5163m.016 1.9941v.0648c0 1.2567.7592 2.0051 1.7207 2.0051.9695 0 1.8087-.7331 1.8087-2.0051v-.0648c0-1.2567-.7505-1.9978-1.744-1.9978-.9454 0-1.7854.7571-1.7854 1.9978Zm13.6843-3.9447c-.576-.1432-1.3956.0597-1.3956 1.0524v4.9746m-.6968-4.043h2.0502\" stroke=\"#fff\" stroke-miterlimit=\"10\" stroke-linecap=\"round\" stroke-linejoin=\"round\" \/><\/svg>      <\/span>\n      <p class=\"custom-file__label\" aria-hidden=\"true\">\n        <span class=\"custom-file__title\">Repensons Laval &#8211;\u00a0Rapport de\u00a0consultation\u00a0publique<\/span>\n        <span class=\"custom-file__size\"> &#8211; 518.77 KB<\/span>\n      <\/p>\n      <span class=\"sr-only\">\n        Download file Repensons Laval &#8211;\u00a0Rapport de\u00a0consultation\u00a0publique (format PDF, size 518.77 KB)      <\/span>\n    <\/a>\n  <\/div>\n  \n\n  <div class=\"custom-file-block aligndefault\" \n  >\n    <a href=\"https:\/\/www.laval.ca\/wp-content\/uploads\/2025\/02\/repensons-laval-etat-lieux.pdf\" target=\"_blank\" class=\"custom-file\">\n      <span class=\"custom-file__icon\" aria-hidden=\"true\">\n        <svg width=\"30\" height=\"31\" viewBox=\"0 0 30 31\" fill=\"none\" xmlns=\"http:\/\/www.w3.org\/2000\/svg\"><path d=\"M6.2451 12.627V1.1448h13.9746m8.0494 8.0502v20.1317H6.2451v-3.2364M28.2691 9.195l-8.0494-8.0502V9.195h8.0494Z\" stroke=\"#6C6C6C\" stroke-width=\"1.5\" stroke-miterlimit=\"10\" stroke-linecap=\"round\" stroke-linejoin=\"round\" \/><path d=\"M22.2851 12.6975H1.1818v13.0058h21.1033V12.6975Z\" fill=\"#E12324\" stroke=\"#E12324\" stroke-width=\"1.5\" stroke-miterlimit=\"10\" stroke-linecap=\"round\" stroke-linejoin=\"round\" \/><path d=\"M13.8204 15.6531v5.9949m-.016-1.9942v-.0647c0-1.2568-.7593-2.0051-1.7208-2.0051-.9694 0-1.8087.7331-1.8087 2.0051v.0647c0 1.2567.7505 1.9978 1.744 1.9978.9455 0 1.7855-.7571 1.7855-1.9978Zm-9.3258 3.4343v-5.5163m.016 1.9941v.0648c0 1.2567.7592 2.0051 1.7207 2.0051.9695 0 1.8087-.7331 1.8087-2.0051v-.0648c0-1.2567-.7505-1.9978-1.744-1.9978-.9454 0-1.7854.7571-1.7854 1.9978Zm13.6843-3.9447c-.576-.1432-1.3956.0597-1.3956 1.0524v4.9746m-.6968-4.043h2.0502\" stroke=\"#fff\" stroke-miterlimit=\"10\" stroke-linecap=\"round\" stroke-linejoin=\"round\" \/><\/svg>      <\/span>\n      <p class=\"custom-file__label\" aria-hidden=\"true\">\n        <span class=\"custom-file__title\">Repensons Laval &#8211;\u00a0Un \u00e9tat des lieux pour repenser Laval<\/span>\n        <span class=\"custom-file__size\"> &#8211; 3.17 MB<\/span>\n      <\/p>\n      <span class=\"sr-only\">\n        Download file Repensons Laval &#8211;\u00a0Un \u00e9tat des lieux pour repenser Laval (format PDF, size 3.17 MB)      <\/span>\n    <\/a>\n  <\/div>\n  \n\n  <div class=\"lightbox-video aligndefault external-video\"\n  >\n    <a href=\"https:\/\/www.youtube.com\/watch?v=SKDxfYB6nM0\" class=\"lightbox-video__thumbnail\" data-caption=\"Laval 2035 : Urbaine de nature\" target=\"_blank\" rel=\"noopener\" data-fancybox>\n      <img decoding=\"async\" width=\"960\" height=\"540\" src=\"https:\/\/www.laval.ca\/wp-content\/uploads\/2024\/12\/laval-2025-urbaine-nature-video-960x540.png\" class=\"attachment-photo-gallery-landscape size-photo-gallery-landscape\" alt=\"Image repr\u00e9sentant la vid\u00e9o officielle Laval 2035 : Urbaine de nature.\" srcset=\"https:\/\/www.laval.ca\/wp-content\/uploads\/2024\/12\/laval-2025-urbaine-nature-video-960x540.png 960w, https:\/\/www.laval.ca\/wp-content\/uploads\/2024\/12\/laval-2025-urbaine-nature-video-420x235.png 420w\" sizes=\"(max-width: 960px) 100vw, 960px\" \/>      <div class=\"lightbox-video__overlay\">\n        <div class=\"lightbox-video__play-wrapper\">\n          <span class=\"lightbox-video__play-icon icon-play\" aria-hidden=\"true\"><\/span>\n          <p class=\"sr-only\">Play video<\/p>\n                      <p class=\"lightbox-video__caption\">Laval 2035 : Urbaine de nature<\/p>\n                  <\/div>\n      <\/div>\n    <\/a>\n  <\/div>\n  \n\n\n<h3 class=\"wp-block-heading\">Planification strat\u00e9gique 2016-2020<\/h3>\n\n\n\n<p>D\u00e9coulant de la vision strat\u00e9gique Urbaine de nature, 2035, la planification strat\u00e9gique 2016-2020 a \u00e9t\u00e9 \u00e9labor\u00e9e en fonction d\u2019objectifs concrets sur un horizon de 5\u00a0ans.<\/p>\n\n\n\n<p>Fruit d\u2019une vaste r\u00e9flexion de l\u2019organisation, la planification strat\u00e9gique se veut un puissant outil de performance organisationnelle. Elle orientera chacune des d\u00e9cisions de la Ville de Laval et repr\u00e9sentera un exemple concret de son engagement envers sa collectivit\u00e9, ses employ\u00e9s et ses fournisseurs.<\/p>\n\n\n\n<div class=\"wp-block-buttons is-layout-flex wp-block-buttons-is-layout-flex\">\n<div class=\"wp-block-button\"><a class=\"wp-block-button__link wp-element-button\" href=\"https:\/\/www.laval.ca\/wp-content\/uploads\/2025\/02\/planification-strategique-laval-2020.pdf\" target=\"_blank\" rel=\"noreferrer noopener\">Consulter la planification strat\u00e9gique 2016-2020<\/a><\/div>\n<\/div>\n\n<\/div>\n\n\n<div class=\"sticky-section-sidebar\"\n>\n   <div class=\"sticky-section-sidebar__inner\">\n     \n\n<p><\/p>\n\n   <\/div>\n<\/div>\n\n<\/section>\n","protected":false},"excerpt":{"rendered":"","protected":false},"author":34,"featured_media":0,"parent":27046,"menu_order":163,"comment_status":"closed","ping_status":"closed","template":"","meta":{"_acf_changed":false,"advgb_blocks_editor_width":"","advgb_blocks_columns_visual_guide":"","footnotes":""},"class_list":["post-26751","page","type-page","status-publish","hentry"],"pp_statuses_selecting_workflow":false,"pp_workflow_action":"current","pp_status_selection":"publish","acf":[],"coauthors":[],"author_meta":{"author_link":"https:\/\/www.laval.ca\/en\/author\/i-boucherlaval-ca\/","display_name":"i.boucher@laval.ca"},"relative_dates":{"created":"Posted 1 year ago","modified":"Updated 1 year ago"},"absolute_dates":{"created":"Posted on December 4, 2024","modified":"Updated on April 8, 2025"},"absolute_dates_time":{"created":"Posted on December 4, 2024 2:54 pm","modified":"Updated on April 8, 2025 10:32 am"},"featured_img_caption":"","featured_img":false,"series_order":"","publishpress_future_action":{"enabled":false,"date":"2026-05-07 19:57:59","action":"change-status","newStatus":"draft","terms":[],"taxonomy":"translation_priority","extraData":[]},"publishpress_future_workflow_manual_trigger":{"enabledWorkflows":[]},"_links":{"self":[{"href":"https:\/\/www.laval.ca\/en\/wp-json\/wp\/v2\/pages\/26751","targetHints":{"allow":["GET"]}}],"collection":[{"href":"https:\/\/www.laval.ca\/en\/wp-json\/wp\/v2\/pages"}],"about":[{"href":"https:\/\/www.laval.ca\/en\/wp-json\/wp\/v2\/types\/page"}],"author":[{"embeddable":true,"href":"https:\/\/www.laval.ca\/en\/wp-json\/wp\/v2\/users\/34"}],"replies":[{"embeddable":true,"href":"https:\/\/www.laval.ca\/en\/wp-json\/wp\/v2\/comments?post=26751"}],"version-history":[{"count":3,"href":"https:\/\/www.laval.ca\/en\/wp-json\/wp\/v2\/pages\/26751\/revisions"}],"predecessor-version":[{"id":62972,"href":"https:\/\/www.laval.ca\/en\/wp-json\/wp\/v2\/pages\/26751\/revisions\/62972"}],"up":[{"embeddable":true,"href":"https:\/\/www.laval.ca\/en\/wp-json\/wp\/v2\/pages\/27046"}],"wp:attachment":[{"href":"https:\/\/www.laval.ca\/en\/wp-json\/wp\/v2\/media?parent=26751"}],"curies":[{"name":"wp","href":"https:\/\/api.w.org\/{rel}","templated":true}]}}