{"id":26748,"date":"2024-12-04T15:59:38","date_gmt":"2024-12-04T20:59:38","guid":{"rendered":"https:\/\/www.laval.ca\/recrutement-implication-citoyenne\/"},"modified":"2025-09-03T15:50:14","modified_gmt":"2025-09-03T19:50:14","slug":"assemblees-publiques-consultation-recrutement","status":"publish","type":"page","link":"https:\/\/www.laval.ca\/en\/democratic-life\/citizen-participation\/assemblees-publiques-consultation-recrutement\/","title":{"rendered":"Recruitment and citizen involvement"},"content":{"rendered":"<section class=\"sticky-section-group aligndefault\"\n>\n   \n<div class=\"sticky-section-main\"\n>\n   \n\n<p class=\"is-style-intro-text\">Vous souhaitez utiliser vos comp\u00e9tences pour conseiller les instances d\u00e9cisionnelles de la Ville et participer \u00e0 des projets importants pour les Lavalloises et Lavallois?\u00a0<\/p>\n\n\n\n<p class=\"is-style-default\">Rejoignez un comit\u00e9 consultatif, une commission, une table de concertation de la Ville ou le conseil d\u2019administration d&#8217;une soci\u00e9t\u00e9 paramunicipale ou d&#8217;un OBNL o\u00f9 la Ville peut d\u00e9signer une administratrice ou un administrateur.<\/p>\n\n\n\n<p>\u00a0<\/p>\n\n\n\n<h2 class=\"wp-block-heading\">Cinq raisons de vous impliquer dans un comit\u00e9<sup data-fn=\"01a20c1d-e962-44e0-85d8-df9bf77f3ebd\" class=\"fn\"><a href=\"#01a20c1d-e962-44e0-85d8-df9bf77f3ebd\" id=\"01a20c1d-e962-44e0-85d8-df9bf77f3ebd-link\">1<\/a><\/sup><\/h2>\n\n\n\n<ol class=\"wp-block-list\">\n<li>Contribuer au bien-\u00eatre de votre communaut\u00e9.<\/li>\n\n\n\n<li>Explorer un sujet qui vous passionne.\u00a0\u00a0<\/li>\n\n\n\n<li>Rencontrer d\u2019autres personnes partageant vos int\u00e9r\u00eats.<\/li>\n\n\n\n<li>\u00c9largir votre r\u00e9seau et d\u00e9velopper votre potentiel.<\/li>\n\n\n\n<li>Vivre une exp\u00e9rience enrichissante.\u2009<\/li>\n<\/ol>\n\n\n\n<h2 class=\"wp-block-heading\">Quel est votre r\u00f4le des membres d\u2019un comit\u00e9?<\/h2>\n\n\n\n<ul class=\"wp-block-list\">\n<li>Prendre connaissance des dossiers pr\u00e9sent\u00e9s au comit\u00e9.<\/li>\n\n\n\n<li>Participer activement aux r\u00e9unions et \u00e0 l\u2019atteinte des objectifs du comit\u00e9.<\/li>\n\n\n\n<li>Partager vos connaissances et votre expertise sur les sujets abord\u00e9s.<\/li>\n\n\n\n<li>Analyser les questions et demandes soumises au comit\u00e9.<\/li>\n\n\n\n<li>Formuler des recommandations aux instances municipales (<a href=\"https:\/\/www.laval.ca\/en\/democratic-life\/town-hall-elected-officials\/city-council\/\" data-type=\"link\" data-id=\"https:\/\/www.laval.ca\/vie-democratique\/hotel-de-ville-personnes-elues\/conseil-municipal\/\">conseil municipal<\/a> et <a href=\"https:\/\/www.laval.ca\/en\/democratic-life\/town-hall-elected-officials\/executive-committee-members\/\" data-type=\"link\" data-id=\"https:\/\/www.laval.ca\/vie-democratique\/hotel-de-ville-personnes-elues\/comite-executif\/\">comit\u00e9 ex\u00e9cutif<\/a>).<\/li>\n<\/ul>\n\n\n\n<h2 class=\"wp-block-heading\">Candidature et recrutement<\/h2>\n\n\n\n<p>La Ville de Laval recherche des personnes engag\u00e9es, disponibles et motiv\u00e9es, avec des comp\u00e9tences vari\u00e9es (administration, droit, ing\u00e9nierie, arts et culture, travail social, sport, relations interculturelles, etc.) et une grande int\u00e9grit\u00e9, pour participer \u00e0 ses comit\u00e9s.<\/p>\n\n\n\n<h3 class=\"wp-block-heading\">Postes \u00e0 combler<\/h3>\n\n\n\n<p>Aucun poste n\u2019est disponible pour le moment.<\/p>\n\n\n\n<h4 class=\"wp-block-heading\">Comit\u00e9 consultatif des personnes a\u00een\u00e9es<\/h4>\n\n\n\n<p>Le comit\u00e9 consultatif des personnes a\u00een\u00e9es a pour mission d\u2019\u00e9tudier les questions li\u00e9es aux enjeux et pr\u00e9occupations des personnes a\u00een\u00e9es \u00e0 Laval.<\/p>\n\n\n\n<p><a href=\"https:\/\/www.laval.ca\/vie-democratique\/participation-citoyenne\/comites-consultatifs\/personnes-ainees\/\" data-type=\"link\" data-id=\"https:\/\/www.laval.ca\/vie-democratique\/participation-citoyenne\/comites-consultatifs\/personnes-ainees\/\">En savoir plus sur le comit\u00e9<\/a><\/p>\n\n\n\n<p><a href=\"https:\/\/www.laval.ca\/wp-content\/uploads\/2025\/02\/secretariat-gouvernance-profil-ccpal.pdf\" target=\"_blank\" rel=\"noreferrer noopener\">Offre de mission &#8211; Comit\u00e9 consultatif des personnes a\u00een\u00e9es de Laval<\/a><\/p>\n\n\n\n<p>Nombre de postes disponibles\u00a0: 2<\/p>\n\n\n\n<p>Fin d&#8217;affichage\u00a0: 22 novembre 2024<\/p>\n\n\n<section class=\"info-tip-box aligndefault\"\n>\n   <div class=\"info-tip-box__decoration\" aria-hidden=\"true\"><\/div>\n   <div class=\"info-tip-box__content\">\n    \n\n<h3 class=\"wp-block-heading\"><strong>Candidatures spontan\u00e9es<\/strong><\/h3>\n\n\n\n<p>Vous pouvez postuler en tout temps. Toutes les candidatures sont accept\u00e9es, conserv\u00e9es et prises en consid\u00e9ration lorsqu\u2019un poste se lib\u00e8re.\u00a0<\/p>\n\n\n\n<p><a href=\"https:\/\/www.laval.ca\/vie-democratique\/participation-citoyenne\/comites-consultatifs\/personnes-ainees\/\" data-type=\"link\" data-id=\"https:\/\/www.laval.ca\/vie-democratique\/participation-citoyenne\/comites-consultatifs\/personnes-ainees\/\">En savoir plus sur les profils recherch\u00e9s<\/a><\/p>\n\n   <\/div>\n<\/section>\n\n\n\n<h3 class=\"wp-block-heading\" id=\"implication\">Comment postuler?<\/h3>\n\n\n\n<ol class=\"wp-block-list\">\n<li>Compl\u00e9tez le <a href=\"https:\/\/www.laval.ca\/Documents\/Pages\/Fr\/A-propos\/administration-municipale\/comites-organismes-services-conseils\/formulaire-appel-candidature-secretariat-gouvernance.pdf\">formulaire de candidature<\/a>.\u00a0<\/li>\n\n\n\n<li>Joignez les documents suivants&nbsp;:\n<ul class=\"wp-block-list\">\n<li>Votre curriculum vitae.<\/li>\n\n\n\n<li>Une lettre de motivation expliquant votre int\u00e9r\u00eat pour le poste.<\/li>\n<\/ul>\n<\/li>\n\n\n\n<li>Envoyez le tout par courriel \u00e0 <a href=\"mailto:secretariatgouvernance@laval.ca\">secretariatgouvernance@laval.ca<\/a>.<\/li>\n<\/ol>\n\n\n\n<h3 class=\"wp-block-heading\">Processus de recrutement<\/h3>\n\n\n\n<p>Tous les membres, administratrices et administrateurs ind\u00e9pendants sont recrut\u00e9s selon un processus rigoureux, impartial et apolitique, sous la responsabilit\u00e9 du <a href=\"https:\/\/www.laval.ca\/en\/municipal-organization\/municipal-administration\/governance-verification\/governance-secretariat\/\">secr\u00e9tariat de la gouvernance<\/a> de la Ville.\u00a0<\/p>\n\n\n\n<p>Le secr\u00e9tariat veille \u00e0 recruter des membres qui poss\u00e8dent, collectivement, les comp\u00e9tences recherch\u00e9es et apportent aux instances municipales une diversit\u00e9 de perspectives et d\u2019exp\u00e9riences.<\/p>\n\n\n\n  <div class=\"notification-message notification-message__bg-alert-circle\" \n  >\n   <div class=\"notification-message__inner-container\">\n    <div class=\"notification-message__heading\">\n              <span class=\"notification-message__icon icon icon-alert-circle\"><\/span>\n                    <p class=\"notification-message__title\">La diversit\u00e9 fait notre force.<\/p>\n          <\/div>\n          <div class=\"notification-message__text\">\n        <p>Nous encourageons vivement les femmes, les minorit\u00e9s visibles et ethniques, les Autochtones et les personnes handicap\u00e9es \u00e0 postuler \u00e0 l\u2019un des comit\u00e9s de la Ville.<\/p>\n      <\/div>\n      <\/div>\n  <\/div>\n\n\n\n<h2 class=\"wp-block-heading\">Code de conduite<\/h2>\n\n\n\n<p>Pour garantir la confiance de la population dans l\u2019int\u00e9grit\u00e9 et l\u2019impartialit\u00e9 des processus consultatifs et d\u00e9cisionnels de la Ville, chaque membre doit se conformer au <a href=\"https:\/\/www.laval.ca\/wp-content\/uploads\/2025\/02\/secretariat-gouvernance-code-conduite-2023.pdf\">code de conduite des membres de comit\u00e9s (sens \u00e9largi) de Laval<\/a>.\u00a0Ce code \u00e9tablit les comportements attendus et vise \u00e0 assurer une gestion transparente des conflits d\u2019int\u00e9r\u00eats. Il d\u00e9finit \u00e9galement les mesures de contr\u00f4le et de sanction en cas de non-respect de ses dispositions.<\/p>\n\n<\/div>\n\n\n<div class=\"sticky-section-sidebar\"\n>\n   <div class=\"sticky-section-sidebar__inner\">\n     \n<div class=\"sidebar-cta-wrapper aligndefault\">\n   <div class=\"sidebar-cta\">\n     \n  <div class=\"theme-icon aligndefault theme-icon--colored\">\n    <span class=\"theme-icon__icon icon icon-participation-citoyenne\"><\/span>\n  <\/div>\n  \n\n\n<p class=\"has-xlarge-font-size\"><strong><strong>D\u00e9couvrir nos comit\u00e9s<\/strong><\/strong><\/p>\n\n\n\n<p>Apprenez-en plus sur les comit\u00e9s de la Ville et les profils recherch\u00e9s.<\/p>\n\n\n\n<div class=\"wp-block-buttons is-layout-flex wp-block-buttons-is-layout-flex\">\n<div class=\"wp-block-button\"><a class=\"wp-block-button__link wp-element-button\" href=\"https:\/\/www.laval.ca\/en\/democratic-life\/citizen-participation\/advisory-committee\/\">Voir les comit\u00e9s<\/a><\/div>\n<\/div>\n\n   <\/div>\n<\/div>\n\n\n<div class=\"sidebar-cta-wrapper aligndefault\">\n   <div class=\"sidebar-cta\">\n     \n\n<p class=\"has-xlarge-font-size\"><strong><strong>Secr\u00e9tariat de la gouvernance\u200b<\/strong><\/strong><\/p>\n\n\n\n<p><a href=\"http:\/\/maps.google.com\/maps?q=1200%2c+boulevard+Chomedey%2c+Laval+%28Qu%C3%A9bec%29+H7V+3Z3&amp;hl=fr&amp;ie=UTF8&amp;ll=45.549625%2c-73.742681&amp;spn=0.008565%2c0.013154&amp;sll=37.0625%2c-95.677068&amp;sspn=39.592876%2c53.876953&amp;hnear=1200+Boulevard+Chomedey%2c+Laval%2c+Qu%C3%A9bec+H7V+1T5%2c+Canada&amp;t=m&amp;z=16&amp;iwloc=A\" target=\"_blank\" rel=\"noopener\">1200, boulevard Chomedey<\/a><br \/>Bureau 600<br \/>C.P. 422, succursale Saint-Martin<br \/>Laval (Qu\u00e9bec) H7V 3Z4<\/p>\n\n\n\n<p>450 978-5866<\/p>\n\n\n\n<p><a href=\"mailto:secretariatgouvernance@laval.ca\">secretariatgouvernance@laval.ca<\/a><\/p>\n\n   <\/div>\n<\/div>\n\n   <\/div>\n<\/div>\n\n<\/section>\n<section class=\"mixed-carousel mixed-carousel--custom alignfull\"\n>\n    \n<div class=\"heading-with-button container\">\n      <h2 class=\"heading-with-button__title\">Pour aller plus loin<\/h2>\n    <\/div>\n    <div class=\"mixed-carousel__carousel-wrapper\">\n      <div class=\"mixed-carousel__carousel swiper\">\n        <div class=\"swiper-wrapper\">\n                      \n<div class=\"mixed-item swiper-slide aligndefault mixed-item--landscape-thumbnail\">\n  <a class=\"mixed-item__inner\" href=\"https:\/\/www.laval.ca\/organisation-municipale\/\">    <div class=\"mixed-item__thumbnail-wrapper\">\n      <img decoding=\"async\" src=\"https:\/\/www.laval.ca\/wp-content\/themes\/laval.ca\/dist\/images\/defaults\/default.jpg\" alt=\"\">    <\/div>\n    <h3 class=\"mixed-item__title\"><span>Vie municipale<\/span><\/h3>\n          <p class=\"mixed-item__excerpt\">D\u00e9couvrez toutes les fa\u00e7ons de vous impliquer dans la vie municipale.<\/p>\n      <\/a><\/div>\n\n\n<div class=\"mixed-item swiper-slide aligndefault mixed-item--landscape-thumbnail\">\n  <a class=\"mixed-item__inner\" href=\"https:\/\/www.laval.ca\/vie-democratique\/participation-citoyenne\/\">    <div class=\"mixed-item__thumbnail-wrapper\">\n      <img decoding=\"async\" src=\"https:\/\/www.laval.ca\/wp-content\/themes\/laval.ca\/dist\/images\/defaults\/default.jpg\" alt=\"\">    <\/div>\n    <h3 class=\"mixed-item__title\"><span>Participation citoyenne<\/span><\/h3>\n          <p class=\"mixed-item__excerpt\">Apprenez-en plus sur la politique de participation citoyenne de la Ville.<\/p>\n      <\/a><\/div>\n\n\n                  <\/div>\n      <\/div>\n    <\/div>\n    <div class=\"mixed-carousel__carousel-navigation container\">\n      <div class=\"swiper-button-prev\"><\/div>\n      <div class=\"swiper-button-next\"><\/div>\n    <\/div>\n      \n<\/section>\n","protected":false},"excerpt":{"rendered":"","protected":false},"author":34,"featured_media":0,"parent":27004,"menu_order":36,"comment_status":"closed","ping_status":"closed","template":"","meta":{"_acf_changed":false,"advgb_blocks_editor_width":"","advgb_blocks_columns_visual_guide":"","footnotes":""},"class_list":["post-26748","page","type-page","status-publish","hentry"],"pp_statuses_selecting_workflow":false,"pp_workflow_action":"current","pp_status_selection":"publish","acf":[],"coauthors":[],"author_meta":{"author_link":"https:\/\/www.laval.ca\/en\/author\/i-boucherlaval-ca\/","display_name":"i.boucher@laval.ca"},"relative_dates":{"created":"Posted 1 year ago","modified":"Updated 8 months ago"},"absolute_dates":{"created":"Posted on December 4, 2024","modified":"Updated on September 3, 2025"},"absolute_dates_time":{"created":"Posted on December 4, 2024 3:59 pm","modified":"Updated on September 3, 2025 3:50 pm"},"featured_img_caption":"","featured_img":false,"series_order":"","publishpress_future_action":{"enabled":false,"date":"2026-05-08 02:09:14","action":"change-status","newStatus":"draft","terms":[],"taxonomy":"translation_priority","extraData":[]},"publishpress_future_workflow_manual_trigger":{"enabledWorkflows":[]},"_links":{"self":[{"href":"https:\/\/www.laval.ca\/en\/wp-json\/wp\/v2\/pages\/26748","targetHints":{"allow":["GET"]}}],"collection":[{"href":"https:\/\/www.laval.ca\/en\/wp-json\/wp\/v2\/pages"}],"about":[{"href":"https:\/\/www.laval.ca\/en\/wp-json\/wp\/v2\/types\/page"}],"author":[{"embeddable":true,"href":"https:\/\/www.laval.ca\/en\/wp-json\/wp\/v2\/users\/34"}],"replies":[{"embeddable":true,"href":"https:\/\/www.laval.ca\/en\/wp-json\/wp\/v2\/comments?post=26748"}],"version-history":[{"count":8,"href":"https:\/\/www.laval.ca\/en\/wp-json\/wp\/v2\/pages\/26748\/revisions"}],"predecessor-version":[{"id":90087,"href":"https:\/\/www.laval.ca\/en\/wp-json\/wp\/v2\/pages\/26748\/revisions\/90087"}],"up":[{"embeddable":true,"href":"https:\/\/www.laval.ca\/en\/wp-json\/wp\/v2\/pages\/27004"}],"wp:attachment":[{"href":"https:\/\/www.laval.ca\/en\/wp-json\/wp\/v2\/media?parent=26748"}],"curies":[{"name":"wp","href":"https:\/\/api.w.org\/{rel}","templated":true}]}}