{"id":26673,"date":"2024-12-19T12:33:39","date_gmt":"2024-12-19T17:33:39","guid":{"rendered":"https:\/\/www.laval.ca\/budget-participatif\/"},"modified":"2025-09-03T15:50:10","modified_gmt":"2025-09-03T19:50:10","slug":"budget-participatif","status":"publish","type":"page","link":"https:\/\/www.laval.ca\/en\/democratic-life\/citizen-participation\/budget-participatif\/","title":{"rendered":"Participatory budget"},"content":{"rendered":"<section class=\"sticky-section-group aligndefault\"\n>\n   \n<div class=\"sticky-section-main\"\n>\n   \n\n<p class=\"is-style-intro-text\">Mouvement r\u00e9pandu \u00e0 l&#8217;\u00e9chelle internationale, le budget participatif est un processus permettant aux citoyens et aux citoyennes de participer \u00e0 la prise de d\u00e9cision publique, en d\u00e9cidant comment une partie du budget de la Ville sera utilis\u00e9.<\/p>\n\n\n\n<h2 class=\"wp-block-heading\">2<sup>e<\/sup> \u00e9dition&nbsp;: ateliers de priorisation et de d\u00e9veloppement de projets<\/h2>\n\n\n\n<p>La collecte d&#8217;id\u00e9es \u00e9tant termin\u00e9e, il est maintenant temps de les prioriser. Participez \u00e0 l&#8217;atelier virtuel et d\u00e9couvrez les id\u00e9es admissibles r\u00e9colt\u00e9es, \u00e9changez sur les priorit\u00e9s et les besoins des Lavalloises et Lavallois et influencez les id\u00e9es qui seront d\u00e9velopp\u00e9es en projets.<\/p>\n\n\n\n<p>Pour en apprendre davantage sur le sujet, visitez le <a href=\"https:\/\/www.repensonslaval.ca\/budget-participatif\" data-type=\"link\" data-id=\"https:\/\/www.repensonslaval.ca\/budget-participatif\" target=\"_blank\" rel=\"noopener\">site Internet Repensons Laval<\/a>.<\/p>\n\n\n\n<h2 class=\"wp-block-heading\">Les projets gagnants<\/h2>\n\n\n\n<h3 class=\"wp-block-heading\">La 1<sup>re<\/sup> \u00e9dition <\/h3>\n\n\n\n<p>C&#8217;est en 2021 que la Ville de Laval a lanc\u00e9 la 1<sup>re<\/sup> \u00e9dition du budget participatif. Le budget allou\u00e9 \u00e9tait de 600&nbsp;000&nbsp;$ pour r\u00e9aliser les projets propos\u00e9s, con\u00e7us et vot\u00e9s par les citoyens et les citoyennes. Suivant la d\u00e9marche participative, 10&nbsp;projets gagnants ont \u00e9t\u00e9 d\u00e9voil\u00e9s en d\u00e9cembre 2022.<\/p>\n\n\n\n<p>Consultez le sommaire de la 1<sup>re<\/sup> \u00e9dition sur <a href=\"https:\/\/www.repensonslaval.ca\/budget-participatif-1\" data-type=\"link\" data-id=\"https:\/\/www.repensonslaval.ca\/budget-participatif-1\" target=\"_blank\" rel=\"noopener\">Repensons Laval<\/a>.<\/p>\n\n\n\n<div class=\"wp-block-vortex-blocks-accordions-group block-accordions-group accordion-container is-style-no-margin-top\">\n<section class=\"wp-block-vortex-blocks-accordion-item accordion ac\" id=\"plus-de-vert-moins-de-chaleur\"><div class=\"accordion__accordion\"><button class=\"accordion__header-row accordion-toggle ac-header ac-trigger\"><p class=\"accordion__header__title\">Plus de vert, moins de chaleur<\/p><span class=\"accordion__header__icon\" role=\"presentation\"><span class=\"plus\"><\/span><\/span><\/button><div class=\"accordion__sub-rows wysiwyg ac-panel\" role=\"region\">\n<p>Ajout d\u2019arbres au parc&nbsp;Fabre-Joie et \u00e0 proximit\u00e9 de la Maison des&nbsp;arts et du Coll\u00e8ge&nbsp;Montmorency.<\/p>\n\n\n\n<table class=\"wp-block-advgb-table advgb-table-frontend is-style-stripes\"><tbody><tr><td style=\"border-bottom-color:#CECECE;border-width:1px;padding-top:16px;padding-bottom:16px;padding-left:16px\" data-border-color=\"#CECECE\"><strong>B\u00e9n\u00e9fice<\/strong><\/td><td style=\"padding-top:16px;padding-bottom:16px;background-color:#F6F6F6;padding-left:16px;border-bottom-color:#CECECE;border-width:1px;padding-right:1px\" data-border-color=\"#CECECE\">Ce projet vise \u00e0 am\u00e9liorer la qualit\u00e9 de vie et la sant\u00e9 de la population en r\u00e9duisant les \u00eelots de chaleur.<\/td><\/tr><tr><td style=\"border-bottom-color:#CECECE;border-width:1px;padding-top:16px;padding-bottom:16px;padding-left:16px\" data-border-color=\"#CECECE\"><strong>Lieu<\/strong><\/td><td style=\"padding-top:16px;padding-bottom:16px;padding-left:16px;border-bottom-color:#CECECE;border-width:1px;padding-right:1px\" data-border-color=\"#CECECE\">Parc Fabre-Joie<br>3938,&nbsp;boulevard Dagenais&nbsp;Ouest<br><br>Maison des arts<br>1395,&nbsp;boulevard de la Concorde&nbsp;Ouest<br><br>Coll\u00e8ge Montmorency<br>475,&nbsp;boulevard de l\u2019Avenir<\/td><\/tr><tr><td style=\"border-bottom-color:#CECECE;border-width:1px;padding-top:16px;padding-bottom:16px;padding-left:16px\" data-border-color=\"#CECECE\"><strong>Budget<\/strong><\/td><td style=\"padding-top:16px;padding-bottom:16px;background-color:#F6F6F6;padding-left:16px;border-bottom-color:#CECECE;border-width:1px;padding-right:1px\" data-border-color=\"#CECECE\">40&nbsp;000&nbsp;$<\/td><\/tr><tr><td style=\"border-bottom-color:#CECECE;border-width:1px;padding-top:16px;padding-bottom:16px;padding-left:16px\" data-border-color=\"#CECECE\"><strong>\u00c9ch\u00e9ancier<\/strong><\/td><td style=\"padding-top:16px;padding-bottom:16px;padding-left:16px;border-bottom-color:#CECECE;border-width:1px;padding-right:1px\" data-border-color=\"#CECECE\"><strong>Printemps 2023<br><\/strong>Une 1<sup>re<\/sup>&nbsp;phase du projet a \u00e9t\u00e9 r\u00e9alis\u00e9e&nbsp;: 36&nbsp;arbres ont \u00e9t\u00e9 plant\u00e9s \u00e0 proximit\u00e9 de la Maison des arts et du Coll\u00e8ge Montmorency<br><br><strong>Automne&nbsp;2023<br><\/strong>Une quinzaine d\u2019arbres suppl\u00e9mentaires ont \u00e9t\u00e9 plant\u00e9s lors de la seconde phase au parc Fabre-joie.<\/td><\/tr><tr><td style=\"border-bottom-color:#CECECE;border-width:1px;padding-top:16px;padding-bottom:16px;padding-left:16px\" data-border-color=\"#CECECE\"><strong>Implication des parties prenantes<\/strong><\/td><td style=\"padding-top:16px;padding-bottom:16px;background-color:#F6F6F6;padding-left:16px;border-bottom-color:#CECECE;border-width:1px;padding-right:1px\" data-border-color=\"#CECECE\">Gr\u00e2ce \u00e0 l\u2019implication des citoyens et citoyennes aux diff\u00e9rentes \u00e9tapes du budget participatif (id\u00e9ation, d\u00e9veloppement, vote), le projet est maintenant r\u00e9alis\u00e9.<\/td><\/tr><\/tbody><\/table>\n<\/div><\/div><\/section>\n\n\n\n<section class=\"wp-block-vortex-blocks-accordion-item accordion ac\" id=\"marches-publics-ephemeres\"><div class=\"accordion__accordion\"><button class=\"accordion__header-row accordion-toggle ac-header ac-trigger\"><p class=\"accordion__header__title\">March\u00e9s publics \u00e9ph\u00e9m\u00e8res<\/p><span class=\"accordion__header__icon\" role=\"presentation\"><span class=\"plus\"><\/span><\/span><\/button><div class=\"accordion__sub-rows wysiwyg ac-panel\" role=\"region\">\n<p>Am\u00e9nagement temporaire install\u00e9 \u00e0 m\u00eame un lieu public achaland\u00e9 pour accueillir des activit\u00e9s marchandes.<\/p>\n\n\n\n<p><strong>Annul\u00e9. Fonds redistribu\u00e9s parmi les autres projets gagnants.<\/strong><\/p>\n<\/div><\/div><\/section>\n\n\n\n<section class=\"wp-block-vortex-blocks-accordion-item accordion ac\" id=\"circuits-actifs-du-grand-sainte-rose\"><div class=\"accordion__accordion\"><button class=\"accordion__header-row accordion-toggle ac-header ac-trigger\"><p class=\"accordion__header__title\">Circuits actifs du Grand Sainte-Rose<\/p><span class=\"accordion__header__icon\" role=\"presentation\"><span class=\"plus\"><\/span><\/span><\/button><div class=\"accordion__sub-rows wysiwyg ac-panel\" role=\"region\">\n<p>Am\u00e9nagement d\u2019un r\u00e9seau de circuits urbains (marche, course, v\u00e9lo et tout autre mode actif \u00e0 l\u2019ann\u00e9e) dans les parcs et bois\u00e9s, incluant des passages pi\u00e9tons entre les rues.<\/p>\n\n\n\n<p><strong>Projet r\u00e9alis\u00e9<\/strong><\/p>\n\n\n\n<table class=\"wp-block-advgb-table advgb-table-frontend is-style-stripes\" style=\"table-layout:fixed\"><tbody><tr><td style=\"border-bottom-color:#CECECE;border-width:1px;padding-top:16px;padding-bottom:16px;padding-left:16px\" data-border-color=\"#CECECE\"><strong>B\u00e9n\u00e9fice<\/strong><\/td><td style=\"padding-top:16px;padding-bottom:16px;background-color:#F6F6F6;padding-left:16px;border-bottom-color:#CECECE;border-width:1px;padding-right:1px\" data-border-color=\"#CECECE\">Ce projet vise \u00e0 faire d\u00e9couvrir et mettre en valeur tous les attraits du Grand&nbsp;Sainte-Rose \u00e0 travers 4&nbsp;circuits qui totaliseront une distance de plus de 16&nbsp;km. Plusieurs points d\u2019int\u00e9r\u00eats du quartier seront reli\u00e9s via un trajet de transport actif et balis\u00e9.<\/td><\/tr><tr><td style=\"border-bottom-color:#CECECE;border-width:1px;padding-top:16px;padding-bottom:16px;padding-left:16px\" data-border-color=\"#CECECE\"><strong>Lieu<\/strong><\/td><td style=\"padding-top:16px;padding-bottom:16px;padding-left:16px;border-bottom-color:#CECECE;border-width:1px;padding-right:1px\" data-border-color=\"#CECECE\">Circuit actif Champfleury (Centre communautaire Champfleury, Parc Champfleury, Parc-\u00e9cole des Cardinaux, Parc de la Voli\u00e8re, Parc des Cr\u00e9cerelles, Halte des Oiseaux)<br><br>Circuit actif berge des baigneurs (Centre communautaire Champfleury, Parc Champfleury, Parc Raymond-Millar, Parc de la Voli\u00e8re, Berge des Baigneurs, Biblioth\u00e8que Sylvain-Garneau)<br><br>Circuit actif Champenois (Parc de la Rivi\u00e8re-des-Mille-\u00celes, Parc Gagnon, Parc Renaissance, Parc Champenois, Parc L&#8217;Aquarelle)<br><br>Circuit actif Sainte-Rose (Centre communautaire Le Sorbier, Parc Olier-Payette, Parc Roch-H\u00e9bert, Parc Damien-Cyr)<\/td><\/tr><tr><td style=\"border-bottom-color:#CECECE;border-width:1px;padding-top:16px;padding-bottom:16px;padding-left:16px\" data-border-color=\"#CECECE\"><strong>Budget<\/strong><\/td><td style=\"padding-top:16px;padding-bottom:16px;background-color:#F6F6F6;padding-left:16px;border-bottom-color:#CECECE;border-width:1px;padding-right:1px\" data-border-color=\"#CECECE\">30&nbsp;000&nbsp;$<\/td><\/tr><tr><td style=\"border-bottom-color:#CECECE;border-width:1px;padding-top:16px;padding-bottom:16px;padding-left:16px\" data-border-color=\"#CECECE\"><strong>\u00c9ch\u00e9ancier<\/strong><\/td><td style=\"padding-top:16px;padding-bottom:16px;padding-left:16px;border-bottom-color:#CECECE;border-width:1px;padding-right:1px\" data-border-color=\"#CECECE\"><strong>Hiver 2023<\/strong> (termin\u00e9)<br>Consultation des parties prenantes reli\u00e9es au projet<br><br><strong>Automne 2023<\/strong> (termin\u00e9)<br>Analyse des circuits<br><br><strong>Printemps\/\u00c9t\u00e9\/Automne 2023<\/strong> (termin\u00e9)<br>Planification du projet<br><br><strong>Hiver 2024<\/strong> (termin\u00e9)<br>Pr\u00e9paration du projet<br><br><strong>\u00c9t\u00e9 2024<\/strong> (termin\u00e9)<br>R\u00e9alisation et mise en place du projet<\/td><\/tr><tr><td style=\"border-bottom-color:#CECECE;border-width:1px;padding-top:16px;padding-bottom:16px;padding-left:16px\" data-border-color=\"#CECECE\"><strong>Implication des parties prenantes<\/strong><\/td><td style=\"padding-top:16px;padding-bottom:16px;background-color:#F6F6F6;padding-left:16px;border-bottom-color:#CECECE;border-width:1px;padding-right:1px\" data-border-color=\"#CECECE\">Le Conseil r\u00e9gional de l\u2019environnement&nbsp;(CRE) est co-porteur officiel de la d\u00e9marche. Plusieurs organismes partenaires ont particip\u00e9 \u00e0 la promotion. La population a \u00e9t\u00e9 mobilis\u00e9e via les organismes partenaires du projet.<\/td><\/tr><\/tbody><\/table>\n<\/div><\/div><\/section>\n\n\n\n<section class=\"wp-block-vortex-blocks-accordion-item accordion ac\" id=\"le-boulevard-cartier-se-refait-une-beaute\"><div class=\"accordion__accordion\"><button class=\"accordion__header-row accordion-toggle ac-header ac-trigger\"><p class=\"accordion__header__title\">Le boulevard Cartier se refait une beaut\u00e9<\/p><span class=\"accordion__header__icon\" role=\"presentation\"><span class=\"plus\"><\/span><\/span><\/button><div class=\"accordion__sub-rows wysiwyg ac-panel\" role=\"region\">\n<p>Am\u00e9nagements temporaires de terrasses verdoyantes et ludiques install\u00e9s strat\u00e9giquement entre les avenues Lavoisier et Legrand.<\/p>\n\n\n\n<p><strong>Projet r\u00e9alis\u00e9<\/strong><\/p>\n\n\n\n<table class=\"wp-block-advgb-table advgb-table-frontend is-style-stripes\"><tbody><tr><td style=\"border-bottom-color:#CECECE;border-width:1px;padding-top:16px;padding-bottom:16px;padding-left:16px\" data-border-color=\"#CECECE\"><strong>B\u00e9n\u00e9fice<\/strong><\/td><td style=\"padding-top:16px;padding-bottom:16px;background-color:#F6F6F6;padding-left:16px;border-bottom-color:#CECECE;border-width:1px;padding-right:1px\" data-border-color=\"#CECECE\">Le projet vise \u00e0 embellir le boulevard Cartier et cr\u00e9er des espaces de rassemblement pr\u00e8s des commerces, le tout visant \u00e0 augmenter l\u2019attractivit\u00e9 de l\u2019art\u00e8re commerciale et le confort de ses usagers.<\/td><\/tr><tr><td style=\"border-bottom-color:#CECECE;border-width:1px;padding-top:16px;padding-bottom:16px;padding-left:16px\" data-border-color=\"#CECECE\"><strong>Lieu<\/strong><\/td><td style=\"padding-top:16px;padding-bottom:16px;padding-left:16px;border-bottom-color:#CECECE;border-width:1px;padding-right:1px\" data-border-color=\"#CECECE\">Sur le boulevard Cartier, entre les avenues Lavoisier et Legrand.<\/td><\/tr><tr><td style=\"border-bottom-color:#CECECE;border-width:1px;padding-top:16px;padding-bottom:16px;padding-left:16px\" data-border-color=\"#CECECE\"><strong>Budget<\/strong><\/td><td style=\"padding-top:16px;padding-bottom:16px;background-color:#F6F6F6;padding-left:16px;border-bottom-color:#CECECE;border-width:1px;padding-right:1px\" data-border-color=\"#CECECE\">120&nbsp;000&nbsp;$<\/td><\/tr><tr><td style=\"border-bottom-color:#CECECE;border-width:1px;padding-top:16px;padding-bottom:16px;padding-left:16px\" data-border-color=\"#CECECE\"><strong>\u00c9ch\u00e9ancier<\/strong><\/td><td style=\"padding-top:16px;padding-bottom:16px;padding-left:16px;border-bottom-color:#CECECE;border-width:1px;padding-right:1px\" data-border-color=\"#CECECE\"><strong>Printemps\/\u00c9t\u00e9 2023 <\/strong>(termin\u00e9)<br>Exploration des am\u00e9nagements potentiels<br><br><strong>Automne 2023 <\/strong>(termin\u00e9)<br>Recrutement d\u2019une firme pour d\u00e9velopper le concept d\u2019am\u00e9nagement<br><br><strong>Printemps\/\u00e9t\u00e9 2024 <\/strong>(termin\u00e9)<br>Am\u00e9nagement et animation du site<\/td><\/tr><tr><td style=\"border-bottom-color:#CECECE;border-width:1px;padding-top:16px;padding-bottom:16px;padding-left:16px\" data-border-color=\"#CECECE\"><strong>Implication des parties prenantes<\/strong><\/td><td style=\"padding-top:16px;padding-bottom:16px;background-color:#F6F6F6;padding-left:16px;border-bottom-color:#CECECE;border-width:1px;padding-right:1px\" data-border-color=\"#CECECE\">Le 16 mai 2024, les citoyennes et citoyens du quartier ont particip\u00e9 \u00e0 une soir\u00e9e d\u2019information et d\u2019\u00e9changes pour donner leur avis sur le projet et discuter de diff\u00e9rents \u00e9l\u00e9ments comme les intersections et les fa\u00e7ades \u00e0 privil\u00e9gier pour les am\u00e9nagements et les murales.<br><br>Toutes les informations relatives \u00e0 la d\u00e9marche sont disponibles sur <a href=\"https:\/\/www.repensonslaval.ca\/boulevard-cartier\" data-type=\"link\" data-id=\"https:\/\/www.repensonslaval.ca\/boulevard-cartier\" target=\"_blank\" rel=\"noopener\">Repensons Laval<\/a>.<\/td><\/tr><\/tbody><\/table>\n<\/div><\/div><\/section>\n\n\n\n<section class=\"wp-block-vortex-blocks-accordion-item accordion ac\" id=\"parcours-illumine-au-parc-bernard-landry\"><div class=\"accordion__accordion\"><button class=\"accordion__header-row accordion-toggle ac-header ac-trigger\"><p class=\"accordion__header__title\">Parcours illumin\u00e9 au parc Bernard-Landry<\/p><span class=\"accordion__header__icon\" role=\"presentation\"><span class=\"plus\"><\/span><\/span><\/button><div class=\"accordion__sub-rows wysiwyg ac-panel\" role=\"region\">\n<p>Installation de guirlandes lumineuses \u00e0 m\u00eame les lampadaires existants d\u2019un tron\u00e7on du sentier bordant l\u2019\u00e9tang et ajout d&#8217;affiches aux diff\u00e9rents points d\u2019entr\u00e9e du parc.<\/p>\n\n\n\n<p><strong>Projet r\u00e9alis\u00e9<\/strong><\/p>\n\n\n\n<table class=\"wp-block-advgb-table advgb-table-frontend is-style-stripes\"><tbody><tr><td style=\"border-bottom-color:#CECECE;border-width:1px;padding-top:16px;padding-bottom:16px;padding-left:16px\" data-border-color=\"#CECECE\"><strong>B\u00e9n\u00e9fice<\/strong><\/td><td style=\"padding-top:16px;padding-bottom:16px;background-color:#F6F6F6;padding-left:16px;border-bottom-color:#CECECE;border-width:1px;padding-right:1px\" data-border-color=\"#CECECE\">Ce projet vise \u00e0 accro\u00eetre le sentiment de s\u00e9curit\u00e9 avec l\u2019installation de lumi\u00e8res d\u00e9coratives autour de l\u2019\u00e9tang et la bonification de la signalisation du sentier, tout en respectant la nature.<\/td><\/tr><tr><td style=\"border-bottom-color:#CECECE;border-width:1px;padding-top:16px;padding-bottom:16px;padding-left:16px\" data-border-color=\"#CECECE\"><strong>Lieu<\/strong><\/td><td style=\"padding-top:16px;padding-bottom:16px;padding-left:16px;border-bottom-color:#CECECE;border-width:1px;padding-right:1px\" data-border-color=\"#CECECE\">Parc Bernard Landry<br>5, avenue du Crochet<\/td><\/tr><tr><td style=\"border-bottom-color:#CECECE;border-width:1px;padding-top:16px;padding-bottom:16px;padding-left:16px\" data-border-color=\"#CECECE\"><strong>Budget<\/strong><\/td><td style=\"padding-top:16px;padding-bottom:16px;background-color:#F6F6F6;padding-left:16px;border-bottom-color:#CECECE;border-width:1px;padding-right:1px\" data-border-color=\"#CECECE\">Budget initial de 53&nbsp;000&nbsp;$, mais r\u00e9vis\u00e9 \u00e0 63&nbsp;000&nbsp;$ en raison de l\u2019ajout de poteaux et de services professionnels d\u2019ing\u00e9nierie pour valider la faisabilit\u00e9 du projet.<\/td><\/tr><tr><td style=\"border-bottom-color:#CECECE;border-width:1px;padding-top:16px;padding-bottom:16px;padding-left:16px\" data-border-color=\"#CECECE\"><strong>\u00c9ch\u00e9ancier<\/strong><\/td><td style=\"padding-top:16px;padding-bottom:16px;padding-left:16px;border-bottom-color:#CECECE;border-width:1px;padding-right:1px\" data-border-color=\"#CECECE\"><strong>Hiver 2023<\/strong> (termin\u00e9)<br>Planification du projet<br><br><strong>Printemps 2023 <\/strong>(termin\u00e9)<br>Validation du concept pr\u00e9liminaire et final<br><br><strong>\u00c9t\u00e9 2023<\/strong> (termin\u00e9)<br>R\u00e9alisation des plans et devis pr\u00e9liminaires et finaux<br><br><strong>Hiver 2024<\/strong> (termin\u00e9)<br>Processus d\u2019appel d\u2019offres<br><br><strong>Hiver\/Printemps 2024<\/strong> (termin\u00e9)<br>Octroi du contrat et ex\u00e9cution des travaux<\/td><\/tr><tr><td style=\"border-bottom-color:#CECECE;border-width:1px;padding-top:16px;padding-bottom:16px;padding-left:16px\" data-border-color=\"#CECECE\"><strong>Implication des parties prenantes<\/strong><\/td><td style=\"padding-top:16px;padding-bottom:16px;background-color:#F6F6F6;padding-left:16px;border-bottom-color:#CECECE;border-width:1px;padding-right:1px\" data-border-color=\"#CECECE\">Gr\u00e2ce \u00e0 l\u2019implication des citoyens et citoyennes aux diff\u00e9rentes \u00e9tapes du budget participatif (id\u00e9ation, d\u00e9veloppement, vote), le projet est maintenant r\u00e9alis\u00e9.<\/td><\/tr><\/tbody><\/table>\n<\/div><\/div><\/section>\n\n\n\n<section class=\"wp-block-vortex-blocks-accordion-item accordion ac\" id=\"en-velo-en-vie\"><div class=\"accordion__accordion\"><button class=\"accordion__header-row accordion-toggle ac-header ac-trigger\"><p class=\"accordion__header__title\">En v\u00e9lo, en vie<\/p><span class=\"accordion__header__icon\" role=\"presentation\"><span class=\"plus\"><\/span><\/span><\/button><div class=\"accordion__sub-rows wysiwyg ac-panel\" role=\"region\">\n<p>Bonification de la piste cyclable avec l\u2019ajout de balises et de marquage \u00e0 la traverse du boulevard des Prairies \u00e0 la hauteur du pont Perry et de l\u2019avenue du Pacifique.<\/p>\n\n\n\n<p><strong>Projet r\u00e9alis\u00e9<\/strong><\/p>\n\n\n\n<table class=\"wp-block-advgb-table advgb-table-frontend is-style-stripes\"><tbody><tr><td style=\"border-bottom-color:#CECECE;border-width:1px;padding-top:16px;padding-bottom:16px;padding-left:16px\" data-border-color=\"#CECECE\"><strong>B\u00e9n\u00e9fice<\/strong><\/td><td style=\"padding-top:16px;padding-bottom:16px;background-color:#F6F6F6;padding-left:16px;border-bottom-color:#CECECE;border-width:1px;padding-right:1px\" data-border-color=\"#CECECE\">Ce projet vise \u00e0 accro\u00eetre le sentiment de s\u00e9curit\u00e9 des cyclistes avec l&#8217;ajout de balises sur la chauss\u00e9e et de la signalisation verticale permettant de bonifier le trac\u00e9 de la piste cyclable en provenance du pont de l\u2019\u00eele&nbsp;Perry pour r\u00e9aligner celle-ci avec l\u2019intersection du Pacifique\/des Prairies.<\/td><\/tr><tr><td style=\"border-bottom-color:#CECECE;border-width:1px;padding-top:16px;padding-bottom:16px;padding-left:16px\" data-border-color=\"#CECECE\"><strong>Lieu<\/strong><\/td><td style=\"padding-top:16px;padding-bottom:16px;padding-left:16px;border-bottom-color:#CECECE;border-width:1px;padding-right:1px\" data-border-color=\"#CECECE\">Entr\u00e9e de ville du pont de l\u2019\u00cele-Perry<br>288, boulevard des Prairies<\/td><\/tr><tr><td style=\"border-bottom-color:#CECECE;border-width:1px;padding-top:16px;padding-bottom:16px;padding-left:16px\" data-border-color=\"#CECECE\"><strong>Budget<\/strong><\/td><td style=\"padding-top:16px;padding-bottom:16px;background-color:#F6F6F6;padding-left:16px;border-bottom-color:#CECECE;border-width:1px;padding-right:1px\" data-border-color=\"#CECECE\">Budget initial de 25&nbsp;000&nbsp;$, mais r\u00e9vis\u00e9 \u00e0 205&nbsp;000&nbsp;$. L\u2019enjeu soulev\u00e9 par les citoyens \u00e9tait connu de la Ville, qui souhaitait \u00e9ventuellement revoir l\u2019am\u00e9nagement de cette intersection. Le budget participatif a donc \u00e9t\u00e9 d\u00e9clencheur d\u2019un projet largement bonifi\u00e9 et d\u2019une solution permanente. Celle-ci inclut entre autres l\u2019\u00e9largissement de trottoirs ainsi que la d\u00e9min\u00e9ralisation de certaines surfaces et la bonification de l\u2019am\u00e9nagement paysager.<\/td><\/tr><tr><td style=\"border-bottom-color:#CECECE;border-width:1px;padding-top:16px;padding-bottom:16px;padding-left:16px\" data-border-color=\"#CECECE\"><strong>\u00c9ch\u00e9ancier<\/strong><\/td><td style=\"padding-top:16px;padding-bottom:16px;padding-left:16px;border-bottom-color:#CECECE;border-width:1px;padding-right:1px\" data-border-color=\"#CECECE\"><strong>Hiver 2023<\/strong> (termin\u00e9)<br>Planification du projet<br><br><strong>Printemps\/\u00c9t\u00e9 2023<\/strong> (termin\u00e9)<br>Validation du concept pr\u00e9liminaire et final<br>R\u00e9alisation des plans et devis pr\u00e9liminaires et finaux<br><br><strong>Automne 2023\/Hiver 2024<\/strong> (termin\u00e9)<br>Processus d\u2019appel d\u2019offres<br><br><strong>\u00c9t\u00e9 2024<\/strong> (termin\u00e9)<br>Octroi du contrat et ex\u00e9cution des travaux<\/td><\/tr><tr><td style=\"border-bottom-color:#CECECE;border-width:1px;padding-top:16px;padding-bottom:16px;padding-left:16px\" data-border-color=\"#CECECE\"><strong>Implication des parties prenantes<\/strong><\/td><td style=\"padding-top:16px;padding-bottom:16px;background-color:#F6F6F6;padding-left:16px;border-bottom-color:#CECECE;border-width:1px;padding-right:1px\" data-border-color=\"#CECECE\">Gr\u00e2ce \u00e0 l\u2019implication des citoyens et citoyennes aux diff\u00e9rentes \u00e9tapes du budget participatif (id\u00e9ation, d\u00e9veloppement, vote), le projet est maintenant r\u00e9alis\u00e9.<\/td><\/tr><\/tbody><\/table>\n<\/div><\/div><\/section>\n\n\n\n<section class=\"wp-block-vortex-blocks-accordion-item accordion ac\" id=\"microbibliotheques\"><div class=\"accordion__accordion\"><button class=\"accordion__header-row accordion-toggle ac-header ac-trigger\"><p class=\"accordion__header__title\">Microbiblioth\u00e8ques<\/p><span class=\"accordion__header__icon\" role=\"presentation\"><span class=\"plus\"><\/span><\/span><\/button><div class=\"accordion__sub-rows wysiwyg ac-panel\" role=\"region\">\n<p>Mise en place d\u2019une centaine de microbiblioth\u00e8ques de partage de livres et de croque-livres pour les enfants aux 4 coins de la ville.<\/p>\n\n\n\n<p><strong>Projet r\u00e9alis\u00e9<\/strong><\/p>\n\n\n\n<table class=\"wp-block-advgb-table advgb-table-frontend is-style-stripes\"><tbody><tr><td style=\"border-bottom-color:#CECECE;border-width:1px;padding-top:16px;padding-bottom:16px;padding-left:16px\" data-border-color=\"#CECECE\"><strong>B\u00e9n\u00e9fice<\/strong><\/td><td style=\"padding-top:16px;padding-bottom:16px;background-color:#F6F6F6;padding-left:16px;border-bottom-color:#CECECE;border-width:1px;padding-right:1px\" data-border-color=\"#CECECE\">Ce projet vise \u00e0 soutenir la r\u00e9ussite \u00e9ducative et le d\u00e9veloppement des individus tout au long de leur cheminement.<\/td><\/tr><tr><td style=\"border-bottom-color:#CECECE;border-width:1px;padding-top:16px;padding-bottom:16px;padding-left:16px\" data-border-color=\"#CECECE\"><strong>\u00c0 quoi s&#8217;attendre concr\u00e8tement<\/strong><\/td><td style=\"padding-top:16px;padding-bottom:16px;padding-left:16px;border-bottom-color:#CECECE;border-width:1px;padding-right:1px\" data-border-color=\"#CECECE\">Les Croque-livres constituent un r\u00e9seau de bo\u00eetes de partage de livres pour les enfants (0&nbsp;\u00e0 12&nbsp;ans) du Qu\u00e9bec. Adopt\u00e9s et entretenus par des gens de la communaut\u00e9, les Croque-livres sont des points de chute o\u00f9 les familles acc\u00e8dent librement \u00e0 des livres partag\u00e9s. Cette initiative lanc\u00e9e en septembre&nbsp;2014 vise \u00e0 rassembler et \u00e0 impliquer les communaut\u00e9s autour du plaisir de la lecture.<br><br>La responsabilit\u00e9 du contenu des Croques-livres et des microbiblioth\u00e8ques repose enti\u00e8rement sur les partenaires et citoyens et citoyennes qui participent.<\/td><\/tr><tr><td style=\"border-bottom-color:#CECECE;border-width:1px;padding-top:16px;padding-bottom:16px;padding-left:16px\" data-border-color=\"#CECECE\"><strong>Lieu<\/strong><\/td><td style=\"padding-top:16px;padding-bottom:16px;padding-left:16px;border-bottom-color:#CECECE;border-width:1px;padding-right:1px\" data-border-color=\"#CECECE\">\u00c0 divers endroits, partout sur le territoire lavallois.<\/td><\/tr><tr><td style=\"border-bottom-color:#CECECE;border-width:1px;padding-top:16px;padding-bottom:16px;padding-left:16px\" data-border-color=\"#CECECE\"><strong>Budget<\/strong><\/td><td style=\"padding-top:16px;padding-bottom:16px;background-color:#F6F6F6;padding-left:16px;border-bottom-color:#CECECE;border-width:1px;padding-right:1px\" data-border-color=\"#CECECE\">46&nbsp;000&nbsp;$<\/td><\/tr><tr><td style=\"border-bottom-color:#CECECE;border-width:1px;padding-top:16px;padding-bottom:16px;padding-left:16px\" data-border-color=\"#CECECE\"><strong>\u00c9ch\u00e9ancier<\/strong><\/td><td style=\"padding-top:16px;padding-bottom:16px;padding-left:16px;border-bottom-color:#CECECE;border-width:1px;padding-right:1px\" data-border-color=\"#CECECE\"><strong>Printemps 2023 <\/strong>(termin\u00e9)<br>D\u00e9marchage aupr\u00e8s des instances de concertation locales et r\u00e9gionales<br><br><strong>Automne 2023<\/strong> (termin\u00e9)<br>Lancement de l&#8217;appel d&#8217;int\u00e9r\u00eat et acceptation des candidatures<br><br><strong>Hiver\/Printemps 2024<\/strong> (termin\u00e9)<br>D\u00e9ploiement des Croques-livres avec les instances de concertation locales et r\u00e9gionales<br><br><strong>Printemps\/\u00c9t\u00e9 2024 <\/strong>(termin\u00e9)<br>Programmation d\u2019ateliers de cr\u00e9ation de microbiblioth\u00e8ques pour les citoyens<br><br><strong>\u00c9t\u00e9\/Automne 2024 <\/strong>(termin\u00e9)<br>D\u00e9ploiement des microbiblioth\u00e8ques<\/td><\/tr><tr><td style=\"border-bottom-color:#CECECE;border-width:1px;padding-top:16px;padding-bottom:16px;padding-left:16px\" data-border-color=\"#CECECE\"><strong>Implication des parties prenantes<\/strong><\/td><td style=\"padding-top:16px;padding-bottom:16px;background-color:#F6F6F6;padding-left:16px;border-bottom-color:#CECECE;border-width:1px;padding-right:1px\" data-border-color=\"#CECECE\">Quelque 31&nbsp;Croque-livres ont \u00e9t\u00e9 d\u00e9ploy\u00e9s sur le territoire lavallois gr\u00e2ce \u00e0 un appel \u00e0 int\u00e9r\u00eat aupr\u00e8s des organismes communautaires, \u00e9coles et garderies.<br><br>Des ateliers pratiques ont \u00e9t\u00e9 offerts aux citoyennes et citoyens \u00e0 l\u2019\u00e9t\u00e9 2024, pour se procurer leur propre microbiblioth\u00e8que. Ces ateliers ont eu lieu dans les 9 biblioth\u00e8ques de Laval et ont permis de distribuer 70 microbiblioth\u00e8ques au total.<\/td><\/tr><\/tbody><\/table>\n<\/div><\/div><\/section>\n\n\n\n<section class=\"wp-block-vortex-blocks-accordion-item accordion ac\" id=\"papillons-en-liberte\"><div class=\"accordion__accordion\"><button class=\"accordion__header-row accordion-toggle ac-header ac-trigger\"><p class=\"accordion__header__title\">Papillons en libert\u00e9<\/p><span class=\"accordion__header__icon\" role=\"presentation\"><span class=\"plus\"><\/span><\/span><\/button><div class=\"accordion__sub-rows wysiwyg ac-panel\" role=\"region\">\n<p>Remise au naturel d\u2019un espace sur la rue Chenonceau, \u00e0 proximit\u00e9 du bassin de r\u00e9tention, avec plantation de fleurs vari\u00e9es.<\/p>\n\n\n\n<p><strong>Projet r\u00e9alis\u00e9<\/strong><\/p>\n\n\n\n<table class=\"wp-block-advgb-table advgb-table-frontend is-style-stripes\"><tbody><tr><td style=\"border-bottom-color:#CECECE;border-width:1px;padding-top:16px;padding-bottom:16px;padding-left:16px\" data-border-color=\"#CECECE\"><strong>B\u00e9n\u00e9fice<\/strong><\/td><td style=\"padding-top:16px;padding-bottom:16px;background-color:#F6F6F6;padding-left:16px;border-bottom-color:#CECECE;border-width:1px;padding-right:1px\" data-border-color=\"#CECECE\">Ce projet vise \u00e0 attirer les papillons et favoriser la reproduction des insectes. Des semences m\u00e9lang\u00e9es de fleurs seront plant\u00e9es selon les besoins, et des panneaux de sensibilisation seront install\u00e9s.<\/td><\/tr><tr><td style=\"border-bottom-color:#CECECE;border-width:1px;padding-top:16px;padding-bottom:16px;padding-left:16px\" data-border-color=\"#CECECE\"><strong>Lieu<\/strong><\/td><td style=\"padding-top:16px;padding-bottom:16px;padding-left:16px;border-bottom-color:#CECECE;border-width:1px;padding-right:1px\" data-border-color=\"#CECECE\">Rue&nbsp;Chenonceau, \u00e0 proximit\u00e9 du bassin de r\u00e9tention.<\/td><\/tr><tr><td style=\"border-bottom-color:#CECECE;border-width:1px;padding-top:16px;padding-bottom:16px;padding-left:16px\" data-border-color=\"#CECECE\"><strong>Budget<\/strong><\/td><td style=\"padding-top:16px;padding-bottom:16px;background-color:#F6F6F6;padding-left:16px;border-bottom-color:#CECECE;border-width:1px;padding-right:1px\" data-border-color=\"#CECECE\">72&nbsp;000&nbsp;$<\/td><\/tr><tr><td style=\"border-bottom-color:#CECECE;border-width:1px;padding-top:16px;padding-bottom:16px;padding-left:16px\" data-border-color=\"#CECECE\"><strong>\u00c9ch\u00e9ancier<\/strong><\/td><td style=\"padding-top:16px;padding-bottom:16px;padding-left:16px;border-bottom-color:#CECECE;border-width:1px;padding-right:1px\" data-border-color=\"#CECECE\"><strong>Printemps&nbsp;2023<\/strong> (termin\u00e9)<br>Planification du projet<br><br><strong>Printemps\/\u00c9t\u00e9&nbsp;2024<\/strong> (termin\u00e9)<br>R\u00e9alisation<\/td><\/tr><tr><td style=\"border-bottom-color:#CECECE;border-width:1px;padding-top:16px;padding-bottom:16px;padding-left:16px\" data-border-color=\"#CECECE\"><strong>Implication des parties prenantes<\/strong><\/td><td style=\"padding-top:16px;padding-bottom:16px;background-color:#F6F6F6;padding-left:16px;border-bottom-color:#CECECE;border-width:1px;padding-right:1px\" data-border-color=\"#CECECE\">Gr\u00e2ce \u00e0 l\u2019implication des citoyens et citoyennes aux diff\u00e9rentes \u00e9tapes du budget participatif (id\u00e9ation, d\u00e9veloppement, vote), le projet est maintenant r\u00e9alis\u00e9.<\/td><\/tr><\/tbody><\/table>\n<\/div><\/div><\/section>\n\n\n\n<section class=\"wp-block-vortex-blocks-accordion-item accordion ac\" id=\"ruelle-verte-de-rencontre-citoyenne\"><div class=\"accordion__accordion\"><button class=\"accordion__header-row accordion-toggle ac-header ac-trigger\"><p class=\"accordion__header__title\">Ruelle verte de rencontre citoyenne<\/p><span class=\"accordion__header__icon\" role=\"presentation\"><span class=\"plus\"><\/span><\/span><\/button><div class=\"accordion__sub-rows wysiwyg ac-panel\" role=\"region\">\n<p>Am\u00e9nagement d\u2019une premi\u00e8re ruelle verte au coin des rues des Patriotes et Bouffard avec une pergola, des bacs \u00e0 jouets, des bancs et des lieux de verdure.<\/p>\n\n\n\n<p><strong>Projet r\u00e9alis\u00e9<\/strong><\/p>\n\n\n\n<table class=\"wp-block-advgb-table advgb-table-frontend is-style-stripes\"><tbody><tr><td style=\"border-bottom-color:#CECECE;border-width:1px;padding-top:16px;padding-bottom:16px;padding-left:16px\" data-border-color=\"#CECECE\"><strong>B\u00e9n\u00e9fice<\/strong><\/td><td style=\"padding-top:16px;padding-bottom:16px;background-color:#F6F6F6;padding-left:16px;border-bottom-color:#CECECE;border-width:1px;padding-right:1px\" data-border-color=\"#CECECE\">Ce projet vise \u00e0 cr\u00e9er un lieu de rencontre accessible qui permettra, entre autres, la tenue de rassemblements ponctuels et de rencontres informelles pour les gens du quartier, en respect de la proximit\u00e9 du voisinage et du contexte de milieu r\u00e9sidentiel. Il permettra aussi d\u2019am\u00e9liorer l\u2019usage d\u2019un espace min\u00e9ral pour l\u2019instant inexploit\u00e9.<br><br>L\u2019installation de mobilier urbain (pergola, bacs \u00e0 jouets, bancs et lieux de verdure) permettra l\u2019organisation d\u2019activit\u00e9s et de l\u2019animation citoyenne.<\/td><\/tr><tr><td style=\"border-bottom-color:#CECECE;border-width:1px;padding-top:16px;padding-bottom:16px;padding-left:16px\" data-border-color=\"#CECECE\"><strong>Lieu<\/strong><\/td><td style=\"padding-top:16px;padding-bottom:16px;padding-left:16px;border-bottom-color:#CECECE;border-width:1px;padding-right:1px\" data-border-color=\"#CECECE\">Sur la ruelle Bouffard dans le quartier Saint-Rose, entre les adresses 940&nbsp;et&nbsp;950 de la rue des Patriotes<\/td><\/tr><tr><td style=\"border-bottom-color:#CECECE;border-width:1px;padding-top:16px;padding-bottom:16px;padding-left:16px\" data-border-color=\"#CECECE\"><strong>Budget<\/strong><\/td><td style=\"padding-top:16px;padding-bottom:16px;background-color:#F6F6F6;padding-left:16px;border-bottom-color:#CECECE;border-width:1px;padding-right:1px\" data-border-color=\"#CECECE\">50&nbsp;000&nbsp;$<\/td><\/tr><tr><td style=\"border-bottom-color:#CECECE;border-width:1px;padding-top:16px;padding-bottom:16px;padding-left:16px\" data-border-color=\"#CECECE\"><strong>\u00c9ch\u00e9ancier<\/strong><\/td><td style=\"padding-top:16px;padding-bottom:16px;padding-left:16px;border-bottom-color:#CECECE;border-width:1px;padding-right:1px\" data-border-color=\"#CECECE\"><strong>Printemps&nbsp;2023 <\/strong>(termin\u00e9)<br>Planification du projet<br><br><strong>\u00c9t\u00e9\/Automne&nbsp;2023<\/strong> (termin\u00e9)<br>\u00c9change avec des organismes partenaires potentiels, \u00e9valuation des opportunit\u00e9s d\u2019implication citoyenne et validation du concept pr\u00e9liminaire et final<br><br><strong>Hiver&nbsp;2024<\/strong> (termin\u00e9)<br>R\u00e9alisation des plans (devis pr\u00e9liminaires et finaux) et processus d\u2019appel d\u2019offres<br><br><strong>\u00c9t\u00e9&nbsp;2024<\/strong> (termin\u00e9)<br>Am\u00e9nagement du site et mise en service de la ruelle ainsi que de l&#8217;animation du site<\/td><\/tr><tr><td style=\"border-bottom-color:#CECECE;border-width:1px;padding-top:16px;padding-bottom:16px;padding-left:16px\" data-border-color=\"#CECECE\"><strong>Implication des parties prenantes<\/strong><\/td><td style=\"padding-top:16px;padding-bottom:16px;background-color:#F6F6F6;padding-left:16px;border-bottom-color:#CECECE;border-width:1px;padding-right:1px\" data-border-color=\"#CECECE\">Gr\u00e2ce \u00e0 l\u2019implication des citoyens et citoyennes aux diff\u00e9rentes \u00e9tapes du budget participatif (id\u00e9ation, d\u00e9veloppement, vote), le projet est maintenant r\u00e9alis\u00e9.<\/td><\/tr><\/tbody><\/table>\n<\/div><\/div><\/section>\n\n\n\n<section class=\"wp-block-vortex-blocks-accordion-item accordion ac\" id=\"escalier-a-la-hauteur-de-la-noblesse-du-bois-sainte-dorothee\"><div class=\"accordion__accordion\"><button class=\"accordion__header-row accordion-toggle ac-header ac-trigger\"><p class=\"accordion__header__title\">Escalier \u00e0 la hauteur de la noblesse du Bois Sainte-Doroth\u00e9e<\/p><span class=\"accordion__header__icon\" role=\"presentation\"><span class=\"plus\"><\/span><\/span><\/button><div class=\"accordion__sub-rows wysiwyg ac-panel\" role=\"region\">\n<p>Reconstruction de l\u2019escalier \u00e0 la halte de la rue des Pivoines.<\/p>\n\n\n\n<p><strong>Projet r\u00e9alis\u00e9<\/strong><\/p>\n\n\n\n<table class=\"wp-block-advgb-table advgb-table-frontend is-style-stripes\"><tbody><tr><td style=\"border-bottom-color:#CECECE;border-width:1px;padding-top:16px;padding-bottom:16px;padding-left:16px\" data-border-color=\"#CECECE\"><strong>B\u00e9n\u00e9fice<\/strong><\/td><td style=\"padding-top:16px;padding-bottom:16px;background-color:#F6F6F6;padding-left:16px;border-bottom-color:#CECECE;border-width:1px;padding-right:1px\" data-border-color=\"#CECECE\">Ce projet vise \u00e0 am\u00e9liorer l\u2019entr\u00e9e principale du Bois Sainte-Doroth\u00e9e gr\u00e2ce \u00e0 un acc\u00e8s s\u00e9curitaire (escalier) fait \u00e0 partir de mat\u00e9riaux durables et facilitant son entretien, le tout afin de s\u2019int\u00e9grer harmonieusement \u00e0 l&#8217;environnement.<\/td><\/tr><tr><td style=\"border-bottom-color:#CECECE;border-width:1px;padding-top:16px;padding-bottom:16px;padding-left:16px\" data-border-color=\"#CECECE\"><strong>Lieu<\/strong><\/td><td style=\"padding-top:16px;padding-bottom:16px;padding-left:16px;border-bottom-color:#CECECE;border-width:1px;padding-right:1px\" data-border-color=\"#CECECE\">Halte du Bois Sainte-Doroth\u00e9e<br>499,&nbsp;rue des Pivoines<\/td><\/tr><tr><td style=\"border-bottom-color:#CECECE;border-width:1px;padding-top:16px;padding-bottom:16px;padding-left:16px\" data-border-color=\"#CECECE\"><strong>Budget<\/strong><\/td><td style=\"padding-top:16px;padding-bottom:16px;background-color:#F6F6F6;padding-left:16px;border-bottom-color:#CECECE;border-width:1px;padding-right:1px\" data-border-color=\"#CECECE\">Budget initial de 90&nbsp;000&nbsp;$, mais r\u00e9vis\u00e9 \u00e0 110&nbsp;000&nbsp;$ en raison d\u2019une \u00e9tude g\u00e9otechnique suppl\u00e9mentaire.<\/td><\/tr><tr><td style=\"border-bottom-color:#CECECE;border-width:1px;padding-top:16px;padding-bottom:16px;padding-left:16px\" data-border-color=\"#CECECE\"><strong>\u00c9ch\u00e9ancier<\/strong><\/td><td style=\"padding-top:16px;padding-bottom:16px;padding-left:16px;border-bottom-color:#CECECE;border-width:1px;padding-right:1px\" data-border-color=\"#CECECE\"><strong>Printemps&nbsp;2023 <\/strong>(termin\u00e9)<br>Planification du projet et rencontres de coordination avec les organismes du milieu<br><br><strong>\u00c9t\u00e9&nbsp;2023<\/strong> (termin\u00e9)<br>Validation du concept pr\u00e9liminaire et final. Un relev\u00e9 d\u2019arpentage et une caract\u00e9risation des arbres dans la zone \u00e0 l\u2019\u00e9tude ont \u00e9t\u00e9 r\u00e9alis\u00e9s<br><br><strong>Automne&nbsp;2023 <\/strong>(termin\u00e9)<br>R\u00e9alisation des plans et devis pr\u00e9liminaires et finaux<br><br><strong>Hiver&nbsp;2024<\/strong> (termin\u00e9)<br>Processus d\u2019appel d\u2019offres<br><br><strong>\u00c9t\u00e9&nbsp;2024<\/strong> (termin\u00e9)<br>Octroi du contrat et ex\u00e9cution des travaux<\/td><\/tr><tr><td style=\"border-bottom-color:#CECECE;border-width:1px;padding-top:16px;padding-bottom:16px;padding-left:16px\" data-border-color=\"#CECECE\"><strong>Implication des parties prenantes<\/strong><\/td><td style=\"padding-top:16px;padding-bottom:16px;background-color:#F6F6F6;padding-left:16px;border-bottom-color:#CECECE;border-width:1px;padding-right:1px\" data-border-color=\"#CECECE\">Le projet a \u00e9t\u00e9 r\u00e9alis\u00e9 en collaboration avec les organismes du milieu.<\/td><\/tr><\/tbody><\/table>\n<\/div><\/div><\/section>\n<\/div>\n\n<\/div>\n\n\n<div class=\"sticky-section-sidebar\"\n>\n   <div class=\"sticky-section-sidebar__inner\">\n     \n\n<p><\/p>\n\n   <\/div>\n<\/div>\n\n<\/section>\n","protected":false},"excerpt":{"rendered":"","protected":false},"author":28,"featured_media":0,"parent":27004,"menu_order":44,"comment_status":"closed","ping_status":"closed","template":"","meta":{"_acf_changed":false,"advgb_blocks_editor_width":"","advgb_blocks_columns_visual_guide":"","footnotes":""},"class_list":["post-26673","page","type-page","status-publish","hentry"],"pp_statuses_selecting_workflow":false,"pp_workflow_action":"current","pp_status_selection":"publish","acf":[],"coauthors":[],"author_meta":{"author_link":"https:\/\/www.laval.ca\/en\/author\/n-ventura-boucherlaval-ca\/","display_name":"n.ventura-boucher@laval.ca"},"relative_dates":{"created":"Posted 1 year ago","modified":"Updated 8 months ago"},"absolute_dates":{"created":"Posted on December 19, 2024","modified":"Updated on September 3, 2025"},"absolute_dates_time":{"created":"Posted on December 19, 2024 12:33 pm","modified":"Updated on September 3, 2025 3:50 pm"},"featured_img_caption":"","featured_img":false,"series_order":"","publishpress_future_action":{"enabled":false,"date":"2026-05-07 04:28:44","action":"change-status","newStatus":"draft","terms":[],"taxonomy":"translation_priority","extraData":[]},"publishpress_future_workflow_manual_trigger":{"enabledWorkflows":[]},"_links":{"self":[{"href":"https:\/\/www.laval.ca\/en\/wp-json\/wp\/v2\/pages\/26673","targetHints":{"allow":["GET"]}}],"collection":[{"href":"https:\/\/www.laval.ca\/en\/wp-json\/wp\/v2\/pages"}],"about":[{"href":"https:\/\/www.laval.ca\/en\/wp-json\/wp\/v2\/types\/page"}],"author":[{"embeddable":true,"href":"https:\/\/www.laval.ca\/en\/wp-json\/wp\/v2\/users\/28"}],"replies":[{"embeddable":true,"href":"https:\/\/www.laval.ca\/en\/wp-json\/wp\/v2\/comments?post=26673"}],"version-history":[{"count":8,"href":"https:\/\/www.laval.ca\/en\/wp-json\/wp\/v2\/pages\/26673\/revisions"}],"predecessor-version":[{"id":90084,"href":"https:\/\/www.laval.ca\/en\/wp-json\/wp\/v2\/pages\/26673\/revisions\/90084"}],"up":[{"embeddable":true,"href":"https:\/\/www.laval.ca\/en\/wp-json\/wp\/v2\/pages\/27004"}],"wp:attachment":[{"href":"https:\/\/www.laval.ca\/en\/wp-json\/wp\/v2\/media?parent=26673"}],"curies":[{"name":"wp","href":"https:\/\/api.w.org\/{rel}","templated":true}]}}