{"id":26665,"date":"2024-12-19T18:19:33","date_gmt":"2024-12-19T23:19:33","guid":{"rendered":"https:\/\/www.laval.ca\/orientations-municipales-en-matiere-habitation\/"},"modified":"2025-09-02T15:03:12","modified_gmt":"2025-09-02T19:03:12","slug":"municipal-orientations-in-housing","status":"publish","type":"page","link":"https:\/\/www.laval.ca\/en\/support-funding\/housing-residence\/municipal-orientations-in-housing\/","title":{"rendered":"Municipal orientations in housing"},"content":{"rendered":"<section class=\"sticky-section-group aligndefault\"\n>\n   \n<div class=\"sticky-section-main\"\n>\n   \n\n<p class=\"is-style-intro-text\"><br\/>\u200bDans la lign\u00e9e de sa vision strat\u00e9gique et de son sch\u00e9ma d&#8217;am\u00e9nagement et de d\u00e9veloppement r\u00e9vis\u00e9 (SADR), la Ville de Laval a souhait\u00e9 agir pour favoriser une distribution efficace et \u00e9quitable de l&#8217;offre r\u00e9sidentielle sur son territoire, tant du point de vue g\u00e9ographique que socio-\u00e9conomique. Pour ce faire, elle s&#8217;est dot\u00e9e d&#8217;orientations claires qui visent \u00e0 encadrer les interventions municipales et \u00e0 appuyer les initiatives des divers partenaires en habitation.<\/p>\n\n\n\n<h2 class=\"wp-block-heading\">Sch\u00e9ma d&#8217;am\u00e9nagement r\u00e9vis\u00e9<\/h2>\n\n\n\n<p>Le\u00a08 ao\u00fbt\u00a02017, le conseil municipal a adopt\u00e9 le SADR de la Ville de Laval. Appuy\u00e9 par une d\u00e9marche rigoureuse de consultation, ce document permettra d&#8217;agir de fa\u00e7on plus structur\u00e9e et transparente sur le d\u00e9veloppement du territoire. Ce dernier est\u00a0officiellement entr\u00e9 en vigueur le 8\u00a0d\u00e9cembre\u00a02017, suite \u00e0 l&#8217;avis du\u00a0minist\u00e8re des Affaires municipales et\u00a0 de l&#8217;Occupation du territoire.<\/p>\n\n\n\n<p><a href=\"https:\/\/www.laval.ca\/amenagement-du-territoire\/planification-territoire\/schema-amenagement-developpement\/\">Sch\u00e9ma d&#8217;am\u00e9nagement du territoire<\/a><\/p>\n\n\n\n<h2 class=\"wp-block-heading\">Politique de l&#8217;habitation &#8211; Choisir Laval<\/h2>\n\n\n\n<p>Adopt\u00e9e en juin\u00a02017, la premi\u00e8re Politique de l\u2019habitation de la Ville de Laval &#8220;Choisir Laval&#8221; a permis \u00e0 la Ville de se doter de balises claires en mati\u00e8re d\u2019habitation. Elle vise ainsi \u00e0 favoriser le d\u00e9veloppement d\u2019une offre r\u00e9sidentielle adapt\u00e9e aux besoins de tous les lavalloises et lavallois en encourageant un d\u00e9veloppement inclusif, \u00e9coresponsable, innovant et de qualit\u00e9. &#8220;Choisir Laval&#8221; entend aussi affirmer le leadership de la Ville en mati\u00e8re d\u2019habitation.<\/p>\n\n\n\n<p><a href=\"https:\/\/www.laval.ca\/organisation-municipale\/plans-daction-et-politiques-municipales\/politique-habitation\/\">Politique de l&#8217;habitation &#8211; Choisir Laval<\/a><\/p>\n\n\n\n<h2 class=\"wp-block-heading\">Plan d&#8217;action 2020-2022 de la politique de l&#8217;habitation<\/h2>\n\n\n\n<p>Adopt\u00e9 en avril\u00a02020, le premier plan d&#8217;action triennal traduit la vision municipale \u00e9tablie dans la Politique de l&#8217;habitation &#8211; &#8220;Choisir Laval&#8221;. La Ville de Laval entend ainsi mettre en \u0153uvre les conditions qui permettront une mobilisation collective autour des besoins en logement des Lavallois et des Lavalloises.<\/p>\n\n\n\n<p>68\u00a0actions seront mises en \u0153uvre sur la p\u00e9riode\u00a02020-2022 pour op\u00e9rationnaliser l&#8217;action municipale en mati\u00e8re d&#8217;habitation. Parmi ces actions, plusieurs contribueront \u00e0 accro\u00eetre le nombre et la qualit\u00e9 des logements sociaux et abordables. Pour r\u00e9pondre aux besoins croissants de la population lavalloise, il est ainsi vis\u00e9 la construction ou la r\u00e9novation de 1\u00a0000\u00a0logements sociaux ou abordables d\u2019ici fin\u00a02022.<\/p>\n\n\n\n<p><a href=\"https:\/\/www.laval.ca\/organisation-municipale\/plans-daction-et-politiques-municipales\/politique-habitation\/\">Plan d&#8217;action 2020-2022<\/a>\u200b\u200b<\/p>\n\n\n\n<p><a href=\"https:\/\/www.laval.ca\/aide-subventions\/habitation-logement\/orientations-municipales-en-matiere-habitation\/habitation-tableau-bord\/\">Suivi du plan d&#8217;action 2020-2022<\/a><\/p>\n\n\n\n<h2 class=\"wp-block-heading\">Politique de mise \u00e0 disposition des immeubles municipaux pour la r\u00e9alisation de logements sociaux et abordables<\/h2>\n\n\n\n<p>Adopt\u00e9e f\u00e9vrier\u00a02023, la\u00a0<em>Politique de mise \u00e0 disposition des immeubles municipaux pour la r\u00e9alisation de logements sociaux et abordables<\/em>\u00a0s&#8217;inscrit dans une s\u00e9rie de mesures prises ces derni\u00e8res ann\u00e9es par la Ville de Laval dans le cadre de son premier Plan d&#8217;action en habitation. Elle vise notamment \u00e0 encadrer les modalit\u00e9s suivant lesquelles certaines propri\u00e9t\u00e9s municipales seront mises \u00e0 disposition des promoteurs de projets de logement social et abordable.\u00a0<\/p>\n\n\n\n<p><a href=\"https:\/\/www.laval.ca\/organisation-municipale\/plans-daction-et-politiques-municipales\/politique-mise-a-niveau-immeubles-municipaux-pour-la-realisation-logement-sociaux-et-abordables\/\">Politique\u00a0de mise \u00e0 disposition des immeubles municipaux pour la r\u00e9alisation de logements sociaux et abordables\u200b\u200b\u200b<\/a><\/p>\n\n\n\n<h2 class=\"wp-block-heading\">Commission de l&#8217;habitation et du logement social (CHLS)<\/h2>\n\n\n\n<p>La CHLS a pour mandat de proposer des orientations et des politiques et formuler des recommandations en mati\u00e8re d\u2019habitation sur le territoire lavallois afin, notamment, de favoriser une offre r\u00e9sidentielle concurrentielle, d\u2019encourager le d\u00e9veloppement r\u00e9sidentiel \u00e9coresponsable et d\u2019assurer l\u2019accessibilit\u00e9 \u00e0 un logement salubre et s\u00e9curitaire. Elle veille notamment \u00e0 la mise en \u0153uvre de la\u00a0<a href=\"https:\/\/www.laval.ca\/organisation-municipale\/plans-daction-et-politiques-municipales\/politique-habitation\/\">Politique de l\u2019habitation \u00ab\u00a0Choisir Laval\u00a0\u200b\u00bb.\u200b<\/a><\/p>\n\n\n\n<p>Les membres de la commission de l&#8217;habitation et du logement social sont\u00a0:<\/p>\n\n\n\n<ul class=\"wp-block-list\">\n<li>M. St\u00e9phane Boyer, maire et membre d\u2019office<\/li>\n\n\n\n<li>Mme\u00a0Flavia Alexandra Novac, conseill\u00e8re municipale de Sainte-Rose \u200bet pr\u00e9sidente<\/li>\n\n\n\n<li>M. Nicholas Borne, conseiller municipal de Laval-les-\u00celes et membre du comit\u00e9 ex\u00e9cutif<\/li>\n\n\n\n<li>M. Pierre Brabant, conseiller municipal de Vimont<\/li>\n\n\n\n<li>M. Yannick Langlois, conseiller municipal de L\u2019Or\u00e9e-des-bois<\/li>\n\n\n\n<li>Mme Scarlett Van Blaeren, directrice g\u00e9n\u00e9rale adjointe\u200b &#8211;\u00a0d\u00e9veloppement et am\u00e9nagement du territoire<\/li>\n\n\n\n<li>M. Luc Paquette, directeur du Service de l\u2019urbanisme et secr\u00e9taire de la CHLS<\/li>\n<\/ul>\n\n\n  <div class=\"custom-file-block aligndefault\" \n  >\n    <a href=\"https:\/\/www.laval.ca\/wp-content\/uploads\/2025\/02\/chls-rapport-annuel-2023.pdf\" target=\"_blank\" class=\"custom-file\">\n      <span class=\"custom-file__icon\" aria-hidden=\"true\">\n        <svg width=\"30\" height=\"31\" viewBox=\"0 0 30 31\" fill=\"none\" xmlns=\"http:\/\/www.w3.org\/2000\/svg\"><path d=\"M6.2451 12.627V1.1448h13.9746m8.0494 8.0502v20.1317H6.2451v-3.2364M28.2691 9.195l-8.0494-8.0502V9.195h8.0494Z\" stroke=\"#6C6C6C\" stroke-width=\"1.5\" stroke-miterlimit=\"10\" stroke-linecap=\"round\" stroke-linejoin=\"round\" \/><path d=\"M22.2851 12.6975H1.1818v13.0058h21.1033V12.6975Z\" fill=\"#E12324\" stroke=\"#E12324\" stroke-width=\"1.5\" stroke-miterlimit=\"10\" stroke-linecap=\"round\" stroke-linejoin=\"round\" \/><path d=\"M13.8204 15.6531v5.9949m-.016-1.9942v-.0647c0-1.2568-.7593-2.0051-1.7208-2.0051-.9694 0-1.8087.7331-1.8087 2.0051v.0647c0 1.2567.7505 1.9978 1.744 1.9978.9455 0 1.7855-.7571 1.7855-1.9978Zm-9.3258 3.4343v-5.5163m.016 1.9941v.0648c0 1.2567.7592 2.0051 1.7207 2.0051.9695 0 1.8087-.7331 1.8087-2.0051v-.0648c0-1.2567-.7505-1.9978-1.744-1.9978-.9454 0-1.7854.7571-1.7854 1.9978Zm13.6843-3.9447c-.576-.1432-1.3956.0597-1.3956 1.0524v4.9746m-.6968-4.043h2.0502\" stroke=\"#fff\" stroke-miterlimit=\"10\" stroke-linecap=\"round\" stroke-linejoin=\"round\" \/><\/svg>      <\/span>\n      <p class=\"custom-file__label\" aria-hidden=\"true\">\n        <span class=\"custom-file__title\">Rapport annuel 2022<\/span>\n        <span class=\"custom-file__size\"> &#8211; 126.00 KB<\/span>\n      <\/p>\n      <span class=\"sr-only\">\n        Download file Rapport annuel 2022 (format PDF, size 126.00 KB)      <\/span>\n    <\/a>\n  <\/div>\n  \n\n  <div class=\"custom-file-block aligndefault\" \n  >\n    <a href=\"https:\/\/www.laval.ca\/wp-content\/uploads\/2025\/02\/rapport-chls-2021.pdf\" target=\"_blank\" class=\"custom-file\">\n      <span class=\"custom-file__icon\" aria-hidden=\"true\">\n        <svg width=\"30\" height=\"31\" viewBox=\"0 0 30 31\" fill=\"none\" xmlns=\"http:\/\/www.w3.org\/2000\/svg\"><path d=\"M6.2451 12.627V1.1448h13.9746m8.0494 8.0502v20.1317H6.2451v-3.2364M28.2691 9.195l-8.0494-8.0502V9.195h8.0494Z\" stroke=\"#6C6C6C\" stroke-width=\"1.5\" stroke-miterlimit=\"10\" stroke-linecap=\"round\" stroke-linejoin=\"round\" \/><path d=\"M22.2851 12.6975H1.1818v13.0058h21.1033V12.6975Z\" fill=\"#E12324\" stroke=\"#E12324\" stroke-width=\"1.5\" stroke-miterlimit=\"10\" stroke-linecap=\"round\" stroke-linejoin=\"round\" \/><path d=\"M13.8204 15.6531v5.9949m-.016-1.9942v-.0647c0-1.2568-.7593-2.0051-1.7208-2.0051-.9694 0-1.8087.7331-1.8087 2.0051v.0647c0 1.2567.7505 1.9978 1.744 1.9978.9455 0 1.7855-.7571 1.7855-1.9978Zm-9.3258 3.4343v-5.5163m.016 1.9941v.0648c0 1.2567.7592 2.0051 1.7207 2.0051.9695 0 1.8087-.7331 1.8087-2.0051v-.0648c0-1.2567-.7505-1.9978-1.744-1.9978-.9454 0-1.7854.7571-1.7854 1.9978Zm13.6843-3.9447c-.576-.1432-1.3956.0597-1.3956 1.0524v4.9746m-.6968-4.043h2.0502\" stroke=\"#fff\" stroke-miterlimit=\"10\" stroke-linecap=\"round\" stroke-linejoin=\"round\" \/><\/svg>      <\/span>\n      <p class=\"custom-file__label\" aria-hidden=\"true\">\n        <span class=\"custom-file__title\">Rapport annuel 2021<\/span>\n        <span class=\"custom-file__size\"> &#8211; 128.47 KB<\/span>\n      <\/p>\n      <span class=\"sr-only\">\n        Download file Rapport annuel 2021 (format PDF, size 128.47 KB)      <\/span>\n    <\/a>\n  <\/div>\n  \n\n\n\n\n\n\n\n\n\n\n<h2 class=\"wp-block-heading\">Politique m\u00e9tropolitaine d\u2019habitation\u200b<\/h2>\n\n\n\n<p>En novembre\u00a02022, la Communaut\u00e9 m\u00e9tropolitaine de Montr\u00e9al (CMM) a adopt\u00e9 sa premi\u00e8re Politique m\u00e9tropolitaine d\u2019habitation (PMH). En s\u2019appuyant sur une lecture r\u00e9gionale des enjeux et des besoins, cette premi\u00e8re politique d\u00e9finit une vision m\u00e9tropolitaine du d\u00e9veloppement de l\u2019habitation pour les prochaines ann\u00e9es. Elle vise \u00e0 mobiliser et \u00e0 coordonner les efforts des diff\u00e9rents intervenants de l\u2019habitation, des 82\u00a0municipalit\u00e9s de la CMM en premier lieu, pour relever les d\u00e9fis complexes qui se posent dans un contexte de transformations d\u00e9mographiques et de crise climatique.\u00a0<\/p>\n\n\n\n<p>\u00c0 noter que cette politique propose une planification plus int\u00e9gr\u00e9e de l\u2019habitation et de l\u2019am\u00e9nagement du territoire afin de d\u00e9velopper des milieux de vie inclusifs et durables. Ainsi, les orientations, les objectifs et les actions qu\u2019elle pr\u00e9voit alimenteront les travaux li\u00e9s \u00e0 la r\u00e9vision du Plan m\u00e9tropolitain d\u2019am\u00e9nagement et de d\u00e9veloppement (PMAD).\u00a0<\/p>\n\n\n\n<p>Dans un souci de coh\u00e9sion des interventions en mati\u00e8re de logement social et abordable \u00e0 l\u2019\u00e9chelle m\u00e9tropolitaine, l\u2019action de la Ville de Laval s\u2019inscrira en coh\u00e9rence avec la PMH de la CMM.\u00a0<\/p>\n\n\n\n<p>Mme Flavia Alexandra Novac, conseill\u00e8re municipale de Sainte-Rose et pr\u00e9sidente de la Commission de l&#8217;habitation et du logement social (CHLS) de la Ville de Laval, est par ailleurs membre de la commission du logement social de la CMM. \u200b<\/p>\n\n\n\n<p><a href=\"https:\/\/cmm.qc.ca\/planification\/politique-metropolitaine-dhabitation\/\" target=\"_blank\" rel=\"noreferrer noopener\">Politique m\u00e9tropolitaine d&#8217;habitation de la \u200bCommunaut\u00e9 m\u00e9tropolitaine de Montr\u00e9al<\/a>\u200b\u200b\u200b<\/p>\n\n<\/div>\n\n\n<div class=\"sticky-section-sidebar\"\n>\n   <div class=\"sticky-section-sidebar__inner\">\n     \n<div class=\"sidebar-cta-wrapper aligndefault\">\n   <div class=\"sidebar-cta\">\n     \n  <div class=\"theme-icon aligndefault theme-icon--colored\">\n    <span class=\"theme-icon__icon icon icon-politique-municipale\"><\/span>\n  <\/div>\n  \n\n\n<p class=\"has-xlarge-font-size\"><strong>Suivi du plan d&#8217;action 2020-2022<\/strong><\/p>\n\n\n\n<div class=\"wp-block-buttons is-layout-flex wp-block-buttons-is-layout-flex\">\n<div class=\"wp-block-button\"><a class=\"wp-block-button__link wp-element-button\" href=\"https:\/\/www.laval.ca\/aide-subventions\/habitation-logement\/orientations-municipales-en-matiere-habitation\/habitation-tableau-bord\/\">Consultez le plan d&#8217;action<\/a><\/div>\n<\/div>\n\n   <\/div>\n<\/div>\n\n   <\/div>\n<\/div>\n\n<\/section>\n","protected":false},"excerpt":{"rendered":"","protected":false},"author":34,"featured_media":0,"parent":27131,"menu_order":56,"comment_status":"closed","ping_status":"closed","template":"","meta":{"_acf_changed":false,"advgb_blocks_editor_width":"","advgb_blocks_columns_visual_guide":"","footnotes":""},"class_list":["post-26665","page","type-page","status-publish","hentry"],"pp_statuses_selecting_workflow":false,"pp_workflow_action":"current","pp_status_selection":"publish","acf":[],"coauthors":[],"author_meta":{"author_link":"https:\/\/www.laval.ca\/en\/author\/i-boucherlaval-ca\/","display_name":"i.boucher@laval.ca"},"relative_dates":{"created":"Posted 1 year ago","modified":"Updated 8 months ago"},"absolute_dates":{"created":"Posted on December 19, 2024","modified":"Updated on September 2, 2025"},"absolute_dates_time":{"created":"Posted on December 19, 2024 6:19 pm","modified":"Updated on September 2, 2025 3:03 pm"},"featured_img_caption":"","featured_img":false,"series_order":"","publishpress_future_action":{"enabled":false,"date":"2026-05-08 05:04:47","action":"change-status","newStatus":"draft","terms":[],"taxonomy":"translation_priority","extraData":[]},"publishpress_future_workflow_manual_trigger":{"enabledWorkflows":[]},"_links":{"self":[{"href":"https:\/\/www.laval.ca\/en\/wp-json\/wp\/v2\/pages\/26665","targetHints":{"allow":["GET"]}}],"collection":[{"href":"https:\/\/www.laval.ca\/en\/wp-json\/wp\/v2\/pages"}],"about":[{"href":"https:\/\/www.laval.ca\/en\/wp-json\/wp\/v2\/types\/page"}],"author":[{"embeddable":true,"href":"https:\/\/www.laval.ca\/en\/wp-json\/wp\/v2\/users\/34"}],"replies":[{"embeddable":true,"href":"https:\/\/www.laval.ca\/en\/wp-json\/wp\/v2\/comments?post=26665"}],"version-history":[{"count":7,"href":"https:\/\/www.laval.ca\/en\/wp-json\/wp\/v2\/pages\/26665\/revisions"}],"predecessor-version":[{"id":89577,"href":"https:\/\/www.laval.ca\/en\/wp-json\/wp\/v2\/pages\/26665\/revisions\/89577"}],"up":[{"embeddable":true,"href":"https:\/\/www.laval.ca\/en\/wp-json\/wp\/v2\/pages\/27131"}],"wp:attachment":[{"href":"https:\/\/www.laval.ca\/en\/wp-json\/wp\/v2\/media?parent=26665"}],"curies":[{"name":"wp","href":"https:\/\/api.w.org\/{rel}","templated":true}]}}