{"id":26649,"date":"2024-12-20T16:14:12","date_gmt":"2024-12-20T21:14:12","guid":{"rendered":"https:\/\/www.laval.ca\/jeunesse\/"},"modified":"2025-09-02T15:49:18","modified_gmt":"2025-09-02T19:49:18","slug":"youth","status":"publish","type":"page","link":"https:\/\/www.laval.ca\/en\/culture\/librairies\/activities-events-and-registration\/youth\/","title":{"rendered":"youth"},"content":{"rendered":"<section class=\"sticky-section-group aligndefault\"\n>\n   \n<div class=\"sticky-section-main\"\n>\n   \n\n<p class=\"is-style-intro-text\">Les jeunes\u00a0de 0 \u00e0 12\u00a0ans sont invit\u00e9s \u00e0 entrer dans le monde extraordinaire du conte, des jeux et de la d\u00e9couverte.<\/p>\n\n\n\n<h2 class=\"wp-block-heading\">Programmation<\/h2>\n\n\n<section class=\"filtered-events-listing events-listing aligndefault\"\n    >\n        <div class=\"events-listing__results\">\n              <script type=\"text\/javascript\">\n\n          document.addEventListener('findstrLoaded', function (e) {\n            findstr.hooks.addAction( 'findstrInit', 'findstr-set-facetDistribution', function (findstr) {\n              if( findstr.groups[ 'events-filtered--block_21a3ee2c84800748b8b44ef8794091e5' ] ) {\n                findstr.groups[ 'events-filtered--block_21a3ee2c84800748b8b44ef8794091e5' ].facets = {\"category\":[],\"cl_status\":[],\"district\":[],\"empty_regulation\":[],\"event_audience\":{\"Ados\":2,\"Adultes\":4,\"Enfants\":23,\"Familles\":14,\"Personnes a\\u00een\\u00e9es\":2},\"event_end_date\":{\"20260426\":1,\"20260428\":1,\"20260429\":1,\"20260430\":1,\"20260503\":2,\"20260504\":2,\"20260505\":2,\"20260506\":1,\"20260507\":1,\"20260508\":1,\"20260509\":1,\"20260511\":1,\"20260512\":1,\"20260513\":1,\"20260516\":1,\"20260523\":1,\"20260602\":1,\"20260603\":1,\"20260604\":1,\"20260606\":1,\"20260613\":1,\"20260726\":2},\"event_end_date_timestamp\":{\"1777161600\":1,\"1777334400\":1,\"1777420800\":1,\"1777507200\":1,\"1777766400\":4,\"1777852800\":4,\"1777939200\":4,\"1778025600\":3,\"1778112000\":3,\"1778198400\":3,\"1778284800\":3,\"1778371200\":2,\"1778457600\":3,\"1778544000\":3,\"1778630400\":3,\"1778716800\":2,\"1778803200\":2,\"1778889600\":3,\"1778976000\":2,\"1779062400\":2,\"1779148800\":2,\"1779235200\":2,\"1779321600\":2,\"1779408000\":2,\"1779494400\":3,\"1779580800\":2,\"1779667200\":2,\"1779753600\":2,\"1779840000\":2,\"1779926400\":2,\"1780012800\":2,\"1780099200\":2,\"1780185600\":2,\"1780272000\":2,\"1780358400\":3,\"1780444800\":3,\"1780531200\":3,\"1780617600\":2,\"1780704000\":3,\"1780790400\":2,\"1780876800\":2,\"1780963200\":2,\"1781049600\":2,\"1781136000\":2,\"1781222400\":2,\"1781308800\":3,\"1781395200\":2,\"1781481600\":2,\"1781568000\":2,\"1781654400\":2,\"1781740800\":2,\"1781827200\":2,\"1781913600\":2,\"1782000000\":2,\"1782086400\":2,\"1782172800\":2,\"1782259200\":2,\"1782345600\":2,\"1782432000\":2,\"1782518400\":2,\"1782604800\":2,\"1782691200\":2,\"1782777600\":2,\"1782864000\":2,\"1782950400\":2,\"1783036800\":2,\"1783123200\":2,\"1783209600\":2,\"1783296000\":2,\"1783382400\":2,\"1783468800\":2,\"1783555200\":2,\"1783641600\":2,\"1783728000\":2,\"1783814400\":2,\"1783900800\":2,\"1783987200\":2,\"1784073600\":2,\"1784160000\":2,\"1784246400\":2,\"1784332800\":2,\"1784419200\":2,\"1784505600\":2,\"1784592000\":2,\"1784678400\":2,\"1784764800\":2,\"1784851200\":2,\"1784937600\":2,\"1785024000\":2},\"event_end_time_timestamp\":{\"1777218300\":1,\"1777373100\":1,\"1777459500\":1,\"1777545900\":1,\"1777802400\":1,\"1777807800\":1,\"1777888800\":1,\"1777894200\":1,\"1777975200\":1,\"1777980600\":1,\"1778062200\":1,\"1778148600\":1,\"1778235000\":1,\"1778326800\":1,\"1778496300\":1,\"1778582700\":1,\"1778669100\":1,\"1778940000\":1,\"1779541200\":1,\"1780397400\":1,\"1780483800\":1,\"1780570200\":1,\"1780747200\":1,\"1781352000\":1,\"1785110399\":2},\"event_interest\":{\"Art \\u2013 m\\u00e9diation culturelle\":4,\"Biblioth\\u00e8ques\":1,\"Culture\":10,\"Expositions\":3,\"\\u00c9v\\u00e9nements et festivals\":10,\"Spectacles\":20},\"event_is_recurrent\":{\"11 au 13 mai\":3,\"2 au 4 mai\":3,\"2 repr\\u00e9sentations dans la m\\u00eame journ\\u00e9e\":2,\"Recurring activity\":13},\"event_microsites\":{\"Activit\\u00e9s culturelles\":10,\"Jeune public\":4,\"Jeune public-\\u00e9cole\":16,\"Maison des arts\":20,\"M\\u00e9diation\":3,\"Petits bonheurs Laval\":6},\"event_neighborhood\":{\"Laval-des-Rapides\":20,\"Saint-Fran\\u00e7ois\":6},\"event_place_filter\":{\"Salle Alfred-Pellan\":6,\"Salle de spectacle de l\\u2019Espace citoyen des Confluents\":6,\"Th\\u00e9\\u00e2tre des Muses de la Maison des arts de Laval\":14},\"event_start_date\":{\"20260426\":1,\"20260428\":1,\"20260429\":1,\"20260430\":1,\"20260503\":4,\"20260504\":2,\"20260505\":2,\"20260506\":1,\"20260507\":1,\"20260508\":1,\"20260509\":1,\"20260511\":1,\"20260512\":1,\"20260513\":1,\"20260516\":1,\"20260523\":1,\"20260602\":1,\"20260603\":1,\"20260604\":1,\"20260606\":1,\"20260613\":1},\"event_start_date_timestamp\":{\"1777161600\":1,\"1777334400\":1,\"1777420800\":1,\"1777507200\":1,\"1777766400\":4,\"1777852800\":2,\"1777939200\":2,\"1778025600\":1,\"1778112000\":1,\"1778198400\":1,\"1778284800\":1,\"1778457600\":1,\"1778544000\":1,\"1778630400\":1,\"1778889600\":1,\"1779494400\":1,\"1780358400\":1,\"1780444800\":1,\"1780531200\":1,\"1780704000\":1,\"1781308800\":1},\"event_start_time_timestamp\":{\"1761730200\":6,\"1761732000\":12,\"1761735600\":4,\"1761742800\":1,\"1761750000\":1},\"findstr_key\":{\"2025-10-29 15:52:14\":26},\"language\":{\"en\":26},\"microsite_home_page_id\":[],\"missing-person-category\":[],\"neighborhood\":[],\"permit-category\":[],\"place_coordinates\":[],\"place_district\":[],\"place_facilities_datas.sports\":[],\"place_facilities_datas.type\":[],\"place_recreations\":[],\"place_type\":[],\"post_date\":{\"2025-05-20 09:02:22\":1,\"2025-05-20 09:27:41\":1,\"2025-05-20 15:58:20\":1,\"2025-05-20 15:58:21\":2,\"2025-05-20 16:02:38\":1,\"2025-05-21 09:18:09\":2,\"2025-05-21 09:25:44\":2,\"2025-05-21 09:25:45\":1,\"2025-05-21 09:25:46\":1,\"2025-05-21 09:36:36\":2,\"2025-05-21 09:36:37\":1,\"2025-05-21 09:54:51\":1,\"2025-07-08 14:14:21\":1,\"2025-07-08 14:22:17\":2,\"2025-09-03 21:41:49\":3,\"2025-09-03 22:24:10\":3,\"2025-10-03 14:25:05\":1},\"post_date_timestamp\":{\"1747731742\":1,\"1747733261\":1,\"1747756700\":1,\"1747756701\":2,\"1747756958\":1,\"1747819089\":2,\"1747819544\":2,\"1747819545\":1,\"1747819546\":1,\"1747820196\":2,\"1747820197\":1,\"1747821291\":1,\"1751984061\":1,\"1751984537\":2,\"1756935709\":3,\"1756938250\":3,\"1759501505\":1},\"post_title\":{\"Activit\\u00e9 familiale Atelier d\\u2019Alfred \\u2013 Khadija Baker\\u00a0\":1,\"Danse \\u2013 D\\u00e9j\\u00e0, au d\\u00e9but\\u2026 (2 ans et plus)\":1,\"Danse \\u2013 D\\u00e9j\\u00e0, au d\\u00e9but\\u2026 \\u2013 scolaire (2 ans et pr\\u00e9scolaires)\":3,\"Danse \\u2013 Quand tu me regardes (6 ans et plus)\":1,\"Danse \\u2013 Quand tu me regardes \\u2013 scolaire (1re \\u00e0 4e ann\\u00e9e)\":3,\"Exposition : Sophia Borowska \\u2013 Coul\\u00e9e dans le b\\u00e9ton\":1,\"Exposition Khadija Baker : Les semences de nos lendemains\":1,\"Les histoires d\\u2019Alfred\\u00a0pour les 3 \\u00e0 8 ans\":1,\"Les Rendez-vous cr\\u00e9atifs \\u2013 Avec xece, Khadija Baker\":2,\"Musique \\u2013 G\\u2019zaagiin malenki \\u2013 Je te promets une for\\u00eat (18 mois et plus)\":2,\"Musique \\u2013 G\\u2019zaagiin malenki \\u2013 Je te promets une for\\u00eat \\u2013 scolaire (2 ans et pr\\u00e9scolaires)\":4,\"Th\\u00e9\\u00e2tre : D\\u00e9partement des retours \\u2013 (pr\\u00e9scolaire \\u2013 4e ann\\u00e9e)\":3,\"Th\\u00e9\\u00e2tre : Une petite f\\u00eate, cabaret de la dissidence \\u2013 scolaire (maternelle-1er cycle)\":3},\"post_type\":{\"events\":26},\"press-source\":[],\"public-notice-month\":[],\"public-notice-year\":[],\"public-submission-month\":[],\"public-submission-year\":[],\"regulation-category\":[],\"utilities\":[]};\n              }\n            });\n          });\n\n        <\/script>\n        \n  <div class=\"findstr-results-anchor\" data-group=\"events-filtered--block_21a3ee2c84800748b8b44ef8794091e5\" data-offset=\"200\"><\/div>\n\n<div\n    class=\"findstr-results\"\n    tabindex=\"-1\"\n    data-findstr-results=\"events-filtered--block_21a3ee2c84800748b8b44ef8794091e5\"\n    data-findstr-query=\"{&quot;q&quot;:&quot;&quot;,&quot;offset&quot;:0,&quot;hitsPerPage&quot;:9,&quot;page&quot;:1,&quot;filter&quot;:{&quot;clauses&quot;:{&quot;language&quot;:{&quot;value&quot;:&quot;en&quot;},&quot;post_type&quot;:{&quot;value&quot;:&quot;events&quot;},&quot;event_end_time_timestamp&quot;:{&quot;value&quot;:1777174080,&quot;compare&quot;:&quot;&gt;=&quot;}}},&quot;facets&quot;:[&quot;post_title&quot;,&quot;post_type&quot;,&quot;language&quot;,&quot;post_date&quot;,&quot;category&quot;,&quot;press-source&quot;,&quot;event_interest&quot;,&quot;event_audience&quot;,&quot;event_start_date&quot;,&quot;event_end_date&quot;,&quot;event_is_recurrent&quot;,&quot;public-notice-year&quot;,&quot;public-notice-month&quot;,&quot;permit-category&quot;,&quot;regulation-category&quot;,&quot;missing-person-category&quot;,&quot;cl_status&quot;,&quot;public-submission-year&quot;,&quot;public-submission-month&quot;,&quot;event_neighborhood&quot;,&quot;neighborhood&quot;,&quot;district&quot;,&quot;place_type&quot;,&quot;place_coordinates&quot;,&quot;utilities&quot;,&quot;place_recreations&quot;,&quot;place_district&quot;,&quot;event_microsites&quot;,&quot;post_author&quot;,&quot;findstr_key&quot;,&quot;post_date_timestamp&quot;,&quot;event_start_date_timestamp&quot;,&quot;event_end_date_timestamp&quot;,&quot;event_start_time_timestamp&quot;,&quot;event_end_time_timestamp&quot;,&quot;place_facilities_datas.type&quot;,&quot;place_facilities_datas.sports&quot;,&quot;event_place_filter&quot;,&quot;microsite_home_page_id&quot;,&quot;empty_regulation&quot;],&quot;attributesToRetrieve&quot;:[&quot;*&quot;],&quot;attributesToHighlight&quot;:[&quot;post_content&quot;,&quot;extracted_text&quot;],&quot;attributesToCrop&quot;:[&quot;post_content&quot;,&quot;extracted_text&quot;],&quot;attributesToSearchOn&quot;:[&quot;post_title&quot;,&quot;post_content&quot;,&quot;permalink&quot;,&quot;post_type&quot;,&quot;post_name&quot;,&quot;tax\\\/category&quot;,&quot;tax\\\/press-source&quot;,&quot;tax\\\/permit-category&quot;,&quot;acf\\\/regulation_description&quot;,&quot;tax\\\/regulation-category&quot;,&quot;acf\\\/regulation_annexes&quot;,&quot;cf\\\/public-submission-year&quot;,&quot;cf\\\/public-submission-month&quot;,&quot;extracted_text&quot;,&quot;item_lot&quot;],&quot;cropLength&quot;:25,&quot;highlightPreTag&quot;:&quot;&lt;span class=\\&quot;findstr-result-highlight\\&quot;&gt;&quot;,&quot;highlightPostTag&quot;:&quot;&lt;\\\/span&gt;&quot;,&quot;sort&quot;:{&quot;event_start_date&quot;:&quot;asc&quot;,&quot;event_start_time&quot;:&quot;asc&quot;,&quot;post_title&quot;:&quot;asc&quot;}}\"\n    data-findstr-hits-count=\"26\"\n>\n  <script type=\"text\/x-handlebars\" class=\"findstrResultsTemplate\">\n    {{#each hits}}\n  {{#if this.event_status}}\n    <div class=\"event-item event-item--status\">\n  {{else}}\n    <div class=\"event-item\">\n  {{\/if}}\n  <a class=\"event-item__inner\" href=\"{{this.permalink}}\" aria-label=\"{{this.post_title}}. {{this.event_arial_label}}.\">\n    <div class=\"event-item__img-wrapper\">\n      <div class=\"event-item__tag-container\">\n        {{#if this.event_status}}\n          {{#each this.event_status}}\n            <span class=\"event-status\">{{this}}<\/span>\n          {{\/each}}\n        {{\/if}}\n        {{#if this.event_is_recurrent}}\n          <span class=\"event-occurrence\">{{this.event_is_recurrent}}<\/span>\n        {{\/if}}\n      <\/div>\n      {{{this.event_image}}}\n    <\/div>\n    <div class=\"event-item__content__info\">\n      <p class=\"event-item__date\">{{{this.event_date_text}}}<\/p>\n      <h3 class=\"event-item__title\"><span>{{{ this._formatted.post_title }}}<\/span><\/h3>\n      {{#if this.event_place_filter}}\n        {{#each this.event_place_filter}}\n        <p class=\"event-item__localisation\">\n          <span>{{this}}<\/span>\n        <\/p>\n        {{\/each}}\n      {{\/if}}\n    <\/div>\n  <\/a>\n<\/div>\n{{\/each}}\n  <\/script>\n\n  <div class=\"findstrResultsContainer\">\n    \n    <div class=\"event-item\">\n  <a class=\"event-item__inner\" href=\"\/en\/activity-calendar\/quand-regardes-mda-danse-jeune-public\/\" aria-label=\"Danse \u2013 Quand tu me regardes (6 ans et plus). Go to event page.\">\n    <div class=\"event-item__img-wrapper\">\n      <div class=\"event-item__tag-container\">\n      <\/div>\n      <img width=\"420\" height=\"235\" src=\"https:\/\/www.laval.ca\/wp-content\/uploads\/2025\/04\/mda-qtmr-1216x516-1-420x235.jpg\" class=\"event-item__img wp-post-image\" alt=\"3 personnes en fauteuil roulant\" sizes=\"auto, (min-width:1441px) 360px, (min-width:1200px) 21vw, (min-width:768px) 41vw, 77vw\" decoding=\"async\" loading=\"lazy\" \/>\n    <\/div>\n    <div class=\"event-item__content__info\">\n      <p class=\"event-item__date\">26 April 2026 | 3&thinsp;pm<\/p>\n      <h3 class=\"event-item__title\"><span>Danse \u2013 Quand tu me regardes (6 ans et plus)<\/span><\/h3>\n        <p class=\"event-item__localisation\">\n          <span>Th\u00e9\u00e2tre des Muses de la Maison des arts de Laval<\/span>\n        <\/p>\n    <\/div>\n  <\/a>\n<\/div>\n\n    <div class=\"event-item\">\n  <a class=\"event-item__inner\" href=\"\/en\/activity-calendar\/quand-regardes-mda-danse-scolaire\/\" aria-label=\"Danse \u2013 Quand tu me regardes \u2013 scolaire (1re \u00e0 4e ann\u00e9e). Go to event page.\">\n    <div class=\"event-item__img-wrapper\">\n      <div class=\"event-item__tag-container\">\n          <span class=\"event-occurrence\">Recurring activity<\/span>\n      <\/div>\n      <img width=\"420\" height=\"235\" src=\"https:\/\/www.laval.ca\/wp-content\/uploads\/2025\/04\/mda-qtmr-1216x516-1-420x235.jpg\" class=\"event-item__img wp-post-image\" alt=\"3 personnes en fauteuil roulant\" sizes=\"auto, (min-width:1441px) 360px, (min-width:1200px) 21vw, (min-width:768px) 41vw, 77vw\" decoding=\"async\" loading=\"lazy\" \/>\n    <\/div>\n    <div class=\"event-item__content__info\">\n      <p class=\"event-item__date\">28 April 2026 | 10&thinsp;am<\/p>\n      <h3 class=\"event-item__title\"><span>Danse \u2013 Quand tu me regardes \u2013 scolaire (1re \u00e0 4e ann\u00e9e)<\/span><\/h3>\n        <p class=\"event-item__localisation\">\n          <span>Th\u00e9\u00e2tre des Muses de la Maison des arts de Laval<\/span>\n        <\/p>\n    <\/div>\n  <\/a>\n<\/div>\n\n    <div class=\"event-item\">\n  <a class=\"event-item__inner\" href=\"\/en\/activity-calendar\/danse-quand-tu-me-regardes-scolaire-1re-a-4e-annee\/\" aria-label=\"Danse \u2013 Quand tu me regardes \u2013 scolaire (1re \u00e0 4e ann\u00e9e). Go to event page.\">\n    <div class=\"event-item__img-wrapper\">\n      <div class=\"event-item__tag-container\">\n          <span class=\"event-occurrence\">Recurring activity<\/span>\n      <\/div>\n      <img width=\"420\" height=\"235\" src=\"https:\/\/www.laval.ca\/wp-content\/uploads\/2025\/04\/mda-qtmr-1216x516-1-420x235.jpg\" class=\"event-item__img wp-post-image\" alt=\"3 personnes en fauteuil roulant\" sizes=\"auto, (min-width:1441px) 360px, (min-width:1200px) 21vw, (min-width:768px) 41vw, 77vw\" decoding=\"async\" loading=\"lazy\" \/>\n    <\/div>\n    <div class=\"event-item__content__info\">\n      <p class=\"event-item__date\">29 April 2026 | 10&thinsp;am<\/p>\n      <h3 class=\"event-item__title\"><span>Danse \u2013 Quand tu me regardes \u2013 scolaire (1re \u00e0 4e ann\u00e9e)<\/span><\/h3>\n        <p class=\"event-item__localisation\">\n          <span>Th\u00e9\u00e2tre des Muses de la Maison des arts de Laval<\/span>\n        <\/p>\n    <\/div>\n  <\/a>\n<\/div>\n\n    <div class=\"event-item\">\n  <a class=\"event-item__inner\" href=\"\/en\/activity-calendar\/danse-quand-tu-me-regardes-scolaire-1re-a-4e-annee-2\/\" aria-label=\"Danse \u2013 Quand tu me regardes \u2013 scolaire (1re \u00e0 4e ann\u00e9e). Go to event page.\">\n    <div class=\"event-item__img-wrapper\">\n      <div class=\"event-item__tag-container\">\n          <span class=\"event-occurrence\">Recurring activity<\/span>\n      <\/div>\n      <img width=\"420\" height=\"235\" src=\"https:\/\/www.laval.ca\/wp-content\/uploads\/2025\/04\/mda-qtmr-1216x516-1-420x235.jpg\" class=\"event-item__img wp-post-image\" alt=\"3 personnes en fauteuil roulant\" sizes=\"auto, (min-width:1441px) 360px, (min-width:1200px) 21vw, (min-width:768px) 41vw, 77vw\" decoding=\"async\" loading=\"lazy\" \/>\n    <\/div>\n    <div class=\"event-item__content__info\">\n      <p class=\"event-item__date\">30 April 2026 | 10&thinsp;am<\/p>\n      <h3 class=\"event-item__title\"><span>Danse \u2013 Quand tu me regardes \u2013 scolaire (1re \u00e0 4e ann\u00e9e)<\/span><\/h3>\n        <p class=\"event-item__localisation\">\n          <span>Th\u00e9\u00e2tre des Muses de la Maison des arts de Laval<\/span>\n        <\/p>\n    <\/div>\n  <\/a>\n<\/div>\n\n    <div class=\"event-item\">\n  <a class=\"event-item__inner\" href=\"\/en\/activity-calendar\/gzaagiin-malenki-mda-musique-jeune-public\/\" aria-label=\"Musique \u2013 G\u2019zaagiin malenki \u2013 Je te promets une for\u00eat (18 mois et plus). Go to event page.\">\n    <div class=\"event-item__img-wrapper\">\n      <div class=\"event-item__tag-container\">\n          <span class=\"event-occurrence\">2 repr\u00e9sentations dans la m\u00eame journ\u00e9e<\/span>\n      <\/div>\n      <img width=\"420\" height=\"235\" src=\"https:\/\/www.laval.ca\/wp-content\/uploads\/2025\/04\/mda-gzaagiin-malenki-1216x516-1-420x235.jpg\" class=\"event-item__img wp-post-image\" alt=\"2 personnes avec des instruments de musique\" sizes=\"auto, (min-width:1441px) 360px, (min-width:1200px) 21vw, (min-width:768px) 41vw, 77vw\" decoding=\"async\" loading=\"lazy\" \/>\n    <\/div>\n    <div class=\"event-item__content__info\">\n      <p class=\"event-item__date\">3 May 2026 | 9&thinsp;:&thinsp;30&thinsp;am<\/p>\n      <h3 class=\"event-item__title\"><span>Musique \u2013 G\u2019zaagiin malenki \u2013 Je te promets une for\u00eat (18 mois et plus)<\/span><\/h3>\n        <p class=\"event-item__localisation\">\n          <span>Th\u00e9\u00e2tre des Muses de la Maison des arts de Laval<\/span>\n        <\/p>\n    <\/div>\n  <\/a>\n<\/div>\n\n    <div class=\"event-item\">\n  <a class=\"event-item__inner\" href=\"\/en\/activity-calendar\/musique-gzaagiin-malenki-je-te-promets-une-foret-18-mois-et-plus\/\" aria-label=\"Musique \u2013 G\u2019zaagiin malenki \u2013 Je te promets une for\u00eat (18 mois et plus). Go to event page.\">\n    <div class=\"event-item__img-wrapper\">\n      <div class=\"event-item__tag-container\">\n          <span class=\"event-occurrence\">2 repr\u00e9sentations dans la m\u00eame journ\u00e9e<\/span>\n      <\/div>\n      <img width=\"420\" height=\"235\" src=\"https:\/\/www.laval.ca\/wp-content\/uploads\/2025\/04\/mda-gzaagiin-malenki-1216x516-1-420x235.jpg\" class=\"event-item__img wp-post-image\" alt=\"2 personnes avec des instruments de musique\" sizes=\"auto, (min-width:1441px) 360px, (min-width:1200px) 21vw, (min-width:768px) 41vw, 77vw\" decoding=\"async\" loading=\"lazy\" \/>\n    <\/div>\n    <div class=\"event-item__content__info\">\n      <p class=\"event-item__date\">3 May 2026 | 11&thinsp;am<\/p>\n      <h3 class=\"event-item__title\"><span>Musique \u2013 G\u2019zaagiin malenki \u2013 Je te promets une for\u00eat (18 mois et plus)<\/span><\/h3>\n        <p class=\"event-item__localisation\">\n          <span>Th\u00e9\u00e2tre des Muses de la Maison des arts de Laval<\/span>\n        <\/p>\n    <\/div>\n  <\/a>\n<\/div>\n\n    <div class=\"event-item\">\n  <a class=\"event-item__inner\" href=\"\/en\/activity-calendar\/exposition-sophia-borowska-coulee-beton-mda\/\" aria-label=\"Exposition : Sophia Borowska \u2013 Coul\u00e9e dans le b\u00e9ton. Go to event page.\">\n    <div class=\"event-item__img-wrapper\">\n      <div class=\"event-item__tag-container\">\n      <\/div>\n      <img width=\"420\" height=\"235\" src=\"https:\/\/www.laval.ca\/wp-content\/uploads\/2025\/04\/mda-exposition-sophia-borowska-1216x516-1-420x235.jpg\" class=\"event-item__img wp-post-image\" alt=\"Oeuvre de Sophia Borowska\" sizes=\"auto, (min-width:1441px) 360px, (min-width:1200px) 21vw, (min-width:768px) 41vw, 77vw\" decoding=\"async\" loading=\"lazy\" \/>\n    <\/div>\n    <div class=\"event-item__content__info\">\n      <p class=\"event-item__date\">From 3 May 2026 to 26 July 2026<\/p>\n      <h3 class=\"event-item__title\"><span>Exposition : Sophia Borowska \u2013 Coul\u00e9e dans le b\u00e9ton<\/span><\/h3>\n        <p class=\"event-item__localisation\">\n          <span>Salle Alfred-Pellan<\/span>\n        <\/p>\n    <\/div>\n  <\/a>\n<\/div>\n\n    <div class=\"event-item\">\n  <a class=\"event-item__inner\" href=\"\/en\/activity-calendar\/exposition-khadija-baker-semences-lendemains-mda\/\" aria-label=\"Exposition Khadija Baker : Les semences de nos lendemains. Go to event page.\">\n    <div class=\"event-item__img-wrapper\">\n      <div class=\"event-item__tag-container\">\n      <\/div>\n      <img width=\"420\" height=\"235\" src=\"https:\/\/www.laval.ca\/wp-content\/uploads\/2025\/04\/mda-expositions-khadija-baker-1216x516-1-420x235.jpg\" class=\"event-item__img wp-post-image\" alt=\"Oeuvre Khadija Baker\" sizes=\"auto, (min-width:1441px) 360px, (min-width:1200px) 21vw, (min-width:768px) 41vw, 77vw\" decoding=\"async\" loading=\"lazy\" \/>\n    <\/div>\n    <div class=\"event-item__content__info\">\n      <p class=\"event-item__date\">From 3 May 2026 to 26 July 2026<\/p>\n      <h3 class=\"event-item__title\"><span>Exposition Khadija Baker : Les semences de nos lendemains<\/span><\/h3>\n        <p class=\"event-item__localisation\">\n          <span>Salle Alfred-Pellan<\/span>\n        <\/p>\n    <\/div>\n  <\/a>\n<\/div>\n\n    <div class=\"event-item\">\n  <a class=\"event-item__inner\" href=\"\/en\/activity-calendar\/gzaagiin-malenki-mda-musique-scolaire\/\" aria-label=\"Musique \u2013 G\u2019zaagiin malenki \u2013 Je te promets une for\u00eat \u2013 scolaire (2 ans et pr\u00e9scolaires). Go to event page.\">\n    <div class=\"event-item__img-wrapper\">\n      <div class=\"event-item__tag-container\">\n          <span class=\"event-occurrence\">Recurring activity<\/span>\n      <\/div>\n      <img width=\"420\" height=\"235\" src=\"https:\/\/www.laval.ca\/wp-content\/uploads\/2025\/04\/mda-gzaagiin-malenki-1216x516-1-420x235.jpg\" class=\"event-item__img wp-post-image\" alt=\"2 personnes avec des instruments de musique\" sizes=\"auto, (min-width:1441px) 360px, (min-width:1200px) 21vw, (min-width:768px) 41vw, 77vw\" decoding=\"async\" loading=\"lazy\" \/>\n    <\/div>\n    <div class=\"event-item__content__info\">\n      <p class=\"event-item__date\">4 May 2026 | 9&thinsp;:&thinsp;30&thinsp;am<\/p>\n      <h3 class=\"event-item__title\"><span>Musique \u2013 G\u2019zaagiin malenki \u2013 Je te promets une for\u00eat \u2013 scolaire (2 ans et pr\u00e9scolaires)<\/span><\/h3>\n        <p class=\"event-item__localisation\">\n          <span>Th\u00e9\u00e2tre des Muses de la Maison des arts de Laval<\/span>\n        <\/p>\n    <\/div>\n  <\/a>\n<\/div>\n  <\/div>\n<\/div>\n\n<script type=\"text\/x-handlebars\" class=\"findstrEmptyResultsTemplate\" data-group=\"events-filtered--block_21a3ee2c84800748b8b44ef8794091e5\">\n    {{#each hits}}\n  {{#if this.event_status}}\n    <div class=\"event-item event-item--status\">\n  {{else}}\n    <div class=\"event-item\">\n  {{\/if}}\n  <a class=\"event-item__inner\" href=\"{{this.permalink}}\" aria-label=\"{{this.post_title}}. {{this.event_arial_label}}.\">\n    <div class=\"event-item__img-wrapper\">\n      <div class=\"event-item__tag-container\">\n        {{#if this.event_status}}\n          {{#each this.event_status}}\n            <span class=\"event-status\">{{this}}<\/span>\n          {{\/each}}\n        {{\/if}}\n        {{#if this.event_is_recurrent}}\n          <span class=\"event-occurrence\">{{this.event_is_recurrent}}<\/span>\n        {{\/if}}\n      <\/div>\n      {{{this.event_image}}}\n    <\/div>\n    <div class=\"event-item__content__info\">\n      <p class=\"event-item__date\">{{{this.event_date_text}}}<\/p>\n      <h3 class=\"event-item__title\"><span>{{{ this._formatted.post_title }}}<\/span><\/h3>\n      {{#if this.event_place_filter}}\n        {{#each this.event_place_filter}}\n        <p class=\"event-item__localisation\">\n          <span>{{this}}<\/span>\n        <\/p>\n        {{\/each}}\n      {{\/if}}\n    <\/div>\n  <\/a>\n<\/div>\n{{\/each}}\n<\/script>\n\n<p class=\"findstr-empty-alert \" aria-live=\"assertive\" data-group=\"events-filtered--block_21a3ee2c84800748b8b44ef8794091e5\"><\/p>\n<div class=\"findstr-field findstr-field-pagination\"\n     data-source=\"\"\n     data-group=\"events-filtered--block_21a3ee2c84800748b8b44ef8794091e5\"\n     data-id=\"1711980367579\"\n     data-field='{&quot;id&quot;:1711980367579,&quot;name&quot;:&quot;Pagination&quot;,&quot;slug&quot;:&quot;pagination&quot;,&quot;type&quot;:&quot;pagination&quot;,&quot;source&quot;:&quot;&quot;,&quot;source_type&quot;:&quot;&quot;,&quot;source_name&quot;:&quot;&quot;,&quot;options&quot;:[]}'\n>\n  <input type=\"hidden\"\n       name=\"pagination\"\n       value=\"1\"\n       data-findstr\n       data-findstr-id=\"1711980367579\"\n       data-findstr-field-type=\"pagination\"\n       data-findstr-group=\"events-filtered--block_21a3ee2c84800748b8b44ef8794091e5\"\n\/>\n<div class=\"findstrFieldContainer\">\n      <div class=\"findstr-pagination\">\n    <div class=\"findstr-pagination-items\">\n\n      <button\n          aria-label=\"Previous page\"\n          class=\"prev\"\n          value=\"prev\"\n          disabled=\"disabled\"\n      >\n      <span class=\"findstr-icon\">\n      <!-- Generated by IcoMoon.io -->\n<svg xmlns=\"http:\/\/www.w3.org\/2000\/svg\" width=\"32\" height=\"32\" viewBox=\"0 0 32 32\">\n<path d=\"M22.857 32c-0.686 0-1.143 0-1.6-0.686l-13.714-13.714c-0.914-0.914-0.914-2.286 0-3.2l13.714-13.714c0.914-0.914 2.286-0.914 3.2 0s0.914 2.286 0 3.2l-12.114 12.114 12.114 12.114c0.914 0.914 0.914 2.286 0 3.2s-1.143 0.686-1.6 0.686z\"><\/path>\n<\/svg>\n    <\/span>\n      <\/button>\n\n\n          <a\n              href=\"?findstr[group]=events-filtered--block_21a3ee2c84800748b8b44ef8794091e5&amp;findstr[page]=1\"\n                aria-current=\"true\"\n              aria-label=\"Page 1 (current)\"\n              title=\"Page 1 (current)\"\n              data-page=\"1\"\n              class=\"current\"\n          >\n            1\n          <\/a>\n\n          <a\n              href=\"?findstr[group]=events-filtered--block_21a3ee2c84800748b8b44ef8794091e5&amp;findstr[page]=2\"\n              aria-label=\"Page 2\"\n              title=\"Page 2\"\n              data-page=\"2\"\n              class=\"\"\n          >\n            2\n          <\/a>\n\n          <a\n              href=\"?findstr[group]=events-filtered--block_21a3ee2c84800748b8b44ef8794091e5&amp;findstr[page]=3\"\n              aria-label=\"Page 3\"\n              title=\"Page 3\"\n              data-page=\"3\"\n              class=\"\"\n          >\n            3\n          <\/a>\n\n      <button\n          aria-label=\"Next page\"\n          class=\"next\"\n          value=\"next\"\n          \n      >\n        <span class=\"findstr-icon\">\n          <!-- Generated by IcoMoon.io -->\n<svg xmlns=\"http:\/\/www.w3.org\/2000\/svg\" width=\"32\" height=\"32\" viewBox=\"0 0 32 32\">\n<path d=\"M9.143 32c-0.686 0-1.143 0-1.6-0.686-0.914-0.914-0.914-2.286 0-3.2l12.114-12.114-12.114-12.114c-0.686-0.914-0.686-2.286 0-3.2s2.286-0.686 3.2 0l13.714 13.714c0.914 0.914 0.914 2.286 0 3.2l-13.714 13.714c-0.457 0.457-1.143 0.686-1.6 0.686z\"><\/path>\n<\/svg>\n        <\/span>\n      <\/button>\n\n    <\/div>\n  <\/div>\n<\/div>\n\n<script type=\"text\/x-handlebars-template\" class=\"findstrPaginationFieldTemplate\">\n  {{#if pagination.pages.1.page}}\n  <div class=\"findstr-pagination\">\n    <div class=\"findstr-pagination-items\">\n\n      <button\n          aria-label=\"{{pagination.previousLabel}}\"\n          class=\"prev\"\n          value=\"prev\"\n          {{#if pagination.isFirstPage}}disabled=\"disabled\"{{\/if}}\n      >\n      <span class=\"findstr-icon\">\n      <!-- Generated by IcoMoon.io -->\n<svg xmlns=\"http:\/\/www.w3.org\/2000\/svg\" width=\"32\" height=\"32\" viewBox=\"0 0 32 32\">\n<path d=\"M22.857 32c-0.686 0-1.143 0-1.6-0.686l-13.714-13.714c-0.914-0.914-0.914-2.286 0-3.2l13.714-13.714c0.914-0.914 2.286-0.914 3.2 0s0.914 2.286 0 3.2l-12.114 12.114 12.114 12.114c0.914 0.914 0.914 2.286 0 3.2s-1.143 0.686-1.6 0.686z\"><\/path>\n<\/svg>\n    <\/span>\n      <\/button>\n\n      {{#each pagination.pages}}\n        {{#if this.isEllipsis}}\n          <button\n              aria-label=\"{{this.label}}\"\n              value=\"{{this.page}}\"\n              class=\"dots\"\n              disabled=\"disabled\"\n          >\n            ...\n          <\/button>\n        {{else}}\n          <a\n              href=\"{{this.url}}\"\n              {{#if this.current}}\n                aria-current=\"true\"\n              {{\/if}}\n              aria-label=\"{{this.label}}\"\n              title=\"{{this.label}}\"\n              data-page=\"{{this.page}}\"\n              class=\"{{#if this.current}}current{{\/if}}\"\n          >\n            {{this.page}}\n          <\/a>\n        {{\/if}}\n      {{\/each}}\n\n      <button\n          aria-label=\"{{pagination.nextLabel}}\"\n          class=\"next\"\n          value=\"next\"\n          {{#if pagination.isLastPage}}disabled=\"disabled\"{{\/if}}\n      >\n        <span class=\"findstr-icon\">\n          <!-- Generated by IcoMoon.io -->\n<svg xmlns=\"http:\/\/www.w3.org\/2000\/svg\" width=\"32\" height=\"32\" viewBox=\"0 0 32 32\">\n<path d=\"M9.143 32c-0.686 0-1.143 0-1.6-0.686-0.914-0.914-0.914-2.286 0-3.2l12.114-12.114-12.114-12.114c-0.686-0.914-0.686-2.286 0-3.2s2.286-0.686 3.2 0l13.714 13.714c0.914 0.914 0.914 2.286 0 3.2l-13.714 13.714c-0.457 0.457-1.143 0.686-1.6 0.686z\"><\/path>\n<\/svg>\n        <\/span>\n      <\/button>\n\n    <\/div>\n  <\/div>\n{{\/if}}\n<\/script>\n<\/div>\n   <\/div>\n<\/section>\n  \n<\/div>\n\n\n<div class=\"sticky-section-sidebar\"\n>\n   <div class=\"sticky-section-sidebar__inner\">\n     \n<div class=\"sidebar-cta-wrapper aligndefault\">\n   <div class=\"sidebar-cta\">\n     \n  <div class=\"theme-icon aligndefault theme-icon--colored\">\n    <span class=\"theme-icon__icon icon icon-bibliotheque\"><\/span>\n  <\/div>\n  \n\n\n<p class=\"has-xlarge-font-size\"><strong>Site web des biblioth\u00e8ques<\/strong><\/p>\n\n\n\n<p>R\u00e9servez des documents, consultez votre dossier, empruntez des livres num\u00e9riques et plus encore.<\/p>\n\n\n\n<div class=\"wp-block-buttons is-layout-flex wp-block-buttons-is-layout-flex\">\n<div class=\"wp-block-button\"><a class=\"wp-block-button__link wp-element-button\" href=\"https:\/\/biblio.laval.ca\" target=\"_blank\" rel=\"noreferrer noopener\">En savoir plus<\/a><\/div>\n<\/div>\n\n   <\/div>\n<\/div>\n\n\n<div class=\"sidebar-cta-wrapper aligndefault\">\n   <div class=\"sidebar-cta \">\n          <p class=\"sidebar-cta__title has-xlarge-font-size\"><strong>Suivre les biblioth\u00e8ques<\/strong><\/p>\n              <ul class=\"sidebar-cta__socials\">\n                  <li class=\"sidebar-cta__socials__item\">\n            <a href=\"https:\/\/www.facebook.com\/bibliothequeslaval\" class=\"sidebar-cta__socials__link\" target=\"_blank\" rel=\"noopener noreferrer\">\n              <span class=\"social-icon vtx-icon vtx-icon-facebook\"><\/span>\n              <span class=\"social-name\">Facebook<\/span>\n            <\/a>\n          <\/li>\n                  <li class=\"sidebar-cta__socials__item\">\n            <a href=\"https:\/\/www.youtube.com\/c\/Biblioth%C3%A8quesdeLaval\/featured\" class=\"sidebar-cta__socials__link\" target=\"_blank\" rel=\"noopener noreferrer\">\n              <span class=\"social-icon vtx-icon vtx-icon-youtube\"><\/span>\n              <span class=\"social-name\">YouTube<\/span>\n            <\/a>\n          <\/li>\n              <\/ul>\n       <\/div>\n<\/div>\n\n   <\/div>\n<\/div>\n\n<\/section>\n<section class=\"mixed-carousel mixed-carousel--custom alignfull\"\n>\n    \n<div class=\"heading-with-button container\">\n      <h2 class=\"heading-with-button__title\">Pour aller plus loin<\/h2>\n    <\/div>\n    <div class=\"mixed-carousel__carousel-wrapper\">\n      <div class=\"mixed-carousel__carousel swiper\">\n        <div class=\"swiper-wrapper\">\n                      \n<div class=\"mixed-item swiper-slide aligndefault mixed-item--landscape-thumbnail\">\n  <a class=\"mixed-item__inner\" href=\"https:\/\/www.laval.ca\/culture\/bibliotheques\/programmation\/ados\/\">    <div class=\"mixed-item__thumbnail-wrapper\">\n      <img decoding=\"async\" width=\"609\" height=\"350\" src=\"https:\/\/www.laval.ca\/wp-content\/uploads\/2025\/04\/ados-609x350-1.jpg\" class=\"attachment-medium_large size-medium_large\" alt=\"Un adolescent en chaise roulante dans une biblioth\u00e8que\" sizes=\"(min-width:1216px) 430px, (min-width:1080px) 36vw, (min-width:768px) 41vw, (min-width:560px) 60vw, 85vw\" srcset=\"https:\/\/www.laval.ca\/wp-content\/uploads\/2025\/04\/ados-609x350-1.jpg 609w, https:\/\/www.laval.ca\/wp-content\/uploads\/2025\/04\/ados-609x350-1-300x172.jpg 300w\" \/>    <\/div>\n    <h3 class=\"mixed-item__title\"><span>Plus d&#039;activit\u00e9s sur la th\u00e9matique Ados<\/span><\/h3>\n          <p class=\"mixed-item__excerpt\">Encore plus de folies avec les activit\u00e9s Interdit aux adultes, des jeux, des rencontres et bien plus.<\/p>\n      <\/a><\/div>\n\n\n<div class=\"mixed-item swiper-slide aligndefault mixed-item--landscape-thumbnail\">\n  <a class=\"mixed-item__inner\" href=\"https:\/\/www.laval.ca\/culture\/bibliotheques\/horaires-coordonnees\/\">    <div class=\"mixed-item__thumbnail-wrapper\">\n      <img decoding=\"async\" width=\"609\" height=\"350\" src=\"https:\/\/www.laval.ca\/wp-content\/uploads\/2025\/04\/horaires-coordonnees-609x350-1.jpg\" class=\"attachment-medium_large size-medium_large\" alt=\"Femme sortant d&#039;une biblioth\u00e8que\" sizes=\"(min-width:1216px) 430px, (min-width:1080px) 36vw, (min-width:768px) 41vw, (min-width:560px) 60vw, 85vw\" srcset=\"https:\/\/www.laval.ca\/wp-content\/uploads\/2025\/04\/horaires-coordonnees-609x350-1.jpg 609w, https:\/\/www.laval.ca\/wp-content\/uploads\/2025\/04\/horaires-coordonnees-609x350-1-300x172.jpg 300w\" \/>    <\/div>\n    <h3 class=\"mixed-item__title\"><span>Horaires des biblioth\u00e8ques<\/span><\/h3>\n          <p class=\"mixed-item__excerpt\">Consultez les horaires et coordonn\u00e9es des biblioth\u00e8ques.<\/p>\n      <\/a><\/div>\n\n\n<div class=\"mixed-item swiper-slide aligndefault mixed-item--landscape-thumbnail\">\n  <a class=\"mixed-item__inner\" href=\"https:\/\/www.laval.ca\/culture\/bibliotheques\/renouvellement-reseau\/\">    <div class=\"mixed-item__thumbnail-wrapper\">\n      <img decoding=\"async\" src=\"https:\/\/www.laval.ca\/wp-content\/themes\/laval.ca\/dist\/images\/defaults\/default.jpg\" alt=\"\">    <\/div>\n    <h3 class=\"mixed-item__title\"><span>Transformation du r\u00e9seau de biblioth\u00e8ques<\/span><\/h3>\n          <p class=\"mixed-item__excerpt\">Le r\u00e9seau de biblioth\u00e8ques de Laval est en transformation pour vous offrir un meilleur acc\u00e8s \u00e0 la culture et au savoir.<\/p>\n      <\/a><\/div>\n\n\n                  <\/div>\n      <\/div>\n    <\/div>\n    <div class=\"mixed-carousel__carousel-navigation container\">\n      <div class=\"swiper-button-prev\"><\/div>\n      <div class=\"swiper-button-next\"><\/div>\n    <\/div>\n      \n<\/section>\n","protected":false},"excerpt":{"rendered":"","protected":false},"author":34,"featured_media":0,"parent":26714,"menu_order":0,"comment_status":"closed","ping_status":"closed","template":"","meta":{"_acf_changed":false,"advgb_blocks_editor_width":"","advgb_blocks_columns_visual_guide":"","footnotes":""},"class_list":["post-26649","page","type-page","status-publish","hentry"],"pp_statuses_selecting_workflow":false,"pp_workflow_action":"current","pp_status_selection":"publish","acf":[],"coauthors":[],"author_meta":{"author_link":"https:\/\/www.laval.ca\/en\/author\/i-boucherlaval-ca\/","display_name":"i.boucher@laval.ca"},"relative_dates":{"created":"Posted 1 year ago","modified":"Updated 8 months ago"},"absolute_dates":{"created":"Posted on December 20, 2024","modified":"Updated on September 2, 2025"},"absolute_dates_time":{"created":"Posted on December 20, 2024 4:14 pm","modified":"Updated on September 2, 2025 3:49 pm"},"featured_img_caption":"","featured_img":false,"series_order":"","publishpress_future_action":{"enabled":false,"date":"2026-05-03 03:28:00","action":"change-status","newStatus":"draft","terms":[],"taxonomy":"translation_priority","extraData":[]},"publishpress_future_workflow_manual_trigger":{"enabledWorkflows":[]},"_links":{"self":[{"href":"https:\/\/www.laval.ca\/en\/wp-json\/wp\/v2\/pages\/26649","targetHints":{"allow":["GET"]}}],"collection":[{"href":"https:\/\/www.laval.ca\/en\/wp-json\/wp\/v2\/pages"}],"about":[{"href":"https:\/\/www.laval.ca\/en\/wp-json\/wp\/v2\/types\/page"}],"author":[{"embeddable":true,"href":"https:\/\/www.laval.ca\/en\/wp-json\/wp\/v2\/users\/34"}],"replies":[{"embeddable":true,"href":"https:\/\/www.laval.ca\/en\/wp-json\/wp\/v2\/comments?post=26649"}],"version-history":[{"count":8,"href":"https:\/\/www.laval.ca\/en\/wp-json\/wp\/v2\/pages\/26649\/revisions"}],"predecessor-version":[{"id":89642,"href":"https:\/\/www.laval.ca\/en\/wp-json\/wp\/v2\/pages\/26649\/revisions\/89642"}],"up":[{"embeddable":true,"href":"https:\/\/www.laval.ca\/en\/wp-json\/wp\/v2\/pages\/26714"}],"wp:attachment":[{"href":"https:\/\/www.laval.ca\/en\/wp-json\/wp\/v2\/media?parent=26649"}],"curies":[{"name":"wp","href":"https:\/\/api.w.org\/{rel}","templated":true}]}}