{"id":26437,"date":"2025-10-18T16:31:06","date_gmt":"2025-10-18T20:31:06","guid":{"rendered":"https:\/\/www.laval.ca\/elections-municipales\/"},"modified":"2025-09-03T15:49:42","modified_gmt":"2025-09-03T19:49:42","slug":"municipal-elections","status":"publish","type":"page","link":"https:\/\/www.laval.ca\/en\/democratic-life\/citizen-participation\/municipal-elections\/","title":{"rendered":"Municipal elections"},"content":{"rendered":"<section class=\"sticky-section-group aligndefault\"\n>\n   \n<div class=\"sticky-section-main\"\n>\n   \n\n<p class=\"is-style-intro-text\">Le maire ou la mairesse ainsi que les conseillers et conseill\u00e8res de l&#8217;ensemble des municipalit\u00e9s du Qu\u00e9bec sont des personnes \u00e9lues par les citoyens et citoyennes tous les 4\u00a0ans, le 1<sup>er<\/sup>\u00a0dimanche de\u00a0novembre, dans le cadre des \u00e9lections municipales du Qu\u00e9bec.<\/p>\n\n\n\n  <div class=\"notification-message notification-message__bg-warning-alert-circle\" \n  >\n   <div class=\"notification-message__inner-container\">\n    <div class=\"notification-message__heading\">\n              <span class=\"notification-message__icon icon icon-warning-alert-circle\"><\/span>\n                    <p class=\"notification-message__title\">Dimanche 2\u00a0novembre\u00a02025\u00a0: date de la prochaine \u00e9lection municipale<\/p>\n          <\/div>\n      <\/div>\n  <\/div>\n\n\n\n<h2 class=\"wp-block-heading\">\u00c9lection 2025<\/h2>\n\n\n\n<ul class=\"wp-block-list\">\n<li><a href=\"https:\/\/www.laval.ca\/wp-content\/uploads\/2025\/02\/reglement-l-5000-11.pdf\" target=\"_blank\" rel=\"noreferrer noopener\">R\u00e8glement L-5000-11 Divisant la municipalit\u00e9 en districts \u00e9lectoraux<\/a> (PDF, 135 ko)<\/li>\n\n\n\n<li><a href=\"https:\/\/www.laval.ca\/wp-content\/uploads\/2024\/12\/reglement-l-5000-11-annexes.pdf\" target=\"_blank\" data-type=\"page\" data-id=\"4367\" rel=\"noreferrer noopener\">Annexes<\/a> (PDF, 1 Mo)<\/li>\n<\/ul>\n\n\n\n<div class=\"wp-block-vortex-blocks-accordions-group block-accordions-group accordion-container is-style-no-margin-top\">\n<section class=\"wp-block-vortex-blocks-accordion-item accordion ac\" id=\"districts-electoraux\"><div class=\"accordion__accordion\"><button class=\"accordion__header-row accordion-toggle ac-header ac-trigger\"><p class=\"accordion__header__title\">Districts \u00e9lectoraux<\/p><span class=\"accordion__header__icon\" role=\"presentation\"><span class=\"plus\"><\/span><\/span><\/button><div class=\"accordion__sub-rows wysiwyg ac-panel\" role=\"region\">\n<p><a href=\"https:\/\/www.laval.ca\/wp-content\/uploads\/2025\/02\/district-electoral-2025-district-1-saint-francois.pdf\" target=\"_blank\" rel=\"noreferrer noopener\">District 01\u00a0&#8211;\u00a0Saint-Fran\u00e7ois<\/a>, 1\u00a0Mo<\/p>\n\n\n\n<p><a href=\"https:\/\/www.laval.ca\/wp-content\/uploads\/2025\/02\/district-electoral-2025-district-2-saint-vincent-paul.pdf\" target=\"_blank\" rel=\"noreferrer noopener\">District 02\u00a0&#8211;\u00a0Saint-Vincent-de-Paul<\/a>, 1\u00a0Mo<\/p>\n\n\n\n<p><a href=\"https:\/\/www.laval.ca\/wp-content\/uploads\/2025\/02\/district-electoral-2025-district-3-duvernay.pdf\" target=\"_blank\" rel=\"noreferrer noopener\">District 03\u00a0&#8211; Duvernay<\/a>, 1\u00a0Mo<\/p>\n\n\n\n<p><a href=\"https:\/\/www.laval.ca\/wp-content\/uploads\/2025\/02\/district-electoral-2025-district-4-pont-viau.pdf\" target=\"_blank\" rel=\"noreferrer noopener\">District 04\u00a0&#8211;\u00a0Pont-Viau<\/a>, 1\u00a0Mo<\/p>\n\n\n\n<p><a href=\"https:\/\/www.laval.ca\/wp-content\/uploads\/2025\/02\/district-electoral-2025-district-5-marigot.pdf\" target=\"_blank\" rel=\"noreferrer noopener\">District 05\u00a0&#8211;\u00a0Marigot<\/a>, 1\u00a0Mo<\/p>\n\n\n\n<p><a href=\"https:\/\/www.laval.ca\/wp-content\/uploads\/2025\/02\/district-electoral-2025-district-6-laval-rapides.pdf\" target=\"_blank\" rel=\"noreferrer noopener\">District 06\u00a0&#8211; Laval-des-Rapides<\/a>, 1\u00a0Mo<\/p>\n\n\n\n<p><a href=\"https:\/\/www.laval.ca\/wp-content\/uploads\/2025\/02\/district-electoral-2025-district-7-renaud-coursol.pdf\" target=\"_blank\" rel=\"noreferrer noopener\">District 07\u00a0&#8211;\u00a0Renaud-Coursol<\/a>, 2\u00a0Mo<\/p>\n\n\n\n<p><a href=\"https:\/\/www.laval.ca\/wp-content\/uploads\/2025\/02\/district-electoral-2025-district-8-vimont.pdf\" target=\"_blank\" rel=\"noreferrer noopener\">District 08\u00a0&#8211;\u00a0Vimont<\/a>, 1\u00a0Mo<\/p>\n\n\n\n<p><a href=\"https:\/\/www.laval.ca\/wp-content\/uploads\/2025\/02\/district-electoral-2025-district-9-saint-bruno.pdf\" target=\"_blank\" rel=\"noreferrer noopener\">District 09\u00a0&#8211;\u00a0Saint-Bruno<\/a>, 1\u00a0Mo<\/p>\n\n\n\n<p><a href=\"https:\/\/www.laval.ca\/wp-content\/uploads\/2025\/02\/district-electoral-2025-district-10-auteuil.pdf\" target=\"_blank\" rel=\"noreferrer noopener\">District 10\u00a0&#8211;\u00a0Auteuil<\/a>, 1\u00a0Mo<\/p>\n\n\n\n<p><a href=\"https:\/\/www.laval.ca\/wp-content\/uploads\/2025\/02\/district-electoral-2025-district-11-carrefour.pdf\" target=\"_blank\" rel=\"noreferrer noopener\">District 11\u00a0&#8211;\u00a0Le Carrefour<\/a>, 1\u00a0Mo<\/p>\n\n\n\n<p><a href=\"https:\/\/www.laval.ca\/wp-content\/uploads\/2025\/02\/district-electoral-2025-district-12-souvenir-labelle.pdf\" target=\"_blank\" rel=\"noreferrer noopener\">District 12\u00a0&#8211;\u00a0Souvenir-Labelle<\/a>, 1\u00a0Mo<\/p>\n\n\n\n<p><a href=\"https:\/\/www.laval.ca\/wp-content\/uploads\/2025\/02\/district-electoral-2025-district-13-abord-plouffe.pdf\" target=\"_blank\" rel=\"noreferrer noopener\">District 13\u00a0&#8211;\u00a0L&#8217;Abord-\u00e0-Plouffe<\/a>, 1\u00a0Mo<\/p>\n\n\n\n<p><a href=\"https:\/\/www.laval.ca\/wp-content\/uploads\/2025\/02\/district-electoral-2025-district-14-chomedey.pdf\" target=\"_blank\" rel=\"noreferrer noopener\">District 14\u00a0&#8211;\u00a0Chomedey<\/a>, 1\u00a0Mo<\/p>\n\n\n\n<p><a href=\"https:\/\/www.laval.ca\/wp-content\/uploads\/2025\/02\/district-electoral-2025-district-15-saint-martin.pdf\" target=\"_blank\" rel=\"noreferrer noopener\">District 15\u00a0&#8211;\u00a0Saint-Martin<\/a>, 1\u00a0Mo<\/p>\n\n\n\n<p><a href=\"https:\/\/www.laval.ca\/wp-content\/uploads\/2025\/02\/district-electoral-2025-district-16-sainte-dorothee.pdf\" target=\"_blank\" rel=\"noreferrer noopener\">District 16\u00a0&#8211;\u00a0Sainte-Doroth\u00e9e<\/a>, 1\u00a0Mo<\/p>\n\n\n\n<p><a href=\"https:\/\/www.laval.ca\/wp-content\/uploads\/2025\/02\/district-electoral-2025-district-17-laval-iles.pdf\" target=\"_blank\" rel=\"noreferrer noopener\">District 17\u00a0&#8211;\u00a0Laval-les-\u00celes<\/a>, 1\u00a0Mo<\/p>\n\n\n\n<p><a href=\"https:\/\/www.laval.ca\/wp-content\/uploads\/2025\/02\/district-electoral-2025-district-18-oree-bois.pdf\" target=\"_blank\" rel=\"noreferrer noopener\">District 18\u00a0&#8211;\u00a0L&#8217;Or\u00e9e-des-Bois<\/a>, 1\u00a0Mo<\/p>\n\n\n\n<p><a href=\"https:\/\/www.laval.ca\/wp-content\/uploads\/2025\/02\/district-electoral-2025-district-19-marc-aurele-fortin.pdf\" target=\"_blank\" rel=\"noreferrer noopener\">District 19\u00a0&#8211;\u00a0Marc-Aur\u00e8le-Fortin<\/a>, 1 Mo<\/p>\n\n\n\n<p><a href=\"https:\/\/www.laval.ca\/wp-content\/uploads\/2025\/02\/district-electoral-2025-district-20-champfleury.pdf\" target=\"_blank\" rel=\"noreferrer noopener\">District 20\u00a0&#8211; Champfleury<\/a>, 1 Mo<\/p>\n\n\n\n<p><a href=\"https:\/\/www.laval.ca\/wp-content\/uploads\/2025\/02\/district-electoral-2025-district-21-sainte-rose.pdf\" target=\"_blank\" rel=\"noreferrer noopener\">District 21\u00a0&#8211;\u00a0Sainte-Rose<\/a>, 1\u00a0Mo<\/p>\n\n\n\n<p><a href=\"https:\/\/www.laval.ca\/wp-content\/uploads\/2025\/02\/district-electoral-2021-district-22-fabreville-sud.pdf\" target=\"_blank\" rel=\"noreferrer noopener\">District 22\u00a0&#8211;\u00a0Fabreville-Sud<\/a>, 1\u00a0Mo<\/p>\n<\/div><\/div><\/section>\n<\/div>\n\n\n\n<h2 class=\"wp-block-heading\">\u00c9lection 2021<\/h2>\n\n\n\n<p>Le territoire de la Ville de Laval \u00e9tait divis\u00e9 en 21\u00a0districts \u00e9lectoraux.<\/p>\n\n\n\n<div class=\"wp-block-vortex-blocks-accordions-group block-accordions-group accordion-container is-style-no-margin-top\">\n<section class=\"wp-block-vortex-blocks-accordion-item accordion ac\" id=\"districts-electoraux\"><div class=\"accordion__accordion\"><button class=\"accordion__header-row accordion-toggle ac-header ac-trigger\"><p class=\"accordion__header__title\">Districts \u00e9lectoraux<\/p><span class=\"accordion__header__icon\" role=\"presentation\"><span class=\"plus\"><\/span><\/span><\/button><div class=\"accordion__sub-rows wysiwyg ac-panel\" role=\"region\">\n<p><a href=\"https:\/\/www.laval.ca\/wp-content\/uploads\/2025\/02\/carte-district-electoral-2021.pdf\" target=\"_blank\" rel=\"noreferrer noopener\">Carte 2021\u00a0des districts \u00e9lectoraux,<\/a>\u00a04\u00a0Mo<\/p>\n\n\n\n<p><a href=\"https:\/\/www.laval.ca\/wp-content\/uploads\/2025\/02\/district-electoral-2021-district-1-saint-francois.pdf\" target=\"_blank\" rel=\"noreferrer noopener\">District 01\u00a0&#8211;\u00a0Saint-Fran\u00e7ois<\/a>, 6\u00a0Mo<\/p>\n\n\n\n<p><a href=\"https:\/\/www.laval.ca\/wp-content\/uploads\/2025\/02\/district-electoral-2021-district-2-saint-vincent-de-paul.pdf\" target=\"_blank\" rel=\"noreferrer noopener\">District 02\u00a0&#8211;\u00a0Saint-Vincent-de-Paul<\/a>, 9\u00a0Mo<\/p>\n\n\n\n<p><a href=\"https:\/\/www.laval.ca\/wp-content\/uploads\/2025\/02\/district-electoral-2021-district-3-val-des-arbres.pdf\" target=\"_blank\" rel=\"noreferrer noopener\">District 03\u00a0&#8211;\u00a0Val-des-Arbres<\/a>, 14\u00a0Mo<\/p>\n\n\n\n<p><a href=\"https:\/\/www.laval.ca\/wp-content\/uploads\/2025\/02\/district-electoral-2021-district-4-duvernay-pont-viau.pdf\" target=\"_blank\" rel=\"noreferrer noopener\">District 04\u00a0&#8211;\u00a0Duvernay\u00a0\u2013\u00a0Pont-Viau<\/a>, 6\u00a0Mo<\/p>\n\n\n\n<p><a href=\"https:\/\/www.laval.ca\/wp-content\/uploads\/2025\/02\/district-electoral-2021-district-5-marigot.pdf\" target=\"_blank\" rel=\"noreferrer noopener\">District 05\u00a0&#8211;\u00a0Marigot<\/a>, 8\u00a0Mo<\/p>\n\n\n\n<p><a href=\"https:\/\/www.laval.ca\/wp-content\/uploads\/2025\/02\/district-electoral-2021-district-6-concorde-bois-de-boulogne.pdf\" target=\"_blank\" rel=\"noreferrer noopener\">District 06\u00a0&#8211;\u00a0Concorde\u00a0\u2013\u00a0Bois-de-Boulogne<\/a>, 7\u00a0Mo<\/p>\n\n\n\n<p><a href=\"https:\/\/www.laval.ca\/wp-content\/uploads\/2025\/02\/district-electoral-2021-district-7-renaud.pdf\" target=\"_blank\" rel=\"noreferrer noopener\">District 07\u00a0&#8211;\u00a0Renaud<\/a>, 25\u00a0Mo<\/p>\n\n\n\n<p><a href=\"https:\/\/www.laval.ca\/wp-content\/uploads\/2025\/02\/district-electoral-2021-district-8-vimont.pdf\" target=\"_blank\" rel=\"noreferrer noopener\">District 08\u00a0&#8211;\u00a0Vimont<\/a>, 4\u00a0Mo<\/p>\n\n\n\n<p><a href=\"https:\/\/www.laval.ca\/wp-content\/uploads\/2025\/02\/district-electoral-2021-district-9-saint-bruno.pdf\" target=\"_blank\" rel=\"noreferrer noopener\">District 09\u00a0&#8211;\u00a0Saint-Bruno<\/a>, 5\u00a0Mo<\/p>\n\n\n\n<p><a href=\"https:\/\/www.laval.ca\/wp-content\/uploads\/2025\/02\/district-electoral-2021-district-10-auteuil.pdf\" target=\"_blank\" rel=\"noreferrer noopener\">District 10\u00a0&#8211;\u00a0Auteuil<\/a>, 9\u00a0Mo<\/p>\n\n\n\n<p><a href=\"https:\/\/www.laval.ca\/wp-content\/uploads\/2025\/02\/district-electoral-2021-district-11-laval-des-rapides.pdf\" target=\"_blank\" rel=\"noreferrer noopener\">District 11\u00a0&#8211;\u00a0Laval-des-Rapides<\/a>, 13\u00a0Mo<\/p>\n\n\n\n<p><a href=\"https:\/\/www.laval.ca\/wp-content\/uploads\/2025\/02\/district-electoral-2021-district-12-souvenir-labelle.pdf\" target=\"_blank\" rel=\"noreferrer noopener\">District 12\u00a0&#8211;\u00a0Souvenir-Labelle<\/a>, 15\u00a0Mo<\/p>\n\n\n\n<p><a href=\"https:\/\/www.laval.ca\/wp-content\/uploads\/2025\/02\/district-electoral-2021-district-13-labord-a-plouffe.pdf\" target=\"_blank\" rel=\"noreferrer noopener\">District 13\u00a0&#8211;\u00a0L&#8217;Abord-\u00e0-Plouffe<\/a>, 7\u00a0Mo<\/p>\n\n\n\n<p><a href=\"https:\/\/www.laval.ca\/wp-content\/uploads\/2025\/02\/district-electoral-2021-district-14-chomedey.pdf\" target=\"_blank\" rel=\"noreferrer noopener\">District 14\u00a0&#8211;\u00a0Chomedey<\/a>, 5\u00a0Mo<\/p>\n\n\n\n<p><a href=\"https:\/\/www.laval.ca\/wp-content\/uploads\/2025\/02\/district-electoral-2021-district-15-saint-martin.pdf\" target=\"_blank\" rel=\"noreferrer noopener\">District 15\u00a0&#8211;\u00a0Saint-Martin<\/a>, 5\u00a0Mo<\/p>\n\n\n\n<p><a href=\"https:\/\/www.laval.ca\/wp-content\/uploads\/2025\/02\/district-electoral-2021-district-16-sainte-dorothee.pdf\" target=\"_blank\" rel=\"noreferrer noopener\">District 16\u00a0&#8211;\u00a0Sainte-Doroth\u00e9e<\/a>, 12\u00a0Mo<\/p>\n\n\n\n<p><a href=\"https:\/\/www.laval.ca\/wp-content\/uploads\/2025\/02\/district-electoral-2021-district-17-laval-les-iles.pdf\" target=\"_blank\" rel=\"noreferrer noopener\">District 17\u00a0&#8211;\u00a0Laval-les-\u00celes<\/a>, 11\u00a0Mo<\/p>\n\n\n\n<p><a href=\"https:\/\/www.laval.ca\/wp-content\/uploads\/2025\/02\/district-electoral-2021-district-18-loree-des-bois.pdf\" target=\"_blank\" rel=\"noreferrer noopener\">District 18\u00a0&#8211;\u00a0L&#8217;Or\u00e9e-des-Bois<\/a>, 8\u00a0Mo<\/p>\n\n\n\n<p><a href=\"https:\/\/www.laval.ca\/wp-content\/uploads\/2025\/02\/district-electoral-2021-district-19-marc-aurele-fortin.pdf\" target=\"_blank\" rel=\"noreferrer noopener\">District 19\u00a0&#8211;\u00a0Marc-Aur\u00e8le-Fortin<\/a>, 9\u00a0Mo<\/p>\n\n\n\n<p><a href=\"https:\/\/www.laval.ca\/wp-content\/uploads\/2025\/02\/district-electoral-2021-district-20-fabreville.pdf\" target=\"_blank\" rel=\"noreferrer noopener\">District 20\u00a0&#8211;\u00a0Fabreville<\/a>, 13\u00a0Mo<\/p>\n\n\n\n<p><a href=\"https:\/\/www.laval.ca\/wp-content\/uploads\/2025\/02\/district-electoral-2021-district-21-sainte-rose.pdf\" target=\"_blank\" rel=\"noreferrer noopener\">District 21\u00a0&#8211;\u00a0Sainte-Rose<\/a>, 11\u00a0Mo<\/p>\n<\/div><\/div><\/section>\n<\/div>\n\n\n\n<h4 class=\"wp-block-heading\">R\u00e9sultats du scrutin<\/h4>\n\n\n\n<p><a href=\"https:\/\/www.laval.ca\/wp-content\/uploads\/2025\/02\/resultats-election-2021.pdf\" target=\"_blank\" rel=\"noreferrer noopener\">R\u00e9sultats des \u00e9lections municipales du 7\u00a0novembre 2021<\/a>, 1\u00a0Mo<\/p>\n\n\n\n<h2 class=\"wp-block-heading\">\u00c9lection partielle 2019<\/h2>\n\n\n\n<h4 class=\"wp-block-heading\">R\u00e9sultat\u00a0du scrutin<\/h4>\n\n\n\n<p><a href=\"https:\/\/www.laval.ca\/wp-content\/uploads\/2025\/02\/resultat-election-partielle-2019.pdf\" target=\"_blank\" rel=\"noreferrer noopener\">R\u00e9sultat de l&#8217;\u00e9lection municipale partielle du 24\u00a0novembre\u00a02019<\/a>, 96\u00a0ko<\/p>\n\n\n\n<h2 class=\"wp-block-heading\">\u00c9lection 2017<\/h2>\n\n\n\n<p>Le territoire de la Ville de Laval \u00e9tait divis\u00e9 en 21\u00a0districts \u00e9lectoraux.<\/p>\n\n\n\n<div class=\"wp-block-vortex-blocks-accordions-group block-accordions-group accordion-container is-style-no-margin-top\">\n<section class=\"wp-block-vortex-blocks-accordion-item accordion ac\" id=\"districts-electoraux\"><div class=\"accordion__accordion\"><button class=\"accordion__header-row accordion-toggle ac-header ac-trigger\"><p class=\"accordion__header__title\">Districts \u00e9lectoraux<\/p><span class=\"accordion__header__icon\" role=\"presentation\"><span class=\"plus\"><\/span><\/span><\/button><div class=\"accordion__sub-rows wysiwyg ac-panel\" role=\"region\">\n<p><a href=\"https:\/\/www.laval.ca\/wp-content\/uploads\/2025\/02\/carte-district-electoral-2017.pdf\" target=\"_blank\" rel=\"noreferrer noopener\">Carte des districts \u00e9lectoraux<\/a>, 3\u00a0Mo<\/p>\n\n\n\n<p><a href=\"https:\/\/www.laval.ca\/wp-content\/uploads\/2025\/02\/district-electoral-2017-district-1-saint-francois.pdf\" target=\"_blank\" rel=\"noreferrer noopener\">District 01\u00a0&#8211;\u00a0Saint-Fran\u00e7ois<\/a>, 6\u00a0Mo<\/p>\n\n\n\n<p><a href=\"https:\/\/www.laval.ca\/wp-content\/uploads\/2025\/02\/district-electoral-2017-district-2-saint-vincent-de-paul.pdf\" target=\"_blank\" rel=\"noreferrer noopener\">District 02\u00a0&#8211;\u00a0Saint-Vincent-de-Paul<\/a>, 9\u00a0Mo<\/p>\n\n\n\n<p><a href=\"https:\/\/www.laval.ca\/wp-content\/uploads\/2025\/02\/district-electoral-2017-district-3-val-des-arbres.pdf\" target=\"_blank\" rel=\"noreferrer noopener\">District 03\u00a0&#8211;\u00a0Val-des-Arbres<\/a>, 14\u00a0Mo<\/p>\n\n\n\n<p><a href=\"https:\/\/www.laval.ca\/wp-content\/uploads\/2025\/02\/district-electoral-2017-district-4-duvernay-pont-viau.pdf\" target=\"_blank\" rel=\"noreferrer noopener\">District 04\u00a0&#8211;\u00a0Duvernay\u00a0\u2013\u00a0Pont-Viau<\/a>, 6\u00a0Mo<\/p>\n\n\n\n<p><a href=\"https:\/\/www.laval.ca\/wp-content\/uploads\/2025\/02\/district-electoral-2017-district-5-marigot.pdf\" target=\"_blank\" rel=\"noreferrer noopener\">District 05\u00a0&#8211;\u00a0Marigot<\/a>, 8\u00a0Mo<\/p>\n\n\n\n<p><a href=\"https:\/\/www.laval.ca\/wp-content\/uploads\/2025\/02\/district-electoral-2017-district-6-concorde-bois-de-boulogne.pdf\" target=\"_blank\" rel=\"noreferrer noopener\">District 06\u00a0&#8211;\u00a0Concorde\u00a0\u2013\u00a0Bois-de-Boulogne<\/a>, 6\u00a0Mo<\/p>\n\n\n\n<p><a href=\"https:\/\/www.laval.ca\/wp-content\/uploads\/2025\/02\/district-electoral-2017-district-7-renaud.pdf\" target=\"_blank\" rel=\"noreferrer noopener\">District 07\u00a0&#8211;\u00a0Renaud<\/a>, 25\u00a0Mo<\/p>\n\n\n\n<p><a href=\"https:\/\/www.laval.ca\/wp-content\/uploads\/2025\/02\/district-electoral-2017-district-8-vimont.pdf\" target=\"_blank\" rel=\"noreferrer noopener\">District 08\u00a0&#8211;\u00a0Vimont<\/a>, 4\u00a0Mo<\/p>\n\n\n\n<p><a href=\"https:\/\/www.laval.ca\/wp-content\/uploads\/2025\/02\/district-electoral-2017-district-9-saint-bruno.pdf\" target=\"_blank\" rel=\"noreferrer noopener\">District 09\u00a0&#8211;\u00a0Saint-Bruno<\/a>, 5\u00a0Mo<\/p>\n\n\n\n<p><a href=\"https:\/\/www.laval.ca\/wp-content\/uploads\/2025\/02\/district-electoral-2017-district-10-auteuil.pdf\" target=\"_blank\" rel=\"noreferrer noopener\">District 10\u00a0&#8211;\u00a0Auteuil<\/a>, 9\u00a0Mo<\/p>\n\n\n\n<p><a href=\"https:\/\/www.laval.ca\/wp-content\/uploads\/2025\/02\/district-electoral-2017-district-11-laval-des-rapides.pdf\" target=\"_blank\" rel=\"noreferrer noopener\">District 11\u00a0&#8211;\u00a0Laval-des-Rapides<\/a>, 13\u00a0Mo<\/p>\n\n\n\n<p><a href=\"https:\/\/www.laval.ca\/wp-content\/uploads\/2025\/02\/district-electoral-2017-district-12-souvenir-labelle.pdf\" target=\"_blank\" rel=\"noreferrer noopener\">District 12\u00a0&#8211;\u00a0Souvenir-Labelle<\/a>, 14\u00a0Mo<\/p>\n\n\n\n<p><a href=\"https:\/\/www.laval.ca\/wp-content\/uploads\/2025\/02\/district-electoral-2017-district-13-labord-a-plouffe.pdf\" target=\"_blank\" rel=\"noreferrer noopener\">District 13\u00a0&#8211;\u00a0L&#8217;Abord-\u00e0-Plouffe<\/a>, 7\u00a0Mo<\/p>\n\n\n\n<p><a href=\"https:\/\/www.laval.ca\/wp-content\/uploads\/2025\/02\/district-electoral-2017-district-14-chomedey.pdf\" target=\"_blank\" rel=\"noreferrer noopener\">District 14\u00a0&#8211;\u00a0Chomedey<\/a>, 5\u00a0Mo<\/p>\n\n\n\n<p><a href=\"https:\/\/www.laval.ca\/wp-content\/uploads\/2025\/02\/district-electoral-2017-district-15-saint-martin.pdf\" target=\"_blank\" rel=\"noreferrer noopener\">District 15\u00a0&#8211;\u00a0Saint-Martin<\/a>, 4\u00a0Mo<\/p>\n\n\n\n<p><a href=\"https:\/\/www.laval.ca\/wp-content\/uploads\/2025\/02\/district-electoral-2017-district-16-sainte-dorothee.pdf\" target=\"_blank\" rel=\"noreferrer noopener\">District 16\u00a0&#8211;\u00a0Sainte-Doroth\u00e9e<\/a>, 12\u00a0Mo<\/p>\n\n\n\n<p><a href=\"https:\/\/www.laval.ca\/wp-content\/uploads\/2025\/02\/district-electoral-2017-district-17-laval-les-iles.pdf\" target=\"_blank\" rel=\"noreferrer noopener\">District 17\u00a0&#8211;\u00a0Laval-les-\u00celes<\/a>, 11\u00a0Mo<\/p>\n\n\n\n<p><a href=\"https:\/\/www.laval.ca\/wp-content\/uploads\/2025\/02\/district-electoral-2017-district-18-loree-des-bois.pdf\" target=\"_blank\" rel=\"noreferrer noopener\">District 18\u00a0&#8211;\u00a0L&#8217;Or\u00e9e-des-Bois<\/a>, 8\u00a0Mo<\/p>\n\n\n\n<p><a href=\"https:\/\/www.laval.ca\/wp-content\/uploads\/2025\/02\/district-electoral-2017-district-19-marc-aurele-fortin.pdf\" target=\"_blank\" rel=\"noreferrer noopener\">District 19\u00a0&#8211;\u00a0Marc-Aur\u00e8le-Fortin<\/a>, 9\u00a0Mo<\/p>\n\n\n\n<p><a href=\"https:\/\/www.laval.ca\/wp-content\/uploads\/2025\/02\/district-electoral-2017-district-20-fabreville.pdf\" target=\"_blank\" rel=\"noreferrer noopener\">District 20\u00a0&#8211;\u00a0Fabreville<\/a>, 13\u00a0Mo<\/p>\n\n\n\n<p><a href=\"https:\/\/www.laval.ca\/wp-content\/uploads\/2025\/02\/district-electoral-2017-district-21-sainte-rose.pdf\" target=\"_blank\" rel=\"noreferrer noopener\">District 21\u00a0&#8211;\u00a0Sainte-Rose<\/a>, 11\u00a0Mo<\/p>\n<\/div><\/div><\/section>\n<\/div>\n\n\n\n<h4 class=\"wp-block-heading\">R\u00e9sultats du scrutin<\/h4>\n\n\n\n<p><a href=\"https:\/\/www.laval.ca\/wp-content\/uploads\/2025\/02\/resultats-elections-2017.pdf\" target=\"_blank\" rel=\"noreferrer noopener\">R\u00e9sultats des \u00e9lections municipales du 5 novembre\u00a02017<\/a>, 1\u00a0Mo<\/p>\n\n\n\n<h2 class=\"wp-block-heading\">Rapports de d\u00e9penses \u00e9lectorales des partis politiques autoris\u00e9s<\/h2>\n\n\n\n<p>En vertu de la\u00a0<a href=\"https:\/\/www.legisquebec.gouv.qc.ca\/fr\/document\/lc\/e-2.2\" target=\"_blank\" rel=\"noreferrer noopener\">Loi sur les \u00e9lections et les r\u00e9f\u00e9rendums dans les municipalit\u00e9s,<\/a> les rapports de d\u00e9penses \u00e9lectorales doivent \u00eatre d\u00e9pos\u00e9s par les partis politiques et les candidats ind\u00e9pendants au tr\u00e9sorier de la Ville. Celui-ci doit par la suite publier un sommaire des rapports dans un journal diffus\u00e9 sur le territoire de la municipalit\u00e9 dans un d\u00e9lai de 30\u00a0jours suivant la date limite du d\u00e9p\u00f4t des rapports.<\/p>\n\n\n\n<div class=\"wp-block-vortex-blocks-accordions-group block-accordions-group accordion-container is-style-no-margin-top\">\n<section class=\"wp-block-vortex-blocks-accordion-item accordion ac\" id=\"2019\"><div class=\"accordion__accordion\"><button class=\"accordion__header-row accordion-toggle ac-header ac-trigger\"><p class=\"accordion__header__title\">2019<\/p><span class=\"accordion__header__icon\" role=\"presentation\"><span class=\"plus\"><\/span><\/span><\/button><div class=\"accordion__sub-rows wysiwyg ac-panel\" role=\"region\">\n<p><a href=\"https:\/\/www.laval.ca\/wp-content\/uploads\/2025\/02\/rapport-depenses-electorales-action-laval-2019.pdf\" target=\"_blank\" rel=\"noreferrer noopener\">Action Laval<\/a>, 3\u00a0Mo<\/p>\n\n\n\n<p><a href=\"https:\/\/www.laval.ca\/wp-content\/uploads\/2025\/02\/rapport-depenses-electorales-mouvement-lavallois-2019.pdf\" target=\"_blank\" rel=\"noreferrer noopener\">Mouvement lavallois<\/a>, 4\u00a0Mo<\/p>\n\n\n\n<p><a href=\"https:\/\/www.laval.ca\/wp-content\/uploads\/2025\/02\/rapport-depenses-electorales-parti-laval-2019.pdf\" target=\"_blank\" rel=\"noreferrer noopener\">Parti Laval<\/a>, 3\u00a0Mo<\/p>\n\n\n\n<p><a href=\"https:\/\/www.laval.ca\/wp-content\/uploads\/2025\/02\/rapport-depenses-electorales-progres-laval-2019.pdf\" target=\"_blank\" rel=\"noreferrer noopener\">Progr\u00e8s\u00a0Laval<\/a>, 3\u00a0Mo<\/p>\n<\/div><\/div><\/section>\n\n\n\n<section class=\"wp-block-vortex-blocks-accordion-item accordion ac\" id=\"2017\"><div class=\"accordion__accordion\"><button class=\"accordion__header-row accordion-toggle ac-header ac-trigger\"><p class=\"accordion__header__title\">2017<\/p><span class=\"accordion__header__icon\" role=\"presentation\"><span class=\"plus\"><\/span><\/span><\/button><div class=\"accordion__sub-rows wysiwyg ac-panel\" role=\"region\">\n<p><a href=\"https:\/\/www.laval.ca\/wp-content\/uploads\/2025\/02\/rapport-depenses-electorales-action-laval.pdf\" target=\"_blank\" rel=\"noreferrer noopener\">Action Laval<\/a>, 1\u00a0Mo<\/p>\n\n\n\n<p><a href=\"https:\/\/www.laval.ca\/wp-content\/uploads\/2025\/02\/rapport-depenses-electorales-avenir-laval.pdf\" target=\"_blank\" rel=\"noreferrer noopener\">Avenir Laval<\/a>, 3\u00a0Mo<\/p>\n\n\n\n<p><a href=\"https:\/\/www.laval.ca\/wp-content\/uploads\/2025\/02\/rapport-depenses-electorales-mouvement-lavallois.pdf\" target=\"_blank\" rel=\"noreferrer noopener\">Mouvement lavallois<\/a>, 4\u00a0Mo<\/p>\n\n\n\n<p><a href=\"https:\/\/www.laval.ca\/wp-content\/uploads\/2025\/02\/rapport-depenses-electorales-parti-laval.pdf\" target=\"_blank\" rel=\"noreferrer noopener\">Parti Laval<\/a>, 3\u00a0Mo<\/p>\n<\/div><\/div><\/section>\n<\/div>\n\n<\/div>\n\n\n<div class=\"sticky-section-sidebar\"\n>\n   <div class=\"sticky-section-sidebar__inner\">\n     \n\n<p><\/p>\n\n   <\/div>\n<\/div>\n\n<\/section>\n","protected":false},"excerpt":{"rendered":"","protected":false},"author":34,"featured_media":0,"parent":27004,"menu_order":57,"comment_status":"closed","ping_status":"closed","template":"","meta":{"_acf_changed":false,"advgb_blocks_editor_width":"","advgb_blocks_columns_visual_guide":"","footnotes":""},"class_list":["post-26437","page","type-page","status-publish","hentry"],"pp_statuses_selecting_workflow":false,"pp_workflow_action":"current","pp_status_selection":"publish","acf":[],"coauthors":[],"author_meta":{"author_link":"https:\/\/www.laval.ca\/en\/author\/i-boucherlaval-ca\/","display_name":"i.boucher@laval.ca"},"relative_dates":{"created":"Posted 6 months ago","modified":"Updated 8 months ago"},"absolute_dates":{"created":"Posted on October 18, 2025","modified":"Updated on September 3, 2025"},"absolute_dates_time":{"created":"Posted on October 18, 2025 4:31 pm","modified":"Updated on September 3, 2025 3:49 pm"},"featured_img_caption":"","featured_img":false,"series_order":"","publishpress_future_action":{"enabled":false,"date":"2026-05-03 18:20:42","action":"change-status","newStatus":"draft","terms":[],"taxonomy":"translation_priority","extraData":[]},"publishpress_future_workflow_manual_trigger":{"enabledWorkflows":[]},"_links":{"self":[{"href":"https:\/\/www.laval.ca\/en\/wp-json\/wp\/v2\/pages\/26437","targetHints":{"allow":["GET"]}}],"collection":[{"href":"https:\/\/www.laval.ca\/en\/wp-json\/wp\/v2\/pages"}],"about":[{"href":"https:\/\/www.laval.ca\/en\/wp-json\/wp\/v2\/types\/page"}],"author":[{"embeddable":true,"href":"https:\/\/www.laval.ca\/en\/wp-json\/wp\/v2\/users\/34"}],"replies":[{"embeddable":true,"href":"https:\/\/www.laval.ca\/en\/wp-json\/wp\/v2\/comments?post=26437"}],"version-history":[{"count":8,"href":"https:\/\/www.laval.ca\/en\/wp-json\/wp\/v2\/pages\/26437\/revisions"}],"predecessor-version":[{"id":90080,"href":"https:\/\/www.laval.ca\/en\/wp-json\/wp\/v2\/pages\/26437\/revisions\/90080"}],"up":[{"embeddable":true,"href":"https:\/\/www.laval.ca\/en\/wp-json\/wp\/v2\/pages\/27004"}],"wp:attachment":[{"href":"https:\/\/www.laval.ca\/en\/wp-json\/wp\/v2\/media?parent=26437"}],"curies":[{"name":"wp","href":"https:\/\/api.w.org\/{rel}","templated":true}]}}