{"id":15580,"date":"2024-11-06T17:02:08","date_gmt":"2024-11-06T22:02:08","guid":{"rendered":"https:\/\/www.laval.ca\/public-security\/police\/"},"modified":"2026-01-13T09:34:50","modified_gmt":"2026-01-13T14:34:50","slug":"police","status":"publish","type":"page","link":"https:\/\/www.laval.ca\/en\/police\/","title":{"rendered":"Police"},"content":{"rendered":"\n<h2 class=\"wp-block-heading\">Laval Police Service<\/h2>\n\n\n\n<p class=\"is-style-intro-text\">The Laval Police Service offers Laval residents a wide variety of services aimed at responding to the various needs of the community. Police also provide a community presence via multiple events and prevention activities.<\/p>\n\n\n\n\n\n<div class=\"wp-block-cover alignfull is-light\"><span aria-hidden=\"true\" class=\"wp-block-cover__background has-section-light-background-color has-background-dim-100 has-background-dim\"><\/span><div class=\"wp-block-cover__inner-container is-layout-constrained wp-block-cover-is-layout-constrained\">\n<div class=\"wp-block-columns is-layout-flex wp-container-core-columns-is-layout-28f84493 wp-block-columns-is-layout-flex\">\n<div class=\"wp-block-column is-vertically-aligned-center is-layout-flow wp-block-column-is-layout-flow\">  <div class=\"lightbox-video aligndefault external-video\"\n  >\n    <a href=\"https:\/\/youtu.be\/pNj15zs-V_I?si=xcGUto0Oq_xXYQ6x\" class=\"lightbox-video__thumbnail\" data-caption=\"Rejoins nos rangs\" data-fancybox target=\"_blank\" rel=\"noopener\">\n      <img decoding=\"async\" width=\"804\" height=\"453\" src=\"https:\/\/www.laval.ca\/wp-content\/uploads\/2026\/01\/rejoins-nos-rangs-vignette-805x453-1.png\" class=\"attachment-photo-gallery-landscape size-photo-gallery-landscape\" alt=\"\" srcset=\"https:\/\/www.laval.ca\/wp-content\/uploads\/2026\/01\/rejoins-nos-rangs-vignette-805x453-1.png 804w, https:\/\/www.laval.ca\/wp-content\/uploads\/2026\/01\/rejoins-nos-rangs-vignette-805x453-1-300x169.png 300w, https:\/\/www.laval.ca\/wp-content\/uploads\/2026\/01\/rejoins-nos-rangs-vignette-805x453-1-768x433.png 768w\" sizes=\"(max-width: 804px) 100vw, 804px\" \/>      <div class=\"lightbox-video__overlay\">\n        <div class=\"lightbox-video__play-wrapper\">\n          <span class=\"lightbox-video__play-icon icon-play\" aria-hidden=\"true\"><\/span>\n          <p class=\"sr-only\">Play video<\/p>\n                      <p class=\"lightbox-video__caption\">Rejoins nos rangs<\/p>\n                  <\/div>\n      <\/div>\n    <\/a>\n  <\/div>\n  <\/div>\n\n\n\n<div class=\"wp-block-column is-vertically-aligned-center is-layout-flow wp-block-column-is-layout-flow\">\n<h2 class=\"wp-block-heading\">Join the ranks of the Laval Police Service<\/h2>\n\n\n\n<p>A stimulating everyday job experience and a tight-knit team: That\u2019s what the Service de police de Laval is all about.<\/p>\n\n\n\n<div class=\"wp-block-buttons is-layout-flex wp-block-buttons-is-layout-flex\">\n<div class=\"wp-block-button\"><a class=\"wp-block-button__link wp-element-button\" href=\"https:\/\/carriere.laval.ca\/job\/Laval-Policier_%C3%A8re-ON-H7L-3J6\/592871717\/?_gl=1*13r7xmv*_gcl_au*NzQ0NDI2NjI1LjE3NTM0NTExMzY.*_ga*MTI4NjEyMTcyNi4xNzUzNDUxMTM3*_ga_G6H5B2R1FL*czE3NTM0NjM3MDAkbzIkZzEkdDE3NTM0NjYwMjkkajU4JGwwJGgw\" target=\"_blank\" rel=\"noreferrer noopener\">View the job openings<\/a><\/div>\n<\/div>\n<\/div>\n<\/div>\n<\/div><\/div>\n\n\n  <section class=\"mixed-carousel alignfull\"\n  >\n    \n<div class=\"heading-with-button container\">\n      <h2 class=\"heading-with-button__title\">Person sought<\/h2>\n        <div class=\"heading-with-button__button-wrapper\">\n      <a href=\"https:\/\/www.laval.ca\/en\/police\/about-spl\/missing-persons\/\" class=\"btn\" data-seo=\"Persons sought\"><div class=\"btn-inner\"><span class=\"btn-content\"><span class=\"btn-label\">Persons sought<\/span><\/span><span class=\"btn-hover\" aria-hidden=\"true\"><span class=\"btn-label\">Persons sought<\/span><\/span><\/div><\/a>    <\/div>\n  <\/div>\n    <div class=\"mixed-carousel__carousel-wrapper\">\n      <div class=\"mixed-carousel__carousel swiper\">\n        <div class=\"swiper-wrapper\">\n          \n<div class=\"mixed-item swiper-slide mixed-item--landscape-thumbnail\">\n  <a href=\"https:\/\/www.laval.ca\/police\/a-propos\/personnes-disparues-recherchees\/vehicule-interet-recherche-poste-commandement\/\" class=\"mixed-item__inner\" data-tracking-block=\"widgets\" data-seo=\"Person sought\">    <div class=\"mixed-item__thumbnail-wrapper\">\n      <img decoding=\"async\" width=\"768\" height=\"432\" src=\"https:\/\/www.laval.ca\/wp-content\/uploads\/2026\/04\/Vehicule-dinteret-microsite-768x432.png\" class=\"attachment-medium_large size-medium_large wp-post-image\" alt=\"\" sizes=\"(min-width:1216px) 395px, (min-width:1080px) 36vw, (min-width:768px) 41vw, (min-width:560px) 55vw, 83vw\" srcset=\"https:\/\/www.laval.ca\/wp-content\/uploads\/2026\/04\/Vehicule-dinteret-microsite-768x432.png 768w, https:\/\/www.laval.ca\/wp-content\/uploads\/2026\/04\/Vehicule-dinteret-microsite-300x169.png 300w, https:\/\/www.laval.ca\/wp-content\/uploads\/2026\/04\/Vehicule-dinteret-microsite-420x235.png 420w, https:\/\/www.laval.ca\/wp-content\/uploads\/2026\/04\/Vehicule-dinteret-microsite.png 805w\" \/>    <\/div>\n          <p class=\"mixed-item__date\">April 27, 2026<\/p>\n        <h3 class=\"mixed-item__title\"><span>V\u00e9hicule d\u2019int\u00e9r\u00eat recherch\u00e9: Poste de commandement<\/span><\/h3>\n      <\/a>\n<\/div>\n\n<div class=\"mixed-item swiper-slide mixed-item--landscape-thumbnail\">\n  <a href=\"https:\/\/www.laval.ca\/police\/a-propos\/personnes-disparues-recherchees\/melanie-payette-victimes-recherchees\/\" class=\"mixed-item__inner\" data-tracking-block=\"widgets\" data-seo=\"Person sought\">    <div class=\"mixed-item__thumbnail-wrapper\">\n      <img decoding=\"async\" width=\"768\" height=\"853\" src=\"https:\/\/www.laval.ca\/wp-content\/uploads\/2026\/04\/PAYETTE-Melanie--768x853.jpg\" class=\"attachment-medium_large size-medium_large wp-post-image\" alt=\"\" sizes=\"(min-width:1216px) 395px, (min-width:1080px) 36vw, (min-width:768px) 41vw, (min-width:560px) 55vw, 83vw\" srcset=\"https:\/\/www.laval.ca\/wp-content\/uploads\/2026\/04\/PAYETTE-Melanie--768x853.jpg 768w, https:\/\/www.laval.ca\/wp-content\/uploads\/2026\/04\/PAYETTE-Melanie--270x300.jpg 270w, https:\/\/www.laval.ca\/wp-content\/uploads\/2026\/04\/PAYETTE-Melanie--922x1024.jpg 922w, https:\/\/www.laval.ca\/wp-content\/uploads\/2026\/04\/PAYETTE-Melanie-.jpg 1261w\" \/>    <\/div>\n          <p class=\"mixed-item__date\">April 22, 2026<\/p>\n        <h3 class=\"mixed-item__title\"><span>Victimes de fraudes recherch\u00e9es<\/span><\/h3>\n      <\/a>\n<\/div>\n\n<div class=\"mixed-item swiper-slide mixed-item--landscape-thumbnail\">\n  <a href=\"https:\/\/www.laval.ca\/police\/a-propos\/personnes-disparues-recherchees\/conduite-dangereuse-accident-335\/\" class=\"mixed-item__inner\" data-tracking-block=\"widgets\" data-seo=\"Person sought\">    <div class=\"mixed-item__thumbnail-wrapper\">\n      <img decoding=\"async\" width=\"768\" height=\"432\" src=\"https:\/\/www.laval.ca\/wp-content\/uploads\/2026\/04\/Hynday-Kona-microsite-768x432.png\" class=\"attachment-medium_large size-medium_large wp-post-image\" alt=\"\" sizes=\"(min-width:1216px) 395px, (min-width:1080px) 36vw, (min-width:768px) 41vw, (min-width:560px) 55vw, 83vw\" srcset=\"https:\/\/www.laval.ca\/wp-content\/uploads\/2026\/04\/Hynday-Kona-microsite-768x432.png 768w, https:\/\/www.laval.ca\/wp-content\/uploads\/2026\/04\/Hynday-Kona-microsite-300x169.png 300w, https:\/\/www.laval.ca\/wp-content\/uploads\/2026\/04\/Hynday-Kona-microsite-420x235.png 420w, https:\/\/www.laval.ca\/wp-content\/uploads\/2026\/04\/Hynday-Kona-microsite.png 805w\" \/>    <\/div>\n          <p class=\"mixed-item__date\">April 20, 2026<\/p>\n        <h3 class=\"mixed-item__title\"><span>Conduite dangereuse causant la mort : t\u00e9moins recherch\u00e9s<\/span><\/h3>\n      <\/a>\n<\/div>\n\n<div class=\"mixed-item swiper-slide mixed-item--landscape-thumbnail\">\n  <a href=\"https:\/\/www.laval.ca\/police\/a-propos\/personnes-disparues-recherchees\/arrestation-en-matiere-dexploitation-sexuelle-victimes-recherchees\/\" class=\"mixed-item__inner\" data-tracking-block=\"widgets\" data-seo=\"Person sought\">    <div class=\"mixed-item__thumbnail-wrapper\">\n      <img decoding=\"async\" width=\"768\" height=\"432\" src=\"https:\/\/www.laval.ca\/wp-content\/uploads\/2026\/04\/Sylvain-Riopelle-microsite-2-768x432.png\" class=\"attachment-medium_large size-medium_large wp-post-image\" alt=\"\" sizes=\"(min-width:1216px) 395px, (min-width:1080px) 36vw, (min-width:768px) 41vw, (min-width:560px) 55vw, 83vw\" srcset=\"https:\/\/www.laval.ca\/wp-content\/uploads\/2026\/04\/Sylvain-Riopelle-microsite-2-768x432.png 768w, https:\/\/www.laval.ca\/wp-content\/uploads\/2026\/04\/Sylvain-Riopelle-microsite-2-300x169.png 300w, https:\/\/www.laval.ca\/wp-content\/uploads\/2026\/04\/Sylvain-Riopelle-microsite-2-420x235.png 420w, https:\/\/www.laval.ca\/wp-content\/uploads\/2026\/04\/Sylvain-Riopelle-microsite-2.png 805w\" \/>    <\/div>\n          <p class=\"mixed-item__date\">April 15, 2026<\/p>\n        <h3 class=\"mixed-item__title\"><span>Arrestation en mati\u00e8re d\u2019exploitation sexuelle : victimes recherch\u00e9es<\/span><\/h3>\n      <\/a>\n<\/div>\n\n<div class=\"mixed-item swiper-slide mixed-item--landscape-thumbnail\">\n  <a href=\"https:\/\/www.laval.ca\/police\/a-propos\/personnes-disparues-recherchees\/enquetes-recherche-victimes-jerry-boncy\/\" class=\"mixed-item__inner\" data-tracking-block=\"widgets\" data-seo=\"Person sought\">    <div class=\"mixed-item__thumbnail-wrapper\">\n      <img decoding=\"async\" width=\"768\" height=\"432\" src=\"https:\/\/www.laval.ca\/wp-content\/uploads\/2026\/03\/Jerry-boncy-microsite-768x432.png\" class=\"attachment-medium_large size-medium_large wp-post-image\" alt=\"un homme regarde la cam\u00e9ra\" sizes=\"(min-width:1216px) 395px, (min-width:1080px) 36vw, (min-width:768px) 41vw, (min-width:560px) 55vw, 83vw\" srcset=\"https:\/\/www.laval.ca\/wp-content\/uploads\/2026\/03\/Jerry-boncy-microsite-768x432.png 768w, https:\/\/www.laval.ca\/wp-content\/uploads\/2026\/03\/Jerry-boncy-microsite-300x169.png 300w, https:\/\/www.laval.ca\/wp-content\/uploads\/2026\/03\/Jerry-boncy-microsite-420x235.png 420w, https:\/\/www.laval.ca\/wp-content\/uploads\/2026\/03\/Jerry-boncy-microsite.png 805w\" \/>    <\/div>\n          <p class=\"mixed-item__date\">March 27, 2026<\/p>\n        <h3 class=\"mixed-item__title\"><span>Enqu\u00eate pour crimes \u00e0 caract\u00e8re sexuel : victimes recherch\u00e9es<\/span><\/h3>\n      <\/a>\n<\/div>\n\n<div class=\"mixed-item swiper-slide mixed-item--landscape-thumbnail\">\n  <a href=\"https:\/\/www.laval.ca\/police\/a-propos\/personnes-disparues-recherchees\/hagop-kachichian-victimes-recherchees\/\" class=\"mixed-item__inner\" data-tracking-block=\"widgets\" data-seo=\"Person sought\">    <div class=\"mixed-item__thumbnail-wrapper\">\n      <img decoding=\"async\" width=\"768\" height=\"432\" src=\"https:\/\/www.laval.ca\/wp-content\/uploads\/2025\/07\/Hagop-Kachichian-Victimes-recherchees-768x432.png\" class=\"attachment-medium_large size-medium_large wp-post-image\" alt=\"Homme de race arabe, cheveux courts et barbe noire.\" sizes=\"(min-width:1216px) 395px, (min-width:1080px) 36vw, (min-width:768px) 41vw, (min-width:560px) 55vw, 83vw\" srcset=\"https:\/\/www.laval.ca\/wp-content\/uploads\/2025\/07\/Hagop-Kachichian-Victimes-recherchees-768x432.png 768w, https:\/\/www.laval.ca\/wp-content\/uploads\/2025\/07\/Hagop-Kachichian-Victimes-recherchees-300x169.png 300w, https:\/\/www.laval.ca\/wp-content\/uploads\/2025\/07\/Hagop-Kachichian-Victimes-recherchees-420x235.png 420w, https:\/\/www.laval.ca\/wp-content\/uploads\/2025\/07\/Hagop-Kachichian-Victimes-recherchees.png 805w\" \/>    <\/div>\n          <p class=\"mixed-item__date\">July 2, 2025<\/p>\n        <h3 class=\"mixed-item__title\"><span>Agressions sexuelles : victimes recherch\u00e9es<\/span><\/h3>\n      <\/a>\n<\/div>\n        <\/div>\n      <\/div>\n    <\/div>\n    <div class=\"mixed-carousel__carousel-navigation container\">\n      <div class=\"swiper-button-prev\"><\/div>\n      <div class=\"swiper-button-next\"><\/div>\n    <\/div>\n    \n  <div class=\"carousel-footer-button container\">\n        <a href=\"https:\/\/www.laval.ca\/en\/police\/about-spl\/missing-persons\/\" class=\"btn\" data-seo=\"Persons sought\"><div class=\"btn-inner\"><span class=\"btn-content\"><span class=\"btn-label\">Persons sought<\/span><\/span><span class=\"btn-hover\" aria-hidden=\"true\"><span class=\"btn-label\">Persons sought<\/span><\/span><\/div><\/a>  <\/div>\n  <\/section>\n  \n\n\n\n\n<div class=\"wp-block-group is-content-justification-space-between is-nowrap is-layout-flex wp-container-core-group-is-layout-ac7b6909 wp-block-group-is-layout-flex\">\n<h2 class=\"wp-block-heading\">Contact us<\/h2>\n\n\n\n<div class=\"wp-block-buttons is-layout-flex wp-block-buttons-is-layout-flex\">\n<div class=\"wp-block-button\"><a class=\"wp-block-button__link wp-element-button\" href=\"https:\/\/www.laval.ca\/en\/police\/contact-laval-police-department\/\">See the details<\/a><\/div>\n<\/div>\n<\/div>\n\n\n\n<div class=\"wp-block-group is-layout-constrained wp-container-core-group-is-layout-fa3dc0a8 wp-block-group-is-layout-constrained\">\n<div class=\"wp-block-group has-white-color has-text-color has-background has-link-color wp-elements-e8ee2df6a5fb3e39cec6d44020ce12b8 is-layout-constrained wp-block-group-is-layout-constrained\" style=\"background-color:#013166\">\n<div class=\"wp-block-columns has-background is-layout-flex wp-container-core-columns-is-layout-28f84493 wp-block-columns-is-layout-flex\" style=\"background-color:#013166\">\n<div class=\"wp-block-column is-layout-flow wp-block-column-is-layout-flow\" style=\"flex-basis:10%\">\n<figure class=\"wp-block-image size-full is-resized\"><img decoding=\"async\" width=\"90\" height=\"104\" src=\"https:\/\/www.laval.ca\/wp-content\/uploads\/2024\/11\/petit-logo-police.png\" alt=\"Logo du Service de Police de Laval\" class=\"wp-image-4796\" style=\"width:88px;height:auto\"\/><\/figure>\n<\/div>\n\n\n\n<div class=\"wp-block-column has-white-color has-text-color has-link-color wp-elements-e34a72c874c22006ec56432d53ab304c is-layout-flow wp-block-column-is-layout-flow\" style=\"flex-basis:30%\">\n<p><strong>Headquarters:<\/strong>\u2028<br>2911 Boulevard Chomedey<br>P.O. Box 422, succursale Saint-Martin<br>Laval QC H7V 3Z4<br>450-662-4242<\/p>\n\n\n\n<p><a href=\"https:\/\/www.laval.ca\/en\/police\/contact-laval-police-department\/\">Contact us<\/a><\/p>\n<\/div>\n\n\n\n<div class=\"wp-block-column has-white-color has-text-color has-link-color wp-elements-2b2398fcd6f075aae3479668a4d3a734 is-layout-flow wp-block-column-is-layout-flow\" style=\"flex-basis:30%\">\n<p><strong>Emergency&nbsp;:<\/strong>\u2028<br>911<\/p>\n\n\n\n<p><strong>Info-Police Line&nbsp;<\/strong>(to provide confidential information on an investigation or case):\u2028450&nbsp;662-INFO&nbsp;(4636)<\/p>\n<\/div>\n\n\n\n<div class=\"wp-block-column has-white-color has-text-color has-link-color wp-elements-6863bc3e59dffc2081eec9435c14f150 is-layout-flow wp-block-column-is-layout-flow\" style=\"flex-basis:30%\">\n<p><strong>General information:\u2028<\/strong><br>450&nbsp;662-4242<\/p>\n\n\n\n<p><strong>Tobacco-Info Line<\/strong>&nbsp;(to provide information regarding tobacco smuggling):\u2028450&nbsp;978-TABA&nbsp;(8222)<\/p>\n<\/div>\n<\/div>\n<\/div>\n<\/div>\n","protected":false},"excerpt":{"rendered":"<p>Laval Police Service The Laval Police Service offers Laval residents a wide variety of services aimed at responding to the various needs of the community. Police also provide a community presence via multiple events and prevention activities. Contact us<\/p>\n","protected":false},"author":34,"featured_media":0,"parent":0,"menu_order":248,"comment_status":"closed","ping_status":"closed","template":"","meta":{"_acf_changed":false,"advgb_blocks_editor_width":"","advgb_blocks_columns_visual_guide":"","footnotes":""},"class_list":["post-15580","page","type-page","status-publish","hentry"],"pp_statuses_selecting_workflow":false,"pp_workflow_action":"current","pp_status_selection":"publish","acf":[],"coauthors":[],"author_meta":{"author_link":"https:\/\/www.laval.ca\/en\/author\/i-boucherlaval-ca\/","display_name":"i.boucher@laval.ca"},"relative_dates":{"created":"Posted 1 year ago","modified":"Updated 4 months ago"},"absolute_dates":{"created":"Posted on November 6, 2024","modified":"Updated on January 13, 2026"},"absolute_dates_time":{"created":"Posted on November 6, 2024 5:02 pm","modified":"Updated on January 13, 2026 9:34 am"},"featured_img_caption":"","featured_img":false,"series_order":"","publishpress_future_action":{"enabled":false,"date":"2026-05-09 02:53:37","action":"change-status","newStatus":"draft","terms":[],"taxonomy":"translation_priority","extraData":[]},"publishpress_future_workflow_manual_trigger":{"enabledWorkflows":[]},"_links":{"self":[{"href":"https:\/\/www.laval.ca\/en\/wp-json\/wp\/v2\/pages\/15580","targetHints":{"allow":["GET"]}}],"collection":[{"href":"https:\/\/www.laval.ca\/en\/wp-json\/wp\/v2\/pages"}],"about":[{"href":"https:\/\/www.laval.ca\/en\/wp-json\/wp\/v2\/types\/page"}],"author":[{"embeddable":true,"href":"https:\/\/www.laval.ca\/en\/wp-json\/wp\/v2\/users\/34"}],"replies":[{"embeddable":true,"href":"https:\/\/www.laval.ca\/en\/wp-json\/wp\/v2\/comments?post=15580"}],"version-history":[{"count":9,"href":"https:\/\/www.laval.ca\/en\/wp-json\/wp\/v2\/pages\/15580\/revisions"}],"predecessor-version":[{"id":102295,"href":"https:\/\/www.laval.ca\/en\/wp-json\/wp\/v2\/pages\/15580\/revisions\/102295"}],"wp:attachment":[{"href":"https:\/\/www.laval.ca\/en\/wp-json\/wp\/v2\/media?parent=15580"}],"curies":[{"name":"wp","href":"https:\/\/api.w.org\/{rel}","templated":true}]}}